{"id":9973,"date":"2023-09-24T00:00:34","date_gmt":"2023-09-23T22:00:34","guid":{"rendered":"https:\/\/www.ibes.ch\/wlan-wifi-strahlenschutz\/"},"modified":"2025-01-13T19:27:18","modified_gmt":"2025-01-13T18:27:18","slug":"wifi-wifi-protection-contre-les-radiations","status":"publish","type":"page","link":"https:\/\/www.ibes.ch\/fr\/wlan-wifi-strahlenschutz\/","title":{"rendered":"WLAN \/ WiFi Protection contre les radiations"},"content":{"rendered":"[av_slideshow_full size='no scaling' min_height='0px' stretch='' control_layout='av-control-default' src='' attachment='' attachment_size='' position='top left' repeat='no-repeat' attach='scroll' conditional_play='' animation='slide' transition_speed='' autoplay='false' interval='5' lazy_loading='disabled' av-small-hide='aviaTBav-small-hide' av-mini-hide='aviaTBav-mini-hide' id='' custom_class='' template_class='' av_uid='av-jxetyq7b' sc_version='1.0']\r\n[av_slide_full slide_type='image' id='13696' video='http:\/\/' mobile_image='' fallback_link='http:\/\/' video_format='' video_ratio='16:9' title='' custom_title_size='' custom_content_size='' caption_pos='caption_bottom' link_apply='' link='lightbox' link_target='' button_label='Click me' button_color='light' link1='manually,http:\/\/' link_target1='' button_label2='Click me' button_color2='light' link2='manually,http:\/\/' link_target2='' font_color='' custom_title='' custom_content='' overlay_opacity='0.5' overlay_color='' overlay_pattern='' overlay_custom_pattern='' av-medium-font-size-title='' av-small-font-size-title='' av-mini-font-size-title='' av-medium-font-size='' av-small-font-size='' av-mini-font-size='' av_uid='av-u843dr' video_autoplay='' video_controls='' video_mute='' video_loop='' heading_tag='' heading_class='' overlay_enable='' sc_version='1.0'][\/av_slide_full]\r\n[\/av_slideshow_full]\r\n\r\n[av_slideshow_full img_copyright='' size='no scaling' min_height='' stretch='' control_layout='av-control-default' slider_navigation='av-navigate-arrows av-navigate-dots' nav_visibility_desktop='' nav_arrow_color='' nav_arrow_bg_color='' nav_dots_color='' nav_dot_active_color='' src='' attachment='' attachment_size='' position='top left' repeat='no-repeat' attach='scroll' img_copyright_font='' av-desktop-font-img_copyright_font='' av-medium-font-img_copyright_font='' av-small-font-img_copyright_font='' av-mini-font-img_copyright_font='' img_copyright_color='' img_copyright_bg='' animation='slide' transition_speed='' autoplay='false' interval='5' img_scale='' img_scale_end='10' img_scale_direction='' img_scale_duration='3' img_scale_opacity='1' conditional_play='' img_scrset='' lazy_loading='disabled' av-desktop-hide='aviaTBav-desktop-hide' av-medium-hide='aviaTBav-medium-hide' alb_description='' id='' custom_class='' template_class='' av_uid='av-kng611rn' sc_version='1.0']\r\n[av_slide_full slide_type='image' id='17452' video='http:\/\/' mobile_image='' fallback_link='http:\/\/' title='' video_format='' video_ratio='16:9' caption_pos='caption_bottom' custom_title_size='' av-medium-font-size-title='' av-small-font-size-title='' av-mini-font-size-title='' custom_content_size='' av-medium-font-size='' av-small-font-size='' av-mini-font-size='' font_color='' custom_title='' custom_content='' heading_tag='' heading_class='' link_apply='' link='lightbox' link_target='' button_label='Click me' button_color='light' link1='manually,http:\/\/' link_target1='' button_label2='Click me' button_color2='light' link2='manually,http:\/\/' link_target2='' overlay_opacity='0.5' overlay_color='' overlay_pattern='' overlay_custom_pattern='' av_uid='av-kng61114' sc_version='1.0' video_autoplay='' video_controls='' video_mute='' video_loop='' av-desktop-font-size-title='' av-desktop-font-size='' overlay_enable=''][\/av_slide_full]\r\n\r\n\r\n[\/av_slideshow_full]\r\n\r\n\n\n<style type=\"text\/css\" data-created_by=\"avia_inline_auto\" id=\"style-css-av-jh3739-46e0db71c525256a1a45f5c04055ed6c\">\n#top .av-special-heading.av-jh3739-46e0db71c525256a1a45f5c04055ed6c{\npadding-bottom:19px;\n}\nbody .av-special-heading.av-jh3739-46e0db71c525256a1a45f5c04055ed6c .av-special-heading-tag .heading-char{\nfont-size:25px;\n}\n.av-special-heading.av-jh3739-46e0db71c525256a1a45f5c04055ed6c .av-subheading{\nfont-size:20px;\n}\n<\/style>\n<div  class='av-special-heading av-jh3739-46e0db71c525256a1a45f5c04055ed6c av-special-heading-h1 blockquote modern-quote modern-centered  avia-builder-el-1  el_after_av_postcontent  el_before_av_hr  avia-builder-el-first  av-linked-heading'><h1 class='av-special-heading-tag '  itemprop=\"headline\"  >WLAN Strahlung gef\u00e4hrlich und sch\u00e4dlich?<\/h1><div class='av-subheading av-subheading_below'><p>Schutznetz anbringen &#8211; gesetzliche Regelung und WiFi-Grenzwerte<\/p>\n<\/div><div class=\"special-heading-border\"><div class=\"special-heading-inner-border\"><\/div><\/div><\/div>\n<div  class='hr av-aue7n2-e30d11672c1926c4b838dbe0728bd62f hr-short  avia-builder-el-2  el_after_av_heading  el_before_av_one_third  hr-center'><span class='hr-inner '><span class=\"hr-inner-style\"><\/span><\/span><\/div>\n\n<style type=\"text\/css\" data-created_by=\"avia_inline_auto\" id=\"style-css-av-942rr2-3ad177cd9214fec7ec3f2a392685ab03\">\n.flex_column.av-942rr2-3ad177cd9214fec7ec3f2a392685ab03{\nborder-radius:0px 0px 0px 0px;\npadding:60px 0px 0px 0px;\n}\n<\/style>\n<div  class='flex_column av-942rr2-3ad177cd9214fec7ec3f2a392685ab03 av_one_third  avia-builder-el-3  el_after_av_hr  el_before_av_one_third  first flex_column_div av-animated-generic fade-in  '     ><article  class='iconbox iconbox_top av-jjzyyi27-26be8a1a2af88dd620bae6d7f91d905f  avia-builder-el-4  avia-builder-el-no-sibling  main_color'  itemscope=\"itemscope\" itemtype=\"https:\/\/schema.org\/CreativeWork\" ><div class=\"iconbox_content\"><header class=\"entry-content-header\" aria-label=\"Ic\u00f4ne : Bedeutung von WLAN\"><div class='iconbox_icon heading-color avia-iconfont avia-font-entypo-fontello' data-av_icon='\ue81e' data-av_iconfont='entypo-fontello'  ><\/div><h3 class='iconbox_content_title '  itemprop=\"headline\" >Bedeutung von WLAN<\/h3><\/header><div class='iconbox_content_container '  itemprop=\"text\" ><p>WLAN bedeutet in Englisch \u00abWireless Local Area Network\u00bb. Es ist also ein kabelloses lokales Netzwerk. Einsatz: Dort, wo die Daten\u00fcbertragung per Kabel nicht m\u00f6glich w\u00e4re. Man unterscheidet zwischen &#171;Ad-Hoc&#187;-Netzwerken und Infrastruktur-Netzwerken.<\/p>\n<\/div><\/div><footer class=\"entry-footer\"><\/footer><\/article><\/div>\n\n<style type=\"text\/css\" data-created_by=\"avia_inline_auto\" id=\"style-css-av-942rr2-29-bc852b9bc4f64955b8a61ed1ddf7e2c6\">\n.flex_column.av-942rr2-29-bc852b9bc4f64955b8a61ed1ddf7e2c6{\nborder-radius:0px 0px 0px 0px;\npadding:60px 0px 0px 0px;\n}\n<\/style>\n<div  class='flex_column av-942rr2-29-bc852b9bc4f64955b8a61ed1ddf7e2c6 av_one_third  avia-builder-el-5  el_after_av_one_third  el_before_av_one_third  flex_column_div av-animated-generic fade-in  '     ><article  class='iconbox iconbox_top av-jjzyyi27-28-83e83dec4260162c1d96182389cb07fa  avia-builder-el-6  avia-builder-el-no-sibling  main_color'  itemscope=\"itemscope\" itemtype=\"https:\/\/schema.org\/CreativeWork\" ><div class=\"iconbox_content\"><header class=\"entry-content-header\" aria-label=\"Ic\u00f4ne : Hotspots und Router\"><div class='iconbox_icon heading-color avia-iconfont avia-font-entypo-fontello' data-av_icon='\ue8d4' data-av_iconfont='entypo-fontello'  ><\/div><h3 class='iconbox_content_title '  itemprop=\"headline\" >Hotspots und Router<\/h3><\/header><div class='iconbox_content_container '  itemprop=\"text\" ><p>WLAN-Hotspots sind Zugangspunkte f\u00fcr drahtloses Internet, meist in St\u00e4dten und auf Flugh\u00e4fen. Ist deren Strahlung sch\u00e4dlich und gef\u00e4hrlich f\u00fcr Menschen? Sicher ist: Man holt sich mit einem Router einen Dauerstrahler ins Haus. Und das freiwillig.<\/p>\n<\/div><\/div><footer class=\"entry-footer\"><\/footer><\/article><\/div>\n\n<style type=\"text\/css\" data-created_by=\"avia_inline_auto\" id=\"style-css-av-942rr2-27-d26ad68ea087a5dc2b65703b10626d93\">\n.flex_column.av-942rr2-27-d26ad68ea087a5dc2b65703b10626d93{\nborder-radius:0px 0px 0px 0px;\npadding:60px 0px 0px 0px;\n}\n<\/style>\n<div  class='flex_column av-942rr2-27-d26ad68ea087a5dc2b65703b10626d93 av_one_third  avia-builder-el-7  el_after_av_one_third  el_before_av_section  avia-builder-el-last  flex_column_div av-animated-generic fade-in  '     ><article  class='iconbox iconbox_top av-jjzyyi27-26-6cc36bad4edc608cc5bc4c1414ed5b31  avia-builder-el-8  avia-builder-el-no-sibling  main_color'  itemscope=\"itemscope\" itemtype=\"https:\/\/schema.org\/CreativeWork\" ><div class=\"iconbox_content\"><header class=\"entry-content-header\" aria-label=\"Ic\u00f4ne : Hochfrequente Felder\"><div class='iconbox_icon heading-color avia-iconfont avia-font-entypo-fontello' data-av_icon='\ue83f' data-av_iconfont='entypo-fontello'  ><\/div><h3 class='iconbox_content_title '  itemprop=\"headline\" >Hochfrequente Felder<\/h3><\/header><div class='iconbox_content_container '  itemprop=\"text\" ><p>Jeder WLAN-Router sendet nichtionisierende, hochfrequente Strahlung aus. Das gilt genauso f\u00fcr Handys und <a href=\"https:\/\/www.ibes.ch\/bluetooth-strahlung-schaedlich\/\">Bluetooth-Verbindungen<\/a>. Grenzwerte f\u00fcr die Router, die durch W\u00e4nde hindurch strahlen, gibt es in der Schweiz keine.<\/p>\n<\/div><\/div><footer class=\"entry-footer\"><\/footer><\/article><\/div>\n<\/div><\/div><\/div><!-- close content main div --><\/div><\/div><div id='av_section_1'  class='avia-section av-jjzgjy94-c0c5a4f51291887f93fe080869c401e6 alternate_color avia-section-large avia-no-border-styling  avia-builder-el-9  el_after_av_one_third  el_before_av_section  avia-bg-style-scroll container_wrap fullsize'  ><div class='container av-section-cont-open' ><div class='template-page content  av-content-full alpha units'><div class='post-entry post-entry-type-page post-entry-9973'><div class='entry-content-wrapper clearfix'>\n<div class='flex_column_table av-942rr2-25-2abc027b505821d81497bd284f6b46ac sc-av_one_half av-equal-height-column-flextable'>\n<style type=\"text\/css\" data-created_by=\"avia_inline_auto\" id=\"style-css-av-942rr2-25-2abc027b505821d81497bd284f6b46ac\">\n#top .flex_column_table.av-equal-height-column-flextable.av-942rr2-25-2abc027b505821d81497bd284f6b46ac{\nmargin-top:50px;\nmargin-bottom:0px;\n}\n.flex_column.av-942rr2-25-2abc027b505821d81497bd284f6b46ac{\nborder-radius:0px 0px 0px 0px;\npadding:25px 25px 25px 25px;\nbackground-color:#ffffff;\n}\n<\/style>\n<div  class='flex_column av-942rr2-25-2abc027b505821d81497bd284f6b46ac av_one_half  avia-builder-el-10  el_before_av_one_half  avia-builder-el-first  first flex_column_table_cell av-equal-height-column av-align-top av-animated-generic top-to-bottom  '     ><p>\n<style type=\"text\/css\" data-created_by=\"avia_inline_auto\" id=\"style-css-av-jk0x29sm-22b1be4a73801a0dc39921e03bcb118f\">\n.avia-image-container.av-jk0x29sm-22b1be4a73801a0dc39921e03bcb118f img.avia_image{\nbox-shadow:none;\n}\n.avia-image-container.av-jk0x29sm-22b1be4a73801a0dc39921e03bcb118f .av-image-caption-overlay-center{\ncolor:#ffffff;\n}\n<\/style>\n<div  class='avia-image-container av-jk0x29sm-22b1be4a73801a0dc39921e03bcb118f av-styling- avia-align-center  avia-builder-el-11  el_before_av_heading  avia-builder-el-first '  ><div class=\"avia-image-container-inner\"><div class=\"avia-image-overlay-wrap\"><img decoding=\"async\" fetchpriority=\"high\" class='wp-image-9952 avia-img-lazy-loading-not-9952 avia_image ' src=\"https:\/\/www.ibes.ch\/wp-content\/uploads\/2018\/11\/wlan_strahlenschutz.jpg\" alt='Grafik WLAN Verbreitung in einem Haus' title='WLAN Verbreitung Haus'  height=\"400\" width=\"718\"  itemprop=\"thumbnailUrl\" srcset=\"https:\/\/www.ibes.ch\/wp-content\/uploads\/2018\/11\/wlan_strahlenschutz.jpg 718w, https:\/\/www.ibes.ch\/wp-content\/uploads\/2018\/11\/wlan_strahlenschutz-600x334.jpg 600w, https:\/\/www.ibes.ch\/wp-content\/uploads\/2018\/11\/wlan_strahlenschutz-300x167.jpg 300w, https:\/\/www.ibes.ch\/wp-content\/uploads\/2018\/11\/wlan_strahlenschutz-705x393.jpg 705w\" sizes=\"(max-width: 718px) 100vw, 718px\" \/><\/div><\/div><\/div><br \/>\n\n<style type=\"text\/css\" data-created_by=\"avia_inline_auto\" id=\"style-css-av-gwuic5-bf6f4a3e98fbfaf77a04393d85f431c0\">\n#top .av-special-heading.av-gwuic5-bf6f4a3e98fbfaf77a04393d85f431c0{\npadding-bottom:15px;\n}\nbody .av-special-heading.av-gwuic5-bf6f4a3e98fbfaf77a04393d85f431c0 .av-special-heading-tag .heading-char{\nfont-size:25px;\n}\n.av-special-heading.av-gwuic5-bf6f4a3e98fbfaf77a04393d85f431c0 .av-subheading{\nfont-size:15px;\n}\n<\/style>\n<div  class='av-special-heading av-gwuic5-bf6f4a3e98fbfaf77a04393d85f431c0 av-special-heading-h2 blockquote modern-quote  avia-builder-el-12  el_after_av_image  el_before_av_textblock '><h2 class='av-special-heading-tag '  itemprop=\"headline\"  >Wie funktioniert WLAN?<\/h2><div class=\"special-heading-border\"><div class=\"special-heading-inner-border\"><\/div><\/div><\/div><br \/>\n<section  class='av_textblock_section av-jjzglclg-e257fddaa078ddd2be6007f9fd596787 '   itemscope=\"itemscope\" itemtype=\"https:\/\/schema.org\/CreativeWork\" ><div class='avia_textblock'  itemprop=\"text\" ><p>Mit WLAN (manchmal auch Wi-Fi genannt) ist \u00fcblicherweise ein in den 1990er Jahren entwickelter Standard gemeint, der den Aufbau lokaler PC-Netzwerke ohne Kabel erlaubt. Der Router kann das Internet-Signal \u00fcber ein LAN-Kabel an andere Computer weitergeben oder das Signal per WLAN mit anderen Computern oder Smartphones teilen.<\/p>\n<ul>\n<li>Reichweiten in Innenr\u00e4umen von bis 100 Meter.<\/li>\n<li>Im Freien bis 300 Meter sind m\u00f6glich.<\/li>\n<li>WLAN oder WIFI sind an \u00f6ffentlichen Orten wie Hotels, Cafes oder Flugh\u00e4fen und zu Hause im Einsatz.<\/li>\n<\/ul>\n<\/div><\/section><\/p><\/div><div class='av-flex-placeholder'><\/div>\n<style type=\"text\/css\" data-created_by=\"avia_inline_auto\" id=\"style-css-av-942rr2-24-3a20e52196cb9654345a7712985289e9\">\n#top .flex_column_table.av-equal-height-column-flextable.av-942rr2-24-3a20e52196cb9654345a7712985289e9{\nmargin-top:50px;\nmargin-bottom:0px;\n}\n.flex_column.av-942rr2-24-3a20e52196cb9654345a7712985289e9{\nborder-radius:0px 0px 0px 0px;\npadding:25px 25px 25px 25px;\nbackground-color:#ffffff;\n}\n<\/style>\n<div  class='flex_column av-942rr2-24-3a20e52196cb9654345a7712985289e9 av_one_half  avia-builder-el-14  el_after_av_one_half  avia-builder-el-last  flex_column_table_cell av-equal-height-column av-align-top av-animated-generic top-to-bottom  '     ><p>\n<style type=\"text\/css\" data-created_by=\"avia_inline_auto\" id=\"style-css-av-kkb14b55-a9cd4ceb294b6ae828d4f40453068e47\">\n#top .av-special-heading.av-kkb14b55-a9cd4ceb294b6ae828d4f40453068e47{\npadding-bottom:15px;\n}\nbody .av-special-heading.av-kkb14b55-a9cd4ceb294b6ae828d4f40453068e47 .av-special-heading-tag .heading-char{\nfont-size:25px;\n}\n.av-special-heading.av-kkb14b55-a9cd4ceb294b6ae828d4f40453068e47 .av-subheading{\nfont-size:15px;\n}\n<\/style>\n<div  class='av-special-heading av-kkb14b55-a9cd4ceb294b6ae828d4f40453068e47 av-special-heading-h3 blockquote modern-quote  avia-builder-el-15  el_before_av_textblock  avia-builder-el-first '><h3 class='av-special-heading-tag '  itemprop=\"headline\"  >Freigegebene Frequenzbereiche<\/h3><div class=\"special-heading-border\"><div class=\"special-heading-inner-border\"><\/div><\/div><\/div><br \/>\n<section  class='av_textblock_section av-jjzglclg-22-f02aba18f48b48a5c07dee47fe8a2b41 '   itemscope=\"itemscope\" itemtype=\"https:\/\/schema.org\/CreativeWork\" ><div class='avia_textblock'  itemprop=\"text\" ><p>In der Schweiz m\u00fcssen Anlagen, die mittels Funktechnik (Funksender und Empf\u00e4nger) arbeiten, die Anforderungen der Verordnung \u00fcber Fernmeldeanlagen (FAV; SR 784.101.2) erf\u00fcllen. Derzeit nutzen unsere Wi-Fi-Ger\u00e4te eine Bandbreite, die auf 83 MHz im 2,4-GHz-Band und auf 200 MHz\/255 MHz im 5-GHz-Band beschr\u00e4nkt ist. Die folgenden Voraussetzungen m\u00fcssen erf\u00fcllt sein:<\/p>\n<ul>\n<li>2.4 GHz Frequenzband<\/li>\n<li>5 GHz Frequenzband (5.150 &#8211; 5.350 GHz)<\/li>\n<li>5 GHz Frequenzband (5.470 &#8211; 5.725 GHz)<\/li>\n<li>Bestandene Konformit\u00e4tsbewertung.<\/li>\n<\/ul>\n<\/div><\/section><br \/>\n\n<style type=\"text\/css\" data-created_by=\"avia_inline_auto\" id=\"style-css-av-fc2tt1-c04b7229b639f4e7ee440a41b1a0230e\">\n#top .av-special-heading.av-fc2tt1-c04b7229b639f4e7ee440a41b1a0230e{\npadding-bottom:15px;\n}\nbody .av-special-heading.av-fc2tt1-c04b7229b639f4e7ee440a41b1a0230e .av-special-heading-tag .heading-char{\nfont-size:25px;\n}\n.av-special-heading.av-fc2tt1-c04b7229b639f4e7ee440a41b1a0230e .av-subheading{\nfont-size:15px;\n}\n<\/style>\n<div  class='av-special-heading av-fc2tt1-c04b7229b639f4e7ee440a41b1a0230e av-special-heading-h3 blockquote modern-quote  avia-builder-el-17  el_after_av_textblock  el_before_av_textblock '><h3 class='av-special-heading-tag '  itemprop=\"headline\"  >SAR-Wert beachten<\/h3><div class=\"special-heading-border\"><div class=\"special-heading-inner-border\"><\/div><\/div><\/div><br \/>\n<section  class='av_textblock_section av-jjzglclg-21-1463897b6d7fd04673286c68f62153cb '   itemscope=\"itemscope\" itemtype=\"https:\/\/schema.org\/CreativeWork\" ><div class='avia_textblock'  itemprop=\"text\" ><p>Grundlage f\u00fcr die Beurteilung, ob hochfrequente elektromagnetische Felder ein Gesundheitsrisiko darstellen, ist die Spezifische <a href=\"\/?page_id=13063\">Absorptionsrate (SAR)<\/a>. Sie beschreibt, wie viel Leistung vom menschlichen K\u00f6rpergewebe aufgenommen wird. Die zum Schutz der Gesundheit empfohlenen H\u00f6chstwerte betragen:<\/p>\n<ul>\n<li>0,08 Watt pro Kilogramm (W\/kg) gemittelt \u00fcber den ganzen K\u00f6rper<\/li>\n<li>2 W\/kg lokal gemittelt \u00fcber K\u00f6rperteilbereiche (Bsp. Kopf)<\/li>\n<\/ul>\n<\/div><\/section><br \/>\n<div  class='hr av-aue7n2-30-628cabc21a94a8177fd3ad9b3376d627 hr-short  avia-builder-el-19  el_after_av_textblock  el_before_av_button  hr-center'><span class='hr-inner '><span class=\"hr-inner-style\"><\/span><\/span><\/div><br \/>\n<div  class='avia-button-wrap av-jqgqo5v9-d1f9fbd544153fc693e4d2d1cf9ed120-wrap avia-button-center  avia-builder-el-20  el_after_av_hr  avia-builder-el-last '><a href='https:\/\/www.ibes.ch\/fr\/?post_type=product&p=7824'  class='avia-button av-jqgqo5v9-d1f9fbd544153fc693e4d2d1cf9ed120 av-link-btn avia-icon_select-yes-right-icon avia-size-large avia-position-center avia-color-theme-color'   aria-label=\"Schutznetz ansehen\"><span class='avia_iconbox_title' >Schutznetz ansehen<\/span><span class='avia_button_icon avia_button_icon_right avia-iconfont avia-font-entypo-fontello' data-av_icon='\ue832' data-av_iconfont='entypo-fontello' ><\/span><\/a><\/div><\/p><\/div><\/div><!--close column table wrapper. Autoclose: 1 --><\/div><\/div><\/div><!-- close content main div --><\/div><\/div><div id='av_section_2'  class='avia-section av-jjzyr2r5-1eda43fc8a965ed33dd0990c3e3b7dfb main_color avia-section-large avia-no-shadow  avia-builder-el-21  el_after_av_section  el_before_av_section  avia-bg-style-scroll container_wrap fullsize'  ><div class='container av-section-cont-open' ><div class='template-page content  av-content-full alpha units'><div class='post-entry post-entry-type-page post-entry-9973'><div class='entry-content-wrapper clearfix'>\n\n<style type=\"text\/css\" data-created_by=\"avia_inline_auto\" id=\"style-css-av-827u6a-08b1c2e21eb850b321bb910e20dae0bd\">\n.flex_column.av-827u6a-08b1c2e21eb850b321bb910e20dae0bd{\nborder-radius:0px 0px 0px 0px;\npadding:0px 0px 0px 0px;\n}\n<\/style>\n<div  class='flex_column av-827u6a-08b1c2e21eb850b321bb910e20dae0bd av_one_third  avia-builder-el-22  el_before_av_two_third  avia-builder-el-first  first flex_column_div av-zero-column-padding  '     ><style type=\"text\/css\" data-created_by=\"avia_inline_auto\" id=\"style-css-av-jk0x29sm-18-9ec2d41724b362563cb7dcad880ecd83\">\n.avia-image-container.av-jk0x29sm-18-9ec2d41724b362563cb7dcad880ecd83 img.avia_image{\nbox-shadow:none;\n}\n.avia-image-container.av-jk0x29sm-18-9ec2d41724b362563cb7dcad880ecd83 .av-image-caption-overlay-center{\ncolor:#ffffff;\n}\n<\/style>\n<div  class='avia-image-container av-jk0x29sm-18-9ec2d41724b362563cb7dcad880ecd83 av-styling- avia-align-center  avia-builder-el-23  avia-builder-el-no-sibling '  ><div class=\"avia-image-container-inner\"><div class=\"avia-image-overlay-wrap\"><img decoding=\"async\" fetchpriority=\"high\" class='wp-image-3503 avia-img-lazy-loading-not-3503 avia_image ' src=\"https:\/\/www.ibes.ch\/wp-content\/uploads\/2018\/07\/elektrosmog-messung6.jpg\" alt='WLAN Router messen mit Messger\u00e4t' title='Elektrosmogmessung'  height=\"533\" width=\"800\"  itemprop=\"thumbnailUrl\" srcset=\"https:\/\/www.ibes.ch\/wp-content\/uploads\/2018\/07\/elektrosmog-messung6.jpg 800w, https:\/\/www.ibes.ch\/wp-content\/uploads\/2018\/07\/elektrosmog-messung6-600x400.jpg 600w, https:\/\/www.ibes.ch\/wp-content\/uploads\/2018\/07\/elektrosmog-messung6-300x200.jpg 300w, https:\/\/www.ibes.ch\/wp-content\/uploads\/2018\/07\/elektrosmog-messung6-768x512.jpg 768w, https:\/\/www.ibes.ch\/wp-content\/uploads\/2018\/07\/elektrosmog-messung6-705x470.jpg 705w\" sizes=\"(max-width: 800px) 100vw, 800px\" \/><\/div><\/div><\/div><\/div>\n<style type=\"text\/css\" data-created_by=\"avia_inline_auto\" id=\"style-css-av-6eys1u-5430c1fa2f00eb35a5c74bc277d616b0\">\n.flex_column.av-6eys1u-5430c1fa2f00eb35a5c74bc277d616b0{\nborder-radius:0px 0px 0px 0px;\npadding:0px 0px 0px 0px;\n}\n<\/style>\n<div  class='flex_column av-6eys1u-5430c1fa2f00eb35a5c74bc277d616b0 av_two_third  avia-builder-el-24  el_after_av_one_third  avia-builder-el-last  flex_column_div av-zero-column-padding  '     ><div  class='av_promobox av-2jy2aq-e90685582d133baa1a8cfe680b760e07 avia-button-yes  avia-builder-el-25  avia-builder-el-no-sibling '><div class='avia-promocontent'><\/p>\n<h3>WLAN-Strahlung selbst messen<\/h3>\n<p>Sie k\u00f6nnen mit dem von IBES empfohlenen Messger\u00e4t selbst messen, wie stark sich die Router-Strahlung zu Hause oder am Arbeitsplatz auswirkt. Wir bieten das hochempfindliche Messger\u00e4t zu einem fairen Preis an.<\/p>\n<\/div><div  class='avia-button-wrap av-2jy2aq-0268ed3363455b31ac317a30332f5ad9-wrap avia-button-right '><a href='https:\/\/www.ibes.ch\/fr\/?post_type=product&p=6685'  class='avia-button av-2jy2aq-0268ed3363455b31ac317a30332f5ad9 av-link-btn avia-icon_select-yes-left-icon avia-size-large avia-position-right avia-color-theme-color'   aria-label=\"Mehr Infos\"><span class='avia_button_icon avia_button_icon_left avia-iconfont avia-font-entypo-fontello' data-av_icon='\ue832' data-av_iconfont='entypo-fontello' ><\/span><span class='avia_iconbox_title' >Mehr Infos<\/span><\/a><\/div><\/div><\/div>\n<\/p>\n<\/div><\/div><\/div><!-- close content main div --><\/div><\/div><div id='av_section_3'  class='avia-section av-jjzyr2r5-16-efa1c7fed166f71b145a4348e3f1db8e alternate_color avia-section-large avia-no-shadow  avia-builder-el-26  el_after_av_section  el_before_av_section  avia-bg-style-scroll container_wrap fullsize'  ><div class='container av-section-cont-open' ><div class='template-page content  av-content-full alpha units'><div class='post-entry post-entry-type-page post-entry-9973'><div class='entry-content-wrapper clearfix'>\n\n<style type=\"text\/css\" data-created_by=\"avia_inline_auto\" id=\"style-css-av-a5mq05-de5ff8f08b7535e929db95a8633a080a\">\n#top .av-special-heading.av-a5mq05-de5ff8f08b7535e929db95a8633a080a{\npadding-bottom:10px;\n}\nbody .av-special-heading.av-a5mq05-de5ff8f08b7535e929db95a8633a080a .av-special-heading-tag .heading-char{\nfont-size:25px;\n}\n.av-special-heading.av-a5mq05-de5ff8f08b7535e929db95a8633a080a .av-subheading{\nfont-size:20px;\n}\n<\/style>\n<div  class='av-special-heading av-a5mq05-de5ff8f08b7535e929db95a8633a080a av-special-heading-h2 blockquote modern-quote modern-centered  avia-builder-el-27  el_before_av_hr  avia-builder-el-first '><h2 class='av-special-heading-tag '  itemprop=\"headline\"  >So vermindern Sie WLAN-Strahlung<\/h2><div class='av-subheading av-subheading_below'><p>Tipps und Vorsorge-Empfehlungen<\/p>\n<\/div><div class=\"special-heading-border\"><div class=\"special-heading-inner-border\"><\/div><\/div><\/div>\n<div  class='hr av-jjzh17tq-82f3925afb741d00b0c66908af2f44f1 hr-short  avia-builder-el-28  el_after_av_heading  el_before_av_three_fifth  hr-center'><span class='hr-inner '><span class=\"hr-inner-style\"><\/span><\/span><\/div>\n\n<style type=\"text\/css\" data-created_by=\"avia_inline_auto\" id=\"style-css-av-942rr2-19-65817674f3c53509eb97da3c0fef6dcb\">\n#top .flex_column.av-942rr2-19-65817674f3c53509eb97da3c0fef6dcb{\nmargin-top:25px;\nmargin-bottom:0px;\n}\n.flex_column.av-942rr2-19-65817674f3c53509eb97da3c0fef6dcb{\nborder-width:1px;\nborder-color:#c1c1c1;\nborder-style:solid;\nborder-radius:0px 0px 0px 0px;\npadding:20px 20px 20px 20px;\nbackground-color:#ffffff;\n}\n.responsive #top #wrap_all .flex_column.av-942rr2-19-65817674f3c53509eb97da3c0fef6dcb{\nmargin-top:25px;\nmargin-bottom:0px;\n}\n<\/style>\n<div  class='flex_column av-942rr2-19-65817674f3c53509eb97da3c0fef6dcb av_three_fifth  avia-builder-el-29  el_after_av_hr  el_before_av_two_fifth  first flex_column_div av-animated-generic fade-in  '     ><p>\n<style type=\"text\/css\" data-created_by=\"avia_inline_auto\" id=\"style-css-av-9qobad-dd93c52663f7bd3ef5e06f93d64e1f94\">\n#top .av-special-heading.av-9qobad-dd93c52663f7bd3ef5e06f93d64e1f94{\npadding-bottom:15px;\n}\nbody .av-special-heading.av-9qobad-dd93c52663f7bd3ef5e06f93d64e1f94 .av-special-heading-tag .heading-char{\nfont-size:25px;\n}\n.av-special-heading.av-9qobad-dd93c52663f7bd3ef5e06f93d64e1f94 .av-subheading{\nfont-size:15px;\n}\n<\/style>\n<div  class='av-special-heading av-9qobad-dd93c52663f7bd3ef5e06f93d64e1f94 av-special-heading-h2 blockquote modern-quote  avia-builder-el-30  el_before_av_textblock  avia-builder-el-first '><h2 class='av-special-heading-tag '  itemprop=\"headline\"  >WLAN: Sch\u00e4dlich f\u00fcr die Gesundheit?<\/h2><div class=\"special-heading-border\"><div class=\"special-heading-inner-border\"><\/div><\/div><\/div><br \/>\n<section  class='av_textblock_section av-jk0xf61h-73d3fe3999f0bb0ed9619c3ef0a76a36 '   itemscope=\"itemscope\" itemtype=\"https:\/\/schema.org\/CreativeWork\" ><div class='avia_textblock'  itemprop=\"text\" ><p>Der Bund f\u00fcr Umwelt und Naturschutz Deutschland warnt: Beschwerden wie Kopfschmerzen, <a href=\"\/?p=8458\">ver\u00e4nderte Gehirnstr\u00f6me<\/a>, Herzrhythmusst\u00f6rungen, Konzentrations-, Ged\u00e4chtnis- und Verhaltensst\u00f6rungen durch WLan seien m\u00f6glich.<\/p>\n<p>Es gibt einige wissenschaftliche Studien, die die sch\u00e4dlichen Auswirkungen von WiFi auf den menschlichen K\u00f6rper belegen. Es verursacht oxidativen Stress, indem es die Produktion von freien Radikalen erh\u00f6ht. Erh\u00f6hter oxidativer Stress ist verantwortlich f\u00fcr oxidative Sch\u00e4den an zellul\u00e4ren Makromolek\u00fclen, wie Proteinen, Lipiden und DNA.<\/p>\n<p>Einige Studien zu den Auswirkungen von 2,45-GHz-WiFi-Signalen auf die Gesundheit von Mensch und Tier haben gezeigt, dass die von WLAN-Ger\u00e4ten emittierte hochfrequente <a href=\"https:\/\/www.ibes.ch\/elektromagnetische-strahlung\/\">elektromagnetische Strahlung<\/a> die Spermienzahl, die Beweglichkeit und die DNA-Integrit\u00e4t beeinflussen kann.<\/p>\n<p>Hinsichtlich der Ver\u00e4nderungen der weiblichen Fortpflanzungsf\u00e4higkeit hat sich gezeigt, dass eine WiFi-Exposition die Produktion und Sekretion von \u00d6strogen und Progesteron reduziert, was zu einer verminderten Fortpflanzungsf\u00e4higkeit und beeintr\u00e4chtigten Fruchtbarkeit f\u00fchrt.<\/p>\n<\/div><\/section><br \/>\n\n<style type=\"text\/css\" data-created_by=\"avia_inline_auto\" id=\"style-css-av-lmwz1qfq-a940629664e0d096cdb4c7b9bcacbcb6\">\n#top .av-special-heading.av-lmwz1qfq-a940629664e0d096cdb4c7b9bcacbcb6{\npadding-bottom:15px;\n}\nbody .av-special-heading.av-lmwz1qfq-a940629664e0d096cdb4c7b9bcacbcb6 .av-special-heading-tag .heading-char{\nfont-size:25px;\n}\n.av-special-heading.av-lmwz1qfq-a940629664e0d096cdb4c7b9bcacbcb6 .av-subheading{\nfont-size:15px;\n}\n<\/style>\n<div  class='av-special-heading av-lmwz1qfq-a940629664e0d096cdb4c7b9bcacbcb6 av-special-heading-h2 blockquote modern-quote  avia-builder-el-32  el_after_av_textblock  el_before_av_textblock  av-linked-heading'><h2 class='av-special-heading-tag '  itemprop=\"headline\"  >Wie ist WLAN gesetzlich geregelt?<\/h2><div class=\"special-heading-border\"><div class=\"special-heading-inner-border\"><\/div><\/div><\/div><br \/>\n<section  class='av_textblock_section av-lmwz1gcd-0931019651b6eb9b3af9417db8a8c8b8 '   itemscope=\"itemscope\" itemtype=\"https:\/\/schema.org\/CreativeWork\" ><div class='avia_textblock'  itemprop=\"text\" ><p>WLAN-Netze unterliegen der Verordnung \u00fcber den Schutz vor nichtionisierender Strahlung (NISV, SR 814.710). Experten gehen davon aus, dass wegen der meist geringen Sendeleistung mit der NISV normalerweise kaum Probleme zu erwarten sind. Anlagen wie Funksender und Empf\u00e4nger m\u00fcssen die Anforderungen der Verordnung \u00fcber Fernmeldeanlagen (FAV; SR 784.101.2) erf\u00fcllen, um St\u00f6rungen des Frequenzspektrums zu vermeiden.<\/p>\n<\/div><\/section><br \/>\n<section  class='av_textblock_section av-lmwyz88u-109b0c56c8600616cde56e8ef9cb10ee '   itemscope=\"itemscope\" itemtype=\"https:\/\/schema.org\/CreativeWork\" ><div class='avia_textblock'  itemprop=\"text\" ><h4>Quellen und weiterf\u00fchrende Links<\/h4>\n<p><a href=\"https:\/\/www.bfs.de\/SharedDocs\/Downloads\/BfS\/DE\/broschueren\/emf\/info-bluethooth-und-wlan.pdf?__blob=publicationFile&amp;v=7\">Bundesamt f\u00fcr Strahlenschutz &#8211; WLAN und Bluetooth &#8211; ein \u00dcberblick<\/a><\/p>\n<p><a href=\"https:\/\/www.ncbi.nlm.nih.gov\/pubmed\/31353326\">The Tohoku journal of experimental medicine, 2019<\/a>: Jaffar FHF \/ Unerw\u00fcnschte Auswirkungen von Wi-Fi-Strahlung auf das m\u00e4nnliche Reproduktionssystem.<\/p>\n<p><a href=\"https:\/\/www.sciencedirect.com\/science\/article\/pii\/S0013935118300355\">Environmental Research, 2018:<\/a> Pall ML. \/ Wi-Fi ist eine grosse Gefahr f\u00fcr die menschliche Gesundheit.<\/p>\n<\/div><\/section><\/p><\/div>\n<style type=\"text\/css\" data-created_by=\"avia_inline_auto\" id=\"style-css-av-942rr2-12-4c2568b067f17cc6ffc24519284d90a4\">\n#top .flex_column.av-942rr2-12-4c2568b067f17cc6ffc24519284d90a4{\nmargin-top:25px;\nmargin-bottom:0px;\n}\n.flex_column.av-942rr2-12-4c2568b067f17cc6ffc24519284d90a4{\nborder-width:1px;\nborder-color:#c1c1c1;\nborder-style:solid;\nborder-radius:0px 0px 0px 0px;\npadding:20px 20px 20px 20px;\nbackground-color:#ffffff;\n}\n.responsive #top #wrap_all .flex_column.av-942rr2-12-4c2568b067f17cc6ffc24519284d90a4{\nmargin-top:25px;\nmargin-bottom:0px;\n}\n<\/style>\n<div  class='flex_column av-942rr2-12-4c2568b067f17cc6ffc24519284d90a4 av_two_fifth  avia-builder-el-35  el_after_av_three_fifth  avia-builder-el-last  flex_column_div av-animated-generic fade-in  '     ><p>\n<style type=\"text\/css\" data-created_by=\"avia_inline_auto\" id=\"style-css-av-jk0x29sm-15-725c5bc56e770f044bde7020fa7c14da\">\n.avia-image-container.av-jk0x29sm-15-725c5bc56e770f044bde7020fa7c14da img.avia_image{\nbox-shadow:none;\n}\n.avia-image-container.av-jk0x29sm-15-725c5bc56e770f044bde7020fa7c14da .av-image-caption-overlay-center{\ncolor:#ffffff;\n}\n<\/style>\n<div  class='avia-image-container av-jk0x29sm-15-725c5bc56e770f044bde7020fa7c14da av-styling- avia-align-center  avia-builder-el-36  el_before_av_heading  avia-builder-el-first '  ><div class=\"avia-image-container-inner\"><div class=\"avia-image-overlay-wrap\"><img decoding=\"async\" fetchpriority=\"high\" class='wp-image-12388 avia-img-lazy-loading-not-12388 avia_image ' src=\"https:\/\/www.ibes.ch\/wp-content\/uploads\/2019\/04\/gehirnaufnahme.jpg\" alt='Junge Frau mit Mess-Sonden auf dem Kopf.' title='Junge Frau mit Mess-Sonden auf dem Kopf.'  height=\"560\" width=\"840\"  itemprop=\"thumbnailUrl\" srcset=\"https:\/\/www.ibes.ch\/wp-content\/uploads\/2019\/04\/gehirnaufnahme.jpg 840w, https:\/\/www.ibes.ch\/wp-content\/uploads\/2019\/04\/gehirnaufnahme-600x400.jpg 600w, https:\/\/www.ibes.ch\/wp-content\/uploads\/2019\/04\/gehirnaufnahme-300x200.jpg 300w, https:\/\/www.ibes.ch\/wp-content\/uploads\/2019\/04\/gehirnaufnahme-768x512.jpg 768w, https:\/\/www.ibes.ch\/wp-content\/uploads\/2019\/04\/gehirnaufnahme-705x470.jpg 705w\" sizes=\"(max-width: 840px) 100vw, 840px\" \/><\/div><\/div><\/div><br \/>\n\n<style type=\"text\/css\" data-created_by=\"avia_inline_auto\" id=\"style-css-av-754opx-81dc0fb607d4aad422237ddec02b14cd\">\n#top .av-special-heading.av-754opx-81dc0fb607d4aad422237ddec02b14cd{\npadding-bottom:15px;\n}\nbody .av-special-heading.av-754opx-81dc0fb607d4aad422237ddec02b14cd .av-special-heading-tag .heading-char{\nfont-size:25px;\n}\n.av-special-heading.av-754opx-81dc0fb607d4aad422237ddec02b14cd .av-subheading{\nfont-size:15px;\n}\n<\/style>\n<div  class='av-special-heading av-754opx-81dc0fb607d4aad422237ddec02b14cd av-special-heading-h2 blockquote modern-quote  avia-builder-el-37  el_after_av_image  el_before_av_textblock '><h2 class='av-special-heading-tag '  itemprop=\"headline\"  >Tipps und Vorsorge<\/h2><div class=\"special-heading-border\"><div class=\"special-heading-inner-border\"><\/div><\/div><\/div><br \/>\n<section  class='av_textblock_section av-jk0xf61h-11-1f038903c21cdd187f27250fa67bb15b '   itemscope=\"itemscope\" itemtype=\"https:\/\/schema.org\/CreativeWork\" ><div class='avia_textblock'  itemprop=\"text\" ><ul>\n<li>Schr\u00e4nken Sie den Gebrauch von WLAN ein, nutzen Sie kabelgebundenes Internet.<\/li>\n<li>Stellen Sie zentrale WLAN-Zugangspunkte an Orten auf, an denen sich Personen nicht st\u00e4ndig aufhalten, zum Beispiel in einem Flur.<\/li>\n<li>Wenn vorhanden, stellen Sie die Reichenweitenbegrenzung ein. Dies reduziert die maximale Strahlungsleistung.<\/li>\n<li>Ziehen Sie notfalls ein neues Ethernet-Kabel ein, damit Sie in allen Zimmern den Computer direkt anschliessen k\u00f6nnen.<\/li>\n<li>Messen Sie mit unserem Messger\u00e4t die WLAN Strahlung nach und pr\u00fcfen Sie, ob vom Nachbarn eine Abstrahlung vorhanden ist. Abschirmen mit unserem Schutznetz.<\/li>\n<\/ul>\n<\/div><\/section><\/p><\/div>\n\n<\/div><\/div><\/div><!-- close content main div --><\/div><\/div><div id='av_section_4'  class='avia-section av-jjzyr2r5-14-c3d12042e8f67b554743b4880b86b775 main_color avia-section-large avia-no-shadow  avia-builder-el-39  el_after_av_section  el_before_av_section  avia-bg-style-scroll container_wrap fullsize'  ><div class='container av-section-cont-open' ><div class='template-page content  av-content-full alpha units'><div class='post-entry post-entry-type-page post-entry-9973'><div class='entry-content-wrapper clearfix'>\n\n<style type=\"text\/css\" data-created_by=\"avia_inline_auto\" id=\"style-css-av-942rr2-10-6534194666768c08c7538d26b933b7c3\">\n.flex_column.av-942rr2-10-6534194666768c08c7538d26b933b7c3{\nborder-radius:0px 0px 0px 0px;\npadding:0px 0px 0px 0px;\n}\n<\/style>\n<div  class='flex_column av-942rr2-10-6534194666768c08c7538d26b933b7c3 av_one_half  avia-builder-el-40  el_before_av_one_half  avia-builder-el-first  first flex_column_div av-zero-column-padding  '     ><p>\n<style type=\"text\/css\" data-created_by=\"avia_inline_auto\" id=\"style-css-av-kkb163tt-5e14272a24daf79c393efcce8ea96fd4\">\n#top .av-special-heading.av-kkb163tt-5e14272a24daf79c393efcce8ea96fd4{\npadding-bottom:15px;\n}\nbody .av-special-heading.av-kkb163tt-5e14272a24daf79c393efcce8ea96fd4 .av-special-heading-tag .heading-char{\nfont-size:25px;\n}\n.av-special-heading.av-kkb163tt-5e14272a24daf79c393efcce8ea96fd4 .av-subheading{\nfont-size:15px;\n}\n<\/style>\n<div  class='av-special-heading av-kkb163tt-5e14272a24daf79c393efcce8ea96fd4 av-special-heading-h2 blockquote modern-quote  avia-builder-el-41  el_before_av_textblock  avia-builder-el-first '><h2 class='av-special-heading-tag '  itemprop=\"headline\"  >Tabelle: WLAN im Strahlungsvergleich<\/h2><div class=\"special-heading-border\"><div class=\"special-heading-inner-border\"><\/div><\/div><\/div><br \/>\n<section  class='av_textblock_section av-jk0xf61h-8-92f4ba5ff357edeb1ac7332585ff13c3 '   itemscope=\"itemscope\" itemtype=\"https:\/\/schema.org\/CreativeWork\" ><div class='avia_textblock'  itemprop=\"text\" ><p>Wie hoch sind die Strahlungsst\u00e4rken in Volt pro Meter abh\u00e4ngig von Abstand und Sendeleistung (Watt oder Milliwatt)? Die Tabelle zeigt, dass WLAN-Systeme rund 60% der Strahlungsst\u00e4rke von DECT-Telefonen und rund 30 Prozent der Feldst\u00e4rke von Handys erreichen.<\/p>\n<\/div><\/section><br \/>\n\n<style type=\"text\/css\" data-created_by=\"avia_inline_auto\" id=\"style-css-av-6bm89h-46cdf55b098fc57dc82c2509c54d8eba\">\n#top .av-special-heading.av-6bm89h-46cdf55b098fc57dc82c2509c54d8eba{\npadding-bottom:15px;\n}\nbody .av-special-heading.av-6bm89h-46cdf55b098fc57dc82c2509c54d8eba .av-special-heading-tag .heading-char{\nfont-size:25px;\n}\n.av-special-heading.av-6bm89h-46cdf55b098fc57dc82c2509c54d8eba .av-subheading{\nfont-size:15px;\n}\n<\/style>\n<div  class='av-special-heading av-6bm89h-46cdf55b098fc57dc82c2509c54d8eba av-special-heading-h3 blockquote modern-quote  avia-builder-el-43  el_after_av_textblock  el_before_av_textblock '><h3 class='av-special-heading-tag '  itemprop=\"headline\"  >Grenzwerte gelten nicht<\/h3><div class=\"special-heading-border\"><div class=\"special-heading-inner-border\"><\/div><\/div><\/div><br \/>\n<section  class='av_textblock_section av-jk0xf61h-6-7f8a6eb0a963649e124825d04e4f886a '   itemscope=\"itemscope\" itemtype=\"https:\/\/schema.org\/CreativeWork\" ><div class='avia_textblock'  itemprop=\"text\" ><ul>\n<li>Umwelt- und Naturschutzorganisationen kritisieren, dass es f\u00fcr WLan, Smartphones und Tablets lediglich Empfehlungen zum Strahlenschutz gibt, jedoch keine gesetzlichen Grenzwerte.<\/li>\n<li>Die Grenzwerte seien in der Schweiz sehr hoch. Diese w\u00fcrden nur f\u00fcr fest installierte Sendeanlagen wie Mobilfunksendemasten gelten.<\/li>\n<li>Ausserdem sei nicht ber\u00fccksichtigt worden, dass neben WLan eine Vielzahl verschiedener elektromagnetischer Felder und Wellen gleichzeitig auf die Menschen einwirkten.<\/li>\n<li>Mit WI-Fi-6E kommen neuartige Router auf den Markt. Wie von Broadcom, Qualcomm und Apple angek\u00fcndigt, werden noch in diesem Jahr neue Wi-Fi-Chips\u00e4tze und -Ger\u00e4te erwartet. Das Europ\u00e4ische Institut f\u00fcr Telekommunikationsnormen (ETSI) arbeitet derzeit f\u00fcr WI-Fi-6E an einer harmonisierten europ\u00e4ischen Norm EN 303 687.<\/li>\n<\/ul>\n<\/div><\/section><\/p><\/div>\n<style type=\"text\/css\" data-created_by=\"avia_inline_auto\" id=\"style-css-av-942rr2-7-ccc712203a4a8a423dcb088698d93f3c\">\n.flex_column.av-942rr2-7-ccc712203a4a8a423dcb088698d93f3c{\nborder-radius:0px 0px 0px 0px;\npadding:0px 0px 0px 0px;\n}\n<\/style>\n<div  class='flex_column av-942rr2-7-ccc712203a4a8a423dcb088698d93f3c av_one_half  avia-builder-el-45  el_after_av_one_half  avia-builder-el-last  flex_column_div av-animated-generic av-rotateInUpRight av-zero-column-padding  '     ><p><div class='avia-data-table-wrap av-3ddp0yj-89d8b4826ca65393f7eb636f1d43fb8d avia_responsive_table avia-table-1'><table  class='avia-table avia-data-table avia_pricing_default  avia-builder-el-46  el_before_av_textblock  avia-builder-el-first '  itemscope=\"itemscope\" itemtype=\"https:\/\/schema.org\/Table\" ><tbody><tr class='avia-heading-row'><th class=''><\/th><th class=''>Handy<br \/>\n(1 W)<\/th><th class=''>DECT-Basis<br \/>\n(250 mW)<\/th><th class=''>WLAN<br \/>\n(100 mW)<\/th><th class=''>Bluetooth<br \/>\n(1 mW)<\/th><\/tr><tr class=''><td class=''>Abstand<\/td><td class=''><\/td><td class=''><\/td><td class=''><\/td><td class=''><\/td><\/tr><tr class=''><td class=''>2 cm<\/td><td class=''>275<\/td><td class=''>137<\/td><td class=''>87<\/td><td class=''>8,7<\/td><\/tr><tr class=''><td class=''>5 cm<\/td><td class=''>109<\/td><td class=''>55<\/td><td class=''>35<\/td><td class=''>3,5<\/td><\/tr><tr class=''><td class=''>10 cm<\/td><td class=''>55<\/td><td class=''>27<\/td><td class=''>17,3<\/td><td class=''>1,7<\/td><\/tr><tr class=''><td class=''>20 cm<\/td><td class=''>27<\/td><td class=''>14<\/td><td class=''>8,7<\/td><td class=''>0,9<\/td><\/tr><tr class=''><td class=''>50 cm<\/td><td class=''>11<\/td><td class=''>5,5<\/td><td class=''>3,5<\/td><td class=''>0,3<\/td><\/tr><tr class=''><td class=''>1 m<\/td><td class=''>5,5<\/td><td class=''>2,7<\/td><td class=''>1,7<\/td><td class=''>0,2<\/td><\/tr><tr class=''><td class=''>2 m<\/td><td class=''>2,7<\/td><td class=''>1,4<\/td><td class=''>0,9<\/td><td class=''>0,08<\/td><\/tr><tr class=''><td class=''>5 m<\/td><td class=''>1,1<\/td><td class=''>0,5<\/td><td class=''>0,3<\/td><td class=''>0,03<\/td><\/tr><tr class=''><td class=''>10 m<\/td><td class=''>0,5<\/td><td class=''>0,3<\/td><td class=''>0,2<\/td><td class=''>&#8211;<\/td><\/tr><tr class=''><td class=''>20 m<\/td><td class=''>0,3<\/td><td class=''>0,1<\/td><td class=''>0,08<\/td><td class=''>&#8211;<\/td><\/tr><\/tbody><\/table><\/div><style type='text\/css'>.avia-table-1 td:nth-of-type(1):before { content: ''; } .avia-table-1 td:nth-of-type(2):before { content: 'Handy\n(1 W)'; } .avia-table-1 td:nth-of-type(3):before { content: 'DECT-Basis\n(250 mW)'; } .avia-table-1 td:nth-of-type(4):before { content: 'WLAN\n(100 mW)'; } .avia-table-1 td:nth-of-type(5):before { content: 'Bluetooth\n(1 mW)'; } <\/style><br \/>\n<section  class='av_textblock_section av-jk0xf61h-5-d9122ba81f497e309198a631aeda11be '   itemscope=\"itemscope\" itemtype=\"https:\/\/schema.org\/CreativeWork\" ><div class='avia_textblock'  itemprop=\"text\" ><p><em>Quelle: <a href=\"https:\/\/www.bakom.admin.ch\/bakom\/de\/home\/telekommunikation\/technologie\/wlan.html\">Faktenblatt WLAN \/ Bundesamt f\u00fcr Kommunikation<\/a><br \/>\nVergleich Funktechnik<\/em><\/p>\n<\/div><\/section><\/p><\/div>\n\n<\/div><\/div><\/div><!-- close content main div --><\/div><\/div><div id='av_section_5'  class='avia-section av-jk0xkvmy-7202332e42ee4e30119ba6617c85d557 alternate_color avia-section-large avia-no-shadow  avia-builder-el-48  el_after_av_section  avia-builder-el-last  avia-bg-style-scroll container_wrap fullsize'  ><div class='container av-section-cont-open' ><div class='template-page content  av-content-full alpha units'><div class='post-entry post-entry-type-page post-entry-9973'><div class='entry-content-wrapper clearfix'>\n\n<style type=\"text\/css\" data-created_by=\"avia_inline_auto\" id=\"style-css-av-3ohdid-706b9c55bfc302536e38a752373782a7\">\n#top .av-special-heading.av-3ohdid-706b9c55bfc302536e38a752373782a7{\npadding-bottom:10px;\n}\nbody .av-special-heading.av-3ohdid-706b9c55bfc302536e38a752373782a7 .av-special-heading-tag .heading-char{\nfont-size:25px;\n}\n.av-special-heading.av-3ohdid-706b9c55bfc302536e38a752373782a7 .av-subheading{\nfont-size:20px;\n}\n<\/style>\n<div  class='av-special-heading av-3ohdid-706b9c55bfc302536e38a752373782a7 av-special-heading-h2 blockquote modern-quote modern-centered  avia-builder-el-49  el_before_av_hr  avia-builder-el-first '><h2 class='av-special-heading-tag '  itemprop=\"headline\"  >Kinder sind besonders gef\u00e4hrdet<\/h2><div class='av-subheading av-subheading_below'><p>Bund f\u00fcr Umwelt und Naturschutz Deutschland warnt<\/p>\n<\/div><div class=\"special-heading-border\"><div class=\"special-heading-inner-border\"><\/div><\/div><\/div>\n<div  class='hr av-jjzh17tq-13-6080ef81392c0b4ffa2bfa02031d8155 hr-short  avia-builder-el-50  el_after_av_heading  el_before_av_one_half  hr-center'><span class='hr-inner '><span class=\"hr-inner-style\"><\/span><\/span><\/div>\n\n<style type=\"text\/css\" data-created_by=\"avia_inline_auto\" id=\"style-css-av-942rr2-4-a1700c7d079cddbe79a45b0dd5e5c75a\">\n#top .flex_column.av-942rr2-4-a1700c7d079cddbe79a45b0dd5e5c75a{\nmargin-top:25px;\nmargin-bottom:0px;\n}\n.flex_column.av-942rr2-4-a1700c7d079cddbe79a45b0dd5e5c75a{\nborder-radius:0px 0px 0px 0px;\npadding:0px 0px 0px 0px;\n}\n.responsive #top #wrap_all .flex_column.av-942rr2-4-a1700c7d079cddbe79a45b0dd5e5c75a{\nmargin-top:25px;\nmargin-bottom:0px;\n}\n<\/style>\n<div  class='flex_column av-942rr2-4-a1700c7d079cddbe79a45b0dd5e5c75a av_one_half  avia-builder-el-51  el_after_av_hr  el_before_av_one_half  first flex_column_div av-animated-generic left-to-right av-zero-column-padding  '     ><p>\n<style type=\"text\/css\" data-created_by=\"avia_inline_auto\" id=\"style-css-av-28ig45-5a3dd43b5a58c711dfa1a12673c45b9e\">\n#top .av-special-heading.av-28ig45-5a3dd43b5a58c711dfa1a12673c45b9e{\npadding-bottom:10px;\n}\nbody .av-special-heading.av-28ig45-5a3dd43b5a58c711dfa1a12673c45b9e .av-special-heading-tag .heading-char{\nfont-size:25px;\n}\n.av-special-heading.av-28ig45-5a3dd43b5a58c711dfa1a12673c45b9e .av-subheading{\nfont-size:15px;\n}\n<\/style>\n<div  class='av-special-heading av-28ig45-5a3dd43b5a58c711dfa1a12673c45b9e av-special-heading-h3 blockquote modern-quote  avia-builder-el-52  el_before_av_textblock  avia-builder-el-first '><h3 class='av-special-heading-tag '  itemprop=\"headline\"  >Strahlenschutz an Schulen<\/h3><div class=\"special-heading-border\"><div class=\"special-heading-inner-border\"><\/div><\/div><\/div><br \/>\n<section  class='av_textblock_section av-jk0xf61h-3-bade0ece5b5956ea5f8efb2fa12d53d5 '   itemscope=\"itemscope\" itemtype=\"https:\/\/schema.org\/CreativeWork\" ><div class='avia_textblock'  itemprop=\"text\" ><ul>\n<li>Der <a href=\"https:\/\/www.bund-naturschutz.de\/mobilfunk\/tipps\/tipps-wlan.html\">Bund f\u00fcr Umwelt und Naturschutz<\/a> warnt Schulen vor dem breiten Einsatz von WLan. Auch das Bundesamt f\u00fcr Strahlenschutz r\u00e4t zur Verwendung von Kabeln. Denn Langzeitstudien fehlen.<\/li>\n<li>An Schulen wird empfohlen, unter Beachtung des Vorsorgeprinzips ausschliesslich kabelgebundene L\u00f6sungen zu verwenden.<\/li>\n<li>Kinder und Jugendliche seien durch die Strahlung besonders gef\u00e4hrdet, weil sich die Organe und die Hirnregion noch im Wachstum bef\u00e4nden.<\/li>\n<li>WLAN bedient sich einer besonders niedrigen Pulsrepetitionsfrequenz (PRS) von 10 Hertz. Diese ist einigen k\u00f6rpereigenen Abl\u00e4ufen sehr \u00e4hnlich.<\/li>\n<\/ul>\n<\/div><\/section><br \/>\n<article  class='iconbox iconbox_left_content av-2vpkpl-0c1078f6212ac26788fa9da6fe536d9d  avia-builder-el-54  el_after_av_textblock  avia-builder-el-last '  itemscope=\"itemscope\" itemtype=\"https:\/\/schema.org\/CreativeWork\" ><div class='iconbox_icon heading-color avia-iconfont avia-font-entypo-fontello' data-av_icon='\ue81f' data-av_iconfont='entypo-fontello'  ><\/div><div class=\"iconbox_content\"><header class=\"entry-content-header\" aria-label=\"Ic\u00f4ne : Ich m\u00f6chte eine Profi-Messung\"><h3 class='iconbox_content_title '  itemprop=\"headline\" >Ich m\u00f6chte eine Profi-Messung<\/h3><\/header><div class='iconbox_content_container '  itemprop=\"text\" ><p>Stellen Sie eine <a href=\"\/?page_id=8318\">unverbindliche Messanfrage.<\/a><\/p>\n<\/div><\/div><footer class=\"entry-footer\"><\/footer><\/article><\/p><\/div>\n<style type=\"text\/css\" data-created_by=\"avia_inline_auto\" id=\"style-css-av-942rr2-2-fa401ff9f8391fcddd9bc6cedd02f2b1\">\n#top .flex_column.av-942rr2-2-fa401ff9f8391fcddd9bc6cedd02f2b1{\nmargin-top:25px;\nmargin-bottom:0px;\n}\n.flex_column.av-942rr2-2-fa401ff9f8391fcddd9bc6cedd02f2b1{\nborder-radius:0px 0px 0px 0px;\npadding:10px 0px 0px 0px;\n}\n.responsive #top #wrap_all .flex_column.av-942rr2-2-fa401ff9f8391fcddd9bc6cedd02f2b1{\nmargin-top:25px;\nmargin-bottom:0px;\n}\n<\/style>\n<div  class='flex_column av-942rr2-2-fa401ff9f8391fcddd9bc6cedd02f2b1 av_one_half  avia-builder-el-55  el_after_av_one_half  avia-builder-el-last  flex_column_div av-animated-generic bottom-to-top  '     ><p>\n<style type=\"text\/css\" data-created_by=\"avia_inline_auto\" id=\"style-css-av-jk0x29sm-9-e2028e67ef5864cad0e6250509b0e66e\">\n.avia-image-container.av-jk0x29sm-9-e2028e67ef5864cad0e6250509b0e66e img.avia_image{\nbox-shadow:none;\n}\n.avia-image-container.av-jk0x29sm-9-e2028e67ef5864cad0e6250509b0e66e .av-image-caption-overlay-center{\ncolor:#ffffff;\n}\n<\/style>\n<div  class='avia-image-container av-jk0x29sm-9-e2028e67ef5864cad0e6250509b0e66e av-styling- avia-align-center  avia-builder-el-56  el_before_av_textblock  avia-builder-el-first '  ><div class=\"avia-image-container-inner\"><div class=\"avia-image-overlay-wrap\"><img decoding=\"async\" fetchpriority=\"high\" class='wp-image-4924 avia-img-lazy-loading-not-4924 avia_image ' src=\"https:\/\/www.ibes.ch\/wp-content\/uploads\/2018\/08\/elektrosmog-kinderzimmer.jpg\" alt='Elektrosmog im Kinderzimmer vermeiden' title='Spielendes M\u00e4dchen'  height=\"565\" width=\"849\"  itemprop=\"thumbnailUrl\" srcset=\"https:\/\/www.ibes.ch\/wp-content\/uploads\/2018\/08\/elektrosmog-kinderzimmer.jpg 849w, https:\/\/www.ibes.ch\/wp-content\/uploads\/2018\/08\/elektrosmog-kinderzimmer-600x399.jpg 600w, https:\/\/www.ibes.ch\/wp-content\/uploads\/2018\/08\/elektrosmog-kinderzimmer-300x200.jpg 300w, https:\/\/www.ibes.ch\/wp-content\/uploads\/2018\/08\/elektrosmog-kinderzimmer-768x511.jpg 768w, https:\/\/www.ibes.ch\/wp-content\/uploads\/2018\/08\/elektrosmog-kinderzimmer-705x469.jpg 705w\" sizes=\"(max-width: 849px) 100vw, 849px\" \/><\/div><\/div><\/div><br \/>\n<section  class='av_textblock_section av-jk0xf61h-1-dc62560881df5510eefd82655e8650c8 '   itemscope=\"itemscope\" itemtype=\"https:\/\/schema.org\/CreativeWork\" ><div class='avia_textblock'  itemprop=\"text\" ><p>Kinder befinden sich im Wachstum: Auch das WLAN der Nachbarn strahlt &#8211; deshalb lohnt es sich, die Strahlung des eigenen Ger\u00e4ts einzud\u00e4mmen.<\/p>\n<\/div><\/section><\/p><\/div>\n\n","protected":false},"excerpt":{"rendered":"","protected":false},"author":3,"featured_media":0,"parent":0,"menu_order":0,"comment_status":"closed","ping_status":"closed","template":"","meta":{"_acf_changed":false,"footnotes":""},"class_list":["post-9973","page","type-page","status-publish","hentry"],"acf":[],"yoast_head":"<!-- This site is optimized with the Yoast SEO plugin v27.5 - https:\/\/yoast.com\/product\/yoast-seo-wordpress\/ -->\n<title>Ist WLAN \/ WiFi Strahlung sch\u00e4dlich und gef\u00e4hrlich? WLAN messen!<\/title>\n<meta name=\"description\" content=\"WLAN - wie sch\u00e4dlich ist die Strahlung f\u00fcr die Gesundheit? So kann man den Router mit WLAN-Schutznetz abschirmen. WLAN Strahlung messen: Tipps und Beratung.\" \/>\n<meta name=\"robots\" content=\"index, follow, max-snippet:-1, max-image-preview:large, max-video-preview:-1\" \/>\n<link rel=\"canonical\" href=\"https:\/\/www.ibes.ch\/fr\/wifi-wifi-protection-contre-les-radiations\/\" \/>\n<meta property=\"og:locale\" content=\"fr_FR\" \/>\n<meta property=\"og:type\" content=\"article\" \/>\n<meta property=\"og:title\" content=\"Ist WLAN \/ WiFi Strahlung sch\u00e4dlich und gef\u00e4hrlich? WLAN messen!\" \/>\n<meta property=\"og:description\" content=\"WLAN - wie sch\u00e4dlich ist die Strahlung f\u00fcr die Gesundheit? So kann man den Router mit WLAN-Schutznetz abschirmen. WLAN Strahlung messen: Tipps und Beratung.\" \/>\n<meta property=\"og:url\" content=\"https:\/\/www.ibes.ch\/fr\/wifi-wifi-protection-contre-les-radiations\/\" \/>\n<meta property=\"og:site_name\" content=\"IBES\" \/>\n<meta property=\"article:modified_time\" content=\"2025-01-13T18:27:18+00:00\" \/>\n<meta name=\"twitter:card\" content=\"summary_large_image\" \/>\n<meta name=\"twitter:label1\" content=\"Dur\u00e9e de lecture estim\u00e9e\" \/>\n\t<meta name=\"twitter:data1\" content=\"33 minutes\" \/>\n<script type=\"application\/ld+json\" class=\"yoast-schema-graph\">{\"@context\":\"https:\\\/\\\/schema.org\",\"@graph\":[{\"@type\":\"WebPage\",\"@id\":\"https:\\\/\\\/www.ibes.ch\\\/wlan-wifi-strahlenschutz\\\/\",\"url\":\"https:\\\/\\\/www.ibes.ch\\\/wlan-wifi-strahlenschutz\\\/\",\"name\":\"Ist WLAN \\\/ WiFi Strahlung sch\u00e4dlich und gef\u00e4hrlich? WLAN messen!\",\"isPartOf\":{\"@id\":\"https:\\\/\\\/www.ibes.ch\\\/#website\"},\"datePublished\":\"2023-09-23T22:00:34+00:00\",\"dateModified\":\"2025-01-13T18:27:18+00:00\",\"description\":\"WLAN - wie sch\u00e4dlich ist die Strahlung f\u00fcr die Gesundheit? So kann man den Router mit WLAN-Schutznetz abschirmen. WLAN Strahlung messen: Tipps und Beratung.\",\"breadcrumb\":{\"@id\":\"https:\\\/\\\/www.ibes.ch\\\/wlan-wifi-strahlenschutz\\\/#breadcrumb\"},\"inLanguage\":\"fr-FR\",\"potentialAction\":[{\"@type\":\"ReadAction\",\"target\":[\"https:\\\/\\\/www.ibes.ch\\\/wlan-wifi-strahlenschutz\\\/\"]}]},{\"@type\":\"BreadcrumbList\",\"@id\":\"https:\\\/\\\/www.ibes.ch\\\/wlan-wifi-strahlenschutz\\\/#breadcrumb\",\"itemListElement\":[{\"@type\":\"ListItem\",\"position\":1,\"name\":\"Home\",\"item\":\"https:\\\/\\\/www.ibes.ch\\\/\"},{\"@type\":\"ListItem\",\"position\":2,\"name\":\"WLAN \\\/ WiFi Strahlenschutz\"}]},{\"@type\":\"WebSite\",\"@id\":\"https:\\\/\\\/www.ibes.ch\\\/#website\",\"url\":\"https:\\\/\\\/www.ibes.ch\\\/\",\"name\":\"IBES\",\"description\":\"IBES - Ratgeber f\u00fcr Elektrosmog\",\"potentialAction\":[{\"@type\":\"SearchAction\",\"target\":{\"@type\":\"EntryPoint\",\"urlTemplate\":\"https:\\\/\\\/www.ibes.ch\\\/?s={search_term_string}\"},\"query-input\":{\"@type\":\"PropertyValueSpecification\",\"valueRequired\":true,\"valueName\":\"search_term_string\"}}],\"inLanguage\":\"fr-FR\"}]}<\/script>\n<!-- \/ Yoast SEO plugin. -->","yoast_head_json":{"title":"Le rayonnement WLAN \/ WiFi est-il nocif et dangereux ? Mesurez le WLAN !","description":"WLAN - quel est le degr\u00e9 de nocivit\u00e9 du rayonnement pour la sant\u00e9 ? Voici comment prot\u00e9ger le routeur avec un filet de protection WLAN. Mesurer le rayonnement WLAN : Astuces et conseils.","robots":{"index":"index","follow":"follow","max-snippet":"max-snippet:-1","max-image-preview":"max-image-preview:large","max-video-preview":"max-video-preview:-1"},"canonical":"https:\/\/www.ibes.ch\/fr\/wifi-wifi-protection-contre-les-radiations\/","og_locale":"fr_FR","og_type":"article","og_title":"Ist WLAN \/ WiFi Strahlung sch\u00e4dlich und gef\u00e4hrlich? WLAN messen!","og_description":"WLAN - wie sch\u00e4dlich ist die Strahlung f\u00fcr die Gesundheit? So kann man den Router mit WLAN-Schutznetz abschirmen. WLAN Strahlung messen: Tipps und Beratung.","og_url":"https:\/\/www.ibes.ch\/fr\/wifi-wifi-protection-contre-les-radiations\/","og_site_name":"IBES","article_modified_time":"2025-01-13T18:27:18+00:00","twitter_card":"summary_large_image","twitter_misc":{"Dur\u00e9e de lecture estim\u00e9e":"33 minutes"},"schema":{"@context":"https:\/\/schema.org","@graph":[{"@type":"WebPage","@id":"https:\/\/www.ibes.ch\/wlan-wifi-strahlenschutz\/","url":"https:\/\/www.ibes.ch\/wlan-wifi-strahlenschutz\/","name":"Le rayonnement WLAN \/ WiFi est-il nocif et dangereux ? Mesurez le WLAN !","isPartOf":{"@id":"https:\/\/www.ibes.ch\/#website"},"datePublished":"2023-09-23T22:00:34+00:00","dateModified":"2025-01-13T18:27:18+00:00","description":"WLAN - quel est le degr\u00e9 de nocivit\u00e9 du rayonnement pour la sant\u00e9 ? Voici comment prot\u00e9ger le routeur avec un filet de protection WLAN. Mesurer le rayonnement WLAN : Astuces et conseils.","breadcrumb":{"@id":"https:\/\/www.ibes.ch\/wlan-wifi-strahlenschutz\/#breadcrumb"},"inLanguage":"fr-FR","potentialAction":[{"@type":"ReadAction","target":["https:\/\/www.ibes.ch\/wlan-wifi-strahlenschutz\/"]}]},{"@type":"BreadcrumbList","@id":"https:\/\/www.ibes.ch\/wlan-wifi-strahlenschutz\/#breadcrumb","itemListElement":[{"@type":"ListItem","position":1,"name":"Home","item":"https:\/\/www.ibes.ch\/"},{"@type":"ListItem","position":2,"name":"WLAN \/ WiFi Strahlenschutz"}]},{"@type":"WebSite","@id":"https:\/\/www.ibes.ch\/#website","url":"https:\/\/www.ibes.ch\/","name":"IBES","description":"IBES - Guide de l'\u00e9lectrosmog","potentialAction":[{"@type":"SearchAction","target":{"@type":"EntryPoint","urlTemplate":"https:\/\/www.ibes.ch\/?s={search_term_string}"},"query-input":{"@type":"PropertyValueSpecification","valueRequired":true,"valueName":"search_term_string"}}],"inLanguage":"fr-FR"}]}},"_links":{"self":[{"href":"https:\/\/www.ibes.ch\/fr\/wp-json\/wp\/v2\/pages\/9973","targetHints":{"allow":["GET"]}}],"collection":[{"href":"https:\/\/www.ibes.ch\/fr\/wp-json\/wp\/v2\/pages"}],"about":[{"href":"https:\/\/www.ibes.ch\/fr\/wp-json\/wp\/v2\/types\/page"}],"author":[{"embeddable":true,"href":"https:\/\/www.ibes.ch\/fr\/wp-json\/wp\/v2\/users\/3"}],"replies":[{"embeddable":true,"href":"https:\/\/www.ibes.ch\/fr\/wp-json\/wp\/v2\/comments?post=9973"}],"version-history":[{"count":6,"href":"https:\/\/www.ibes.ch\/fr\/wp-json\/wp\/v2\/pages\/9973\/revisions"}],"predecessor-version":[{"id":19870,"href":"https:\/\/www.ibes.ch\/fr\/wp-json\/wp\/v2\/pages\/9973\/revisions\/19870"}],"wp:attachment":[{"href":"https:\/\/www.ibes.ch\/fr\/wp-json\/wp\/v2\/media?parent=9973"}],"curies":[{"name":"wp","href":"https:\/\/api.w.org\/{rel}","templated":true}]}}