{"id":8311,"date":"2018-07-26T11:03:56","date_gmt":"2018-07-26T11:03:56","guid":{"rendered":"https:\/\/www.ibes.ch\/schlafstoerungen-2\/"},"modified":"2021-10-15T14:42:37","modified_gmt":"2021-10-15T12:42:37","slug":"troubles-du-sommeil-2-2","status":"publish","type":"page","link":"https:\/\/www.ibes.ch\/fr\/schlafstoerungen-2-2\/","title":{"rendered":"Troubles du sommeil"},"content":{"rendered":"[av_slideshow_full size='no scaling' min_height='0px' stretch='' control_layout='av-control-default' src='' attachment='' attachment_size='' position='top left' repeat='no-repeat' attach='scroll' conditional_play='' animation='slide' transition_speed='' autoplay='false' interval='5' lazy_loading='disabled' av-small-hide='aviaTBav-small-hide' av-mini-hide='aviaTBav-mini-hide' id='' custom_class='' template_class='' av_uid='av-jxetyq7b' sc_version='1.0']\r\n[av_slide_full slide_type='image' id='13696' video='http:\/\/' mobile_image='' fallback_link='http:\/\/' video_format='' video_ratio='16:9' title='' custom_title_size='' custom_content_size='' caption_pos='caption_bottom' link_apply='' link='lightbox' link_target='' button_label='Click me' button_color='light' link1='manually,http:\/\/' link_target1='' button_label2='Click me' button_color2='light' link2='manually,http:\/\/' link_target2='' font_color='' custom_title='' custom_content='' overlay_opacity='0.5' overlay_color='' overlay_pattern='' overlay_custom_pattern='' av-medium-font-size-title='' av-small-font-size-title='' av-mini-font-size-title='' av-medium-font-size='' av-small-font-size='' av-mini-font-size='' av_uid='av-u843dr' video_autoplay='' video_controls='' video_mute='' video_loop='' heading_tag='' heading_class='' overlay_enable='' sc_version='1.0'][\/av_slide_full]\r\n[\/av_slideshow_full]\r\n\r\n[av_slideshow_full img_copyright='' size='no scaling' min_height='' stretch='' control_layout='av-control-default' slider_navigation='av-navigate-arrows av-navigate-dots' nav_visibility_desktop='' nav_arrow_color='' nav_arrow_bg_color='' nav_dots_color='' nav_dot_active_color='' src='' attachment='' attachment_size='' position='top left' repeat='no-repeat' attach='scroll' img_copyright_font='' av-desktop-font-img_copyright_font='' av-medium-font-img_copyright_font='' av-small-font-img_copyright_font='' av-mini-font-img_copyright_font='' img_copyright_color='' img_copyright_bg='' animation='slide' transition_speed='' autoplay='false' interval='5' img_scale='' img_scale_end='10' img_scale_direction='' img_scale_duration='3' img_scale_opacity='1' conditional_play='' img_scrset='' lazy_loading='disabled' av-desktop-hide='aviaTBav-desktop-hide' av-medium-hide='aviaTBav-medium-hide' alb_description='' id='' custom_class='' template_class='' av_uid='av-kng611rn' sc_version='1.0']\r\n[av_slide_full slide_type='image' id='17452' video='http:\/\/' mobile_image='' fallback_link='http:\/\/' title='' video_format='' video_ratio='16:9' caption_pos='caption_bottom' custom_title_size='' av-medium-font-size-title='' av-small-font-size-title='' av-mini-font-size-title='' custom_content_size='' av-medium-font-size='' av-small-font-size='' av-mini-font-size='' font_color='' custom_title='' custom_content='' heading_tag='' heading_class='' link_apply='' link='lightbox' link_target='' button_label='Click me' button_color='light' link1='manually,http:\/\/' link_target1='' button_label2='Click me' button_color2='light' link2='manually,http:\/\/' link_target2='' overlay_opacity='0.5' overlay_color='' overlay_pattern='' overlay_custom_pattern='' av_uid='av-kng61114' sc_version='1.0' video_autoplay='' video_controls='' video_mute='' video_loop='' av-desktop-font-size-title='' av-desktop-font-size='' overlay_enable=''][\/av_slide_full]\r\n\r\n\r\n[\/av_slideshow_full]\r\n\r\n\n<div id='av_section_1'  class='avia-section av-jjzgjy94-535fc938f73d54e38e18c9f5b93283ba main_color avia-section-large avia-no-border-styling  avia-builder-el-1  el_after_av_postcontent  el_before_av_section  avia-bg-style-scroll container_wrap fullsize'  ><div class='container av-section-cont-open' ><div class='template-page content  av-content-full alpha units'><div class='post-entry post-entry-type-page post-entry-8311'><div class='entry-content-wrapper clearfix'>\n\n<style type=\"text\/css\" data-created_by=\"avia_inline_auto\" id=\"style-css-av-3nrd7s-0c34bc67a5aa1e42f47f34a0c5c16b25\">\n#top .av-special-heading.av-3nrd7s-0c34bc67a5aa1e42f47f34a0c5c16b25{\npadding-bottom:19px;\n}\nbody .av-special-heading.av-3nrd7s-0c34bc67a5aa1e42f47f34a0c5c16b25 .av-special-heading-tag .heading-char{\nfont-size:25px;\n}\n.av-special-heading.av-3nrd7s-0c34bc67a5aa1e42f47f34a0c5c16b25 .av-subheading{\nfont-size:20px;\n}\n<\/style>\n<div  class='av-special-heading av-3nrd7s-0c34bc67a5aa1e42f47f34a0c5c16b25 av-special-heading-h1 blockquote modern-quote modern-centered  avia-builder-el-2  el_before_av_hr  avia-builder-el-first '><h1 class='av-special-heading-tag '  itemprop=\"headline\"  >Schlafst\u00f6rungen durch Elektrosmog<\/h1><div class='av-subheading av-subheading_below'><p>Einschlafen und durchschlafen: Ohne E-Smog<\/p>\n<\/div><div class=\"special-heading-border\"><div class=\"special-heading-inner-border\"><\/div><\/div><\/div>\n<div  class='hr av-aue7n2-e30d11672c1926c4b838dbe0728bd62f hr-short  avia-builder-el-3  el_after_av_heading  el_before_av_one_half  hr-center'><span class='hr-inner '><span class=\"hr-inner-style\"><\/span><\/span><\/div>\n<div class='flex_column_table av-942rr2-ad68e568d958a93b3cf8fdc2c7545383 sc-av_one_half av-equal-height-column-flextable'>\n<style type=\"text\/css\" data-created_by=\"avia_inline_auto\" id=\"style-css-av-942rr2-ad68e568d958a93b3cf8fdc2c7545383\">\n#top .flex_column_table.av-equal-height-column-flextable.av-942rr2-ad68e568d958a93b3cf8fdc2c7545383{\nmargin-top:50px;\nmargin-bottom:0px;\n}\n.flex_column.av-942rr2-ad68e568d958a93b3cf8fdc2c7545383{\nborder-radius:0px 0px 0px 0px;\npadding:0px 0px 0px 0px;\n}\n<\/style>\n<div  class='flex_column av-942rr2-ad68e568d958a93b3cf8fdc2c7545383 av_one_half  avia-builder-el-4  el_after_av_hr  el_before_av_one_half  first flex_column_table_cell av-equal-height-column av-align-top av-zero-column-padding  '     ><p>\n<style type=\"text\/css\" data-created_by=\"avia_inline_auto\" id=\"style-css-av-ajq60-e47f8058cf404e0993de762c52f9747a\">\n#top .av-special-heading.av-ajq60-e47f8058cf404e0993de762c52f9747a{\npadding-bottom:0;\n}\nbody .av-special-heading.av-ajq60-e47f8058cf404e0993de762c52f9747a .av-special-heading-tag .heading-char{\nfont-size:25px;\n}\n.av-special-heading.av-ajq60-e47f8058cf404e0993de762c52f9747a .av-subheading{\nfont-size:15px;\n}\n<\/style>\n<div  class='av-special-heading av-ajq60-e47f8058cf404e0993de762c52f9747a av-special-heading-h3 blockquote modern-quote  avia-builder-el-5  el_before_av_hr  avia-builder-el-first '><h3 class='av-special-heading-tag '  itemprop=\"headline\"  >Liegen Sie oft nachts wach?<\/h3><div class=\"special-heading-border\"><div class=\"special-heading-inner-border\"><\/div><\/div><\/div><br \/>\n\n<style type=\"text\/css\" data-created_by=\"avia_inline_auto\" id=\"style-css-av-jjzh17tq-b2ca65c814ea1ec2704f9c31e1c4f904\">\n#top .hr.hr-invisible.av-jjzh17tq-b2ca65c814ea1ec2704f9c31e1c4f904{\nheight:25px;\n}\n<\/style>\n<div  class='hr av-jjzh17tq-b2ca65c814ea1ec2704f9c31e1c4f904 hr-invisible  avia-builder-el-6  el_after_av_heading  el_before_av_textblock '><span class='hr-inner '><span class=\"hr-inner-style\"><\/span><\/span><\/div><br \/>\n<section  class='av_textblock_section av-jjzglclg-6594a4c7f56ce7b25628a587e9662265 '   itemscope=\"itemscope\" itemtype=\"https:\/\/schema.org\/CreativeWork\" ><div class='avia_textblock'  itemprop=\"text\" ><p>Einschlafen und durchschlafen nur mit Problemen: Leiden Sie an Schlafst\u00f6rungen, liegen Sie nachts wach? Dahinter kann Elektrosmog stecken.<\/p>\n<p>Man weiss, dass durch elektromagnetische Strahlung der Tag\/Nacht-Zyklus des Menschen verschoben wird. Ebenso ist erwiesen, dass die Melatonin-Synthese gehemmt und das Gleichgewicht von Neurotransmittern verschoben wird.<\/p>\n<p>Dies kann sich durch Ein- und Durchschlaf-St\u00f6rungen, aber auch Depressionen und Konzentrationsschw\u00e4che \u00e4ussern. Bei empfindlichen Personen und Kindern k\u00f6nnen diese neurovegetativen St\u00f6rungen schon bei geringen Feldst\u00e4rken auftreten.<\/p>\n<\/div><\/section><\/p><\/div><div class='av-flex-placeholder'><\/div>\n<style type=\"text\/css\" data-created_by=\"avia_inline_auto\" id=\"style-css-av-7m36m6-274bd2c412b242f9dca35a6271fb7dc9\">\n#top .flex_column_table.av-equal-height-column-flextable.av-7m36m6-274bd2c412b242f9dca35a6271fb7dc9{\nmargin-top:50px;\nmargin-bottom:0px;\n}\n.flex_column.av-7m36m6-274bd2c412b242f9dca35a6271fb7dc9{\nborder-radius:0px 0px 0px 0px;\npadding:0px 0px 0px 0px;\n}\n<\/style>\n<div  class='flex_column av-7m36m6-274bd2c412b242f9dca35a6271fb7dc9 av_one_half  avia-builder-el-8  el_after_av_one_half  el_before_av_one_full  flex_column_table_cell av-equal-height-column av-align-top av-animated-generic right-to-left av-zero-column-padding  '     ><p>\n<style type=\"text\/css\" data-created_by=\"avia_inline_auto\" id=\"style-css-av-2lhryh-a0169895bb9557843d3810954245bfa2\">\n.avia-image-container.av-2lhryh-a0169895bb9557843d3810954245bfa2 img.avia_image{\nbox-shadow:none;\n}\n.avia-image-container.av-2lhryh-a0169895bb9557843d3810954245bfa2 .av-image-caption-overlay-center{\ncolor:#ffffff;\n}\n<\/style>\n<div  class='avia-image-container av-2lhryh-a0169895bb9557843d3810954245bfa2 av-styling- avia-align-center  avia-builder-el-9  el_before_av_textblock  avia-builder-el-first '  ><div class=\"avia-image-container-inner\"><div class=\"avia-image-overlay-wrap\"><img decoding=\"async\" fetchpriority=\"high\" class='wp-image- avia-img-lazy-loading-not- avia_image ' src=\"https:\/\/www.ibes.ch\/wp-content\/uploads\/2018\/08\/netzfreischalter-schlafstoerungen.jpg\" alt='' title=''   itemprop=\"thumbnailUrl\"  \/><\/div><\/div><\/div><br \/>\n<section  class='av_textblock_section av-jjzglclg-6594a4c7f56ce7b25628a587e9662265 '   itemscope=\"itemscope\" itemtype=\"https:\/\/schema.org\/CreativeWork\" ><div class='avia_textblock'  itemprop=\"text\" ><p>Elektromagnetische Strahlung st\u00f6rt den Tag-\/Nachtzyklus.<\/p>\n<\/div><\/section><\/p><\/div><\/div><!--close column table wrapper. Autoclose: 1 -->\n<style type=\"text\/css\" data-created_by=\"avia_inline_auto\" id=\"style-css-av-jk80n26x-65422087498e76b2c1de317259ff6a5f\">\n.flex_column.av-jk80n26x-65422087498e76b2c1de317259ff6a5f{\nborder-radius:0px 0px 0px 0px;\npadding:0px 0px 0px 0px;\n}\n<\/style>\n<div  class='flex_column av-jk80n26x-65422087498e76b2c1de317259ff6a5f av_one_full  avia-builder-el-11  el_after_av_one_half  el_before_av_hr  first flex_column_div av-animated-generic pop-up av-zero-column-padding  column-top-margin'     ><style type=\"text\/css\" data-created_by=\"avia_inline_auto\" id=\"style-css-av-jk80kvth-247724c99a9ed2133ddade983f59e7b3\">\n.av_promobox.av-jk80kvth-247724c99a9ed2133ddade983f59e7b3{\nbackground:#f8f8f8;\n}\n<\/style>\n<div  class='av_promobox av-jk80kvth-247724c99a9ed2133ddade983f59e7b3 avia-button-yes  avia-builder-el-12  avia-builder-el-no-sibling '><div class='avia-promocontent'><p>\nLeiden Sie unter Schlafst\u00f6rungen? Elektrosmog jetzt selbst messen!<\/p>\n<\/div><div  class='avia-button-wrap av-jk80kvth-d17887cb923b179dafa75fbb3a7bbbad-wrap avia-button-right '><a href='https:\/\/www.ibes.ch\/produkt\/elektrosmog-messgeraet-esi24\/'  class='avia-button av-jk80kvth-d17887cb923b179dafa75fbb3a7bbbad av-link-btn avia-icon_select-yes-left-icon avia-size-large avia-position-right avia-color-theme-color'   aria-label=\"Elektrosmog-Messger\u00e4t\"><span class='avia_button_icon avia_button_icon_left avia-iconfont avia-font-entypo-fontello' data-av_icon='\ue832' data-av_iconfont='entypo-fontello' ><\/span><span class='avia_iconbox_title' >Elektrosmog-Messger\u00e4t<\/span><\/a><\/div><\/div><\/div>\n<style type=\"text\/css\" data-created_by=\"avia_inline_auto\" id=\"style-css-av-jjzh17tq-b798f5945b39ef816115ba02e9179829\">\n#top .hr.hr-invisible.av-jjzh17tq-b798f5945b39ef816115ba02e9179829{\nheight:30px;\n}\n<\/style>\n<div  class='hr av-jjzh17tq-b798f5945b39ef816115ba02e9179829 hr-invisible  avia-builder-el-13  el_after_av_one_full  avia-builder-el-last '><span class='hr-inner '><span class=\"hr-inner-style\"><\/span><\/span><\/div>\n\n<\/div><\/div><\/div><!-- close content main div --><\/div><\/div><div id='av_section_2'  class='avia-section av-jjzyr2r5-17d9348295b90a73aa643af679c54d26 alternate_color avia-section-large avia-no-shadow  avia-builder-el-14  el_after_av_section  el_before_av_section  avia-bg-style-scroll container_wrap fullsize'  ><div class='container av-section-cont-open' ><div class='template-page content  av-content-full alpha units'><div class='post-entry post-entry-type-page post-entry-8311'><div class='entry-content-wrapper clearfix'>\n\n<style type=\"text\/css\" data-created_by=\"avia_inline_auto\" id=\"style-css-av-942rr2-53a8feabb341446a6275b509486d4807\">\n.flex_column.av-942rr2-53a8feabb341446a6275b509486d4807{\nborder-radius:0px 0px 0px 0px;\npadding:0px 0px 0px 0px;\n}\n<\/style>\n<div  class='flex_column av-942rr2-53a8feabb341446a6275b509486d4807 av_one_half  avia-builder-el-15  el_before_av_one_half  avia-builder-el-first  first flex_column_div av-zero-column-padding  '     ><p>\n<style type=\"text\/css\" data-created_by=\"avia_inline_auto\" id=\"style-css-av-3qc69k-abc7adc0082fe5b8bc2cb78b0fb45170\">\n#top .av-special-heading.av-3qc69k-abc7adc0082fe5b8bc2cb78b0fb45170{\npadding-bottom:0;\n}\nbody .av-special-heading.av-3qc69k-abc7adc0082fe5b8bc2cb78b0fb45170 .av-special-heading-tag .heading-char{\nfont-size:25px;\n}\n.av-special-heading.av-3qc69k-abc7adc0082fe5b8bc2cb78b0fb45170 .av-subheading{\nfont-size:15px;\n}\n<\/style>\n<div  class='av-special-heading av-3qc69k-abc7adc0082fe5b8bc2cb78b0fb45170 av-special-heading-h3 blockquote modern-quote  avia-builder-el-16  el_before_av_hr  avia-builder-el-first '><h3 class='av-special-heading-tag '  itemprop=\"headline\"  >IBES kann Ihnen helfen<\/h3><div class=\"special-heading-border\"><div class=\"special-heading-inner-border\"><\/div><\/div><\/div><br \/>\n\n<style type=\"text\/css\" data-created_by=\"avia_inline_auto\" id=\"style-css-av-jjzh17tq-b2ca65c814ea1ec2704f9c31e1c4f904\">\n#top .hr.hr-invisible.av-jjzh17tq-b2ca65c814ea1ec2704f9c31e1c4f904{\nheight:25px;\n}\n<\/style>\n<div  class='hr av-jjzh17tq-b2ca65c814ea1ec2704f9c31e1c4f904 hr-invisible  avia-builder-el-17  el_after_av_heading  el_before_av_textblock '><span class='hr-inner '><span class=\"hr-inner-style\"><\/span><\/span><\/div><br \/>\n<section  class='av_textblock_section av-jk0xf61h-e8c5e5cbe3aa1166e19b7ba65e83f17f '   itemscope=\"itemscope\" itemtype=\"https:\/\/schema.org\/CreativeWork\" ><div class='avia_textblock'  itemprop=\"text\" ><p>Wenn Sie an Schlafst\u00f6rungen durch Elektrosmog leiden, kann IBES mit Tipps und Beratung helfen.<\/p>\n<p>Um einen Schlafplatz elektrobiologisch beurteilen zu k\u00f6nnen, m\u00fcssen die Faktoren des unmittelbaren Umfeldes mit ber\u00fccksichtigt werden.<\/p>\n<p>Wir empfehlen Ihnen, zuerst mit dem von IBES empfohlenen Messger\u00e4t selbst die Strahlung im Schlafzimmer und den \u00fcbrigen R\u00e4umen zu messen.<\/p>\n<p>Dies gibt Ihnen sofort erste wichtige Hinweise, ohne dass Sie einen grossen Aufwand betreiben m\u00fcssen.<\/p>\n<\/div><\/section><br \/>\n\n<style type=\"text\/css\" data-created_by=\"avia_inline_auto\" id=\"style-css-av-jjzh17tq-b0c033460b8fb4bde27a79be8520c484\">\n#top .hr.hr-invisible.av-jjzh17tq-b0c033460b8fb4bde27a79be8520c484{\nheight:20px;\n}\n<\/style>\n<div  class='hr av-jjzh17tq-b0c033460b8fb4bde27a79be8520c484 hr-invisible  avia-builder-el-19  el_after_av_textblock  el_before_av_button '><span class='hr-inner '><span class=\"hr-inner-style\"><\/span><\/span><\/div><br \/>\n<div  class='avia-button-wrap av-jk80wcft-d808e4d43779dc300aa07f7771659849-wrap avia-button-left  avia-builder-el-20  el_after_av_hr  avia-builder-el-last '><a href='https:\/\/www.ibes.ch\/gesundheitsprobleme-2\/kopfschmerzen\/'  class='avia-button av-jk80wcft-d808e4d43779dc300aa07f7771659849 av-link-btn avia-icon_select-yes-right-icon avia-size-medium avia-position-left avia-color-theme-color'   aria-label=\"Kopfschmerzen durch Elektrosmog\"><span class='avia_iconbox_title' >Kopfschmerzen durch Elektrosmog<\/span><span class='avia_button_icon avia_button_icon_right avia-iconfont avia-font-entypo-fontello' data-av_icon='\ue832' data-av_iconfont='entypo-fontello' ><\/span><\/a><\/div><\/p><\/div>\n<style type=\"text\/css\" data-created_by=\"avia_inline_auto\" id=\"style-css-av-942rr2-8aa1f42419ba3dc99d356cae235986ef\">\n.flex_column.av-942rr2-8aa1f42419ba3dc99d356cae235986ef{\nborder-radius:0px 0px 0px 0px;\npadding:0px 0px 0px 0px;\n}\n<\/style>\n<div  class='flex_column av-942rr2-8aa1f42419ba3dc99d356cae235986ef av_one_half  avia-builder-el-21  el_after_av_one_half  avia-builder-el-last  flex_column_div av-zero-column-padding  '     ><p>\n<style type=\"text\/css\" data-created_by=\"avia_inline_auto\" id=\"style-css-av-2x105k-deefbee56cd33579183b14f00f4cbdb5\">\n#top .av-special-heading.av-2x105k-deefbee56cd33579183b14f00f4cbdb5{\npadding-bottom:0;\n}\nbody .av-special-heading.av-2x105k-deefbee56cd33579183b14f00f4cbdb5 .av-special-heading-tag .heading-char{\nfont-size:25px;\n}\n.av-special-heading.av-2x105k-deefbee56cd33579183b14f00f4cbdb5 .av-subheading{\nfont-size:15px;\n}\n<\/style>\n<div  class='av-special-heading av-2x105k-deefbee56cd33579183b14f00f4cbdb5 av-special-heading-h3 blockquote modern-quote  avia-builder-el-22  el_before_av_hr  avia-builder-el-first '><h3 class='av-special-heading-tag '  itemprop=\"headline\"  >St\u00f6rende Faktoren<\/h3><div class=\"special-heading-border\"><div class=\"special-heading-inner-border\"><\/div><\/div><\/div><br \/>\n\n<style type=\"text\/css\" data-created_by=\"avia_inline_auto\" id=\"style-css-av-jjzh17tq-b2ca65c814ea1ec2704f9c31e1c4f904\">\n#top .hr.hr-invisible.av-jjzh17tq-b2ca65c814ea1ec2704f9c31e1c4f904{\nheight:25px;\n}\n<\/style>\n<div  class='hr av-jjzh17tq-b2ca65c814ea1ec2704f9c31e1c4f904 hr-invisible  avia-builder-el-23  el_after_av_heading  el_before_av_textblock '><span class='hr-inner '><span class=\"hr-inner-style\"><\/span><\/span><\/div><br \/>\n<section  class='av_textblock_section av-jk0xf61h-e8c5e5cbe3aa1166e19b7ba65e83f17f '   itemscope=\"itemscope\" itemtype=\"https:\/\/schema.org\/CreativeWork\" ><div class='avia_textblock'  itemprop=\"text\" ><p>Eine von IBES veranlasste gr\u00f6ssere Messung beinhaltet s\u00e4mtliche Faktoren, die st\u00f6rend auf diesen Bereich wirken k\u00f6nnen:<\/p>\n<\/div><\/section><br \/>\n<div  class='avia-icon-list-container av-jjzgm89p-5751b1aa113fb9789267f35c1a0ecbaa  avia-builder-el-25  el_after_av_textblock  avia-builder-el-last '><ul class='avia-icon-list avia_animate_when_almost_visible avia-icon-list-left av-iconlist-big av-jjzgm89p-5751b1aa113fb9789267f35c1a0ecbaa avia-iconlist-animate'>\n<li><div class='iconlist_icon av-9oxlc9-8bdf133d3601ff228538d745b7548f23 avia-font-entypo-fontello avia-iconfont avia-font-entypo-fontello'><span class='av-icon-char' data-av_icon='\ue8b3' data-av_iconfont='entypo-fontello' aria-hidden=\"true\"><\/span><\/div><article class=\"article-icon-entry av-iconlist-empty\"  itemscope=\"itemscope\" itemtype=\"https:\/\/schema.org\/CreativeWork\" ><div class=\"iconlist_content_wrap\"><header class=\"entry-content-header\" aria-label=\"Ic\u00f4ne : Das elektrische Feld\"><h4 class='av_iconlist_title iconlist_title  '  itemprop=\"headline\" >Das elektrische Feld<\/h4><\/header><div class='iconlist_content '  itemprop=\"text\" ><\/div><\/div><footer class=\"entry-footer\"><\/footer><\/article><div class=\"iconlist-timeline\"><\/div><\/li>\n<li><div class='iconlist_icon av-7gv7wp-e8c796dcbaca055df9fac955863e1e85 avia-font-entypo-fontello avia-iconfont avia-font-entypo-fontello'><span class='av-icon-char' data-av_icon='\ue8b3' data-av_iconfont='entypo-fontello' aria-hidden=\"true\"><\/span><\/div><article class=\"article-icon-entry av-iconlist-empty\"  itemscope=\"itemscope\" itemtype=\"https:\/\/schema.org\/CreativeWork\" ><div class=\"iconlist_content_wrap\"><header class=\"entry-content-header\" aria-label=\"Ic\u00f4ne : Das magnetische Feld\"><h4 class='av_iconlist_title iconlist_title  '  itemprop=\"headline\" >Das magnetische Feld<\/h4><\/header><div class='iconlist_content '  itemprop=\"text\" ><\/div><\/div><footer class=\"entry-footer\"><\/footer><\/article><div class=\"iconlist-timeline\"><\/div><\/li>\n<li><div class='iconlist_icon av-55tgqh-7fd871fb3988d75814a254b6c29abef7 avia-font-entypo-fontello avia-iconfont avia-font-entypo-fontello'><span class='av-icon-char' data-av_icon='\ue8b3' data-av_iconfont='entypo-fontello' aria-hidden=\"true\"><\/span><\/div><article class=\"article-icon-entry av-iconlist-empty\"  itemscope=\"itemscope\" itemtype=\"https:\/\/schema.org\/CreativeWork\" ><div class=\"iconlist_content_wrap\"><header class=\"entry-content-header\" aria-label=\"Ic\u00f4ne : Felder aus Hochfrequenz\"><h4 class='av_iconlist_title iconlist_title  '  itemprop=\"headline\" >Felder aus Hochfrequenz<\/h4><\/header><div class='iconlist_content '  itemprop=\"text\" ><\/div><\/div><footer class=\"entry-footer\"><\/footer><\/article><div class=\"iconlist-timeline\"><\/div><\/li>\n<li><div class='iconlist_icon av-3j8u8p-9ed58b3742cb9ed305e7d307506beb20 avia-font-entypo-fontello avia-iconfont avia-font-entypo-fontello'><span class='av-icon-char' data-av_icon='\ue8b3' data-av_iconfont='entypo-fontello' aria-hidden=\"true\"><\/span><\/div><article class=\"article-icon-entry av-iconlist-empty\"  itemscope=\"itemscope\" itemtype=\"https:\/\/schema.org\/CreativeWork\" ><div class=\"iconlist_content_wrap\"><header class=\"entry-content-header\" aria-label=\"Ic\u00f4ne : Die Belastung durch Erdstrahlen\"><h4 class='av_iconlist_title iconlist_title  '  itemprop=\"headline\" >Die Belastung durch Erdstrahlen<\/h4><\/header><div class='iconlist_content '  itemprop=\"text\" ><\/div><\/div><footer class=\"entry-footer\"><\/footer><\/article><div class=\"iconlist-timeline\"><\/div><\/li>\n<\/ul><\/div><\/p><\/div>\n\n<\/div><\/div><\/div><!-- close content main div --><\/div><\/div><div id='av_section_3'  class='avia-section av-jjzyr2r5-157554393a5924f9af81024f1c2fbd3c main_color avia-section-large avia-no-border-styling  avia-builder-el-26  el_after_av_section  avia-builder-el-last  avia-bg-style-scroll container_wrap fullsize'  ><div class='container av-section-cont-open' ><div class='template-page content  av-content-full alpha units'><div class='post-entry post-entry-type-page post-entry-8311'><div class='entry-content-wrapper clearfix'>\n\n<style type=\"text\/css\" data-created_by=\"avia_inline_auto\" id=\"style-css-av-56d8tk-4001a351d97cb98d16c2322e7795ddcb\">\n#top .av-special-heading.av-56d8tk-4001a351d97cb98d16c2322e7795ddcb{\npadding-bottom:10px;\n}\nbody .av-special-heading.av-56d8tk-4001a351d97cb98d16c2322e7795ddcb .av-special-heading-tag .heading-char{\nfont-size:25px;\n}\n.av-special-heading.av-56d8tk-4001a351d97cb98d16c2322e7795ddcb .av-subheading{\nfont-size:15px;\n}\n<\/style>\n<div  class='av-special-heading av-56d8tk-4001a351d97cb98d16c2322e7795ddcb av-special-heading-h2 blockquote modern-quote modern-centered  avia-builder-el-27  el_before_av_hr  avia-builder-el-first '><h2 class='av-special-heading-tag '  itemprop=\"headline\"  >Hartn\u00e4ckige Schlafprobleme?<\/h2><div class=\"special-heading-border\"><div class=\"special-heading-inner-border\"><\/div><\/div><\/div>\n<div  class='hr av-jjzh17tq-82f3925afb741d00b0c66908af2f44f1 hr-short  avia-builder-el-28  el_after_av_heading  el_before_av_one_half  hr-center'><span class='hr-inner '><span class=\"hr-inner-style\"><\/span><\/span><\/div>\n\n<style type=\"text\/css\" data-created_by=\"avia_inline_auto\" id=\"style-css-av-942rr2-86403086389322a07b1a020a5c7900c7\">\n#top .flex_column.av-942rr2-86403086389322a07b1a020a5c7900c7{\nmargin-top:25px;\nmargin-bottom:0px;\n}\n.flex_column.av-942rr2-86403086389322a07b1a020a5c7900c7{\nborder-width:1px;\nborder-color:#c7c7c7;\nborder-style:solid;\nborder-radius:0px 0px 0px 0px;\npadding:20px 20px 20px 20px;\nbackground-color:#ffffff;\n}\n.responsive #top #wrap_all .flex_column.av-942rr2-86403086389322a07b1a020a5c7900c7{\nmargin-top:25px;\nmargin-bottom:0px;\n}\n<\/style>\n<div  class='flex_column av-942rr2-86403086389322a07b1a020a5c7900c7 av_one_half  avia-builder-el-29  el_after_av_hr  el_before_av_one_half  first flex_column_div av-animated-generic left-to-right  '     ><p>\n<style type=\"text\/css\" data-created_by=\"avia_inline_auto\" id=\"style-css-av-7v2eff-e8328e4eb86047f0b247a3ebdb11dd98\">\n.avia-image-container.av-7v2eff-e8328e4eb86047f0b247a3ebdb11dd98 img.avia_image{\nbox-shadow:none;\n}\n.avia-image-container.av-7v2eff-e8328e4eb86047f0b247a3ebdb11dd98 .av-image-caption-overlay-center{\ncolor:#ffffff;\n}\n<\/style>\n<div  class='avia-image-container av-7v2eff-e8328e4eb86047f0b247a3ebdb11dd98 av-styling- avia-align-center  avia-builder-el-30  el_before_av_heading  avia-builder-el-first '  ><div class=\"avia-image-container-inner\"><div class=\"avia-image-overlay-wrap\"><img decoding=\"async\" fetchpriority=\"high\" class='wp-image- avia-img-lazy-loading-not- avia_image ' src=\"https:\/\/www.ibes.ch\/wp-content\/uploads\/2018\/06\/kind_elektrosmog.jpg\" alt='' title=''   itemprop=\"thumbnailUrl\"  \/><\/div><\/div><\/div><br \/>\n\n<style type=\"text\/css\" data-created_by=\"avia_inline_auto\" id=\"style-css-av-3ir40o-3dee9a61ad20503f1b19681d16c38ccb\">\n#top .av-special-heading.av-3ir40o-3dee9a61ad20503f1b19681d16c38ccb{\npadding-bottom:10px;\n}\nbody .av-special-heading.av-3ir40o-3dee9a61ad20503f1b19681d16c38ccb .av-special-heading-tag .heading-char{\nfont-size:25px;\n}\n.av-special-heading.av-3ir40o-3dee9a61ad20503f1b19681d16c38ccb .av-subheading{\nfont-size:15px;\n}\n<\/style>\n<div  class='av-special-heading av-3ir40o-3dee9a61ad20503f1b19681d16c38ccb av-special-heading-h3 blockquote modern-quote  avia-builder-el-31  el_after_av_image  el_before_av_textblock '><h3 class='av-special-heading-tag '  itemprop=\"headline\"  >Unsere Tipps: Schlafplatz pr\u00fcfen<\/h3><div class=\"special-heading-border\"><div class=\"special-heading-inner-border\"><\/div><\/div><\/div><br \/>\n<section  class='av_textblock_section av-5m9g7f-57bee4872a18f066eb94c2ddaf331853 '   itemscope=\"itemscope\" itemtype=\"https:\/\/schema.org\/CreativeWork\" ><div class='avia_textblock'  itemprop=\"text\" ><p>Sie k\u00f6nnen mit einem Elektrosmog-Messger\u00e4t, das von IBES gepr\u00fcft worden ist, sofort und exakt messen, ob in Ihrer Wohnung bedenkliche St\u00f6rquellen vorhanden sind. Das Ger\u00e4t wurde von ETH-Ingenieuren entwickelt. Beachten Sie die Umgebung Ihres Schlafplatzes. Sparlampen in der Nachttischlampe, auch wenn Sie ausgeschaltet sind, haben n\u00e4her als einen Meter zum Bettplatz nichts zu suchen.<\/p>\n<p>Haben Sie Handys an Ihrem Bett eingesteckt? Hat Ihr TV Ger\u00e4t einen Satellitenempf\u00e4nger (Parabolspiegel oder TV Sch\u00fcssel)? Wird eventuell ein Elektrobett, oder ein Metallbett ben\u00fctzt?<\/p>\n<p>Alle Ger\u00e4te, auch Ladeger\u00e4te von Handys, Radiowecker, TV Ger\u00e4te, Verst\u00e4rkeranlage, insbesondere Fluoreszenz- oder Sparlampen m\u00fcssen ausgesteckt werden.<\/p>\n<p>Zur Sicherheit k\u00f6nnen sie auch eine Messung veranlassen \u2013 IBES f\u00fchrt professionelle Messungen durch und ber\u00e4t Sie bei Sanierungen, die an Haus oder Wohnung durchgef\u00fchrt werden m\u00fcssen.<\/p>\n<\/div><\/section><br \/>\n\n<style type=\"text\/css\" data-created_by=\"avia_inline_auto\" id=\"style-css-av-jk1l9zqc-6f529b8f89e397244ed2b5bb17986811\">\n#top .hr.hr-invisible.av-jk1l9zqc-6f529b8f89e397244ed2b5bb17986811{\nheight:20px;\n}\n<\/style>\n<div  class='hr av-jk1l9zqc-6f529b8f89e397244ed2b5bb17986811 hr-invisible  avia-builder-el-33  el_after_av_textblock  el_before_av_button '><span class='hr-inner '><span class=\"hr-inner-style\"><\/span><\/span><\/div><br \/>\n<div  class='avia-button-wrap av-jk1g5g19-5f537ac513261c46551dc970329e6560-wrap avia-button-left  avia-builder-el-34  el_after_av_hr  avia-builder-el-last '><a href='https:\/\/www.ibes.ch\/produktuebersicht\/'  class='avia-button av-jk1g5g19-5f537ac513261c46551dc970329e6560 av-link-btn avia-icon_select-yes-right-icon avia-size-medium avia-position-left avia-color-theme-color'   aria-label=\"Zum Messger\u00e4t\"><span class='avia_iconbox_title' >Zum Messger\u00e4t<\/span><span class='avia_button_icon avia_button_icon_right avia-iconfont avia-font-entypo-fontello' data-av_icon='\ue832' data-av_iconfont='entypo-fontello' ><\/span><\/a><\/div><\/p><\/div>\n<style type=\"text\/css\" data-created_by=\"avia_inline_auto\" id=\"style-css-av-942rr2-c6b6eb3381dcad139623cddccdc0f8a4\">\n#top .flex_column.av-942rr2-c6b6eb3381dcad139623cddccdc0f8a4{\nmargin-top:25px;\nmargin-bottom:0px;\n}\n.flex_column.av-942rr2-c6b6eb3381dcad139623cddccdc0f8a4{\nborder-width:1px;\nborder-color:#c7c7c7;\nborder-style:solid;\nborder-radius:0px 0px 0px 0px;\npadding:20px 20px 20px 20px;\nbackground-color:#ffffff;\n}\n.responsive #top #wrap_all .flex_column.av-942rr2-c6b6eb3381dcad139623cddccdc0f8a4{\nmargin-top:25px;\nmargin-bottom:0px;\n}\n<\/style>\n<div  class='flex_column av-942rr2-c6b6eb3381dcad139623cddccdc0f8a4 av_one_half  avia-builder-el-35  el_after_av_one_half  avia-builder-el-last  flex_column_div av-animated-generic right-to-left  '     ><p>\n<style type=\"text\/css\" data-created_by=\"avia_inline_auto\" id=\"style-css-av-7v2eff-870f2bc2a595f80e90f61deee04fe1b0\">\n.avia-image-container.av-7v2eff-870f2bc2a595f80e90f61deee04fe1b0 img.avia_image{\nbox-shadow:none;\n}\n.avia-image-container.av-7v2eff-870f2bc2a595f80e90f61deee04fe1b0 .av-image-caption-overlay-center{\ncolor:#ffffff;\n}\n<\/style>\n<div  class='avia-image-container av-7v2eff-870f2bc2a595f80e90f61deee04fe1b0 av-styling- avia-align-center  avia-builder-el-36  el_before_av_heading  avia-builder-el-first '  ><div class=\"avia-image-container-inner\"><div class=\"avia-image-overlay-wrap\"><img decoding=\"async\" fetchpriority=\"high\" class='wp-image- avia-img-lazy-loading-not- avia_image ' src=\"https:\/\/www.ibes.ch\/wp-content\/uploads\/2018\/08\/studien-strahlenschutz.jpg\" alt='' title=''   itemprop=\"thumbnailUrl\"  \/><\/div><\/div><\/div><br \/>\n\n<style type=\"text\/css\" data-created_by=\"avia_inline_auto\" id=\"style-css-av-2qly94-1d7d3e636aeb279638620cd5a07aa945\">\n#top .av-special-heading.av-2qly94-1d7d3e636aeb279638620cd5a07aa945{\npadding-bottom:10px;\n}\nbody .av-special-heading.av-2qly94-1d7d3e636aeb279638620cd5a07aa945 .av-special-heading-tag .heading-char{\nfont-size:25px;\n}\n.av-special-heading.av-2qly94-1d7d3e636aeb279638620cd5a07aa945 .av-subheading{\nfont-size:15px;\n}\n<\/style>\n<div  class='av-special-heading av-2qly94-1d7d3e636aeb279638620cd5a07aa945 av-special-heading-h3 blockquote modern-quote  avia-builder-el-37  el_after_av_image  el_before_av_textblock '><h3 class='av-special-heading-tag '  itemprop=\"headline\"  >Melatonin-Produktion dereguliert<\/h3><div class=\"special-heading-border\"><div class=\"special-heading-inner-border\"><\/div><\/div><\/div><br \/>\n<section  class='av_textblock_section av-5m9g7f-57bee4872a18f066eb94c2ddaf331853 '   itemscope=\"itemscope\" itemtype=\"https:\/\/schema.org\/CreativeWork\" ><div class='avia_textblock'  itemprop=\"text\" ><p>Schlaf- und Einschlafst\u00f6rungen k\u00f6nnen auf Elektrosmog bzw. eine technische Umweltursache zur\u00fcckzuf\u00fchren sein, oder aber auch durch psychische Belastungen entstehen. Im Schlaf geschehen dabei auf mehreren Ebenen verschiedene Regenerationsprozesse.<\/p>\n<p>Nebst dem, dass der biologische Regelkreis reorganisiert wird; es bildet sich zum Beispiel das wichtigste Steuerhormon Melatonin, das dann im Tagesverlauf die endokrinen Dr\u00fcsen steuert, kann auch noch anderes hier mitwirken.<\/p>\n<p>So kann die Melatoninproduktion, die von der Strahlung des Sonnenlichtspektrums gesteuert wird, auch von k\u00fcnstlichem Licht dereguliert werden. Hat es wenig Licht (Strahlung), so wird Melatonin produziert.<\/p>\n<p>Hat es aber St\u00f6rstrahlung von Elektrosmog, so wird Melatonin nicht in der richtigen Menge und Qualit\u00e4t produziert. Ist die St\u00f6rung jede Nacht neu vorhanden, so k\u00f6nnen die verschiedensten Komplikationen ausgel\u00f6st werden.<\/p>\n<\/div><\/section><br \/>\n\n<style type=\"text\/css\" data-created_by=\"avia_inline_auto\" id=\"style-css-av-jk1l9zqc-6f529b8f89e397244ed2b5bb17986811\">\n#top .hr.hr-invisible.av-jk1l9zqc-6f529b8f89e397244ed2b5bb17986811{\nheight:20px;\n}\n<\/style>\n<div  class='hr av-jk1l9zqc-6f529b8f89e397244ed2b5bb17986811 hr-invisible  avia-builder-el-39  el_after_av_textblock  el_before_av_button '><span class='hr-inner '><span class=\"hr-inner-style\"><\/span><\/span><\/div><br \/>\n<div  class='avia-button-wrap av-jk1g5g19-ce30a49aff5d834bbfe376fc57b8dc77-wrap avia-button-left  avia-builder-el-40  el_after_av_hr  avia-builder-el-last '><a href='https:\/\/www.ibes.ch\/kontakt\/messanfrage\/'  class='avia-button av-jk1g5g19-ce30a49aff5d834bbfe376fc57b8dc77 av-link-btn avia-icon_select-yes-right-icon avia-size-medium avia-position-left avia-color-theme-color'   aria-label=\"Zum Messanfrage-Formular\"><span class='avia_iconbox_title' >Zum Messanfrage-Formular<\/span><span class='avia_button_icon avia_button_icon_right avia-iconfont avia-font-entypo-fontello' data-av_icon='\ue832' data-av_iconfont='entypo-fontello' ><\/span><\/a><\/div><\/p><\/div>\n\n","protected":false},"excerpt":{"rendered":"","protected":false},"author":3,"featured_media":0,"parent":0,"menu_order":3,"comment_status":"closed","ping_status":"closed","template":"","meta":{"_acf_changed":false,"footnotes":""},"class_list":["post-8311","page","type-page","status-publish","hentry"],"acf":[],"yoast_head":"<!-- This site is optimized with the Yoast SEO plugin v27.5 - https:\/\/yoast.com\/product\/yoast-seo-wordpress\/ -->\n<title>Elektrosmog verursacht Schlafst\u00f6rungen und ungesundes Schlafen<\/title>\n<meta name=\"description\" content=\"Einschlafen und durchschlafen nur mit Problemen: Leiden Sie an Schlafst\u00f6rungen, liegen Sie nachts wach? Dahinter kann Elektrosmog stecken - wir geben Tipps und beraten Sie.\" \/>\n<meta name=\"robots\" content=\"index, follow, max-snippet:-1, max-image-preview:large, max-video-preview:-1\" \/>\n<link rel=\"canonical\" href=\"https:\/\/www.ibes.ch\/fr\/troubles-du-sommeil-2-2\/\" \/>\n<meta property=\"og:locale\" content=\"fr_FR\" \/>\n<meta property=\"og:type\" content=\"article\" \/>\n<meta property=\"og:title\" content=\"Elektrosmog verursacht Schlafst\u00f6rungen und ungesundes Schlafen\" \/>\n<meta property=\"og:description\" content=\"Einschlafen und durchschlafen nur mit Problemen: Leiden Sie an Schlafst\u00f6rungen, liegen Sie nachts wach? Dahinter kann Elektrosmog stecken - wir geben Tipps und beraten Sie.\" \/>\n<meta property=\"og:url\" content=\"https:\/\/www.ibes.ch\/fr\/troubles-du-sommeil-2-2\/\" \/>\n<meta property=\"og:site_name\" content=\"IBES\" \/>\n<meta property=\"article:modified_time\" content=\"2021-10-15T12:42:37+00:00\" \/>\n<meta name=\"twitter:card\" content=\"summary_large_image\" \/>\n<meta name=\"twitter:label1\" content=\"Dur\u00e9e de lecture estim\u00e9e\" \/>\n\t<meta name=\"twitter:data1\" content=\"16 minutes\" \/>\n<script type=\"application\/ld+json\" class=\"yoast-schema-graph\">{\"@context\":\"https:\\\/\\\/schema.org\",\"@graph\":[{\"@type\":\"WebPage\",\"@id\":\"https:\\\/\\\/www.ibes.ch\\\/schlafstoerungen-2-2\\\/\",\"url\":\"https:\\\/\\\/www.ibes.ch\\\/schlafstoerungen-2-2\\\/\",\"name\":\"Elektrosmog verursacht Schlafst\u00f6rungen und ungesundes Schlafen\",\"isPartOf\":{\"@id\":\"https:\\\/\\\/www.ibes.ch\\\/#website\"},\"datePublished\":\"2018-07-26T11:03:56+00:00\",\"dateModified\":\"2021-10-15T12:42:37+00:00\",\"description\":\"Einschlafen und durchschlafen nur mit Problemen: Leiden Sie an Schlafst\u00f6rungen, liegen Sie nachts wach? Dahinter kann Elektrosmog stecken - wir geben Tipps und beraten Sie.\",\"breadcrumb\":{\"@id\":\"https:\\\/\\\/www.ibes.ch\\\/schlafstoerungen-2-2\\\/#breadcrumb\"},\"inLanguage\":\"fr-FR\",\"potentialAction\":[{\"@type\":\"ReadAction\",\"target\":[\"https:\\\/\\\/www.ibes.ch\\\/schlafstoerungen-2-2\\\/\"]}]},{\"@type\":\"BreadcrumbList\",\"@id\":\"https:\\\/\\\/www.ibes.ch\\\/schlafstoerungen-2-2\\\/#breadcrumb\",\"itemListElement\":[{\"@type\":\"ListItem\",\"position\":1,\"name\":\"Home\",\"item\":\"https:\\\/\\\/www.ibes.ch\\\/\"},{\"@type\":\"ListItem\",\"position\":2,\"name\":\"Schlafst\u00f6rungen\"}]},{\"@type\":\"WebSite\",\"@id\":\"https:\\\/\\\/www.ibes.ch\\\/#website\",\"url\":\"https:\\\/\\\/www.ibes.ch\\\/\",\"name\":\"IBES\",\"description\":\"IBES - Ratgeber f\u00fcr Elektrosmog\",\"potentialAction\":[{\"@type\":\"SearchAction\",\"target\":{\"@type\":\"EntryPoint\",\"urlTemplate\":\"https:\\\/\\\/www.ibes.ch\\\/?s={search_term_string}\"},\"query-input\":{\"@type\":\"PropertyValueSpecification\",\"valueRequired\":true,\"valueName\":\"search_term_string\"}}],\"inLanguage\":\"fr-FR\"}]}<\/script>\n<!-- \/ Yoast SEO plugin. -->","yoast_head_json":{"title":"L'\u00e9lectrosmog provoque des troubles du sommeil et un sommeil malsain","description":"S'endormir et dormir toute la nuit seulement avec des probl\u00e8mes : Vous souffrez d'insomnie, vous restez \u00e9veill\u00e9 la nuit ? L'\u00e9lectrosmog peut en \u00eatre la cause - nous pouvons vous donner des astuces et des conseils.","robots":{"index":"index","follow":"follow","max-snippet":"max-snippet:-1","max-image-preview":"max-image-preview:large","max-video-preview":"max-video-preview:-1"},"canonical":"https:\/\/www.ibes.ch\/fr\/troubles-du-sommeil-2-2\/","og_locale":"fr_FR","og_type":"article","og_title":"Elektrosmog verursacht Schlafst\u00f6rungen und ungesundes Schlafen","og_description":"Einschlafen und durchschlafen nur mit Problemen: Leiden Sie an Schlafst\u00f6rungen, liegen Sie nachts wach? Dahinter kann Elektrosmog stecken - wir geben Tipps und beraten Sie.","og_url":"https:\/\/www.ibes.ch\/fr\/troubles-du-sommeil-2-2\/","og_site_name":"IBES","article_modified_time":"2021-10-15T12:42:37+00:00","twitter_card":"summary_large_image","twitter_misc":{"Dur\u00e9e de lecture estim\u00e9e":"16 minutes"},"schema":{"@context":"https:\/\/schema.org","@graph":[{"@type":"WebPage","@id":"https:\/\/www.ibes.ch\/schlafstoerungen-2-2\/","url":"https:\/\/www.ibes.ch\/schlafstoerungen-2-2\/","name":"L'\u00e9lectrosmog provoque des troubles du sommeil et un sommeil malsain","isPartOf":{"@id":"https:\/\/www.ibes.ch\/#website"},"datePublished":"2018-07-26T11:03:56+00:00","dateModified":"2021-10-15T12:42:37+00:00","description":"S'endormir et dormir toute la nuit seulement avec des probl\u00e8mes : Vous souffrez d'insomnie, vous restez \u00e9veill\u00e9 la nuit ? L'\u00e9lectrosmog peut en \u00eatre la cause - nous pouvons vous donner des astuces et des conseils.","breadcrumb":{"@id":"https:\/\/www.ibes.ch\/schlafstoerungen-2-2\/#breadcrumb"},"inLanguage":"fr-FR","potentialAction":[{"@type":"ReadAction","target":["https:\/\/www.ibes.ch\/schlafstoerungen-2-2\/"]}]},{"@type":"BreadcrumbList","@id":"https:\/\/www.ibes.ch\/schlafstoerungen-2-2\/#breadcrumb","itemListElement":[{"@type":"ListItem","position":1,"name":"Home","item":"https:\/\/www.ibes.ch\/"},{"@type":"ListItem","position":2,"name":"Schlafst\u00f6rungen"}]},{"@type":"WebSite","@id":"https:\/\/www.ibes.ch\/#website","url":"https:\/\/www.ibes.ch\/","name":"IBES","description":"IBES - Guide de l'\u00e9lectrosmog","potentialAction":[{"@type":"SearchAction","target":{"@type":"EntryPoint","urlTemplate":"https:\/\/www.ibes.ch\/?s={search_term_string}"},"query-input":{"@type":"PropertyValueSpecification","valueRequired":true,"valueName":"search_term_string"}}],"inLanguage":"fr-FR"}]}},"_links":{"self":[{"href":"https:\/\/www.ibes.ch\/fr\/wp-json\/wp\/v2\/pages\/8311","targetHints":{"allow":["GET"]}}],"collection":[{"href":"https:\/\/www.ibes.ch\/fr\/wp-json\/wp\/v2\/pages"}],"about":[{"href":"https:\/\/www.ibes.ch\/fr\/wp-json\/wp\/v2\/types\/page"}],"author":[{"embeddable":true,"href":"https:\/\/www.ibes.ch\/fr\/wp-json\/wp\/v2\/users\/3"}],"replies":[{"embeddable":true,"href":"https:\/\/www.ibes.ch\/fr\/wp-json\/wp\/v2\/comments?post=8311"}],"version-history":[{"count":5,"href":"https:\/\/www.ibes.ch\/fr\/wp-json\/wp\/v2\/pages\/8311\/revisions"}],"predecessor-version":[{"id":18109,"href":"https:\/\/www.ibes.ch\/fr\/wp-json\/wp\/v2\/pages\/8311\/revisions\/18109"}],"wp:attachment":[{"href":"https:\/\/www.ibes.ch\/fr\/wp-json\/wp\/v2\/media?parent=8311"}],"curies":[{"name":"wp","href":"https:\/\/api.w.org\/{rel}","templated":true}]}}