{"id":8306,"date":"2018-07-26T11:06:02","date_gmt":"2018-07-26T11:06:02","guid":{"rendered":"https:\/\/www.ibes.ch\/tinnitus\/"},"modified":"2021-10-15T14:44:55","modified_gmt":"2021-10-15T12:44:55","slug":"acouphenes","status":"publish","type":"page","link":"https:\/\/www.ibes.ch\/fr\/tinnitus\/","title":{"rendered":"Acouph\u00e8nes"},"content":{"rendered":"[av_slideshow_full size='no scaling' min_height='0px' stretch='' control_layout='av-control-default' src='' attachment='' attachment_size='' position='top left' repeat='no-repeat' attach='scroll' conditional_play='' animation='slide' transition_speed='' autoplay='false' interval='5' lazy_loading='disabled' av-small-hide='aviaTBav-small-hide' av-mini-hide='aviaTBav-mini-hide' id='' custom_class='' template_class='' av_uid='av-jxetyq7b' sc_version='1.0']\r\n[av_slide_full slide_type='image' id='13696' video='http:\/\/' mobile_image='' fallback_link='http:\/\/' video_format='' video_ratio='16:9' title='' custom_title_size='' custom_content_size='' caption_pos='caption_bottom' link_apply='' link='lightbox' link_target='' button_label='Click me' button_color='light' link1='manually,http:\/\/' link_target1='' button_label2='Click me' button_color2='light' link2='manually,http:\/\/' link_target2='' font_color='' custom_title='' custom_content='' overlay_opacity='0.5' overlay_color='' overlay_pattern='' overlay_custom_pattern='' av-medium-font-size-title='' av-small-font-size-title='' av-mini-font-size-title='' av-medium-font-size='' av-small-font-size='' av-mini-font-size='' av_uid='av-u843dr' video_autoplay='' video_controls='' video_mute='' video_loop='' heading_tag='' heading_class='' overlay_enable='' sc_version='1.0'][\/av_slide_full]\r\n[\/av_slideshow_full]\r\n\r\n[av_slideshow_full img_copyright='' size='no scaling' min_height='' stretch='' control_layout='av-control-default' slider_navigation='av-navigate-arrows av-navigate-dots' nav_visibility_desktop='' nav_arrow_color='' nav_arrow_bg_color='' nav_dots_color='' nav_dot_active_color='' src='' attachment='' attachment_size='' position='top left' repeat='no-repeat' attach='scroll' img_copyright_font='' av-desktop-font-img_copyright_font='' av-medium-font-img_copyright_font='' av-small-font-img_copyright_font='' av-mini-font-img_copyright_font='' img_copyright_color='' img_copyright_bg='' animation='slide' transition_speed='' autoplay='false' interval='5' img_scale='' img_scale_end='10' img_scale_direction='' img_scale_duration='3' img_scale_opacity='1' conditional_play='' img_scrset='' lazy_loading='disabled' av-desktop-hide='aviaTBav-desktop-hide' av-medium-hide='aviaTBav-medium-hide' alb_description='' id='' custom_class='' template_class='' av_uid='av-kng611rn' sc_version='1.0']\r\n[av_slide_full slide_type='image' id='17452' video='http:\/\/' mobile_image='' fallback_link='http:\/\/' title='' video_format='' video_ratio='16:9' caption_pos='caption_bottom' custom_title_size='' av-medium-font-size-title='' av-small-font-size-title='' av-mini-font-size-title='' custom_content_size='' av-medium-font-size='' av-small-font-size='' av-mini-font-size='' font_color='' custom_title='' custom_content='' heading_tag='' heading_class='' link_apply='' link='lightbox' link_target='' button_label='Click me' button_color='light' link1='manually,http:\/\/' link_target1='' button_label2='Click me' button_color2='light' link2='manually,http:\/\/' link_target2='' overlay_opacity='0.5' overlay_color='' overlay_pattern='' overlay_custom_pattern='' av_uid='av-kng61114' sc_version='1.0' video_autoplay='' video_controls='' video_mute='' video_loop='' av-desktop-font-size-title='' av-desktop-font-size='' overlay_enable=''][\/av_slide_full]\r\n\r\n\r\n[\/av_slideshow_full]\r\n\r\n\n<div id='av_section_1'  class='avia-section av-jjzgjy94-535fc938f73d54e38e18c9f5b93283ba main_color avia-section-large avia-no-border-styling  avia-builder-el-1  el_after_av_postcontent  el_before_av_section  avia-bg-style-scroll container_wrap fullsize'  ><div class='container av-section-cont-open' ><div class='template-page content  av-content-full alpha units'><div class='post-entry post-entry-type-page post-entry-8306'><div class='entry-content-wrapper clearfix'>\n\n<style type=\"text\/css\" data-created_by=\"avia_inline_auto\" id=\"style-css-av-av_heading-33c9e7c54dd33775295b23d2c06c2df4\">\n#top .av-special-heading.av-av_heading-33c9e7c54dd33775295b23d2c06c2df4{\npadding-bottom:19px;\n}\nbody .av-special-heading.av-av_heading-33c9e7c54dd33775295b23d2c06c2df4 .av-special-heading-tag .heading-char{\nfont-size:25px;\n}\n.av-special-heading.av-av_heading-33c9e7c54dd33775295b23d2c06c2df4 .av-subheading{\nfont-size:20px;\n}\n<\/style>\n<div  class='av-special-heading av-av_heading-33c9e7c54dd33775295b23d2c06c2df4 av-special-heading-h1 blockquote modern-quote modern-centered  avia-builder-el-2  el_before_av_hr  avia-builder-el-first '><h1 class='av-special-heading-tag '  itemprop=\"headline\"  >Tinnitus: Ursache Elektrosmog<\/h1><div class='av-subheading av-subheading_below'><p>Ohrger\u00e4usche k\u00f6nnen durch Strahlung verursacht sein<\/p>\n<\/div><div class=\"special-heading-border\"><div class=\"special-heading-inner-border\"><\/div><\/div><\/div>\n<div  class='hr av-aue7n2-e30d11672c1926c4b838dbe0728bd62f hr-short  avia-builder-el-3  el_after_av_heading  el_before_av_one_half  hr-center'><span class='hr-inner '><span class=\"hr-inner-style\"><\/span><\/span><\/div>\n<div class='flex_column_table av-942rr2-0866e66eb9e24f45466e3f1e6ba22cfd sc-av_one_half av-equal-height-column-flextable'>\n<style type=\"text\/css\" data-created_by=\"avia_inline_auto\" id=\"style-css-av-942rr2-0866e66eb9e24f45466e3f1e6ba22cfd\">\n#top .flex_column_table.av-equal-height-column-flextable.av-942rr2-0866e66eb9e24f45466e3f1e6ba22cfd{\nmargin-top:50px;\nmargin-bottom:0px;\n}\n.flex_column.av-942rr2-0866e66eb9e24f45466e3f1e6ba22cfd{\nborder-radius:0px 0px 0px 0px;\npadding:0px 0px 0px 0px;\n}\n<\/style>\n<div  class='flex_column av-942rr2-0866e66eb9e24f45466e3f1e6ba22cfd av_one_half  avia-builder-el-4  el_after_av_hr  el_before_av_one_half  first flex_column_table_cell av-equal-height-column av-align-top av-animated-generic top-to-bottom av-zero-column-padding  '     ><p>\n<style type=\"text\/css\" data-created_by=\"avia_inline_auto\" id=\"style-css-av-jk8qipci-e7e1d182250f5a070725076e1ec19288\">\n.avia-image-container.av-jk8qipci-e7e1d182250f5a070725076e1ec19288 img.avia_image{\nbox-shadow:none;\n}\n.avia-image-container.av-jk8qipci-e7e1d182250f5a070725076e1ec19288 .av-image-caption-overlay-center{\ncolor:#ffffff;\n}\n<\/style>\n<div  class='avia-image-container av-jk8qipci-e7e1d182250f5a070725076e1ec19288 av-styling- avia_animated_image av-animated-when-visible-95 av-rotateInUpRight avia-align-center  avia-builder-el-5  el_before_av_textblock  avia-builder-el-first '  ><div class=\"avia-image-container-inner\"><div class=\"avia-image-overlay-wrap\"><img decoding=\"async\" fetchpriority=\"high\" class='wp-image-9011 avia-img-lazy-loading-not-9011 avia_image ' src=\"https:\/\/www.ibes.ch\/wp-content\/uploads\/2018\/11\/tinnitus-elektrosmog.jpg\" alt='Tinnitus durch elektromagnetische Strahlung' title='Mann mit Tinnitus'  height=\"566\" width=\"849\"  itemprop=\"thumbnailUrl\" srcset=\"https:\/\/www.ibes.ch\/wp-content\/uploads\/2018\/11\/tinnitus-elektrosmog.jpg 849w, https:\/\/www.ibes.ch\/wp-content\/uploads\/2018\/11\/tinnitus-elektrosmog-600x400.jpg 600w, https:\/\/www.ibes.ch\/wp-content\/uploads\/2018\/11\/tinnitus-elektrosmog-300x200.jpg 300w, https:\/\/www.ibes.ch\/wp-content\/uploads\/2018\/11\/tinnitus-elektrosmog-768x512.jpg 768w, https:\/\/www.ibes.ch\/wp-content\/uploads\/2018\/11\/tinnitus-elektrosmog-705x470.jpg 705w\" sizes=\"(max-width: 849px) 100vw, 849px\" \/><\/div><\/div><\/div><br \/>\n<section  class='av_textblock_section av-jjzglclg-6594a4c7f56ce7b25628a587e9662265 '   itemscope=\"itemscope\" itemtype=\"https:\/\/schema.org\/CreativeWork\" ><div class='avia_textblock'  itemprop=\"text\" ><p>Die heutzutage multiple Strahlung von Ger\u00e4ten, Antennen und Sendern kann die Geh\u00f6rsinneswerkzeuge beeinflussen.<\/p>\n<\/div><\/section><\/p><\/div><div class='av-flex-placeholder'><\/div>\n<style type=\"text\/css\" data-created_by=\"avia_inline_auto\" id=\"style-css-av-7m36m6-feb562d516c20db37c9b17f13b491f1c\">\n#top .flex_column_table.av-equal-height-column-flextable.av-7m36m6-feb562d516c20db37c9b17f13b491f1c{\nmargin-top:50px;\nmargin-bottom:0px;\n}\n.flex_column.av-7m36m6-feb562d516c20db37c9b17f13b491f1c{\nborder-radius:0px 0px 0px 0px;\npadding:0px 0px 0px 0px;\n}\n<\/style>\n<div  class='flex_column av-7m36m6-feb562d516c20db37c9b17f13b491f1c av_one_half  avia-builder-el-7  el_after_av_one_half  avia-builder-el-last  flex_column_table_cell av-equal-height-column av-align-top av-animated-generic top-to-bottom av-zero-column-padding  '     ><p>\n<style type=\"text\/css\" data-created_by=\"avia_inline_auto\" id=\"style-css-av-av_heading-db1455ddc765d890672fd213dab63659\">\n#top .av-special-heading.av-av_heading-db1455ddc765d890672fd213dab63659{\npadding-bottom:0;\n}\nbody .av-special-heading.av-av_heading-db1455ddc765d890672fd213dab63659 .av-special-heading-tag .heading-char{\nfont-size:25px;\n}\n.av-special-heading.av-av_heading-db1455ddc765d890672fd213dab63659 .av-subheading{\nfont-size:15px;\n}\n<\/style>\n<div  class='av-special-heading av-av_heading-db1455ddc765d890672fd213dab63659 av-special-heading-h3 blockquote modern-quote  avia-builder-el-8  el_before_av_hr  avia-builder-el-first '><h3 class='av-special-heading-tag '  itemprop=\"headline\"  >Strahlungseinfl\u00fcsse<\/h3><div class=\"special-heading-border\"><div class=\"special-heading-inner-border\"><\/div><\/div><\/div><br \/>\n<div  class='hr av-jjzh17tq-c3cbad2d527f65a182ae138d7a20e5a3 hr-short  avia-builder-el-9  el_after_av_heading  el_before_av_textblock  hr-left'><span class='hr-inner '><span class=\"hr-inner-style\"><\/span><\/span><\/div><br \/>\n<section  class='av_textblock_section av-jjzglclg-6594a4c7f56ce7b25628a587e9662265 '   itemscope=\"itemscope\" itemtype=\"https:\/\/schema.org\/CreativeWork\" ><div class='avia_textblock'  itemprop=\"text\" ><ul>\n<li>Tinnitus steht im Bezug zu der Wahrnehmung von Ger\u00e4uschen. Die Wahrnehmung ist bei vielen Menschen sehr unterschiedlich. Dabei bestehen folgende M\u00f6glichkeiten:<\/li>\n<li>Wenn andere Personen zur gleichen Zeit die gleichen oder \u00e4hnliche Ger\u00e4usche wahrnehmen, handelt es sich um physische und nicht tinnitusartige elektromagnetische Resonanz.<\/li>\n<li>Wenn andere Personen zur gleichen Zeit nichts merken und kein Sensor-Nachweis m\u00f6glich ist, muss von Tinnitus (elektromagnetischer Wahrnehmung direkt ins Gehirn) gesprochen werden.<\/li>\n<\/ul>\n<\/div><\/section><\/p><\/div><\/div><!--close column table wrapper. Autoclose: 1 -->\n\n<\/div><\/div><\/div><!-- close content main div --><\/div><\/div><div id='av_section_2'  class='avia-section av-jjzyr2r5-17d9348295b90a73aa643af679c54d26 alternate_color avia-section-large avia-no-shadow  avia-builder-el-11  el_after_av_section  el_before_av_section  avia-bg-style-scroll container_wrap fullsize'  ><div class='container av-section-cont-open' ><div class='template-page content  av-content-full alpha units'><div class='post-entry post-entry-type-page post-entry-8306'><div class='entry-content-wrapper clearfix'>\n\n<style type=\"text\/css\" data-created_by=\"avia_inline_auto\" id=\"style-css-av-7zckqc-0a4a52a42943c48e5b7e77ac84851375\">\n#top .av-special-heading.av-7zckqc-0a4a52a42943c48e5b7e77ac84851375{\npadding-bottom:10px;\n}\nbody .av-special-heading.av-7zckqc-0a4a52a42943c48e5b7e77ac84851375 .av-special-heading-tag .heading-char{\nfont-size:25px;\n}\n.av-special-heading.av-7zckqc-0a4a52a42943c48e5b7e77ac84851375 .av-subheading{\nfont-size:15px;\n}\n<\/style>\n<div  class='av-special-heading av-7zckqc-0a4a52a42943c48e5b7e77ac84851375 av-special-heading-h2 blockquote modern-quote modern-centered  avia-builder-el-12  el_before_av_hr  avia-builder-el-first '><h2 class='av-special-heading-tag '  itemprop=\"headline\"  >IBES hilft bei Tinnitus<\/h2><div class=\"special-heading-border\"><div class=\"special-heading-inner-border\"><\/div><\/div><\/div>\n<div  class='hr av-jjzh17tq-82f3925afb741d00b0c66908af2f44f1 hr-short  avia-builder-el-13  el_after_av_heading  el_before_av_one_third  hr-center'><span class='hr-inner '><span class=\"hr-inner-style\"><\/span><\/span><\/div>\n\n<style type=\"text\/css\" data-created_by=\"avia_inline_auto\" id=\"style-css-av-942rr2-3be5b890ead123906bd89f48299417f1\">\n#top .flex_column.av-942rr2-3be5b890ead123906bd89f48299417f1{\nmargin-top:25px;\nmargin-bottom:0px;\n}\n.flex_column.av-942rr2-3be5b890ead123906bd89f48299417f1{\nborder-width:1px;\nborder-color:#c6c6c6;\nborder-style:solid;\nborder-radius:0px 0px 0px 0px;\npadding:20px 20px 20px 20px;\nbackground-color:#ffffff;\n}\n.responsive #top #wrap_all .flex_column.av-942rr2-3be5b890ead123906bd89f48299417f1{\nmargin-top:25px;\nmargin-bottom:0px;\n}\n<\/style>\n<div  class='flex_column av-942rr2-3be5b890ead123906bd89f48299417f1 av_one_third  avia-builder-el-14  el_after_av_hr  el_before_av_one_third  first flex_column_div av-animated-generic pop-up  '     ><p>\n<style type=\"text\/css\" data-created_by=\"avia_inline_auto\" id=\"style-css-av-5dpqf8-040c59218133c327e9f3503aa2624168\">\n#top .av-special-heading.av-5dpqf8-040c59218133c327e9f3503aa2624168{\npadding-bottom:0;\n}\nbody .av-special-heading.av-5dpqf8-040c59218133c327e9f3503aa2624168 .av-special-heading-tag .heading-char{\nfont-size:25px;\n}\n.av-special-heading.av-5dpqf8-040c59218133c327e9f3503aa2624168 .av-subheading{\nfont-size:15px;\n}\n<\/style>\n<div  class='av-special-heading av-5dpqf8-040c59218133c327e9f3503aa2624168 av-special-heading-h3 blockquote modern-quote  avia-builder-el-15  el_before_av_textblock  avia-builder-el-first '><h3 class='av-special-heading-tag '  itemprop=\"headline\"  >St\u00f6rende Ger\u00e4usche<\/h3><div class=\"special-heading-border\"><div class=\"special-heading-inner-border\"><\/div><\/div><\/div><br \/>\n<section  class='av_textblock_section av-jk8pvt37-cbf3d273efbfc29bf5aa2b4702e7eaff '   itemscope=\"itemscope\" itemtype=\"https:\/\/schema.org\/CreativeWork\" ><div class='avia_textblock'  itemprop=\"text\" ><p>Von Menschen wahrgenommene, st\u00f6rende Ger\u00e4usche k\u00f6nnen ihren Ursprung in der physischen Bausubstanz durch Materialresonanz, oder Schall\u00fcbertragung durch nicht akustisch entkoppelte technische Anlagen haben.<\/p>\n<\/div><\/section><br \/>\n\n<style type=\"text\/css\" data-created_by=\"avia_inline_auto\" id=\"style-css-av-jjzh17tq-caa6eb91a9efdd4020c7c58369f4cfb3\">\n#top .hr.hr-invisible.av-jjzh17tq-caa6eb91a9efdd4020c7c58369f4cfb3{\nheight:25px;\n}\n<\/style>\n<div  class='hr av-jjzh17tq-caa6eb91a9efdd4020c7c58369f4cfb3 hr-invisible  avia-builder-el-17  el_after_av_textblock  el_before_av_button '><span class='hr-inner '><span class=\"hr-inner-style\"><\/span><\/span><\/div><br \/>\n<div  class='avia-button-wrap av-jk8px8jx-c035da293a71cb7fe5de1a4d93935464-wrap avia-button-center  avia-builder-el-18  el_after_av_hr  avia-builder-el-last '><a href='https:\/\/www.ibes.ch\/gesundheitsprobleme-2\/schwindel-konzentration\/'  class='avia-button av-jk8px8jx-c035da293a71cb7fe5de1a4d93935464 av-link-btn avia-icon_select-yes-right-icon avia-size-large avia-position-center avia-color-theme-color'   aria-label=\"Schwindel\"><span class='avia_iconbox_title' >Schwindel<\/span><span class='avia_button_icon avia_button_icon_right avia-iconfont avia-font-entypo-fontello' data-av_icon='\ue832' data-av_iconfont='entypo-fontello' ><\/span><\/a><\/div><\/p><\/div>\n<style type=\"text\/css\" data-created_by=\"avia_inline_auto\" id=\"style-css-av-942rr2-a29c377ca4d6a1c6f11f5711ca5a2373\">\n#top .flex_column.av-942rr2-a29c377ca4d6a1c6f11f5711ca5a2373{\nmargin-top:25px;\nmargin-bottom:0px;\n}\n.flex_column.av-942rr2-a29c377ca4d6a1c6f11f5711ca5a2373{\nborder-width:1px;\nborder-color:#c6c6c6;\nborder-style:solid;\nborder-radius:0px 0px 0px 0px;\npadding:20px 20px 20px 20px;\nbackground-color:#ffffff;\n}\n.responsive #top #wrap_all .flex_column.av-942rr2-a29c377ca4d6a1c6f11f5711ca5a2373{\nmargin-top:25px;\nmargin-bottom:0px;\n}\n<\/style>\n<div  class='flex_column av-942rr2-a29c377ca4d6a1c6f11f5711ca5a2373 av_one_third  avia-builder-el-19  el_after_av_one_third  el_before_av_one_third  flex_column_div av-animated-generic pop-up  '     ><p>\n<style type=\"text\/css\" data-created_by=\"avia_inline_auto\" id=\"style-css-av-4hkjh0-5a80f5d9e0eddd5034fc4a7f28d2fea8\">\n#top .av-special-heading.av-4hkjh0-5a80f5d9e0eddd5034fc4a7f28d2fea8{\npadding-bottom:0;\n}\nbody .av-special-heading.av-4hkjh0-5a80f5d9e0eddd5034fc4a7f28d2fea8 .av-special-heading-tag .heading-char{\nfont-size:25px;\n}\n.av-special-heading.av-4hkjh0-5a80f5d9e0eddd5034fc4a7f28d2fea8 .av-subheading{\nfont-size:15px;\n}\n<\/style>\n<div  class='av-special-heading av-4hkjh0-5a80f5d9e0eddd5034fc4a7f28d2fea8 av-special-heading-h3 blockquote modern-quote  avia-builder-el-20  el_before_av_textblock  avia-builder-el-first '><h3 class='av-special-heading-tag '  itemprop=\"headline\"  >Elektronische Anlagen<\/h3><div class=\"special-heading-border\"><div class=\"special-heading-inner-border\"><\/div><\/div><\/div><br \/>\n<section  class='av_textblock_section av-jk8pvt37-cbf3d273efbfc29bf5aa2b4702e7eaff '   itemscope=\"itemscope\" itemtype=\"https:\/\/schema.org\/CreativeWork\" ><div class='avia_textblock'  itemprop=\"text\" ><p>Ursache kann auch die  Strahlung elektronischer Anlagen (Schnurlostelefonen oder Mobilfunksender) sein. Sie werden dann auch oft auch als Tinnitus wahrgenommen. Die Ursache kann auch in der Summe der Strahlungseinfl\u00fcsse liegen, die die elektromagnetischen Regelkreise beeinflussen.<\/p>\n<\/div><\/section><\/p><\/div>\n<style type=\"text\/css\" data-created_by=\"avia_inline_auto\" id=\"style-css-av-942rr2-a29c377ca4d6a1c6f11f5711ca5a2373\">\n#top .flex_column.av-942rr2-a29c377ca4d6a1c6f11f5711ca5a2373{\nmargin-top:25px;\nmargin-bottom:0px;\n}\n.flex_column.av-942rr2-a29c377ca4d6a1c6f11f5711ca5a2373{\nborder-width:1px;\nborder-color:#c6c6c6;\nborder-style:solid;\nborder-radius:0px 0px 0px 0px;\npadding:20px 20px 20px 20px;\nbackground-color:#ffffff;\n}\n.responsive #top #wrap_all .flex_column.av-942rr2-a29c377ca4d6a1c6f11f5711ca5a2373{\nmargin-top:25px;\nmargin-bottom:0px;\n}\n<\/style>\n<div  class='flex_column av-942rr2-a29c377ca4d6a1c6f11f5711ca5a2373 av_one_third  avia-builder-el-22  el_after_av_one_third  avia-builder-el-last  flex_column_div av-animated-generic pop-up  '     ><p>\n<style type=\"text\/css\" data-created_by=\"avia_inline_auto\" id=\"style-css-av-b8dic-90eb93c4ba8a7a4a2dcabeaf8c9d5561\">\n#top .av-special-heading.av-b8dic-90eb93c4ba8a7a4a2dcabeaf8c9d5561{\npadding-bottom:0;\n}\nbody .av-special-heading.av-b8dic-90eb93c4ba8a7a4a2dcabeaf8c9d5561 .av-special-heading-tag .heading-char{\nfont-size:25px;\n}\n.av-special-heading.av-b8dic-90eb93c4ba8a7a4a2dcabeaf8c9d5561 .av-subheading{\nfont-size:15px;\n}\n<\/style>\n<div  class='av-special-heading av-b8dic-90eb93c4ba8a7a4a2dcabeaf8c9d5561 av-special-heading-h3 blockquote modern-quote  avia-builder-el-23  el_before_av_textblock  avia-builder-el-first '><h3 class='av-special-heading-tag '  itemprop=\"headline\"  >Ursache Elektrosmog?<\/h3><div class=\"special-heading-border\"><div class=\"special-heading-inner-border\"><\/div><\/div><\/div><br \/>\n<section  class='av_textblock_section av-jk8pvt37-cbf3d273efbfc29bf5aa2b4702e7eaff '   itemscope=\"itemscope\" itemtype=\"https:\/\/schema.org\/CreativeWork\" ><div class='avia_textblock'  itemprop=\"text\" ><p>Leiden Sie an unerkl\u00e4rlichem Tinnitus? Die Umsetzung von Ger\u00e4uschen ins H\u00f6rwahrnehmungszentrum im Gehirn k\u00f6nnten gest\u00f6rt sein. Wir empfehlen Ihnen, selbst und kosteng\u00fcnstig den Esmog nachzumessen.<\/p>\n<\/div><\/section><br \/>\n\n<style type=\"text\/css\" data-created_by=\"avia_inline_auto\" id=\"style-css-av-jjzh17tq-caa6eb91a9efdd4020c7c58369f4cfb3\">\n#top .hr.hr-invisible.av-jjzh17tq-caa6eb91a9efdd4020c7c58369f4cfb3{\nheight:25px;\n}\n<\/style>\n<div  class='hr av-jjzh17tq-caa6eb91a9efdd4020c7c58369f4cfb3 hr-invisible  avia-builder-el-25  el_after_av_textblock  el_before_av_button '><span class='hr-inner '><span class=\"hr-inner-style\"><\/span><\/span><\/div><br \/>\n<div  class='avia-button-wrap av-jk8px8jx-1f3f26e23b09f8138f9e773888b863ba-wrap avia-button-center  avia-builder-el-26  el_after_av_hr  avia-builder-el-last '><a href='https:\/\/www.ibes.ch\/produktuebersicht\/'  class='avia-button av-jk8px8jx-1f3f26e23b09f8138f9e773888b863ba av-link-btn avia-icon_select-yes-right-icon avia-size-large avia-position-center avia-color-theme-color'   aria-label=\"Messen Sie selbst\"><span class='avia_iconbox_title' >Messen Sie selbst<\/span><span class='avia_button_icon avia_button_icon_right avia-iconfont avia-font-entypo-fontello' data-av_icon='\ue832' data-av_iconfont='entypo-fontello' ><\/span><\/a><\/div><\/p><\/div>\n\n<\/div><\/div><\/div><!-- close content main div --><\/div><\/div><div id='av_section_3'  class='avia-section av-jk8qbv3j-cc361dd476b0cdb67cc56391b56e9a2a main_color avia-section-large avia-no-shadow  avia-builder-el-27  el_after_av_section  avia-builder-el-last  avia-bg-style-scroll container_wrap fullsize'  ><div class='container av-section-cont-open' ><div class='template-page content  av-content-full alpha units'><div class='post-entry post-entry-type-page post-entry-8306'><div class='entry-content-wrapper clearfix'>\n\n<style type=\"text\/css\" data-created_by=\"avia_inline_auto\" id=\"style-css-av-5n2vro-212d87a69877bfc333a3a622cb8b3833\">\n.flex_column.av-5n2vro-212d87a69877bfc333a3a622cb8b3833{\nborder-radius:0px 0px 0px 0px;\npadding:0px 0px 0px 0px;\n}\n<\/style>\n<div  class='flex_column av-5n2vro-212d87a69877bfc333a3a622cb8b3833 av_two_third  avia-builder-el-28  el_before_av_one_third  avia-builder-el-first  first flex_column_div av-zero-column-padding  '     ><article  class='iconbox iconbox_left av-4if6v8-c5b74393da8c86b9995f3f2efebe2d11  avia-builder-el-29  avia-builder-el-no-sibling '  itemscope=\"itemscope\" itemtype=\"https:\/\/schema.org\/CreativeWork\" ><div class=\"iconbox_content\"><header class=\"entry-content-header\" aria-label=\"Ic\u00f4ne : Was die WHO und die Beh\u00f6rden sagen\"><div class='iconbox_icon heading-color avia-iconfont avia-font-entypo-fontello' data-av_icon='\ue83e' data-av_iconfont='entypo-fontello'  ><\/div><h3 class='iconbox_content_title '  itemprop=\"headline\" >Was die WHO und die Beh\u00f6rden sagen<\/h3><\/header><div class='iconbox_content_container '  itemprop=\"text\" ><p>Das Bundesamt f\u00fcr Gesundheit (BAG) schreibt: \u00abVerschiedene Studien liefern Hinweise auf biologische Effekte auch bei schwacher Strahlenbelastung unterhalb der Grenzwerte. So kann schwache hochfrequente Strahlung Hirnstr\u00f6me ver\u00e4ndern sowie die Durchblutung und den Stoffwechsel des Gehirns beeinflussen. Ob diese Wirkungen f\u00fcr die Gesundheit von Bedeutung sind, ist derzeit noch ungewiss.\u00bb<\/p>\n<p>Die Weltgesundheitsorganisation (WHO) hat sowohl niederfrequente als auch hochfrequente Strahlung als m\u00f6glicherweise krebserregend f\u00fcr den Menschen klassiert.<\/p>\n<\/div><\/div><footer class=\"entry-footer\"><\/footer><\/article><\/div>\n<style type=\"text\/css\" data-created_by=\"avia_inline_auto\" id=\"style-css-av-sfl6c-c8442d993b555ee94b34207084247554\">\n.flex_column.av-sfl6c-c8442d993b555ee94b34207084247554{\nborder-radius:0px 0px 0px 0px;\npadding:0px 0px 0px 0px;\n}\n<\/style>\n<div  class='flex_column av-sfl6c-c8442d993b555ee94b34207084247554 av_one_third  avia-builder-el-30  el_after_av_two_third  el_before_av_hr  flex_column_div av-zero-column-padding  '     ><p>\n<style type=\"text\/css\" data-created_by=\"avia_inline_auto\" id=\"style-css-av-jk8qey2s-4e23add1ea73fd2fd40080cad9841e06\">\n.av_font_icon.av-jk8qey2s-4e23add1ea73fd2fd40080cad9841e06{\ncolor:#f22400;\nborder-color:#f22400;\n}\n.avia-svg-icon.av-jk8qey2s-4e23add1ea73fd2fd40080cad9841e06 svg:first-child{\nstroke:#f22400;\nfill:#f22400;\n}\n.av_font_icon.av-jk8qey2s-4e23add1ea73fd2fd40080cad9841e06 .av-icon-char{\nfont-size:40px;\nline-height:40px;\nwidth:40px;\n}\n<\/style>\n<span  class='av_font_icon av-jk8qey2s-4e23add1ea73fd2fd40080cad9841e06 avia_animate_when_visible av-icon-style-border avia-icon-pos-center avia-iconfont avia-font-entypo-fontello avia-icon-animate'><span class='av-icon-char' data-av_icon='\ue83d' data-av_iconfont='entypo-fontello' aria-hidden=\"true\" ><\/span><\/span><br \/>\n\n<style type=\"text\/css\" data-created_by=\"avia_inline_auto\" id=\"style-css-av-jjzh17tq-b798f5945b39ef816115ba02e9179829\">\n#top .hr.hr-invisible.av-jjzh17tq-b798f5945b39ef816115ba02e9179829{\nheight:30px;\n}\n<\/style>\n<div  class='hr av-jjzh17tq-b798f5945b39ef816115ba02e9179829 hr-invisible  avia-builder-el-32  el_after_av_font_icon  el_before_av_button '><span class='hr-inner '><span class=\"hr-inner-style\"><\/span><\/span><\/div><br \/>\n<div  class='avia-button-wrap av-jkv1sphv-9897dd507884b11140fcb44803cc5460-wrap avia-button-center  avia-builder-el-33  el_after_av_hr  avia-builder-el-last '><a href='https:\/\/www.ibes.ch\/gesundheitsprobleme-2\/die-behoerden-warnen\/'  class='avia-button av-jkv1sphv-9897dd507884b11140fcb44803cc5460 av-link-btn avia-icon_select-yes-right-icon avia-size-large avia-position-center avia-color-theme-color'   aria-label=\"WHO und Beh\u00f6rden warnen\"><span class='avia_iconbox_title' >WHO und Beh\u00f6rden warnen<\/span><span class='avia_button_icon avia_button_icon_right avia-iconfont avia-font-entypo-fontello' data-av_icon='\ue832' data-av_iconfont='entypo-fontello' ><\/span><\/a><\/div><\/p><\/div>\n<style type=\"text\/css\" data-created_by=\"avia_inline_auto\" id=\"style-css-av-jjzh17tq-caa6eb91a9efdd4020c7c58369f4cfb3\">\n#top .hr.hr-invisible.av-jjzh17tq-caa6eb91a9efdd4020c7c58369f4cfb3{\nheight:25px;\n}\n<\/style>\n<div  class='hr av-jjzh17tq-caa6eb91a9efdd4020c7c58369f4cfb3 hr-invisible  avia-builder-el-34  el_after_av_one_third  avia-builder-el-last '><span class='hr-inner '><span class=\"hr-inner-style\"><\/span><\/span><\/div>\n\n","protected":false},"excerpt":{"rendered":"","protected":false},"author":3,"featured_media":0,"parent":0,"menu_order":7,"comment_status":"closed","ping_status":"closed","template":"","meta":{"_acf_changed":false,"footnotes":""},"class_list":["post-8306","page","type-page","status-publish","hentry"],"acf":[],"yoast_head":"<!-- This site is optimized with the Yoast SEO plugin v27.5 - https:\/\/yoast.com\/product\/yoast-seo-wordpress\/ -->\n<title>Tinnitus und Ohrensausen durch Elektrosmog und Strahlung<\/title>\n<meta name=\"description\" content=\"Elektrosmog kann Tinnitus oder Ohrsausen verursachen. Strahlungseinfl\u00fcsse beeinflussen die elektromagnetischen Regelkreise bzw. Geh\u00f6rsinneswerkzeuge.\" \/>\n<meta name=\"robots\" content=\"index, follow, max-snippet:-1, max-image-preview:large, max-video-preview:-1\" \/>\n<link rel=\"canonical\" href=\"https:\/\/www.ibes.ch\/fr\/acouphenes\/\" \/>\n<meta property=\"og:locale\" content=\"fr_FR\" \/>\n<meta property=\"og:type\" content=\"article\" \/>\n<meta property=\"og:title\" content=\"Tinnitus und Ohrensausen durch Elektrosmog und Strahlung\" \/>\n<meta property=\"og:description\" content=\"Elektrosmog kann Tinnitus oder Ohrsausen verursachen. Strahlungseinfl\u00fcsse beeinflussen die elektromagnetischen Regelkreise bzw. Geh\u00f6rsinneswerkzeuge.\" \/>\n<meta property=\"og:url\" content=\"https:\/\/www.ibes.ch\/fr\/acouphenes\/\" \/>\n<meta property=\"og:site_name\" content=\"IBES\" \/>\n<meta property=\"article:modified_time\" content=\"2021-10-15T12:44:55+00:00\" \/>\n<meta name=\"twitter:card\" content=\"summary_large_image\" \/>\n<meta name=\"twitter:label1\" content=\"Dur\u00e9e de lecture estim\u00e9e\" \/>\n\t<meta name=\"twitter:data1\" content=\"12 minutes\" \/>\n<script type=\"application\/ld+json\" class=\"yoast-schema-graph\">{\"@context\":\"https:\\\/\\\/schema.org\",\"@graph\":[{\"@type\":\"WebPage\",\"@id\":\"https:\\\/\\\/www.ibes.ch\\\/tinnitus\\\/\",\"url\":\"https:\\\/\\\/www.ibes.ch\\\/tinnitus\\\/\",\"name\":\"Tinnitus und Ohrensausen durch Elektrosmog und Strahlung\",\"isPartOf\":{\"@id\":\"https:\\\/\\\/www.ibes.ch\\\/#website\"},\"datePublished\":\"2018-07-26T11:06:02+00:00\",\"dateModified\":\"2021-10-15T12:44:55+00:00\",\"description\":\"Elektrosmog kann Tinnitus oder Ohrsausen verursachen. Strahlungseinfl\u00fcsse beeinflussen die elektromagnetischen Regelkreise bzw. Geh\u00f6rsinneswerkzeuge.\",\"breadcrumb\":{\"@id\":\"https:\\\/\\\/www.ibes.ch\\\/tinnitus\\\/#breadcrumb\"},\"inLanguage\":\"fr-FR\",\"potentialAction\":[{\"@type\":\"ReadAction\",\"target\":[\"https:\\\/\\\/www.ibes.ch\\\/tinnitus\\\/\"]}]},{\"@type\":\"BreadcrumbList\",\"@id\":\"https:\\\/\\\/www.ibes.ch\\\/tinnitus\\\/#breadcrumb\",\"itemListElement\":[{\"@type\":\"ListItem\",\"position\":1,\"name\":\"Home\",\"item\":\"https:\\\/\\\/www.ibes.ch\\\/\"},{\"@type\":\"ListItem\",\"position\":2,\"name\":\"Tinnitus\"}]},{\"@type\":\"WebSite\",\"@id\":\"https:\\\/\\\/www.ibes.ch\\\/#website\",\"url\":\"https:\\\/\\\/www.ibes.ch\\\/\",\"name\":\"IBES\",\"description\":\"IBES - Ratgeber f\u00fcr Elektrosmog\",\"potentialAction\":[{\"@type\":\"SearchAction\",\"target\":{\"@type\":\"EntryPoint\",\"urlTemplate\":\"https:\\\/\\\/www.ibes.ch\\\/?s={search_term_string}\"},\"query-input\":{\"@type\":\"PropertyValueSpecification\",\"valueRequired\":true,\"valueName\":\"search_term_string\"}}],\"inLanguage\":\"fr-FR\"}]}<\/script>\n<!-- \/ Yoast SEO plugin. -->","yoast_head_json":{"title":"Acouph\u00e8nes et bourdonnements d'oreilles dus \u00e0 l'\u00e9lectrosmog et aux radiations","description":"L'\u00e9lectrosmog peut provoquer des acouph\u00e8nes ou des bourdonnements d'oreilles. Les influences des radiations affectent les circuits de contr\u00f4le \u00e9lectromagn\u00e9tique ou les outils sensoriels auditifs.","robots":{"index":"index","follow":"follow","max-snippet":"max-snippet:-1","max-image-preview":"max-image-preview:large","max-video-preview":"max-video-preview:-1"},"canonical":"https:\/\/www.ibes.ch\/fr\/acouphenes\/","og_locale":"fr_FR","og_type":"article","og_title":"Tinnitus und Ohrensausen durch Elektrosmog und Strahlung","og_description":"Elektrosmog kann Tinnitus oder Ohrsausen verursachen. Strahlungseinfl\u00fcsse beeinflussen die elektromagnetischen Regelkreise bzw. Geh\u00f6rsinneswerkzeuge.","og_url":"https:\/\/www.ibes.ch\/fr\/acouphenes\/","og_site_name":"IBES","article_modified_time":"2021-10-15T12:44:55+00:00","twitter_card":"summary_large_image","twitter_misc":{"Dur\u00e9e de lecture estim\u00e9e":"12 minutes"},"schema":{"@context":"https:\/\/schema.org","@graph":[{"@type":"WebPage","@id":"https:\/\/www.ibes.ch\/tinnitus\/","url":"https:\/\/www.ibes.ch\/tinnitus\/","name":"Acouph\u00e8nes et bourdonnements d'oreilles dus \u00e0 l'\u00e9lectrosmog et aux radiations","isPartOf":{"@id":"https:\/\/www.ibes.ch\/#website"},"datePublished":"2018-07-26T11:06:02+00:00","dateModified":"2021-10-15T12:44:55+00:00","description":"L'\u00e9lectrosmog peut provoquer des acouph\u00e8nes ou des bourdonnements d'oreilles. Les influences des radiations affectent les circuits de contr\u00f4le \u00e9lectromagn\u00e9tique ou les outils sensoriels auditifs.","breadcrumb":{"@id":"https:\/\/www.ibes.ch\/tinnitus\/#breadcrumb"},"inLanguage":"fr-FR","potentialAction":[{"@type":"ReadAction","target":["https:\/\/www.ibes.ch\/tinnitus\/"]}]},{"@type":"BreadcrumbList","@id":"https:\/\/www.ibes.ch\/tinnitus\/#breadcrumb","itemListElement":[{"@type":"ListItem","position":1,"name":"Home","item":"https:\/\/www.ibes.ch\/"},{"@type":"ListItem","position":2,"name":"Tinnitus"}]},{"@type":"WebSite","@id":"https:\/\/www.ibes.ch\/#website","url":"https:\/\/www.ibes.ch\/","name":"IBES","description":"IBES - Guide de l'\u00e9lectrosmog","potentialAction":[{"@type":"SearchAction","target":{"@type":"EntryPoint","urlTemplate":"https:\/\/www.ibes.ch\/?s={search_term_string}"},"query-input":{"@type":"PropertyValueSpecification","valueRequired":true,"valueName":"search_term_string"}}],"inLanguage":"fr-FR"}]}},"_links":{"self":[{"href":"https:\/\/www.ibes.ch\/fr\/wp-json\/wp\/v2\/pages\/8306","targetHints":{"allow":["GET"]}}],"collection":[{"href":"https:\/\/www.ibes.ch\/fr\/wp-json\/wp\/v2\/pages"}],"about":[{"href":"https:\/\/www.ibes.ch\/fr\/wp-json\/wp\/v2\/types\/page"}],"author":[{"embeddable":true,"href":"https:\/\/www.ibes.ch\/fr\/wp-json\/wp\/v2\/users\/3"}],"replies":[{"embeddable":true,"href":"https:\/\/www.ibes.ch\/fr\/wp-json\/wp\/v2\/comments?post=8306"}],"version-history":[{"count":5,"href":"https:\/\/www.ibes.ch\/fr\/wp-json\/wp\/v2\/pages\/8306\/revisions"}],"predecessor-version":[{"id":18133,"href":"https:\/\/www.ibes.ch\/fr\/wp-json\/wp\/v2\/pages\/8306\/revisions\/18133"}],"wp:attachment":[{"href":"https:\/\/www.ibes.ch\/fr\/wp-json\/wp\/v2\/media?parent=8306"}],"curies":[{"name":"wp","href":"https:\/\/api.w.org\/{rel}","templated":true}]}}