{"id":8294,"date":"2018-07-28T10:41:05","date_gmt":"2018-07-28T10:41:05","guid":{"rendered":"https:\/\/www.ibes.ch\/news\/"},"modified":"2023-08-11T11:32:28","modified_gmt":"2023-08-11T09:32:28","slug":"nouvelles","status":"publish","type":"page","link":"https:\/\/www.ibes.ch\/fr\/news\/","title":{"rendered":"Nouvelles"},"content":{"rendered":"[av_slideshow_full size='no scaling' min_height='0px' stretch='' control_layout='av-control-default' src='' attachment='' attachment_size='' position='top left' repeat='no-repeat' attach='scroll' conditional_play='' animation='slide' transition_speed='' autoplay='false' interval='5' lazy_loading='disabled' av-small-hide='aviaTBav-small-hide' av-mini-hide='aviaTBav-mini-hide' id='' custom_class='' template_class='' av_uid='av-jxetyq7b' sc_version='1.0']\r\n[av_slide_full slide_type='image' id='13696' video='http:\/\/' mobile_image='' fallback_link='http:\/\/' video_format='' video_ratio='16:9' title='' custom_title_size='' custom_content_size='' caption_pos='caption_bottom' link_apply='' link='lightbox' link_target='' button_label='Click me' button_color='light' link1='manually,http:\/\/' link_target1='' button_label2='Click me' button_color2='light' link2='manually,http:\/\/' link_target2='' font_color='' custom_title='' custom_content='' overlay_opacity='0.5' overlay_color='' overlay_pattern='' overlay_custom_pattern='' av-medium-font-size-title='' av-small-font-size-title='' av-mini-font-size-title='' av-medium-font-size='' av-small-font-size='' av-mini-font-size='' av_uid='av-u843dr' video_autoplay='' video_controls='' video_mute='' video_loop='' heading_tag='' heading_class='' overlay_enable='' sc_version='1.0'][\/av_slide_full]\r\n[\/av_slideshow_full]\r\n\r\n[av_slideshow_full img_copyright='' size='no scaling' min_height='' stretch='' control_layout='av-control-default' slider_navigation='av-navigate-arrows av-navigate-dots' nav_visibility_desktop='' nav_arrow_color='' nav_arrow_bg_color='' nav_dots_color='' nav_dot_active_color='' src='' attachment='' attachment_size='' position='top left' repeat='no-repeat' attach='scroll' img_copyright_font='' av-desktop-font-img_copyright_font='' av-medium-font-img_copyright_font='' av-small-font-img_copyright_font='' av-mini-font-img_copyright_font='' img_copyright_color='' img_copyright_bg='' animation='slide' transition_speed='' autoplay='false' interval='5' img_scale='' img_scale_end='10' img_scale_direction='' img_scale_duration='3' img_scale_opacity='1' conditional_play='' img_scrset='' lazy_loading='disabled' av-desktop-hide='aviaTBav-desktop-hide' av-medium-hide='aviaTBav-medium-hide' alb_description='' id='' custom_class='' template_class='' av_uid='av-kng611rn' sc_version='1.0']\r\n[av_slide_full slide_type='image' id='17452' video='http:\/\/' mobile_image='' fallback_link='http:\/\/' title='' video_format='' video_ratio='16:9' caption_pos='caption_bottom' custom_title_size='' av-medium-font-size-title='' av-small-font-size-title='' av-mini-font-size-title='' custom_content_size='' av-medium-font-size='' av-small-font-size='' av-mini-font-size='' font_color='' custom_title='' custom_content='' heading_tag='' heading_class='' link_apply='' link='lightbox' link_target='' button_label='Click me' button_color='light' link1='manually,http:\/\/' link_target1='' button_label2='Click me' button_color2='light' link2='manually,http:\/\/' link_target2='' overlay_opacity='0.5' overlay_color='' overlay_pattern='' overlay_custom_pattern='' av_uid='av-kng61114' sc_version='1.0' video_autoplay='' video_controls='' video_mute='' video_loop='' av-desktop-font-size-title='' av-desktop-font-size='' overlay_enable=''][\/av_slide_full]\r\n\r\n\r\n[\/av_slideshow_full]\r\n\r\n\n<div id='av_section_1'  class='avia-section av-jjzgjy94-535fc938f73d54e38e18c9f5b93283ba main_color avia-section-large avia-no-border-styling  avia-builder-el-1  el_after_av_postcontent  avia-builder-el-last  avia-bg-style-scroll container_wrap fullsize'  ><div class='container av-section-cont-open' ><div class='template-page content  av-content-full alpha units'><div class='post-entry post-entry-type-page post-entry-8294'><div class='entry-content-wrapper clearfix'>\n\n<style type=\"text\/css\" data-created_by=\"avia_inline_auto\" id=\"style-css-av-33g21n-3ba3af5b1dab7b72b204c17cd13068bf\">\n#top .av-special-heading.av-33g21n-3ba3af5b1dab7b72b204c17cd13068bf{\npadding-bottom:19px;\n}\nbody .av-special-heading.av-33g21n-3ba3af5b1dab7b72b204c17cd13068bf .av-special-heading-tag .heading-char{\nfont-size:25px;\n}\n.av-special-heading.av-33g21n-3ba3af5b1dab7b72b204c17cd13068bf .av-subheading{\nfont-size:20px;\n}\n<\/style>\n<div  class='av-special-heading av-33g21n-3ba3af5b1dab7b72b204c17cd13068bf av-special-heading-h1 blockquote modern-quote modern-centered  avia-builder-el-2  el_before_av_hr  avia-builder-el-first '><h1 class='av-special-heading-tag '  itemprop=\"headline\"  > IBES &#8211; News<\/h1><div class='av-subheading av-subheading_below'><p>Neuigkeiten und Nachrichten zu Elektrosmog<\/p>\n<\/div><div class=\"special-heading-border\"><div class=\"special-heading-inner-border\"><\/div><\/div><\/div>\n<div  class='hr av-aue7n2-e30d11672c1926c4b838dbe0728bd62f hr-short  avia-builder-el-3  el_after_av_heading  el_before_av_one_full  hr-center'><span class='hr-inner '><span class=\"hr-inner-style\"><\/span><\/span><\/div>\n\n<style type=\"text\/css\" data-created_by=\"avia_inline_auto\" id=\"style-css-av-jl2oho2j-292bde323b7bc48db4e3f22307733a02\">\n#top .flex_column.av-jl2oho2j-292bde323b7bc48db4e3f22307733a02{\nmargin-top:25px;\nmargin-bottom:0px;\n}\n.flex_column.av-jl2oho2j-292bde323b7bc48db4e3f22307733a02{\nborder-radius:0px 0px 0px 0px;\npadding:0px 0px 0px 0px;\n}\n.responsive #top #wrap_all .flex_column.av-jl2oho2j-292bde323b7bc48db4e3f22307733a02{\nmargin-top:25px;\nmargin-bottom:0px;\n}\n<\/style>\n<div  class='flex_column av-jl2oho2j-292bde323b7bc48db4e3f22307733a02 av_one_full  avia-builder-el-4  el_after_av_hr  avia-builder-el-last  first flex_column_div av-zero-column-padding  '     ><div  data-slideshow-options=\"{&quot;animation&quot;:&quot;fade&quot;,&quot;autoplay&quot;:false,&quot;loop_autoplay&quot;:&quot;once&quot;,&quot;interval&quot;:5,&quot;loop_manual&quot;:&quot;manual-endless&quot;,&quot;autoplay_stopper&quot;:false,&quot;noNavigation&quot;:false,&quot;show_slide_delay&quot;:90}\" class='avia-content-slider avia-content-grid-active avia-content-slider1 avia-content-slider-odd  avia-builder-el-5  avia-builder-el-no-sibling  av-slideshow-ui av-control-default   av-no-slider-navigation av-slideshow-manual av-loop-once av-loop-manual-endless '  itemscope=\"itemscope\" itemtype=\"https:\/\/schema.org\/Blog\" ><div class=\"avia-content-slider-inner\"><div class=\"slide-entry-wrap\"><article class='slide-entry flex_column  post-entry post-entry-20493 slide-entry-overview slide-loop-1 slide-parity-odd  av_one_third first real-thumbnail posttype-post post-format-standard'  itemscope=\"itemscope\" itemtype=\"https:\/\/schema.org\/CreativeWork\" ><a href='https:\/\/www.ibes.ch\/fr\/20493-2\/' data-rel='slide-1' class='slide-image' title='Adaptive Antennen: Korrekturfaktor bewilligungspflichtig'><img decoding=\"async\" fetchpriority=\"high\" width=\"495\" height=\"400\" src=\"https:\/\/www.ibes.ch\/wp-content\/uploads\/2024\/07\/adaptive_antennen_5g-495x400.jpg\" class=\"wp-image-20496 avia-img-lazy-loading-not-20496 attachment-portfolio size-portfolio wp-post-image\" alt=\"Ein Telekommunikationsturm mit mehreren Antennen und roten Lichtern vor einem teilweise bew\u00f6lkten Himmel.\" srcset=\"https:\/\/www.ibes.ch\/wp-content\/uploads\/2024\/07\/adaptive_antennen_5g-495x400.jpg 495w, https:\/\/www.ibes.ch\/wp-content\/uploads\/2024\/07\/adaptive_antennen_5g-14x12.jpg 14w, https:\/\/www.ibes.ch\/wp-content\/uploads\/2024\/07\/adaptive_antennen_5g-845x684.jpg 845w\" sizes=\"(max-width: 495px) 100vw, 495px\" \/><\/a><div class=\"slide-content\"><header class=\"entry-content-header\" aria-label=\"Slide: Adaptive Antennen: Korrekturfaktor bewilligungspflichtig\"><h3 class='slide-entry-title entry-title '  itemprop=\"headline\" ><a href='https:\/\/www.ibes.ch\/fr\/20493-2\/' title='Adaptive Antennen: Korrekturfaktor bewilligungspflichtig'>Adaptive Antennen: Korrekturfaktor bewilligungspflichtig<\/a><\/h3><span class=\"av-vertical-delimiter\"><\/span><\/header><div class=\"slide-meta\"><time class='slide-meta-time updated'  itemprop=\"datePublished\" datetime=\"2024-07-22T14:53:54+02:00\" >22. juillet 2024<\/time><\/div><div class='slide-entry-excerpt entry-content'  itemprop=\"text\" >\r\n\r\n\r\n\r\n\r\n\r\n\r\n\r\n\r\n\r\n\r\n\r\n\r\n\r\n\r\n\r\n\r\n\r\n\r\n\r\n\r\n\r\n\r\n\r\n\r\n\r\n\r\n\r\n\r\n\r\n\u2026<div class=\"read-more-link\"><a href=\"https:\/\/www.ibes.ch\/fr\/20493-2\/\" class=\"more-link\">Lire la suite<span class='more-link-arrow avia-svg-icon avia-font-svg_entypo-fontello' data-av_svg_icon='right-open-big' data-av_iconset='svg_entypo-fontello'><svg version=\"1.1\" xmlns=\"http:\/\/www.w3.org\/2000\/svg\" width=\"15\" height=\"32\" viewBox=\"0 0 15 32\" preserveAspectRatio=\"xMidYMid meet\" role=\"graphics-symbol\" aria-hidden=\"true\">\n<path d=\"M0.416 27.84l11.456-11.84-11.456-11.904q-0.832-0.832 0-1.536 0.832-0.832 1.536 0l12.544 12.608q0.768 0.832 0 1.6l-12.544 12.608q-0.704 0.832-1.536 0-0.832-0.704 0-1.536z\"><\/path>\n<\/svg><\/span><\/a><\/div><\/div><\/div><footer class=\"entry-footer\"><\/footer><span class='hidden'>\n\t\t\t\t<span class='av-structured-data' >\n\t\t\t\t\t\t<span itemprop='url'>https:\/\/www.ibes.ch\/wp-content\/uploads\/2024\/07\/adaptive_antennen_5g.jpg<\/span>\n\t\t\t\t\t\t<span itemprop='height'>1016<\/span>\n\t\t\t\t\t\t<span itemprop='width'>1200<\/span>\n\t\t\t\t<\/span>\n\t\t\t\t<span class='av-structured-data'  itemprop=\"publisher\" itemtype=\"https:\/\/schema.org\/Organization\" itemscope=\"itemscope\" >\n\t\t\t\t\t\t<span itemprop='name'>tgrether<\/span>\n\t\t\t\t\t\t<span itemprop='logo' itemscope itemtype='https:\/\/schema.org\/ImageObject'>\n\t\t\t\t\t\t\t<span itemprop='url'>https:\/\/www.ibes.ch\/wp-content\/uploads\/2021\/10\/IBES-Logo-CH.png<\/span>\n\t\t\t\t\t\t<\/span>\n\t\t\t\t<\/span><span class='av-structured-data'  itemprop=\"author\" itemscope=\"itemscope\" itemtype=\"https:\/\/schema.org\/Person\" ><span itemprop='name'>tgrether<\/span><\/span><span class='av-structured-data'  itemprop=\"datePublished\" datetime=\"2018-07-28T10:41:05+02:00\" >2024-07-22 14:53:54<\/span><span class='av-structured-data'  itemprop=\"dateModified\" itemtype=\"https:\/\/schema.org\/dateModified\" >2024-07-22 15:25:02<\/span><span class='av-structured-data'  itemprop=\"mainEntityOfPage\" itemtype=\"https:\/\/schema.org\/mainEntityOfPage\" ><span itemprop='name'>Adaptive Antennen: Korrekturfaktor bewilligungspflichtig<\/span><\/span><\/span><\/article><article class='slide-entry flex_column  post-entry post-entry-19859 slide-entry-overview slide-loop-2 slide-parity-even  av_one_third  real-thumbnail posttype-post post-format-standard'  itemscope=\"itemscope\" itemtype=\"https:\/\/schema.org\/CreativeWork\" ><a href='https:\/\/www.ibes.ch\/fr\/iphone-12-strahlt-zu-stark-verkaufsstopp-in-frankreich\/' data-rel='slide-1' class='slide-image' title='Iphone 12 strahlt zu stark &#8211; Verkaufsstopp in Frankreich'><img decoding=\"async\" fetchpriority=\"high\" width=\"495\" height=\"400\" src=\"https:\/\/www.ibes.ch\/wp-content\/uploads\/2018\/12\/handy_am_ohr-495x400.jpg\" class=\"wp-image-10242 avia-img-lazy-loading-not-10242 attachment-portfolio size-portfolio wp-post-image\" alt=\"Handystrahlen am Ohr einer jungen Frau\" \/><\/a><div class=\"slide-content\"><header class=\"entry-content-header\" aria-label=\"Slide: Iphone 12 strahlt zu stark - Verkaufsstopp in Frankreich\"><h3 class='slide-entry-title entry-title '  itemprop=\"headline\" ><a href='https:\/\/www.ibes.ch\/fr\/iphone-12-strahlt-zu-stark-verkaufsstopp-in-frankreich\/' title='Iphone 12 strahlt zu stark &#8211; Verkaufsstopp in Frankreich'>Iphone 12 strahlt zu stark &#8211; Verkaufsstopp in Frankreich<\/a><\/h3><span class=\"av-vertical-delimiter\"><\/span><\/header><div class=\"slide-meta\"><time class='slide-meta-time updated'  itemprop=\"datePublished\" datetime=\"2023-09-22T18:07:50+02:00\" >22. septembre 2023<\/time><\/div><div class='slide-entry-excerpt entry-content'  itemprop=\"text\" >\r\n\r\n\r\n\r\n\r\n\r\n\r\n\r\n\r\n\r\n\r\n\r\n\r\n\r\n<div class=\"read-more-link\"><a href=\"https:\/\/www.ibes.ch\/fr\/iphone-12-strahlt-zu-stark-verkaufsstopp-in-frankreich\/\" class=\"more-link\">Lire la suite<span class='more-link-arrow avia-svg-icon avia-font-svg_entypo-fontello' data-av_svg_icon='right-open-big' data-av_iconset='svg_entypo-fontello'><svg version=\"1.1\" xmlns=\"http:\/\/www.w3.org\/2000\/svg\" width=\"15\" height=\"32\" viewBox=\"0 0 15 32\" preserveAspectRatio=\"xMidYMid meet\" role=\"graphics-symbol\" aria-hidden=\"true\">\n<path d=\"M0.416 27.84l11.456-11.84-11.456-11.904q-0.832-0.832 0-1.536 0.832-0.832 1.536 0l12.544 12.608q0.768 0.832 0 1.6l-12.544 12.608q-0.704 0.832-1.536 0-0.832-0.704 0-1.536z\"><\/path>\n<\/svg><\/span><\/a><\/div><\/div><\/div><footer class=\"entry-footer\"><\/footer><span class='hidden'>\n\t\t\t\t<span class='av-structured-data' >\n\t\t\t\t\t\t<span itemprop='url'>https:\/\/www.ibes.ch\/wp-content\/uploads\/2018\/12\/handy_am_ohr.jpg<\/span>\n\t\t\t\t\t\t<span itemprop='height'>560<\/span>\n\t\t\t\t\t\t<span itemprop='width'>840<\/span>\n\t\t\t\t<\/span>\n\t\t\t\t<span class='av-structured-data'  itemprop=\"publisher\" itemtype=\"https:\/\/schema.org\/Organization\" itemscope=\"itemscope\" >\n\t\t\t\t\t\t<span itemprop='name'>tgrether<\/span>\n\t\t\t\t\t\t<span itemprop='logo' itemscope itemtype='https:\/\/schema.org\/ImageObject'>\n\t\t\t\t\t\t\t<span itemprop='url'>https:\/\/www.ibes.ch\/wp-content\/uploads\/2021\/10\/IBES-Logo-CH.png<\/span>\n\t\t\t\t\t\t<\/span>\n\t\t\t\t<\/span><span class='av-structured-data'  itemprop=\"author\" itemscope=\"itemscope\" itemtype=\"https:\/\/schema.org\/Person\" ><span itemprop='name'>tgrether<\/span><\/span><span class='av-structured-data'  itemprop=\"datePublished\" datetime=\"2018-07-28T10:41:05+02:00\" >2023-09-22 18:07:50<\/span><span class='av-structured-data'  itemprop=\"dateModified\" itemtype=\"https:\/\/schema.org\/dateModified\" >2023-09-22 18:22:59<\/span><span class='av-structured-data'  itemprop=\"mainEntityOfPage\" itemtype=\"https:\/\/schema.org\/mainEntityOfPage\" ><span itemprop='name'>Iphone 12 strahlt zu stark &#8211; Verkaufsstopp in Frankreich<\/span><\/span><\/span><\/article><article class='slide-entry flex_column  post-entry post-entry-19827 slide-entry-overview slide-loop-3 slide-parity-odd  av_one_third  real-thumbnail posttype-post post-format-standard'  itemscope=\"itemscope\" itemtype=\"https:\/\/schema.org\/CreativeWork\" ><a href='https:\/\/www.ibes.ch\/fr\/5g-einsprache-rheinfelden\/' data-rel='slide-1' class='slide-image' title='Rheinfelden: Bau von 5G-Antenne gestoppt'><img decoding=\"async\" fetchpriority=\"high\" width=\"495\" height=\"400\" src=\"https:\/\/www.ibes.ch\/wp-content\/uploads\/2023\/09\/rheinfelden-dorfansicht-mit-rhein-495x400.jpg\" class=\"wp-image-19828 avia-img-lazy-loading-not-19828 attachment-portfolio size-portfolio wp-post-image\" alt=\"Blick auf den Rhein mit H\u00e4usern von Rheinfelden.\" srcset=\"https:\/\/www.ibes.ch\/wp-content\/uploads\/2023\/09\/rheinfelden-dorfansicht-mit-rhein-495x400.jpg 495w, https:\/\/www.ibes.ch\/wp-content\/uploads\/2023\/09\/rheinfelden-dorfansicht-mit-rhein-15x12.jpg 15w, https:\/\/www.ibes.ch\/wp-content\/uploads\/2023\/09\/rheinfelden-dorfansicht-mit-rhein-845x682.jpg 845w\" sizes=\"(max-width: 495px) 100vw, 495px\" \/><\/a><div class=\"slide-content\"><header class=\"entry-content-header\" aria-label=\"Slide: Rheinfelden: Bau von 5G-Antenne gestoppt\"><h3 class='slide-entry-title entry-title '  itemprop=\"headline\" ><a href='https:\/\/www.ibes.ch\/fr\/5g-einsprache-rheinfelden\/' title='Rheinfelden: Bau von 5G-Antenne gestoppt'>Rheinfelden: Bau von 5G-Antenne gestoppt<\/a><\/h3><span class=\"av-vertical-delimiter\"><\/span><\/header><div class=\"slide-meta\"><time class='slide-meta-time updated'  itemprop=\"datePublished\" datetime=\"2023-09-06T08:50:20+02:00\" >6. septembre 2023<\/time><\/div><div class='slide-entry-excerpt entry-content'  itemprop=\"text\" >\r\n\r\n\r\n\r\n\r\n\r\n\r\n\r\n\r\n\r\n\r\n\r\n\r\n\r\n\r\n\r\n<div class=\"read-more-link\"><a href=\"https:\/\/www.ibes.ch\/fr\/5g-einsprache-rheinfelden\/\" class=\"more-link\">Lire la suite<span class='more-link-arrow avia-svg-icon avia-font-svg_entypo-fontello' data-av_svg_icon='right-open-big' data-av_iconset='svg_entypo-fontello'><svg version=\"1.1\" xmlns=\"http:\/\/www.w3.org\/2000\/svg\" width=\"15\" height=\"32\" viewBox=\"0 0 15 32\" preserveAspectRatio=\"xMidYMid meet\" role=\"graphics-symbol\" aria-hidden=\"true\">\n<path d=\"M0.416 27.84l11.456-11.84-11.456-11.904q-0.832-0.832 0-1.536 0.832-0.832 1.536 0l12.544 12.608q0.768 0.832 0 1.6l-12.544 12.608q-0.704 0.832-1.536 0-0.832-0.704 0-1.536z\"><\/path>\n<\/svg><\/span><\/a><\/div><\/div><\/div><footer class=\"entry-footer\"><\/footer><span class='hidden'>\n\t\t\t\t<span class='av-structured-data' >\n\t\t\t\t\t\t<span itemprop='url'>https:\/\/www.ibes.ch\/wp-content\/uploads\/2023\/09\/rheinfelden-dorfansicht-mit-rhein.jpg<\/span>\n\t\t\t\t\t\t<span itemprop='height'>682<\/span>\n\t\t\t\t\t\t<span itemprop='width'>856<\/span>\n\t\t\t\t<\/span>\n\t\t\t\t<span class='av-structured-data'  itemprop=\"publisher\" itemtype=\"https:\/\/schema.org\/Organization\" itemscope=\"itemscope\" >\n\t\t\t\t\t\t<span itemprop='name'>tgrether<\/span>\n\t\t\t\t\t\t<span itemprop='logo' itemscope itemtype='https:\/\/schema.org\/ImageObject'>\n\t\t\t\t\t\t\t<span itemprop='url'>https:\/\/www.ibes.ch\/wp-content\/uploads\/2021\/10\/IBES-Logo-CH.png<\/span>\n\t\t\t\t\t\t<\/span>\n\t\t\t\t<\/span><span class='av-structured-data'  itemprop=\"author\" itemscope=\"itemscope\" itemtype=\"https:\/\/schema.org\/Person\" ><span itemprop='name'>tgrether<\/span><\/span><span class='av-structured-data'  itemprop=\"datePublished\" datetime=\"2018-07-28T10:41:05+02:00\" >2023-09-06 08:50:20<\/span><span class='av-structured-data'  itemprop=\"dateModified\" itemtype=\"https:\/\/schema.org\/dateModified\" >2023-09-06 09:10:45<\/span><span class='av-structured-data'  itemprop=\"mainEntityOfPage\" itemtype=\"https:\/\/schema.org\/mainEntityOfPage\" ><span itemprop='name'>Rheinfelden: Bau von 5G-Antenne gestoppt<\/span><\/span><\/span><\/article><\/div><div class=\"slide-entry-wrap\"><article class='slide-entry flex_column  post-entry post-entry-14649 slide-entry-overview slide-loop-4 slide-parity-odd  av_one_third first real-thumbnail posttype-post post-format-standard'  itemscope=\"itemscope\" itemtype=\"https:\/\/schema.org\/CreativeWork\" ><a href='https:\/\/www.ibes.ch\/fr\/sbb-5g-test\/' data-rel='slide-1' class='slide-image' title='SBB: 5G-Strahlenkeule f\u00fcr Passagiere'><img decoding=\"async\" fetchpriority=\"high\" width=\"495\" height=\"400\" src=\"https:\/\/www.ibes.ch\/wp-content\/uploads\/2020\/01\/sbb_5g_vorschaubild-495x400.jpg\" class=\"wp-image-14640 avia-img-lazy-loading-not-14640 attachment-portfolio size-portfolio wp-post-image\" alt=\"Ein Zug auf einem Gleis, rote Pfeile zeigen auf mobile Sendeantennen.\" \/><\/a><div class=\"slide-content\"><header class=\"entry-content-header\" aria-label=\"Slide: SBB: 5G-Strahlenkeule f\u00fcr Passagiere\"><h3 class='slide-entry-title entry-title '  itemprop=\"headline\" ><a href='https:\/\/www.ibes.ch\/fr\/sbb-5g-test\/' title='SBB: 5G-Strahlenkeule f\u00fcr Passagiere'>SBB: 5G-Strahlenkeule f\u00fcr Passagiere<\/a><\/h3><span class=\"av-vertical-delimiter\"><\/span><\/header><div class=\"slide-meta\"><time class='slide-meta-time updated'  itemprop=\"datePublished\" datetime=\"2023-08-11T12:58:29+02:00\" >11. ao\u00fbt 2023<\/time><\/div><div class='slide-entry-excerpt entry-content'  itemprop=\"text\" >\r\n\r\n\r\n\r\n\r\n\r\n\r\n\r\n\r\n\r\n\r\n\r\n\r\n\r\n\r\n\r\n\r\n\r\n\r\n\r\n\r\n\r\n\r\n\r\n\r\n\r\n\r\n\r\n<div class=\"read-more-link\"><a href=\"https:\/\/www.ibes.ch\/fr\/sbb-5g-test\/\" class=\"more-link\">Lire la suite<span class='more-link-arrow avia-svg-icon avia-font-svg_entypo-fontello' data-av_svg_icon='right-open-big' data-av_iconset='svg_entypo-fontello'><svg version=\"1.1\" xmlns=\"http:\/\/www.w3.org\/2000\/svg\" width=\"15\" height=\"32\" viewBox=\"0 0 15 32\" preserveAspectRatio=\"xMidYMid meet\" role=\"graphics-symbol\" aria-hidden=\"true\">\n<path d=\"M0.416 27.84l11.456-11.84-11.456-11.904q-0.832-0.832 0-1.536 0.832-0.832 1.536 0l12.544 12.608q0.768 0.832 0 1.6l-12.544 12.608q-0.704 0.832-1.536 0-0.832-0.704 0-1.536z\"><\/path>\n<\/svg><\/span><\/a><\/div><\/div><\/div><footer class=\"entry-footer\"><\/footer><span class='hidden'>\n\t\t\t\t<span class='av-structured-data' >\n\t\t\t\t\t\t<span itemprop='url'>https:\/\/www.ibes.ch\/wp-content\/uploads\/2020\/01\/sbb_5g_vorschaubild.jpg<\/span>\n\t\t\t\t\t\t<span itemprop='height'>560<\/span>\n\t\t\t\t\t\t<span itemprop='width'>840<\/span>\n\t\t\t\t<\/span>\n\t\t\t\t<span class='av-structured-data'  itemprop=\"publisher\" itemtype=\"https:\/\/schema.org\/Organization\" itemscope=\"itemscope\" >\n\t\t\t\t\t\t<span itemprop='name'>tgrether<\/span>\n\t\t\t\t\t\t<span itemprop='logo' itemscope itemtype='https:\/\/schema.org\/ImageObject'>\n\t\t\t\t\t\t\t<span itemprop='url'>https:\/\/www.ibes.ch\/wp-content\/uploads\/2021\/10\/IBES-Logo-CH.png<\/span>\n\t\t\t\t\t\t<\/span>\n\t\t\t\t<\/span><span class='av-structured-data'  itemprop=\"author\" itemscope=\"itemscope\" itemtype=\"https:\/\/schema.org\/Person\" ><span itemprop='name'>tgrether<\/span><\/span><span class='av-structured-data'  itemprop=\"datePublished\" datetime=\"2018-07-28T10:41:05+02:00\" >2023-08-11 12:58:29<\/span><span class='av-structured-data'  itemprop=\"dateModified\" itemtype=\"https:\/\/schema.org\/dateModified\" >2023-08-11 09:48:23<\/span><span class='av-structured-data'  itemprop=\"mainEntityOfPage\" itemtype=\"https:\/\/schema.org\/mainEntityOfPage\" ><span itemprop='name'>SBB: 5G-Strahlenkeule f\u00fcr Passagiere<\/span><\/span><\/span><\/article><article class='slide-entry flex_column  post-entry post-entry-14155 slide-entry-overview slide-loop-5 slide-parity-even  av_one_third  real-thumbnail posttype-post post-format-standard'  itemscope=\"itemscope\" itemtype=\"https:\/\/schema.org\/CreativeWork\" ><a href='https:\/\/www.ibes.ch\/fr\/bundesgericht-zweifelt-grenzwertkontrollen-an\/' data-rel='slide-1' class='slide-image' title='Bundesgericht zweifelt Grenzwertkontrollen an'><img decoding=\"async\" fetchpriority=\"high\" width=\"495\" height=\"400\" src=\"https:\/\/www.ibes.ch\/wp-content\/uploads\/2019\/11\/bundesgericht_bern-495x400.jpg\" class=\"wp-image-14156 avia-img-lazy-loading-not-14156 attachment-portfolio size-portfolio wp-post-image\" alt=\"Das Bundeshaus in Bern mit Schweizer Flagge auf dem Dach.\" \/><\/a><div class=\"slide-content\"><header class=\"entry-content-header\" aria-label=\"Slide: Bundesgericht zweifelt Grenzwertkontrollen an\"><h3 class='slide-entry-title entry-title '  itemprop=\"headline\" ><a href='https:\/\/www.ibes.ch\/fr\/bundesgericht-zweifelt-grenzwertkontrollen-an\/' title='Bundesgericht zweifelt Grenzwertkontrollen an'>Bundesgericht zweifelt Grenzwertkontrollen an<\/a><\/h3><span class=\"av-vertical-delimiter\"><\/span><\/header><div class=\"slide-meta\"><time class='slide-meta-time updated'  itemprop=\"datePublished\" datetime=\"2023-08-11T09:15:40+02:00\" >11. ao\u00fbt 2023<\/time><\/div><div class='slide-entry-excerpt entry-content'  itemprop=\"text\" >\r\n\r\n\r\n\r\n\r\n\r\n\r\n\r\n\r\n\r\n<div class=\"read-more-link\"><a href=\"https:\/\/www.ibes.ch\/fr\/bundesgericht-zweifelt-grenzwertkontrollen-an\/\" class=\"more-link\">Lire la suite<span class='more-link-arrow avia-svg-icon avia-font-svg_entypo-fontello' data-av_svg_icon='right-open-big' data-av_iconset='svg_entypo-fontello'><svg version=\"1.1\" xmlns=\"http:\/\/www.w3.org\/2000\/svg\" width=\"15\" height=\"32\" viewBox=\"0 0 15 32\" preserveAspectRatio=\"xMidYMid meet\" role=\"graphics-symbol\" aria-hidden=\"true\">\n<path d=\"M0.416 27.84l11.456-11.84-11.456-11.904q-0.832-0.832 0-1.536 0.832-0.832 1.536 0l12.544 12.608q0.768 0.832 0 1.6l-12.544 12.608q-0.704 0.832-1.536 0-0.832-0.704 0-1.536z\"><\/path>\n<\/svg><\/span><\/a><\/div><\/div><\/div><footer class=\"entry-footer\"><\/footer><span class='hidden'>\n\t\t\t\t<span class='av-structured-data' >\n\t\t\t\t\t\t<span itemprop='url'>https:\/\/www.ibes.ch\/wp-content\/uploads\/2019\/11\/bundesgericht_bern.jpg<\/span>\n\t\t\t\t\t\t<span itemprop='height'>560<\/span>\n\t\t\t\t\t\t<span itemprop='width'>840<\/span>\n\t\t\t\t<\/span>\n\t\t\t\t<span class='av-structured-data'  itemprop=\"publisher\" itemtype=\"https:\/\/schema.org\/Organization\" itemscope=\"itemscope\" >\n\t\t\t\t\t\t<span itemprop='name'>tgrether<\/span>\n\t\t\t\t\t\t<span itemprop='logo' itemscope itemtype='https:\/\/schema.org\/ImageObject'>\n\t\t\t\t\t\t\t<span itemprop='url'>https:\/\/www.ibes.ch\/wp-content\/uploads\/2021\/10\/IBES-Logo-CH.png<\/span>\n\t\t\t\t\t\t<\/span>\n\t\t\t\t<\/span><span class='av-structured-data'  itemprop=\"author\" itemscope=\"itemscope\" itemtype=\"https:\/\/schema.org\/Person\" ><span itemprop='name'>tgrether<\/span><\/span><span class='av-structured-data'  itemprop=\"datePublished\" datetime=\"2018-07-28T10:41:05+02:00\" >2023-08-11 09:15:40<\/span><span class='av-structured-data'  itemprop=\"dateModified\" itemtype=\"https:\/\/schema.org\/dateModified\" >2023-08-11 09:53:02<\/span><span class='av-structured-data'  itemprop=\"mainEntityOfPage\" itemtype=\"https:\/\/schema.org\/mainEntityOfPage\" ><span itemprop='name'>Bundesgericht zweifelt Grenzwertkontrollen an<\/span><\/span><\/span><\/article><article class='slide-entry flex_column  post-entry post-entry-12490 slide-entry-overview slide-loop-6 slide-parity-odd  av_one_third  real-thumbnail posttype-post post-format-standard'  itemscope=\"itemscope\" itemtype=\"https:\/\/schema.org\/CreativeWork\" ><a href='https:\/\/www.ibes.ch\/fr\/5g-antennen-wir-zeigen-wo-sie-stehen\/' data-rel='slide-1' class='slide-image' title='5G-Antennen: Wir zeigen, wo sie stehen'><img decoding=\"async\" fetchpriority=\"high\" width=\"495\" height=\"400\" src=\"https:\/\/www.ibes.ch\/wp-content\/uploads\/2019\/04\/5g-schweiz-495x400.jpg\" class=\"wp-image-12507 avia-img-lazy-loading-not-12507 attachment-portfolio size-portfolio wp-post-image\" alt=\"Die Schweiz als grafische Karte.\" \/><\/a><div class=\"slide-content\"><header class=\"entry-content-header\" aria-label=\"Slide: 5G-Antennen: Wir zeigen, wo sie stehen\"><h3 class='slide-entry-title entry-title '  itemprop=\"headline\" ><a href='https:\/\/www.ibes.ch\/fr\/5g-antennen-wir-zeigen-wo-sie-stehen\/' title='5G-Antennen: Wir zeigen, wo sie stehen'>5G-Antennen: Wir zeigen, wo sie stehen<\/a><\/h3><span class=\"av-vertical-delimiter\"><\/span><\/header><div class=\"slide-meta\"><time class='slide-meta-time updated'  itemprop=\"datePublished\" datetime=\"2023-08-10T19:02:40+02:00\" >10. ao\u00fbt 2023<\/time><\/div><div class='slide-entry-excerpt entry-content'  itemprop=\"text\" >\r\n\r\n\r\n\r\n\r\n\r\n\r\n\r\n\r\n\r\n\r\n\r\n\r\n\r\n\r\n\r\n\r\n\r\n\r\n\r\n\r\n\r\n\r\n\r\n\r\n\r\n\r\n\r\n\r\n\r\n\u2026<div class=\"read-more-link\"><a href=\"https:\/\/www.ibes.ch\/fr\/5g-antennen-wir-zeigen-wo-sie-stehen\/\" class=\"more-link\">Lire la suite<span class='more-link-arrow avia-svg-icon avia-font-svg_entypo-fontello' data-av_svg_icon='right-open-big' data-av_iconset='svg_entypo-fontello'><svg version=\"1.1\" xmlns=\"http:\/\/www.w3.org\/2000\/svg\" width=\"15\" height=\"32\" viewBox=\"0 0 15 32\" preserveAspectRatio=\"xMidYMid meet\" role=\"graphics-symbol\" aria-hidden=\"true\">\n<path d=\"M0.416 27.84l11.456-11.84-11.456-11.904q-0.832-0.832 0-1.536 0.832-0.832 1.536 0l12.544 12.608q0.768 0.832 0 1.6l-12.544 12.608q-0.704 0.832-1.536 0-0.832-0.704 0-1.536z\"><\/path>\n<\/svg><\/span><\/a><\/div><\/div><\/div><footer class=\"entry-footer\"><\/footer><span class='hidden'>\n\t\t\t\t<span class='av-structured-data' >\n\t\t\t\t\t\t<span itemprop='url'>https:\/\/www.ibes.ch\/wp-content\/uploads\/2019\/04\/5g-schweiz.jpg<\/span>\n\t\t\t\t\t\t<span itemprop='height'>626<\/span>\n\t\t\t\t\t\t<span itemprop='width'>850<\/span>\n\t\t\t\t<\/span>\n\t\t\t\t<span class='av-structured-data'  itemprop=\"publisher\" itemtype=\"https:\/\/schema.org\/Organization\" itemscope=\"itemscope\" >\n\t\t\t\t\t\t<span itemprop='name'>tgrether<\/span>\n\t\t\t\t\t\t<span itemprop='logo' itemscope itemtype='https:\/\/schema.org\/ImageObject'>\n\t\t\t\t\t\t\t<span itemprop='url'>https:\/\/www.ibes.ch\/wp-content\/uploads\/2021\/10\/IBES-Logo-CH.png<\/span>\n\t\t\t\t\t\t<\/span>\n\t\t\t\t<\/span><span class='av-structured-data'  itemprop=\"author\" itemscope=\"itemscope\" itemtype=\"https:\/\/schema.org\/Person\" ><span itemprop='name'>tgrether<\/span><\/span><span class='av-structured-data'  itemprop=\"datePublished\" datetime=\"2018-07-28T10:41:05+02:00\" >2023-08-10 19:02:40<\/span><span class='av-structured-data'  itemprop=\"dateModified\" itemtype=\"https:\/\/schema.org\/dateModified\" >2024-07-23 23:43:59<\/span><span class='av-structured-data'  itemprop=\"mainEntityOfPage\" itemtype=\"https:\/\/schema.org\/mainEntityOfPage\" ><span itemprop='name'>5G-Antennen: Wir zeigen, wo sie stehen<\/span><\/span><\/span><\/article><\/div><div class=\"slide-entry-wrap\"><article class='slide-entry flex_column  post-entry post-entry-12412 slide-entry-overview slide-loop-7 slide-parity-odd  av_one_third first real-thumbnail posttype-post post-format-standard'  itemscope=\"itemscope\" itemtype=\"https:\/\/schema.org\/CreativeWork\" ><a href='https:\/\/www.ibes.ch\/fr\/induktionsherd-strahlung\/' data-rel='slide-1' class='slide-image' title='Induktionsherd: Gehirn reagiert auf Strahlung'><img decoding=\"async\" fetchpriority=\"high\" width=\"495\" height=\"400\" src=\"https:\/\/www.ibes.ch\/wp-content\/uploads\/2019\/04\/gehirnaufnahme-495x400.jpg\" class=\"wp-image-12388 avia-img-lazy-loading-not-12388 attachment-portfolio size-portfolio wp-post-image\" alt=\"Junge Frau mit Mess-Sonden auf dem Kopf.\" \/><\/a><div class=\"slide-content\"><header class=\"entry-content-header\" aria-label=\"Slide: Induktionsherd: Gehirn reagiert auf Strahlung\"><h3 class='slide-entry-title entry-title '  itemprop=\"headline\" ><a href='https:\/\/www.ibes.ch\/fr\/induktionsherd-strahlung\/' title='Induktionsherd: Gehirn reagiert auf Strahlung'>Induktionsherd: Gehirn reagiert auf Strahlung<\/a><\/h3><span class=\"av-vertical-delimiter\"><\/span><\/header><div class=\"slide-meta\"><time class='slide-meta-time updated'  itemprop=\"datePublished\" datetime=\"2023-08-10T18:40:27+02:00\" >10. ao\u00fbt 2023<\/time><\/div><div class='slide-entry-excerpt entry-content'  itemprop=\"text\" >\r\n\r\n\r\n\r\n\r\n\r\n\r\n\r\n\r\n\r\n\r\n\r\n\r\n\r\n\r\n\r\n\r\n\r\n\r\n\r\n\r\n\r\n\r\n\r\n\r\n\r\n\r\n\r\n\r\n\r\n\u2026<div class=\"read-more-link\"><a href=\"https:\/\/www.ibes.ch\/fr\/induktionsherd-strahlung\/\" class=\"more-link\">Lire la suite<span class='more-link-arrow avia-svg-icon avia-font-svg_entypo-fontello' data-av_svg_icon='right-open-big' data-av_iconset='svg_entypo-fontello'><svg version=\"1.1\" xmlns=\"http:\/\/www.w3.org\/2000\/svg\" width=\"15\" height=\"32\" viewBox=\"0 0 15 32\" preserveAspectRatio=\"xMidYMid meet\" role=\"graphics-symbol\" aria-hidden=\"true\">\n<path d=\"M0.416 27.84l11.456-11.84-11.456-11.904q-0.832-0.832 0-1.536 0.832-0.832 1.536 0l12.544 12.608q0.768 0.832 0 1.6l-12.544 12.608q-0.704 0.832-1.536 0-0.832-0.704 0-1.536z\"><\/path>\n<\/svg><\/span><\/a><\/div><\/div><\/div><footer class=\"entry-footer\"><\/footer><span class='hidden'>\n\t\t\t\t<span class='av-structured-data' >\n\t\t\t\t\t\t<span itemprop='url'>https:\/\/www.ibes.ch\/wp-content\/uploads\/2019\/04\/gehirnaufnahme.jpg<\/span>\n\t\t\t\t\t\t<span itemprop='height'>560<\/span>\n\t\t\t\t\t\t<span itemprop='width'>840<\/span>\n\t\t\t\t<\/span>\n\t\t\t\t<span class='av-structured-data'  itemprop=\"publisher\" itemtype=\"https:\/\/schema.org\/Organization\" itemscope=\"itemscope\" >\n\t\t\t\t\t\t<span itemprop='name'>tgrether<\/span>\n\t\t\t\t\t\t<span itemprop='logo' itemscope itemtype='https:\/\/schema.org\/ImageObject'>\n\t\t\t\t\t\t\t<span itemprop='url'>https:\/\/www.ibes.ch\/wp-content\/uploads\/2021\/10\/IBES-Logo-CH.png<\/span>\n\t\t\t\t\t\t<\/span>\n\t\t\t\t<\/span><span class='av-structured-data'  itemprop=\"author\" itemscope=\"itemscope\" itemtype=\"https:\/\/schema.org\/Person\" ><span itemprop='name'>tgrether<\/span><\/span><span class='av-structured-data'  itemprop=\"datePublished\" datetime=\"2018-07-28T10:41:05+02:00\" >2023-08-10 18:40:27<\/span><span class='av-structured-data'  itemprop=\"dateModified\" itemtype=\"https:\/\/schema.org\/dateModified\" >2023-08-11 09:57:55<\/span><span class='av-structured-data'  itemprop=\"mainEntityOfPage\" itemtype=\"https:\/\/schema.org\/mainEntityOfPage\" ><span itemprop='name'>Induktionsherd: Gehirn reagiert auf Strahlung<\/span><\/span><\/span><\/article><article class='slide-entry flex_column  post-entry post-entry-8460 slide-entry-overview slide-loop-8 slide-parity-even  av_one_third  real-thumbnail posttype-post post-format-standard'  itemscope=\"itemscope\" itemtype=\"https:\/\/schema.org\/CreativeWork\" ><a href='https:\/\/www.ibes.ch\/fr\/wirksamer-wlan-schutz-schutzhuelle\/' data-rel='slide-1' class='slide-image' title='Wirksamer WLAN Schutz: Schutzh\u00fclle'><img decoding=\"async\" fetchpriority=\"high\" width=\"495\" height=\"400\" src=\"https:\/\/www.ibes.ch\/wp-content\/uploads\/2018\/08\/schutzhuelle_1-495x400.jpg\" class=\"wp-image-8461 avia-img-lazy-loading-not-8461 attachment-portfolio size-portfolio wp-post-image\" alt=\"Router steckt in WLAN-Schutznetz\" \/><\/a><div class=\"slide-content\"><header class=\"entry-content-header\" aria-label=\"Slide: Wirksamer WLAN Schutz: Schutzh\u00fclle\"><h3 class='slide-entry-title entry-title '  itemprop=\"headline\" ><a href='https:\/\/www.ibes.ch\/fr\/wirksamer-wlan-schutz-schutzhuelle\/' title='Wirksamer WLAN Schutz: Schutzh\u00fclle'>Wirksamer WLAN Schutz: Schutzh\u00fclle<\/a><\/h3><span class=\"av-vertical-delimiter\"><\/span><\/header><div class=\"slide-meta\"><time class='slide-meta-time updated'  itemprop=\"datePublished\" datetime=\"2023-08-10T10:41:09+02:00\" >10. ao\u00fbt 2023<\/time><\/div><div class='slide-entry-excerpt entry-content'  itemprop=\"text\" >\r\n\r\n\r\n\r\n\r\n\r\n\r\n\r\n\r\n\r\n\r\n\r\n\r\n\r\n\r\n\r\n\r\n\r\n\r\n\r\n\r\n\r\n\r\n\r\n<div class=\"read-more-link\"><a href=\"https:\/\/www.ibes.ch\/fr\/wirksamer-wlan-schutz-schutzhuelle\/\" class=\"more-link\">Lire la suite<span class='more-link-arrow avia-svg-icon avia-font-svg_entypo-fontello' data-av_svg_icon='right-open-big' data-av_iconset='svg_entypo-fontello'><svg version=\"1.1\" xmlns=\"http:\/\/www.w3.org\/2000\/svg\" width=\"15\" height=\"32\" viewBox=\"0 0 15 32\" preserveAspectRatio=\"xMidYMid meet\" role=\"graphics-symbol\" aria-hidden=\"true\">\n<path d=\"M0.416 27.84l11.456-11.84-11.456-11.904q-0.832-0.832 0-1.536 0.832-0.832 1.536 0l12.544 12.608q0.768 0.832 0 1.6l-12.544 12.608q-0.704 0.832-1.536 0-0.832-0.704 0-1.536z\"><\/path>\n<\/svg><\/span><\/a><\/div><\/div><\/div><footer class=\"entry-footer\"><\/footer><span class='hidden'>\n\t\t\t\t<span class='av-structured-data' >\n\t\t\t\t\t\t<span itemprop='url'>https:\/\/www.ibes.ch\/wp-content\/uploads\/2018\/08\/schutzhuelle_1.jpg<\/span>\n\t\t\t\t\t\t<span itemprop='height'>465<\/span>\n\t\t\t\t\t\t<span itemprop='width'>840<\/span>\n\t\t\t\t<\/span>\n\t\t\t\t<span class='av-structured-data'  itemprop=\"publisher\" itemtype=\"https:\/\/schema.org\/Organization\" itemscope=\"itemscope\" >\n\t\t\t\t\t\t<span itemprop='name'>tgrether<\/span>\n\t\t\t\t\t\t<span itemprop='logo' itemscope itemtype='https:\/\/schema.org\/ImageObject'>\n\t\t\t\t\t\t\t<span itemprop='url'>https:\/\/www.ibes.ch\/wp-content\/uploads\/2021\/10\/IBES-Logo-CH.png<\/span>\n\t\t\t\t\t\t<\/span>\n\t\t\t\t<\/span><span class='av-structured-data'  itemprop=\"author\" itemscope=\"itemscope\" itemtype=\"https:\/\/schema.org\/Person\" ><span itemprop='name'>tgrether<\/span><\/span><span class='av-structured-data'  itemprop=\"datePublished\" datetime=\"2018-07-28T10:41:05+02:00\" >2023-08-10 10:41:09<\/span><span class='av-structured-data'  itemprop=\"dateModified\" itemtype=\"https:\/\/schema.org\/dateModified\" >2023-08-11 10:25:51<\/span><span class='av-structured-data'  itemprop=\"mainEntityOfPage\" itemtype=\"https:\/\/schema.org\/mainEntityOfPage\" ><span itemprop='name'>Wirksamer WLAN Schutz: Schutzh\u00fclle<\/span><\/span><\/span><\/article><article class='slide-entry flex_column  post-entry post-entry-19218 slide-entry-overview slide-loop-9 slide-parity-odd  av_one_third  real-thumbnail posttype-post post-format-standard'  itemscope=\"itemscope\" itemtype=\"https:\/\/schema.org\/CreativeWork\" ><a href='https:\/\/www.ibes.ch\/fr\/aerger-in-herrliberg-wegen-5g-antenne\/' data-rel='slide-1' class='slide-image' title='\u00c4rger in Herrliberg wegen 5G Antenne'><img decoding=\"async\" fetchpriority=\"high\" width=\"495\" height=\"400\" src=\"https:\/\/www.ibes.ch\/wp-content\/uploads\/2021\/11\/cemprotect_34_messung_5G_antenne-495x400.jpg\" class=\"wp-image-18320 avia-img-lazy-loading-not-18320 attachment-portfolio size-portfolio wp-post-image\" alt=\"Ein Cemprotec 34 Elektrosmog-Messger\u00e4t vor einem Haus mit Handy-Antenne.\" \/><\/a><div class=\"slide-content\"><header class=\"entry-content-header\" aria-label=\"Slide: \u00c4rger in Herrliberg wegen 5G Antenne\"><h3 class='slide-entry-title entry-title '  itemprop=\"headline\" ><a href='https:\/\/www.ibes.ch\/fr\/aerger-in-herrliberg-wegen-5g-antenne\/' title='\u00c4rger in Herrliberg wegen 5G Antenne'>\u00c4rger in Herrliberg wegen 5G Antenne<\/a><\/h3><span class=\"av-vertical-delimiter\"><\/span><\/header><div class=\"slide-meta\"><time class='slide-meta-time updated'  itemprop=\"datePublished\" datetime=\"2023-01-14T18:44:30+01:00\" >14. janvier 2023<\/time><\/div><div class='slide-entry-excerpt entry-content'  itemprop=\"text\" >\r\n\r\n\r\n\r\n<div class=\"read-more-link\"><a href=\"https:\/\/www.ibes.ch\/fr\/aerger-in-herrliberg-wegen-5g-antenne\/\" class=\"more-link\">Lire la suite<span class='more-link-arrow avia-svg-icon avia-font-svg_entypo-fontello' data-av_svg_icon='right-open-big' data-av_iconset='svg_entypo-fontello'><svg version=\"1.1\" xmlns=\"http:\/\/www.w3.org\/2000\/svg\" width=\"15\" height=\"32\" viewBox=\"0 0 15 32\" preserveAspectRatio=\"xMidYMid meet\" role=\"graphics-symbol\" aria-hidden=\"true\">\n<path d=\"M0.416 27.84l11.456-11.84-11.456-11.904q-0.832-0.832 0-1.536 0.832-0.832 1.536 0l12.544 12.608q0.768 0.832 0 1.6l-12.544 12.608q-0.704 0.832-1.536 0-0.832-0.704 0-1.536z\"><\/path>\n<\/svg><\/span><\/a><\/div><\/div><\/div><footer class=\"entry-footer\"><\/footer><span class='hidden'>\n\t\t\t\t<span class='av-structured-data' >\n\t\t\t\t\t\t<span itemprop='url'>https:\/\/www.ibes.ch\/wp-content\/uploads\/2021\/11\/cemprotect_34_messung_5G_antenne.jpg<\/span>\n\t\t\t\t\t\t<span itemprop='height'>470<\/span>\n\t\t\t\t\t\t<span itemprop='width'>705<\/span>\n\t\t\t\t<\/span>\n\t\t\t\t<span class='av-structured-data'  itemprop=\"publisher\" itemtype=\"https:\/\/schema.org\/Organization\" itemscope=\"itemscope\" >\n\t\t\t\t\t\t<span itemprop='name'>tgrether<\/span>\n\t\t\t\t\t\t<span itemprop='logo' itemscope itemtype='https:\/\/schema.org\/ImageObject'>\n\t\t\t\t\t\t\t<span itemprop='url'>https:\/\/www.ibes.ch\/wp-content\/uploads\/2021\/10\/IBES-Logo-CH.png<\/span>\n\t\t\t\t\t\t<\/span>\n\t\t\t\t<\/span><span class='av-structured-data'  itemprop=\"author\" itemscope=\"itemscope\" itemtype=\"https:\/\/schema.org\/Person\" ><span itemprop='name'>tgrether<\/span><\/span><span class='av-structured-data'  itemprop=\"datePublished\" datetime=\"2018-07-28T10:41:05+02:00\" >2023-01-14 18:44:30<\/span><span class='av-structured-data'  itemprop=\"dateModified\" itemtype=\"https:\/\/schema.org\/dateModified\" >2023-08-11 09:39:00<\/span><span class='av-structured-data'  itemprop=\"mainEntityOfPage\" itemtype=\"https:\/\/schema.org\/mainEntityOfPage\" ><span itemprop='name'>\u00c4rger in Herrliberg wegen 5G Antenne<\/span><\/span><\/span><\/article><\/div><div class=\"slide-entry-wrap\"><article class='slide-entry flex_column  post-entry post-entry-18249 slide-entry-overview slide-loop-10 slide-parity-odd  av_one_third first real-thumbnail posttype-post post-format-standard'  itemscope=\"itemscope\" itemtype=\"https:\/\/schema.org\/CreativeWork\" ><a href='https:\/\/www.ibes.ch\/fr\/jede-5-handyantenne-strahlt-zu-stark\/' data-rel='slide-1' class='slide-image' title='Jede 5. Handyantenne strahlt zu stark'><img decoding=\"async\" fetchpriority=\"high\" width=\"495\" height=\"400\" src=\"https:\/\/www.ibes.ch\/wp-content\/uploads\/2019\/12\/Mobilfunkantenne-495x400.jpg\" class=\"wp-image-14301 avia-img-lazy-loading-not-14301 attachment-portfolio size-portfolio wp-post-image\" alt=\"Ein Mobilfunkmast zeichnet sich als Silhouette vor einem orangefarbenen Himmel ab.\" \/><\/a><div class=\"slide-content\"><header class=\"entry-content-header\" aria-label=\"Slide: Jede 5. Handyantenne strahlt zu stark\"><h3 class='slide-entry-title entry-title '  itemprop=\"headline\" ><a href='https:\/\/www.ibes.ch\/fr\/jede-5-handyantenne-strahlt-zu-stark\/' title='Jede 5. Handyantenne strahlt zu stark'>Jede 5. Handyantenne strahlt zu stark<\/a><\/h3><span class=\"av-vertical-delimiter\"><\/span><\/header><div class=\"slide-meta\"><time class='slide-meta-time updated'  itemprop=\"datePublished\" datetime=\"2021-10-29T18:08:51+02:00\" >29. octobre 2021<\/time><\/div><div class='slide-entry-excerpt entry-content'  itemprop=\"text\" >\r\n\r\n\r\n\r\n\r\n\r\n\r\n\r\n\r\n\r\n\r\n\r\n<div class=\"read-more-link\"><a href=\"https:\/\/www.ibes.ch\/fr\/jede-5-handyantenne-strahlt-zu-stark\/\" class=\"more-link\">Lire la suite<span class='more-link-arrow avia-svg-icon avia-font-svg_entypo-fontello' data-av_svg_icon='right-open-big' data-av_iconset='svg_entypo-fontello'><svg version=\"1.1\" xmlns=\"http:\/\/www.w3.org\/2000\/svg\" width=\"15\" height=\"32\" viewBox=\"0 0 15 32\" preserveAspectRatio=\"xMidYMid meet\" role=\"graphics-symbol\" aria-hidden=\"true\">\n<path d=\"M0.416 27.84l11.456-11.84-11.456-11.904q-0.832-0.832 0-1.536 0.832-0.832 1.536 0l12.544 12.608q0.768 0.832 0 1.6l-12.544 12.608q-0.704 0.832-1.536 0-0.832-0.704 0-1.536z\"><\/path>\n<\/svg><\/span><\/a><\/div><\/div><\/div><footer class=\"entry-footer\"><\/footer><span class='hidden'>\n\t\t\t\t<span class='av-structured-data' >\n\t\t\t\t\t\t<span itemprop='url'>https:\/\/www.ibes.ch\/wp-content\/uploads\/2019\/12\/Mobilfunkantenne.jpg<\/span>\n\t\t\t\t\t\t<span itemprop='height'>533<\/span>\n\t\t\t\t\t\t<span itemprop='width'>800<\/span>\n\t\t\t\t<\/span>\n\t\t\t\t<span class='av-structured-data'  itemprop=\"publisher\" itemtype=\"https:\/\/schema.org\/Organization\" itemscope=\"itemscope\" >\n\t\t\t\t\t\t<span itemprop='name'>tgrether<\/span>\n\t\t\t\t\t\t<span itemprop='logo' itemscope itemtype='https:\/\/schema.org\/ImageObject'>\n\t\t\t\t\t\t\t<span itemprop='url'>https:\/\/www.ibes.ch\/wp-content\/uploads\/2021\/10\/IBES-Logo-CH.png<\/span>\n\t\t\t\t\t\t<\/span>\n\t\t\t\t<\/span><span class='av-structured-data'  itemprop=\"author\" itemscope=\"itemscope\" itemtype=\"https:\/\/schema.org\/Person\" ><span itemprop='name'>tgrether<\/span><\/span><span class='av-structured-data'  itemprop=\"datePublished\" datetime=\"2018-07-28T10:41:05+02:00\" >2021-10-29 18:08:51<\/span><span class='av-structured-data'  itemprop=\"dateModified\" itemtype=\"https:\/\/schema.org\/dateModified\" >2023-08-11 09:41:13<\/span><span class='av-structured-data'  itemprop=\"mainEntityOfPage\" itemtype=\"https:\/\/schema.org\/mainEntityOfPage\" ><span itemprop='name'>Jede 5. Handyantenne strahlt zu stark<\/span><\/span><\/span><\/article><article class='slide-entry flex_column  post-entry post-entry-17976 slide-entry-overview slide-loop-11 slide-parity-even  av_one_third  real-thumbnail posttype-post post-format-standard'  itemscope=\"itemscope\" itemtype=\"https:\/\/schema.org\/CreativeWork\" ><a href='https:\/\/www.ibes.ch\/fr\/5g-netzausbau-vor-dem-aus\/' data-rel='slide-1' class='slide-image' title='5G Netzausbau vor dem Aus?'><img decoding=\"async\" fetchpriority=\"high\" width=\"495\" height=\"400\" src=\"https:\/\/www.ibes.ch\/wp-content\/uploads\/2021\/10\/sarnersee_5G_einsprachen-495x400.jpg\" class=\"wp-image-17977 avia-img-lazy-loading-not-17977 attachment-portfolio size-portfolio wp-post-image\" alt=\"Eine 5G-Antenne mit einem See im Hintergrund.\" \/><\/a><div class=\"slide-content\"><header class=\"entry-content-header\" aria-label=\"Slide: 5G Netzausbau vor dem Aus?\"><h3 class='slide-entry-title entry-title '  itemprop=\"headline\" ><a href='https:\/\/www.ibes.ch\/fr\/5g-netzausbau-vor-dem-aus\/' title='5G Netzausbau vor dem Aus?'>5G Netzausbau vor dem Aus?<\/a><\/h3><span class=\"av-vertical-delimiter\"><\/span><\/header><div class=\"slide-meta\"><time class='slide-meta-time updated'  itemprop=\"datePublished\" datetime=\"2021-10-07T13:57:31+02:00\" >7. octobre 2021<\/time><\/div><div class='slide-entry-excerpt entry-content'  itemprop=\"text\" >\r\n\r\n\r\n\r\n\r\n\r\n<div class=\"read-more-link\"><a href=\"https:\/\/www.ibes.ch\/fr\/5g-netzausbau-vor-dem-aus\/\" class=\"more-link\">Lire la suite<span class='more-link-arrow avia-svg-icon avia-font-svg_entypo-fontello' data-av_svg_icon='right-open-big' data-av_iconset='svg_entypo-fontello'><svg version=\"1.1\" xmlns=\"http:\/\/www.w3.org\/2000\/svg\" width=\"15\" height=\"32\" viewBox=\"0 0 15 32\" preserveAspectRatio=\"xMidYMid meet\" role=\"graphics-symbol\" aria-hidden=\"true\">\n<path d=\"M0.416 27.84l11.456-11.84-11.456-11.904q-0.832-0.832 0-1.536 0.832-0.832 1.536 0l12.544 12.608q0.768 0.832 0 1.6l-12.544 12.608q-0.704 0.832-1.536 0-0.832-0.704 0-1.536z\"><\/path>\n<\/svg><\/span><\/a><\/div><\/div><\/div><footer class=\"entry-footer\"><\/footer><span class='hidden'>\n\t\t\t\t<span class='av-structured-data' >\n\t\t\t\t\t\t<span itemprop='url'>https:\/\/www.ibes.ch\/wp-content\/uploads\/2021\/10\/sarnersee_5G_einsprachen.jpg<\/span>\n\t\t\t\t\t\t<span itemprop='height'>460<\/span>\n\t\t\t\t\t\t<span itemprop='width'>840<\/span>\n\t\t\t\t<\/span>\n\t\t\t\t<span class='av-structured-data'  itemprop=\"publisher\" itemtype=\"https:\/\/schema.org\/Organization\" itemscope=\"itemscope\" >\n\t\t\t\t\t\t<span itemprop='name'>tgrether<\/span>\n\t\t\t\t\t\t<span itemprop='logo' itemscope itemtype='https:\/\/schema.org\/ImageObject'>\n\t\t\t\t\t\t\t<span itemprop='url'>https:\/\/www.ibes.ch\/wp-content\/uploads\/2021\/10\/IBES-Logo-CH.png<\/span>\n\t\t\t\t\t\t<\/span>\n\t\t\t\t<\/span><span class='av-structured-data'  itemprop=\"author\" itemscope=\"itemscope\" itemtype=\"https:\/\/schema.org\/Person\" ><span itemprop='name'>tgrether<\/span><\/span><span class='av-structured-data'  itemprop=\"datePublished\" datetime=\"2018-07-28T10:41:05+02:00\" >2021-10-07 13:57:31<\/span><span class='av-structured-data'  itemprop=\"dateModified\" itemtype=\"https:\/\/schema.org\/dateModified\" >2023-08-11 09:42:05<\/span><span class='av-structured-data'  itemprop=\"mainEntityOfPage\" itemtype=\"https:\/\/schema.org\/mainEntityOfPage\" ><span itemprop='name'>5G Netzausbau vor dem Aus?<\/span><\/span><\/span><\/article><article class='slide-entry flex_column  post-entry post-entry-17306 slide-entry-overview slide-loop-12 slide-parity-odd  av_one_third  real-thumbnail posttype-post post-format-standard'  itemscope=\"itemscope\" itemtype=\"https:\/\/schema.org\/CreativeWork\" ><a href='https:\/\/www.ibes.ch\/fr\/geld-fuer-neue-5g-antennenstandorte\/' data-rel='slide-1' class='slide-image' title='Geld f\u00fcr neue 5G Antennenstandorte'><img decoding=\"async\" fetchpriority=\"high\" width=\"495\" height=\"400\" src=\"https:\/\/www.ibes.ch\/wp-content\/uploads\/2021\/04\/5g-antenne-495x400.jpg\" class=\"wp-image-17307 avia-img-lazy-loading-not-17307 attachment-portfolio size-portfolio wp-post-image\" alt=\"Zwei M\u00e4nner arbeiten an einem 5G-Mobilfunkmast im Wald.\" \/><\/a><div class=\"slide-content\"><header class=\"entry-content-header\" aria-label=\"Slide: Geld f\u00fcr neue 5G Antennenstandorte\"><h3 class='slide-entry-title entry-title '  itemprop=\"headline\" ><a href='https:\/\/www.ibes.ch\/fr\/geld-fuer-neue-5g-antennenstandorte\/' title='Geld f\u00fcr neue 5G Antennenstandorte'>Geld f\u00fcr neue 5G Antennenstandorte<\/a><\/h3><span class=\"av-vertical-delimiter\"><\/span><\/header><div class=\"slide-meta\"><time class='slide-meta-time updated'  itemprop=\"datePublished\" datetime=\"2021-04-03T12:38:18+02:00\" >3. avril 2021<\/time><\/div><div class='slide-entry-excerpt entry-content'  itemprop=\"text\" >\r\n\r\n\r\n\r\n\r\n\r\n\r\n\r\n\r\n\r\n\r\n\r\n\r\n\r\n<div class=\"read-more-link\"><a href=\"https:\/\/www.ibes.ch\/fr\/geld-fuer-neue-5g-antennenstandorte\/\" class=\"more-link\">Lire la suite<span class='more-link-arrow avia-svg-icon avia-font-svg_entypo-fontello' data-av_svg_icon='right-open-big' data-av_iconset='svg_entypo-fontello'><svg version=\"1.1\" xmlns=\"http:\/\/www.w3.org\/2000\/svg\" width=\"15\" height=\"32\" viewBox=\"0 0 15 32\" preserveAspectRatio=\"xMidYMid meet\" role=\"graphics-symbol\" aria-hidden=\"true\">\n<path d=\"M0.416 27.84l11.456-11.84-11.456-11.904q-0.832-0.832 0-1.536 0.832-0.832 1.536 0l12.544 12.608q0.768 0.832 0 1.6l-12.544 12.608q-0.704 0.832-1.536 0-0.832-0.704 0-1.536z\"><\/path>\n<\/svg><\/span><\/a><\/div><\/div><\/div><footer class=\"entry-footer\"><\/footer><span class='hidden'>\n\t\t\t\t<span class='av-structured-data' >\n\t\t\t\t\t\t<span itemprop='url'>https:\/\/www.ibes.ch\/wp-content\/uploads\/2021\/04\/5g-antenne.jpg<\/span>\n\t\t\t\t\t\t<span itemprop='height'>409<\/span>\n\t\t\t\t\t\t<span itemprop='width'>612<\/span>\n\t\t\t\t<\/span>\n\t\t\t\t<span class='av-structured-data'  itemprop=\"publisher\" itemtype=\"https:\/\/schema.org\/Organization\" itemscope=\"itemscope\" >\n\t\t\t\t\t\t<span itemprop='name'>tgrether<\/span>\n\t\t\t\t\t\t<span itemprop='logo' itemscope itemtype='https:\/\/schema.org\/ImageObject'>\n\t\t\t\t\t\t\t<span itemprop='url'>https:\/\/www.ibes.ch\/wp-content\/uploads\/2021\/10\/IBES-Logo-CH.png<\/span>\n\t\t\t\t\t\t<\/span>\n\t\t\t\t<\/span><span class='av-structured-data'  itemprop=\"author\" itemscope=\"itemscope\" itemtype=\"https:\/\/schema.org\/Person\" ><span itemprop='name'>tgrether<\/span><\/span><span class='av-structured-data'  itemprop=\"datePublished\" datetime=\"2018-07-28T10:41:05+02:00\" >2021-04-03 12:38:18<\/span><span class='av-structured-data'  itemprop=\"dateModified\" itemtype=\"https:\/\/schema.org\/dateModified\" >2023-08-11 09:42:43<\/span><span class='av-structured-data'  itemprop=\"mainEntityOfPage\" itemtype=\"https:\/\/schema.org\/mainEntityOfPage\" ><span itemprop='name'>Geld f\u00fcr neue 5G Antennenstandorte<\/span><\/span><\/span><\/article><\/div><div class=\"slide-entry-wrap\"><article class='slide-entry flex_column  post-entry post-entry-15448 slide-entry-overview slide-loop-13 slide-parity-odd  av_one_third first real-thumbnail posttype-post post-format-standard'  itemscope=\"itemscope\" itemtype=\"https:\/\/schema.org\/CreativeWork\" ><a href='https:\/\/www.ibes.ch\/fr\/15448\/' data-rel='slide-1' class='slide-image' title='Gr\u00fcnlieberale GLP wollen 5G Anlagegrenzwerte senken'><img decoding=\"async\" fetchpriority=\"high\" width=\"495\" height=\"400\" src=\"https:\/\/www.ibes.ch\/wp-content\/uploads\/2020\/08\/5G-antennen-495x400.jpg\" class=\"wp-image-15451 avia-img-lazy-loading-not-15451 attachment-portfolio size-portfolio wp-post-image\" alt=\"Zwei 5G-Mobilfunkmasten mit einem blauen Himmel dahinter.\" \/><\/a><div class=\"slide-content\"><header class=\"entry-content-header\" aria-label=\"Slide: Gr\u00fcnlieberale GLP wollen 5G Anlagegrenzwerte senken\"><h3 class='slide-entry-title entry-title '  itemprop=\"headline\" ><a href='https:\/\/www.ibes.ch\/fr\/15448\/' title='Gr\u00fcnlieberale GLP wollen 5G Anlagegrenzwerte senken'>Gr\u00fcnlieberale GLP wollen 5G Anlagegrenzwerte senken<\/a><\/h3><span class=\"av-vertical-delimiter\"><\/span><\/header><div class=\"slide-meta\"><time class='slide-meta-time updated'  itemprop=\"datePublished\" datetime=\"2021-01-25T12:28:35+01:00\" >25. janvier 2021<\/time><\/div><div class='slide-entry-excerpt entry-content'  itemprop=\"text\" >\r\n\r\n\r\n\r\n\r\n\r\n\r\n\r\n\r\n\r\n\r\n\r\n\r\n\r\n<div class=\"read-more-link\"><a href=\"https:\/\/www.ibes.ch\/fr\/15448\/\" class=\"more-link\">Lire la suite<span class='more-link-arrow avia-svg-icon avia-font-svg_entypo-fontello' data-av_svg_icon='right-open-big' data-av_iconset='svg_entypo-fontello'><svg version=\"1.1\" xmlns=\"http:\/\/www.w3.org\/2000\/svg\" width=\"15\" height=\"32\" viewBox=\"0 0 15 32\" preserveAspectRatio=\"xMidYMid meet\" role=\"graphics-symbol\" aria-hidden=\"true\">\n<path d=\"M0.416 27.84l11.456-11.84-11.456-11.904q-0.832-0.832 0-1.536 0.832-0.832 1.536 0l12.544 12.608q0.768 0.832 0 1.6l-12.544 12.608q-0.704 0.832-1.536 0-0.832-0.704 0-1.536z\"><\/path>\n<\/svg><\/span><\/a><\/div><\/div><\/div><footer class=\"entry-footer\"><\/footer><span class='hidden'>\n\t\t\t\t<span class='av-structured-data' >\n\t\t\t\t\t\t<span itemprop='url'>https:\/\/www.ibes.ch\/wp-content\/uploads\/2020\/08\/5G-antennen.jpg<\/span>\n\t\t\t\t\t\t<span itemprop='height'>560<\/span>\n\t\t\t\t\t\t<span itemprop='width'>840<\/span>\n\t\t\t\t<\/span>\n\t\t\t\t<span class='av-structured-data'  itemprop=\"publisher\" itemtype=\"https:\/\/schema.org\/Organization\" itemscope=\"itemscope\" >\n\t\t\t\t\t\t<span itemprop='name'>tgrether<\/span>\n\t\t\t\t\t\t<span itemprop='logo' itemscope itemtype='https:\/\/schema.org\/ImageObject'>\n\t\t\t\t\t\t\t<span itemprop='url'>https:\/\/www.ibes.ch\/wp-content\/uploads\/2021\/10\/IBES-Logo-CH.png<\/span>\n\t\t\t\t\t\t<\/span>\n\t\t\t\t<\/span><span class='av-structured-data'  itemprop=\"author\" itemscope=\"itemscope\" itemtype=\"https:\/\/schema.org\/Person\" ><span itemprop='name'>tgrether<\/span><\/span><span class='av-structured-data'  itemprop=\"datePublished\" datetime=\"2018-07-28T10:41:05+02:00\" >2021-01-25 12:28:35<\/span><span class='av-structured-data'  itemprop=\"dateModified\" itemtype=\"https:\/\/schema.org\/dateModified\" >2023-08-11 09:43:29<\/span><span class='av-structured-data'  itemprop=\"mainEntityOfPage\" itemtype=\"https:\/\/schema.org\/mainEntityOfPage\" ><span itemprop='name'>Gr\u00fcnlieberale GLP wollen 5G Anlagegrenzwerte senken<\/span><\/span><\/span><\/article><article class='slide-entry flex_column  post-entry post-entry-15381 slide-entry-overview slide-loop-14 slide-parity-even  av_one_third  real-thumbnail posttype-post post-format-standard'  itemscope=\"itemscope\" itemtype=\"https:\/\/schema.org\/CreativeWork\" ><a href='https:\/\/www.ibes.ch\/fr\/5g-der-durchbruch-bleibt-aus-2\/' data-rel='slide-1' class='slide-image' title='5G in Deutschland &#8211; Durchbruch bleibt aus'><img decoding=\"async\" fetchpriority=\"high\" width=\"495\" height=\"400\" src=\"https:\/\/www.ibes.ch\/wp-content\/uploads\/2020\/07\/5G_stand_deutschland-495x400.jpg\" class=\"wp-image-15373 avia-img-lazy-loading-not-15373 attachment-portfolio size-portfolio wp-post-image\" alt=\"Ein Smartphone mit der Aufschrift \u201e5G\u201c in der Hand, ein Beispiel f\u00fcr den 5G-Ausbau in Deutschland.\" \/><\/a><div class=\"slide-content\"><header class=\"entry-content-header\" aria-label=\"Slide: 5G in Deutschland - Durchbruch bleibt aus\"><h3 class='slide-entry-title entry-title '  itemprop=\"headline\" ><a href='https:\/\/www.ibes.ch\/fr\/5g-der-durchbruch-bleibt-aus-2\/' title='5G in Deutschland &#8211; Durchbruch bleibt aus'>5G in Deutschland &#8211; Durchbruch bleibt aus<\/a><\/h3><span class=\"av-vertical-delimiter\"><\/span><\/header><div class=\"slide-meta\"><time class='slide-meta-time updated'  itemprop=\"datePublished\" datetime=\"2020-07-10T17:05:58+02:00\" >10. juillet 2020<\/time><\/div><div class='slide-entry-excerpt entry-content'  itemprop=\"text\" >\r\n\r\n\r\n\r\n\r\n\r\n\r\n\r\n\r\n\r\n\r\n\r\n\r\n\r\n<div class=\"read-more-link\"><a href=\"https:\/\/www.ibes.ch\/fr\/5g-der-durchbruch-bleibt-aus-2\/\" class=\"more-link\">Lire la suite<span class='more-link-arrow avia-svg-icon avia-font-svg_entypo-fontello' data-av_svg_icon='right-open-big' data-av_iconset='svg_entypo-fontello'><svg version=\"1.1\" xmlns=\"http:\/\/www.w3.org\/2000\/svg\" width=\"15\" height=\"32\" viewBox=\"0 0 15 32\" preserveAspectRatio=\"xMidYMid meet\" role=\"graphics-symbol\" aria-hidden=\"true\">\n<path d=\"M0.416 27.84l11.456-11.84-11.456-11.904q-0.832-0.832 0-1.536 0.832-0.832 1.536 0l12.544 12.608q0.768 0.832 0 1.6l-12.544 12.608q-0.704 0.832-1.536 0-0.832-0.704 0-1.536z\"><\/path>\n<\/svg><\/span><\/a><\/div><\/div><\/div><footer class=\"entry-footer\"><\/footer><span class='hidden'>\n\t\t\t\t<span class='av-structured-data' >\n\t\t\t\t\t\t<span itemprop='url'>https:\/\/www.ibes.ch\/wp-content\/uploads\/2020\/07\/5G_stand_deutschland.jpg<\/span>\n\t\t\t\t\t\t<span itemprop='height'>560<\/span>\n\t\t\t\t\t\t<span itemprop='width'>840<\/span>\n\t\t\t\t<\/span>\n\t\t\t\t<span class='av-structured-data'  itemprop=\"publisher\" itemtype=\"https:\/\/schema.org\/Organization\" itemscope=\"itemscope\" >\n\t\t\t\t\t\t<span itemprop='name'>tgrether<\/span>\n\t\t\t\t\t\t<span itemprop='logo' itemscope itemtype='https:\/\/schema.org\/ImageObject'>\n\t\t\t\t\t\t\t<span itemprop='url'>https:\/\/www.ibes.ch\/wp-content\/uploads\/2021\/10\/IBES-Logo-CH.png<\/span>\n\t\t\t\t\t\t<\/span>\n\t\t\t\t<\/span><span class='av-structured-data'  itemprop=\"author\" itemscope=\"itemscope\" itemtype=\"https:\/\/schema.org\/Person\" ><span itemprop='name'>tgrether<\/span><\/span><span class='av-structured-data'  itemprop=\"datePublished\" datetime=\"2018-07-28T10:41:05+02:00\" >2020-07-10 17:05:58<\/span><span class='av-structured-data'  itemprop=\"dateModified\" itemtype=\"https:\/\/schema.org\/dateModified\" >2023-08-11 09:44:43<\/span><span class='av-structured-data'  itemprop=\"mainEntityOfPage\" itemtype=\"https:\/\/schema.org\/mainEntityOfPage\" ><span itemprop='name'>5G in Deutschland &#8211; Durchbruch bleibt aus<\/span><\/span><\/span><\/article><article class='slide-entry flex_column  post-entry post-entry-15003 slide-entry-overview slide-loop-15 slide-parity-odd  av_one_third  real-thumbnail posttype-post post-format-standard'  itemscope=\"itemscope\" itemtype=\"https:\/\/schema.org\/CreativeWork\" ><a href='https:\/\/www.ibes.ch\/fr\/bluetooth-news\/' data-rel='slide-1' class='slide-image' title='Bluetooth Strahlung im Vergleich mit Handys'><img decoding=\"async\" fetchpriority=\"high\" width=\"495\" height=\"400\" src=\"https:\/\/www.ibes.ch\/wp-content\/uploads\/2020\/04\/bluetooth-495x400.jpg\" class=\"wp-image-15007 avia-img-lazy-loading-not-15007 attachment-portfolio size-portfolio wp-post-image\" alt=\"Ein Smartphone mit einer Bluetooth-Musikplayer-Anwendung, die vor sch\u00e4dlicher Strahlung warnt.\" \/><\/a><div class=\"slide-content\"><header class=\"entry-content-header\" aria-label=\"Slide: Bluetooth Strahlung im Vergleich mit Handys\"><h3 class='slide-entry-title entry-title '  itemprop=\"headline\" ><a href='https:\/\/www.ibes.ch\/fr\/bluetooth-news\/' title='Bluetooth Strahlung im Vergleich mit Handys'>Bluetooth Strahlung im Vergleich mit Handys<\/a><\/h3><span class=\"av-vertical-delimiter\"><\/span><\/header><div class=\"slide-meta\"><time class='slide-meta-time updated'  itemprop=\"datePublished\" datetime=\"2020-04-20T12:49:24+02:00\" >20. avril 2020<\/time><\/div><div class='slide-entry-excerpt entry-content'  itemprop=\"text\" >\r\n\r\n\r\n\r\n\r\n\r\n\r\n\r\n\r\n\r\n\r\n\r\n\r\n\r\n<div class=\"read-more-link\"><a href=\"https:\/\/www.ibes.ch\/fr\/bluetooth-news\/\" class=\"more-link\">Lire la suite<span class='more-link-arrow avia-svg-icon avia-font-svg_entypo-fontello' data-av_svg_icon='right-open-big' data-av_iconset='svg_entypo-fontello'><svg version=\"1.1\" xmlns=\"http:\/\/www.w3.org\/2000\/svg\" width=\"15\" height=\"32\" viewBox=\"0 0 15 32\" preserveAspectRatio=\"xMidYMid meet\" role=\"graphics-symbol\" aria-hidden=\"true\">\n<path d=\"M0.416 27.84l11.456-11.84-11.456-11.904q-0.832-0.832 0-1.536 0.832-0.832 1.536 0l12.544 12.608q0.768 0.832 0 1.6l-12.544 12.608q-0.704 0.832-1.536 0-0.832-0.704 0-1.536z\"><\/path>\n<\/svg><\/span><\/a><\/div><\/div><\/div><footer class=\"entry-footer\"><\/footer><span class='hidden'>\n\t\t\t\t<span class='av-structured-data' >\n\t\t\t\t\t\t<span itemprop='url'>https:\/\/www.ibes.ch\/wp-content\/uploads\/2020\/04\/bluetooth.jpg<\/span>\n\t\t\t\t\t\t<span itemprop='height'>496<\/span>\n\t\t\t\t\t\t<span itemprop='width'>744<\/span>\n\t\t\t\t<\/span>\n\t\t\t\t<span class='av-structured-data'  itemprop=\"publisher\" itemtype=\"https:\/\/schema.org\/Organization\" itemscope=\"itemscope\" >\n\t\t\t\t\t\t<span itemprop='name'>tgrether<\/span>\n\t\t\t\t\t\t<span itemprop='logo' itemscope itemtype='https:\/\/schema.org\/ImageObject'>\n\t\t\t\t\t\t\t<span itemprop='url'>https:\/\/www.ibes.ch\/wp-content\/uploads\/2021\/10\/IBES-Logo-CH.png<\/span>\n\t\t\t\t\t\t<\/span>\n\t\t\t\t<\/span><span class='av-structured-data'  itemprop=\"author\" itemscope=\"itemscope\" itemtype=\"https:\/\/schema.org\/Person\" ><span itemprop='name'>tgrether<\/span><\/span><span class='av-structured-data'  itemprop=\"datePublished\" datetime=\"2018-07-28T10:41:05+02:00\" >2020-04-20 12:49:24<\/span><span class='av-structured-data'  itemprop=\"dateModified\" itemtype=\"https:\/\/schema.org\/dateModified\" >2023-08-11 09:45:30<\/span><span class='av-structured-data'  itemprop=\"mainEntityOfPage\" itemtype=\"https:\/\/schema.org\/mainEntityOfPage\" ><span itemprop='name'>Bluetooth Strahlung im Vergleich mit Handys<\/span><\/span><\/span><\/article><\/div><div class=\"slide-entry-wrap\"><article class='slide-entry flex_column  post-entry post-entry-14932 slide-entry-overview slide-loop-16 slide-parity-odd  av_one_third first real-thumbnail posttype-post post-format-standard'  itemscope=\"itemscope\" itemtype=\"https:\/\/schema.org\/CreativeWork\" ><a href='https:\/\/www.ibes.ch\/fr\/corona-viren\/' data-rel='slide-1' class='slide-image' title='Corona: Immunsystem geschw\u00e4cht?'><img decoding=\"async\" fetchpriority=\"high\" width=\"495\" height=\"400\" src=\"https:\/\/www.ibes.ch\/wp-content\/uploads\/2020\/04\/corona_vorschau-495x400.jpg\" class=\"wp-image-14935 avia-img-lazy-loading-not-14935 attachment-portfolio size-portfolio wp-post-image\" alt=\"Eine Frau mit geschw\u00e4chtem Immunsystem entnimmt eine Probe aus ihrem Mund.\" \/><\/a><div class=\"slide-content\"><header class=\"entry-content-header\" aria-label=\"Slide: Corona: Immunsystem geschw\u00e4cht?\"><h3 class='slide-entry-title entry-title '  itemprop=\"headline\" ><a href='https:\/\/www.ibes.ch\/fr\/corona-viren\/' title='Corona: Immunsystem geschw\u00e4cht?'>Corona: Immunsystem geschw\u00e4cht?<\/a><\/h3><span class=\"av-vertical-delimiter\"><\/span><\/header><div class=\"slide-meta\"><time class='slide-meta-time updated'  itemprop=\"datePublished\" datetime=\"2020-04-04T10:23:21+02:00\" >4. avril 2020<\/time><\/div><div class='slide-entry-excerpt entry-content'  itemprop=\"text\" >\r\n\r\n\r\n\r\n\r\n\r\n\r\n\r\n\r\n\r\n\r\n\r\n\r\n\r\n<div class=\"read-more-link\"><a href=\"https:\/\/www.ibes.ch\/fr\/corona-viren\/\" class=\"more-link\">Lire la suite<span class='more-link-arrow avia-svg-icon avia-font-svg_entypo-fontello' data-av_svg_icon='right-open-big' data-av_iconset='svg_entypo-fontello'><svg version=\"1.1\" xmlns=\"http:\/\/www.w3.org\/2000\/svg\" width=\"15\" height=\"32\" viewBox=\"0 0 15 32\" preserveAspectRatio=\"xMidYMid meet\" role=\"graphics-symbol\" aria-hidden=\"true\">\n<path d=\"M0.416 27.84l11.456-11.84-11.456-11.904q-0.832-0.832 0-1.536 0.832-0.832 1.536 0l12.544 12.608q0.768 0.832 0 1.6l-12.544 12.608q-0.704 0.832-1.536 0-0.832-0.704 0-1.536z\"><\/path>\n<\/svg><\/span><\/a><\/div><\/div><\/div><footer class=\"entry-footer\"><\/footer><span class='hidden'>\n\t\t\t\t<span class='av-structured-data' >\n\t\t\t\t\t\t<span itemprop='url'>https:\/\/www.ibes.ch\/wp-content\/uploads\/2020\/04\/corona_vorschau.jpg<\/span>\n\t\t\t\t\t\t<span itemprop='height'>496<\/span>\n\t\t\t\t\t\t<span itemprop='width'>744<\/span>\n\t\t\t\t<\/span>\n\t\t\t\t<span class='av-structured-data'  itemprop=\"publisher\" itemtype=\"https:\/\/schema.org\/Organization\" itemscope=\"itemscope\" >\n\t\t\t\t\t\t<span itemprop='name'>tgrether<\/span>\n\t\t\t\t\t\t<span itemprop='logo' itemscope itemtype='https:\/\/schema.org\/ImageObject'>\n\t\t\t\t\t\t\t<span itemprop='url'>https:\/\/www.ibes.ch\/wp-content\/uploads\/2021\/10\/IBES-Logo-CH.png<\/span>\n\t\t\t\t\t\t<\/span>\n\t\t\t\t<\/span><span class='av-structured-data'  itemprop=\"author\" itemscope=\"itemscope\" itemtype=\"https:\/\/schema.org\/Person\" ><span itemprop='name'>tgrether<\/span><\/span><span class='av-structured-data'  itemprop=\"datePublished\" datetime=\"2018-07-28T10:41:05+02:00\" >2020-04-04 10:23:21<\/span><span class='av-structured-data'  itemprop=\"dateModified\" itemtype=\"https:\/\/schema.org\/dateModified\" >2023-08-11 09:47:10<\/span><span class='av-structured-data'  itemprop=\"mainEntityOfPage\" itemtype=\"https:\/\/schema.org\/mainEntityOfPage\" ><span itemprop='name'>Corona: Immunsystem geschw\u00e4cht?<\/span><\/span><\/span><\/article><article class='slide-entry flex_column  post-entry post-entry-14287 slide-entry-overview slide-loop-17 slide-parity-even  av_one_third  real-thumbnail posttype-post post-format-standard'  itemscope=\"itemscope\" itemtype=\"https:\/\/schema.org\/CreativeWork\" ><a href='https:\/\/www.ibes.ch\/fr\/roesli-dient-mobilfunkfirmen\/' data-rel='slide-1' class='slide-image' title='R\u00f6\u00f6sli untersucht nur einzelne Strahlen'><img decoding=\"async\" fetchpriority=\"high\" width=\"495\" height=\"400\" src=\"https:\/\/www.ibes.ch\/wp-content\/uploads\/2019\/12\/martin_ro\u0308o\u0308sli-495x400.jpg\" class=\"wp-image-14292 avia-img-lazy-loading-not-14292 attachment-portfolio size-portfolio wp-post-image\" alt=\"Martin R\u00f6\u00f6sli h\u00e4lt ein Handy vor einem H\u00f6rsaal zum Thema Elektrosmog.\" \/><\/a><div class=\"slide-content\"><header class=\"entry-content-header\" aria-label=\"Slide: R\u00f6\u00f6sli untersucht nur einzelne Strahlen\"><h3 class='slide-entry-title entry-title '  itemprop=\"headline\" ><a href='https:\/\/www.ibes.ch\/fr\/roesli-dient-mobilfunkfirmen\/' title='R\u00f6\u00f6sli untersucht nur einzelne Strahlen'>R\u00f6\u00f6sli untersucht nur einzelne Strahlen<\/a><\/h3><span class=\"av-vertical-delimiter\"><\/span><\/header><div class=\"slide-meta\"><time class='slide-meta-time updated'  itemprop=\"datePublished\" datetime=\"2019-12-12T11:19:49+01:00\" >12. d\u00e9cembre 2019<\/time><\/div><div class='slide-entry-excerpt entry-content'  itemprop=\"text\" >\r\n     \r\n<div class=\"read-more-link\"><a href=\"https:\/\/www.ibes.ch\/fr\/roesli-dient-mobilfunkfirmen\/\" class=\"more-link\">Lire la suite<span class='more-link-arrow avia-svg-icon avia-font-svg_entypo-fontello' data-av_svg_icon='right-open-big' data-av_iconset='svg_entypo-fontello'><svg version=\"1.1\" xmlns=\"http:\/\/www.w3.org\/2000\/svg\" width=\"15\" height=\"32\" viewBox=\"0 0 15 32\" preserveAspectRatio=\"xMidYMid meet\" role=\"graphics-symbol\" aria-hidden=\"true\">\n<path d=\"M0.416 27.84l11.456-11.84-11.456-11.904q-0.832-0.832 0-1.536 0.832-0.832 1.536 0l12.544 12.608q0.768 0.832 0 1.6l-12.544 12.608q-0.704 0.832-1.536 0-0.832-0.704 0-1.536z\"><\/path>\n<\/svg><\/span><\/a><\/div><\/div><\/div><footer class=\"entry-footer\"><\/footer><span class='hidden'>\n\t\t\t\t<span class='av-structured-data' >\n\t\t\t\t\t\t<span itemprop='url'>https:\/\/www.ibes.ch\/wp-content\/uploads\/2019\/12\/martin_ro\u0308o\u0308sli.jpg<\/span>\n\t\t\t\t\t\t<span itemprop='height'>493<\/span>\n\t\t\t\t\t\t<span itemprop='width'>740<\/span>\n\t\t\t\t<\/span>\n\t\t\t\t<span class='av-structured-data'  itemprop=\"publisher\" itemtype=\"https:\/\/schema.org\/Organization\" itemscope=\"itemscope\" >\n\t\t\t\t\t\t<span itemprop='name'>tgrether<\/span>\n\t\t\t\t\t\t<span itemprop='logo' itemscope itemtype='https:\/\/schema.org\/ImageObject'>\n\t\t\t\t\t\t\t<span itemprop='url'>https:\/\/www.ibes.ch\/wp-content\/uploads\/2021\/10\/IBES-Logo-CH.png<\/span>\n\t\t\t\t\t\t<\/span>\n\t\t\t\t<\/span><span class='av-structured-data'  itemprop=\"author\" itemscope=\"itemscope\" itemtype=\"https:\/\/schema.org\/Person\" ><span itemprop='name'>tgrether<\/span><\/span><span class='av-structured-data'  itemprop=\"datePublished\" datetime=\"2018-07-28T10:41:05+02:00\" >2019-12-12 11:19:49<\/span><span class='av-structured-data'  itemprop=\"dateModified\" itemtype=\"https:\/\/schema.org\/dateModified\" >2023-08-11 09:49:14<\/span><span class='av-structured-data'  itemprop=\"mainEntityOfPage\" itemtype=\"https:\/\/schema.org\/mainEntityOfPage\" ><span itemprop='name'>R\u00f6\u00f6sli untersucht nur einzelne Strahlen<\/span><\/span><\/span><\/article><article class='slide-entry flex_column  post-entry post-entry-13970 slide-entry-overview slide-loop-18 slide-parity-odd  av_one_third  real-thumbnail posttype-post post-format-standard'  itemscope=\"itemscope\" itemtype=\"https:\/\/schema.org\/CreativeWork\" ><a href='https:\/\/www.ibes.ch\/fr\/babys-ohne-finger-und-haende\/' data-rel='slide-1' class='slide-image' title='Babys ohne Finger und H\u00e4nde'><img decoding=\"async\" fetchpriority=\"high\" width=\"495\" height=\"400\" src=\"https:\/\/www.ibes.ch\/wp-content\/uploads\/2019\/09\/missbildung_kinderhand-495x400.jpg\" class=\"wp-image-13975 avia-img-lazy-loading-not-13975 attachment-portfolio size-portfolio wp-post-image\" alt=\"Eine missgebildete Hand eines Babys (Stummel-Finger).\" \/><\/a><div class=\"slide-content\"><header class=\"entry-content-header\" aria-label=\"Slide: Babys ohne Finger und H\u00e4nde\"><h3 class='slide-entry-title entry-title '  itemprop=\"headline\" ><a href='https:\/\/www.ibes.ch\/fr\/babys-ohne-finger-und-haende\/' title='Babys ohne Finger und H\u00e4nde'>Babys ohne Finger und H\u00e4nde<\/a><\/h3><span class=\"av-vertical-delimiter\"><\/span><\/header><div class=\"slide-meta\"><time class='slide-meta-time updated'  itemprop=\"datePublished\" datetime=\"2019-09-16T09:46:29+02:00\" >16. septembre 2019<\/time><\/div><div class='slide-entry-excerpt entry-content'  itemprop=\"text\" >\r\n               \r\n<div class=\"read-more-link\"><a href=\"https:\/\/www.ibes.ch\/fr\/babys-ohne-finger-und-haende\/\" class=\"more-link\">Lire la suite<span class='more-link-arrow avia-svg-icon avia-font-svg_entypo-fontello' data-av_svg_icon='right-open-big' data-av_iconset='svg_entypo-fontello'><svg version=\"1.1\" xmlns=\"http:\/\/www.w3.org\/2000\/svg\" width=\"15\" height=\"32\" viewBox=\"0 0 15 32\" preserveAspectRatio=\"xMidYMid meet\" role=\"graphics-symbol\" aria-hidden=\"true\">\n<path d=\"M0.416 27.84l11.456-11.84-11.456-11.904q-0.832-0.832 0-1.536 0.832-0.832 1.536 0l12.544 12.608q0.768 0.832 0 1.6l-12.544 12.608q-0.704 0.832-1.536 0-0.832-0.704 0-1.536z\"><\/path>\n<\/svg><\/span><\/a><\/div><\/div><\/div><footer class=\"entry-footer\"><\/footer><span class='hidden'>\n\t\t\t\t<span class='av-structured-data' >\n\t\t\t\t\t\t<span itemprop='url'>https:\/\/www.ibes.ch\/wp-content\/uploads\/2019\/09\/missbildung_kinderhand.jpg<\/span>\n\t\t\t\t\t\t<span itemprop='height'>500<\/span>\n\t\t\t\t\t\t<span itemprop='width'>840<\/span>\n\t\t\t\t<\/span>\n\t\t\t\t<span class='av-structured-data'  itemprop=\"publisher\" itemtype=\"https:\/\/schema.org\/Organization\" itemscope=\"itemscope\" >\n\t\t\t\t\t\t<span itemprop='name'>tgrether<\/span>\n\t\t\t\t\t\t<span itemprop='logo' itemscope itemtype='https:\/\/schema.org\/ImageObject'>\n\t\t\t\t\t\t\t<span itemprop='url'>https:\/\/www.ibes.ch\/wp-content\/uploads\/2021\/10\/IBES-Logo-CH.png<\/span>\n\t\t\t\t\t\t<\/span>\n\t\t\t\t<\/span><span class='av-structured-data'  itemprop=\"author\" itemscope=\"itemscope\" itemtype=\"https:\/\/schema.org\/Person\" ><span itemprop='name'>tgrether<\/span><\/span><span class='av-structured-data'  itemprop=\"datePublished\" datetime=\"2018-07-28T10:41:05+02:00\" >2019-09-16 09:46:29<\/span><span class='av-structured-data'  itemprop=\"dateModified\" itemtype=\"https:\/\/schema.org\/dateModified\" >2023-08-11 09:54:01<\/span><span class='av-structured-data'  itemprop=\"mainEntityOfPage\" itemtype=\"https:\/\/schema.org\/mainEntityOfPage\" ><span itemprop='name'>Babys ohne Finger und H\u00e4nde<\/span><\/span><\/span><\/article><\/div><div class=\"slide-entry-wrap\"><article class='slide-entry flex_column  post-entry post-entry-13931 slide-entry-overview slide-loop-19 slide-parity-odd  av_one_third first real-thumbnail posttype-post post-format-standard'  itemscope=\"itemscope\" itemtype=\"https:\/\/schema.org\/CreativeWork\" ><a href='https:\/\/www.ibes.ch\/fr\/startups_5g\/' data-rel='slide-1' class='slide-image' title='Startups sezten auf 5G &#8211; trotz Kritik'><img decoding=\"async\" fetchpriority=\"high\" width=\"495\" height=\"400\" src=\"https:\/\/www.ibes.ch\/wp-content\/uploads\/2018\/08\/elektrosmog-arbeitsplatz2-495x400.jpg\" class=\"wp-image-11623 avia-img-lazy-loading-not-11623 attachment-portfolio size-portfolio wp-post-image\" alt=\"So vermeiden Sie Strahlung am Arbeitsplatz\" \/><\/a><div class=\"slide-content\"><header class=\"entry-content-header\" aria-label=\"Slide: Startups sezten auf 5G - trotz Kritik\"><h3 class='slide-entry-title entry-title '  itemprop=\"headline\" ><a href='https:\/\/www.ibes.ch\/fr\/startups_5g\/' title='Startups sezten auf 5G &#8211; trotz Kritik'>Startups sezten auf 5G &#8211; trotz Kritik<\/a><\/h3><span class=\"av-vertical-delimiter\"><\/span><\/header><div class=\"slide-meta\"><time class='slide-meta-time updated'  itemprop=\"datePublished\" datetime=\"2019-09-09T15:52:20+02:00\" >9. septembre 2019<\/time><\/div><div class='slide-entry-excerpt entry-content'  itemprop=\"text\" >\r\n    \r\n<div class=\"read-more-link\"><a href=\"https:\/\/www.ibes.ch\/fr\/startups_5g\/\" class=\"more-link\">Lire la suite<span class='more-link-arrow avia-svg-icon avia-font-svg_entypo-fontello' data-av_svg_icon='right-open-big' data-av_iconset='svg_entypo-fontello'><svg version=\"1.1\" xmlns=\"http:\/\/www.w3.org\/2000\/svg\" width=\"15\" height=\"32\" viewBox=\"0 0 15 32\" preserveAspectRatio=\"xMidYMid meet\" role=\"graphics-symbol\" aria-hidden=\"true\">\n<path d=\"M0.416 27.84l11.456-11.84-11.456-11.904q-0.832-0.832 0-1.536 0.832-0.832 1.536 0l12.544 12.608q0.768 0.832 0 1.6l-12.544 12.608q-0.704 0.832-1.536 0-0.832-0.704 0-1.536z\"><\/path>\n<\/svg><\/span><\/a><\/div><\/div><\/div><footer class=\"entry-footer\"><\/footer><span class='hidden'>\n\t\t\t\t<span class='av-structured-data' >\n\t\t\t\t\t\t<span itemprop='url'>https:\/\/www.ibes.ch\/wp-content\/uploads\/2018\/08\/elektrosmog-arbeitsplatz2.jpg<\/span>\n\t\t\t\t\t\t<span itemprop='height'>566<\/span>\n\t\t\t\t\t\t<span itemprop='width'>849<\/span>\n\t\t\t\t<\/span>\n\t\t\t\t<span class='av-structured-data'  itemprop=\"publisher\" itemtype=\"https:\/\/schema.org\/Organization\" itemscope=\"itemscope\" >\n\t\t\t\t\t\t<span itemprop='name'>tgrether<\/span>\n\t\t\t\t\t\t<span itemprop='logo' itemscope itemtype='https:\/\/schema.org\/ImageObject'>\n\t\t\t\t\t\t\t<span itemprop='url'>https:\/\/www.ibes.ch\/wp-content\/uploads\/2021\/10\/IBES-Logo-CH.png<\/span>\n\t\t\t\t\t\t<\/span>\n\t\t\t\t<\/span><span class='av-structured-data'  itemprop=\"author\" itemscope=\"itemscope\" itemtype=\"https:\/\/schema.org\/Person\" ><span itemprop='name'>tgrether<\/span><\/span><span class='av-structured-data'  itemprop=\"datePublished\" datetime=\"2018-07-28T10:41:05+02:00\" >2019-09-09 15:52:20<\/span><span class='av-structured-data'  itemprop=\"dateModified\" itemtype=\"https:\/\/schema.org\/dateModified\" >2021-10-15 14:49:45<\/span><span class='av-structured-data'  itemprop=\"mainEntityOfPage\" itemtype=\"https:\/\/schema.org\/mainEntityOfPage\" ><span itemprop='name'>Startups sezten auf 5G &#8211; trotz Kritik<\/span><\/span><\/span><\/article><article class='slide-entry flex_column  post-entry post-entry-12834 slide-entry-overview slide-loop-20 slide-parity-even  av_one_third  real-thumbnail posttype-post post-format-standard'  itemscope=\"itemscope\" itemtype=\"https:\/\/schema.org\/CreativeWork\" ><a href='https:\/\/www.ibes.ch\/fr\/bagatellverfahren\/' data-rel='slide-1' class='slide-image' title='Verarscht durch 5G-Bagatellverfahren?'><img decoding=\"async\" fetchpriority=\"high\" width=\"495\" height=\"394\" src=\"https:\/\/www.ibes.ch\/wp-content\/uploads\/2019\/06\/ambuergervorbei-495x394.jpg\" class=\"wp-image-12838 avia-img-lazy-loading-not-12838 attachment-portfolio size-portfolio wp-post-image\" alt=\"Das Hinterteil eines Elefanten.\" \/><\/a><div class=\"slide-content\"><header class=\"entry-content-header\" aria-label=\"Slide: Verarscht durch 5G-Bagatellverfahren?\"><h3 class='slide-entry-title entry-title '  itemprop=\"headline\" ><a href='https:\/\/www.ibes.ch\/fr\/bagatellverfahren\/' title='Verarscht durch 5G-Bagatellverfahren?'>Verarscht durch 5G-Bagatellverfahren?<\/a><\/h3><span class=\"av-vertical-delimiter\"><\/span><\/header><div class=\"slide-meta\"><time class='slide-meta-time updated'  itemprop=\"datePublished\" datetime=\"2019-06-11T16:53:55+02:00\" >11. juin 2019<\/time><\/div><div class='slide-entry-excerpt entry-content'  itemprop=\"text\" >\r\n\r\n\r\n\r\n\r\n\r\n\r\n\r\n\r\n\r\n\r\n\r\n\r\n\r\n\r\n\r\n\r\n\r\n<div class=\"read-more-link\"><a href=\"https:\/\/www.ibes.ch\/fr\/bagatellverfahren\/\" class=\"more-link\">Lire la suite<span class='more-link-arrow avia-svg-icon avia-font-svg_entypo-fontello' data-av_svg_icon='right-open-big' data-av_iconset='svg_entypo-fontello'><svg version=\"1.1\" xmlns=\"http:\/\/www.w3.org\/2000\/svg\" width=\"15\" height=\"32\" viewBox=\"0 0 15 32\" preserveAspectRatio=\"xMidYMid meet\" role=\"graphics-symbol\" aria-hidden=\"true\">\n<path d=\"M0.416 27.84l11.456-11.84-11.456-11.904q-0.832-0.832 0-1.536 0.832-0.832 1.536 0l12.544 12.608q0.768 0.832 0 1.6l-12.544 12.608q-0.704 0.832-1.536 0-0.832-0.704 0-1.536z\"><\/path>\n<\/svg><\/span><\/a><\/div><\/div><\/div><footer class=\"entry-footer\"><\/footer><span class='hidden'>\n\t\t\t\t<span class='av-structured-data' >\n\t\t\t\t\t\t<span itemprop='url'>https:\/\/www.ibes.ch\/wp-content\/uploads\/2019\/06\/ambuergervorbei.jpg<\/span>\n\t\t\t\t\t\t<span itemprop='height'>394<\/span>\n\t\t\t\t\t\t<span itemprop='width'>591<\/span>\n\t\t\t\t<\/span>\n\t\t\t\t<span class='av-structured-data'  itemprop=\"publisher\" itemtype=\"https:\/\/schema.org\/Organization\" itemscope=\"itemscope\" >\n\t\t\t\t\t\t<span itemprop='name'>tgrether<\/span>\n\t\t\t\t\t\t<span itemprop='logo' itemscope itemtype='https:\/\/schema.org\/ImageObject'>\n\t\t\t\t\t\t\t<span itemprop='url'>https:\/\/www.ibes.ch\/wp-content\/uploads\/2021\/10\/IBES-Logo-CH.png<\/span>\n\t\t\t\t\t\t<\/span>\n\t\t\t\t<\/span><span class='av-structured-data'  itemprop=\"author\" itemscope=\"itemscope\" itemtype=\"https:\/\/schema.org\/Person\" ><span itemprop='name'>tgrether<\/span><\/span><span class='av-structured-data'  itemprop=\"datePublished\" datetime=\"2018-07-28T10:41:05+02:00\" >2019-06-11 16:53:55<\/span><span class='av-structured-data'  itemprop=\"dateModified\" itemtype=\"https:\/\/schema.org\/dateModified\" >2023-08-11 09:55:01<\/span><span class='av-structured-data'  itemprop=\"mainEntityOfPage\" itemtype=\"https:\/\/schema.org\/mainEntityOfPage\" ><span itemprop='name'>Verarscht durch 5G-Bagatellverfahren?<\/span><\/span><\/span><\/article><article class='slide-entry flex_column  post-entry post-entry-12724 slide-entry-overview slide-loop-21 slide-parity-odd  av_one_third  real-thumbnail posttype-post post-format-standard'  itemscope=\"itemscope\" itemtype=\"https:\/\/schema.org\/CreativeWork\" ><a href='https:\/\/www.ibes.ch\/fr\/aerger-wegen-mobilfunkantennen-in-kirchtuermen\/' data-rel='slide-1' class='slide-image' title='\u00c4rger wegen Mobilfunkantennen in Kircht\u00fcrmen'><img decoding=\"async\" fetchpriority=\"high\" width=\"495\" height=\"400\" src=\"https:\/\/www.ibes.ch\/wp-content\/uploads\/2019\/05\/alpnacher-Kirche-2-495x400.jpg\" class=\"wp-image-13998 avia-img-lazy-loading-not-13998 attachment-portfolio size-portfolio wp-post-image\" alt=\"Die Alpnacher Kirche mit gr\u00fcner Wiese im Vordergrund.\" \/><\/a><div class=\"slide-content\"><header class=\"entry-content-header\" aria-label=\"Slide: \u00c4rger wegen Mobilfunkantennen in Kircht\u00fcrmen\"><h3 class='slide-entry-title entry-title '  itemprop=\"headline\" ><a href='https:\/\/www.ibes.ch\/fr\/aerger-wegen-mobilfunkantennen-in-kirchtuermen\/' title='\u00c4rger wegen Mobilfunkantennen in Kircht\u00fcrmen'>\u00c4rger wegen Mobilfunkantennen in Kircht\u00fcrmen<\/a><\/h3><span class=\"av-vertical-delimiter\"><\/span><\/header><div class=\"slide-meta\"><time class='slide-meta-time updated'  itemprop=\"datePublished\" datetime=\"2019-05-28T10:13:54+02:00\" >28. mai 2019<\/time><\/div><div class='slide-entry-excerpt entry-content'  itemprop=\"text\" >\r\n\r\n\r\n\r\n\r\n\r\n\r\n\r\n<div class=\"read-more-link\"><a href=\"https:\/\/www.ibes.ch\/fr\/aerger-wegen-mobilfunkantennen-in-kirchtuermen\/\" class=\"more-link\">Lire la suite<span class='more-link-arrow avia-svg-icon avia-font-svg_entypo-fontello' data-av_svg_icon='right-open-big' data-av_iconset='svg_entypo-fontello'><svg version=\"1.1\" xmlns=\"http:\/\/www.w3.org\/2000\/svg\" width=\"15\" height=\"32\" viewBox=\"0 0 15 32\" preserveAspectRatio=\"xMidYMid meet\" role=\"graphics-symbol\" aria-hidden=\"true\">\n<path d=\"M0.416 27.84l11.456-11.84-11.456-11.904q-0.832-0.832 0-1.536 0.832-0.832 1.536 0l12.544 12.608q0.768 0.832 0 1.6l-12.544 12.608q-0.704 0.832-1.536 0-0.832-0.704 0-1.536z\"><\/path>\n<\/svg><\/span><\/a><\/div><\/div><\/div><footer class=\"entry-footer\"><\/footer><span class='hidden'>\n\t\t\t\t<span class='av-structured-data' >\n\t\t\t\t\t\t<span itemprop='url'>https:\/\/www.ibes.ch\/wp-content\/uploads\/2019\/05\/alpnacher-Kirche-2.jpg<\/span>\n\t\t\t\t\t\t<span itemprop='height'>560<\/span>\n\t\t\t\t\t\t<span itemprop='width'>840<\/span>\n\t\t\t\t<\/span>\n\t\t\t\t<span class='av-structured-data'  itemprop=\"publisher\" itemtype=\"https:\/\/schema.org\/Organization\" itemscope=\"itemscope\" >\n\t\t\t\t\t\t<span itemprop='name'>tgrether<\/span>\n\t\t\t\t\t\t<span itemprop='logo' itemscope itemtype='https:\/\/schema.org\/ImageObject'>\n\t\t\t\t\t\t\t<span itemprop='url'>https:\/\/www.ibes.ch\/wp-content\/uploads\/2021\/10\/IBES-Logo-CH.png<\/span>\n\t\t\t\t\t\t<\/span>\n\t\t\t\t<\/span><span class='av-structured-data'  itemprop=\"author\" itemscope=\"itemscope\" itemtype=\"https:\/\/schema.org\/Person\" ><span itemprop='name'>tgrether<\/span><\/span><span class='av-structured-data'  itemprop=\"datePublished\" datetime=\"2018-07-28T10:41:05+02:00\" >2019-05-28 10:13:54<\/span><span class='av-structured-data'  itemprop=\"dateModified\" itemtype=\"https:\/\/schema.org\/dateModified\" >2023-08-11 09:58:47<\/span><span class='av-structured-data'  itemprop=\"mainEntityOfPage\" itemtype=\"https:\/\/schema.org\/mainEntityOfPage\" ><span itemprop='name'>\u00c4rger wegen Mobilfunkantennen in Kircht\u00fcrmen<\/span><\/span><\/span><\/article><\/div><div class=\"slide-entry-wrap\"><article class='slide-entry flex_column  post-entry post-entry-12301 slide-entry-overview slide-loop-22 slide-parity-odd  av_one_third first real-thumbnail posttype-post post-format-standard'  itemscope=\"itemscope\" itemtype=\"https:\/\/schema.org\/CreativeWork\" ><a href='https:\/\/www.ibes.ch\/fr\/geld-fuer-5g-antennenstandorte\/' data-rel='slide-1' class='slide-image' title='Geld f\u00fcr neue 5G Antennenstandorte'><img decoding=\"async\" fetchpriority=\"high\" width=\"495\" height=\"400\" src=\"https:\/\/www.ibes.ch\/wp-content\/uploads\/2019\/03\/5g-antenne-495x400.jpg\" class=\"wp-image-12302 avia-img-lazy-loading-not-12302 attachment-portfolio size-portfolio wp-post-image\" alt=\"Messtechniker arbeiten auf einem 5G-Mobilfunkmast.\" \/><\/a><div class=\"slide-content\"><header class=\"entry-content-header\" aria-label=\"Slide: Geld f\u00fcr neue 5G Antennenstandorte\"><h3 class='slide-entry-title entry-title '  itemprop=\"headline\" ><a href='https:\/\/www.ibes.ch\/fr\/geld-fuer-5g-antennenstandorte\/' title='Geld f\u00fcr neue 5G Antennenstandorte'>Geld f\u00fcr neue 5G Antennenstandorte<\/a><\/h3><span class=\"av-vertical-delimiter\"><\/span><\/header><div class=\"slide-meta\"><time class='slide-meta-time updated'  itemprop=\"datePublished\" datetime=\"2019-03-28T09:10:54+01:00\" >28. mars 2019<\/time><\/div><div class='slide-entry-excerpt entry-content'  itemprop=\"text\" >\r\n\r\n\r\n\r\n\r\n\r\n\r\n\r\n\r\n\r\n\r\n\r\n<div class=\"read-more-link\"><a href=\"https:\/\/www.ibes.ch\/fr\/geld-fuer-5g-antennenstandorte\/\" class=\"more-link\">Lire la suite<span class='more-link-arrow avia-svg-icon avia-font-svg_entypo-fontello' data-av_svg_icon='right-open-big' data-av_iconset='svg_entypo-fontello'><svg version=\"1.1\" xmlns=\"http:\/\/www.w3.org\/2000\/svg\" width=\"15\" height=\"32\" viewBox=\"0 0 15 32\" preserveAspectRatio=\"xMidYMid meet\" role=\"graphics-symbol\" aria-hidden=\"true\">\n<path d=\"M0.416 27.84l11.456-11.84-11.456-11.904q-0.832-0.832 0-1.536 0.832-0.832 1.536 0l12.544 12.608q0.768 0.832 0 1.6l-12.544 12.608q-0.704 0.832-1.536 0-0.832-0.704 0-1.536z\"><\/path>\n<\/svg><\/span><\/a><\/div><\/div><\/div><footer class=\"entry-footer\"><\/footer><span class='hidden'>\n\t\t\t\t<span class='av-structured-data' >\n\t\t\t\t\t\t<span itemprop='url'>https:\/\/www.ibes.ch\/wp-content\/uploads\/2019\/03\/5g-antenne.jpg<\/span>\n\t\t\t\t\t\t<span itemprop='height'>409<\/span>\n\t\t\t\t\t\t<span itemprop='width'>612<\/span>\n\t\t\t\t<\/span>\n\t\t\t\t<span class='av-structured-data'  itemprop=\"publisher\" itemtype=\"https:\/\/schema.org\/Organization\" itemscope=\"itemscope\" >\n\t\t\t\t\t\t<span itemprop='name'>tgrether<\/span>\n\t\t\t\t\t\t<span itemprop='logo' itemscope itemtype='https:\/\/schema.org\/ImageObject'>\n\t\t\t\t\t\t\t<span itemprop='url'>https:\/\/www.ibes.ch\/wp-content\/uploads\/2021\/10\/IBES-Logo-CH.png<\/span>\n\t\t\t\t\t\t<\/span>\n\t\t\t\t<\/span><span class='av-structured-data'  itemprop=\"author\" itemscope=\"itemscope\" itemtype=\"https:\/\/schema.org\/Person\" ><span itemprop='name'>tgrether<\/span><\/span><span class='av-structured-data'  itemprop=\"datePublished\" datetime=\"2018-07-28T10:41:05+02:00\" >2019-03-28 09:10:54<\/span><span class='av-structured-data'  itemprop=\"dateModified\" itemtype=\"https:\/\/schema.org\/dateModified\" >2021-10-15 14:50:18<\/span><span class='av-structured-data'  itemprop=\"mainEntityOfPage\" itemtype=\"https:\/\/schema.org\/mainEntityOfPage\" ><span itemprop='name'>Geld f\u00fcr neue 5G Antennenstandorte<\/span><\/span><\/span><\/article><article class='slide-entry flex_column  post-entry post-entry-12156 slide-entry-overview slide-loop-23 slide-parity-even  av_one_third  real-thumbnail posttype-post post-format-standard'  itemscope=\"itemscope\" itemtype=\"https:\/\/schema.org\/CreativeWork\" ><a href='https:\/\/www.ibes.ch\/fr\/5g-antennenstandorte-anwohner-wehren-sich\/' data-rel='slide-1' class='slide-image' title='5G Antennenstandorte: Anwohner wehren sich'><img decoding=\"async\" fetchpriority=\"high\" width=\"495\" height=\"400\" src=\"https:\/\/www.ibes.ch\/wp-content\/uploads\/2019\/02\/5G-gefahr-gesundheit-495x400.jpg\" class=\"wp-image-11699 avia-img-lazy-loading-not-11699 attachment-portfolio size-portfolio wp-post-image\" alt=\"Zwei 5G-Antennen symbolisieren Gefahr f\u00fcr die Gesundheit\" \/><\/a><div class=\"slide-content\"><header class=\"entry-content-header\" aria-label=\"Slide: 5G Antennenstandorte: Anwohner wehren sich\"><h3 class='slide-entry-title entry-title '  itemprop=\"headline\" ><a href='https:\/\/www.ibes.ch\/fr\/5g-antennenstandorte-anwohner-wehren-sich\/' title='5G Antennenstandorte: Anwohner wehren sich'>5G Antennenstandorte: Anwohner wehren sich<\/a><\/h3><span class=\"av-vertical-delimiter\"><\/span><\/header><div class=\"slide-meta\"><time class='slide-meta-time updated'  itemprop=\"datePublished\" datetime=\"2019-03-16T08:52:48+01:00\" >16. mars 2019<\/time><\/div><div class='slide-entry-excerpt entry-content'  itemprop=\"text\" >\r\n\r\n\r\n\r\n\r\n\r\n\r\n\r\n\r\n\r\n\r\n\r\n<div class=\"read-more-link\"><a href=\"https:\/\/www.ibes.ch\/fr\/5g-antennenstandorte-anwohner-wehren-sich\/\" class=\"more-link\">Lire la suite<span class='more-link-arrow avia-svg-icon avia-font-svg_entypo-fontello' data-av_svg_icon='right-open-big' data-av_iconset='svg_entypo-fontello'><svg version=\"1.1\" xmlns=\"http:\/\/www.w3.org\/2000\/svg\" width=\"15\" height=\"32\" viewBox=\"0 0 15 32\" preserveAspectRatio=\"xMidYMid meet\" role=\"graphics-symbol\" aria-hidden=\"true\">\n<path d=\"M0.416 27.84l11.456-11.84-11.456-11.904q-0.832-0.832 0-1.536 0.832-0.832 1.536 0l12.544 12.608q0.768 0.832 0 1.6l-12.544 12.608q-0.704 0.832-1.536 0-0.832-0.704 0-1.536z\"><\/path>\n<\/svg><\/span><\/a><\/div><\/div><\/div><footer class=\"entry-footer\"><\/footer><span class='hidden'>\n\t\t\t\t<span class='av-structured-data' >\n\t\t\t\t\t\t<span itemprop='url'>https:\/\/www.ibes.ch\/wp-content\/uploads\/2019\/02\/5G-gefahr-gesundheit.jpg<\/span>\n\t\t\t\t\t\t<span itemprop='height'>560<\/span>\n\t\t\t\t\t\t<span itemprop='width'>840<\/span>\n\t\t\t\t<\/span>\n\t\t\t\t<span class='av-structured-data'  itemprop=\"publisher\" itemtype=\"https:\/\/schema.org\/Organization\" itemscope=\"itemscope\" >\n\t\t\t\t\t\t<span itemprop='name'>tgrether<\/span>\n\t\t\t\t\t\t<span itemprop='logo' itemscope itemtype='https:\/\/schema.org\/ImageObject'>\n\t\t\t\t\t\t\t<span itemprop='url'>https:\/\/www.ibes.ch\/wp-content\/uploads\/2021\/10\/IBES-Logo-CH.png<\/span>\n\t\t\t\t\t\t<\/span>\n\t\t\t\t<\/span><span class='av-structured-data'  itemprop=\"author\" itemscope=\"itemscope\" itemtype=\"https:\/\/schema.org\/Person\" ><span itemprop='name'>tgrether<\/span><\/span><span class='av-structured-data'  itemprop=\"datePublished\" datetime=\"2018-07-28T10:41:05+02:00\" >2019-03-16 08:52:48<\/span><span class='av-structured-data'  itemprop=\"dateModified\" itemtype=\"https:\/\/schema.org\/dateModified\" >2023-08-11 10:01:48<\/span><span class='av-structured-data'  itemprop=\"mainEntityOfPage\" itemtype=\"https:\/\/schema.org\/mainEntityOfPage\" ><span itemprop='name'>5G Antennenstandorte: Anwohner wehren sich<\/span><\/span><\/span><\/article><article class='slide-entry flex_column  post-entry post-entry-11967 slide-entry-overview slide-loop-24 slide-parity-odd  av_one_third  real-thumbnail posttype-post post-format-standard'  itemscope=\"itemscope\" itemtype=\"https:\/\/schema.org\/CreativeWork\" ><a href='https:\/\/www.ibes.ch\/fr\/11958\/' data-rel='slide-1' class='slide-image' title='Handystrahlung: Die Rangliste'><img decoding=\"async\" fetchpriority=\"high\" width=\"495\" height=\"400\" src=\"https:\/\/www.ibes.ch\/wp-content\/uploads\/2019\/02\/handys_strahlung-495x400.jpg\" class=\"wp-image-11965 avia-img-lazy-loading-not-11965 attachment-portfolio size-portfolio wp-post-image\" alt=\"Grafik mit drei nummerierten Smartphones\" \/><\/a><div class=\"slide-content\"><header class=\"entry-content-header\" aria-label=\"Slide: Handystrahlung: Die Rangliste\"><h3 class='slide-entry-title entry-title '  itemprop=\"headline\" ><a href='https:\/\/www.ibes.ch\/fr\/11958\/' title='Handystrahlung: Die Rangliste'>Handystrahlung: Die Rangliste<\/a><\/h3><span class=\"av-vertical-delimiter\"><\/span><\/header><div class=\"slide-meta\"><time class='slide-meta-time updated'  itemprop=\"datePublished\" datetime=\"2019-02-17T17:30:22+01:00\" >17. f\u00e9vrier 2019<\/time><\/div><div class='slide-entry-excerpt entry-content'  itemprop=\"text\" >\r\n\r\n\r\n\r\n\r\n\r\n\r\n\r\n<div class=\"read-more-link\"><a href=\"https:\/\/www.ibes.ch\/fr\/11958\/\" class=\"more-link\">Lire la suite<span class='more-link-arrow avia-svg-icon avia-font-svg_entypo-fontello' data-av_svg_icon='right-open-big' data-av_iconset='svg_entypo-fontello'><svg version=\"1.1\" xmlns=\"http:\/\/www.w3.org\/2000\/svg\" width=\"15\" height=\"32\" viewBox=\"0 0 15 32\" preserveAspectRatio=\"xMidYMid meet\" role=\"graphics-symbol\" aria-hidden=\"true\">\n<path d=\"M0.416 27.84l11.456-11.84-11.456-11.904q-0.832-0.832 0-1.536 0.832-0.832 1.536 0l12.544 12.608q0.768 0.832 0 1.6l-12.544 12.608q-0.704 0.832-1.536 0-0.832-0.704 0-1.536z\"><\/path>\n<\/svg><\/span><\/a><\/div><\/div><\/div><footer class=\"entry-footer\"><\/footer><span class='hidden'>\n\t\t\t\t<span class='av-structured-data' >\n\t\t\t\t\t\t<span itemprop='url'>https:\/\/www.ibes.ch\/wp-content\/uploads\/2019\/02\/handys_strahlung.jpg<\/span>\n\t\t\t\t\t\t<span itemprop='height'>507<\/span>\n\t\t\t\t\t\t<span itemprop='width'>840<\/span>\n\t\t\t\t<\/span>\n\t\t\t\t<span class='av-structured-data'  itemprop=\"publisher\" itemtype=\"https:\/\/schema.org\/Organization\" itemscope=\"itemscope\" >\n\t\t\t\t\t\t<span itemprop='name'>tgrether<\/span>\n\t\t\t\t\t\t<span itemprop='logo' itemscope itemtype='https:\/\/schema.org\/ImageObject'>\n\t\t\t\t\t\t\t<span itemprop='url'>https:\/\/www.ibes.ch\/wp-content\/uploads\/2021\/10\/IBES-Logo-CH.png<\/span>\n\t\t\t\t\t\t<\/span>\n\t\t\t\t<\/span><span class='av-structured-data'  itemprop=\"author\" itemscope=\"itemscope\" itemtype=\"https:\/\/schema.org\/Person\" ><span itemprop='name'>tgrether<\/span><\/span><span class='av-structured-data'  itemprop=\"datePublished\" datetime=\"2018-07-28T10:41:05+02:00\" >2019-02-17 17:30:22<\/span><span class='av-structured-data'  itemprop=\"dateModified\" itemtype=\"https:\/\/schema.org\/dateModified\" >2023-08-11 10:02:36<\/span><span class='av-structured-data'  itemprop=\"mainEntityOfPage\" itemtype=\"https:\/\/schema.org\/mainEntityOfPage\" ><span itemprop='name'>Handystrahlung: Die Rangliste<\/span><\/span><\/span><\/article><\/div><div class=\"slide-entry-wrap\"><article class='slide-entry flex_column  post-entry post-entry-10283 slide-entry-overview slide-loop-25 slide-parity-odd  av_one_third first real-thumbnail posttype-post post-format-standard'  itemscope=\"itemscope\" itemtype=\"https:\/\/schema.org\/CreativeWork\" ><a href='https:\/\/www.ibes.ch\/fr\/handy-das-gedaechtnis-von-jugendlichen-leidet\/' data-rel='slide-1' class='slide-image' title='Handy: Das Ged\u00e4chtnis von Jugendlichen leidet'><img decoding=\"async\" fetchpriority=\"high\" width=\"495\" height=\"400\" src=\"https:\/\/www.ibes.ch\/wp-content\/uploads\/2018\/12\/jugendlicher_natel_ohr-495x400.jpg\" class=\"wp-image-10278 avia-img-lazy-loading-not-10278 attachment-portfolio size-portfolio wp-post-image\" alt=\"Jugendlicher h\u00e4lt das Handy ans Ohr\" \/><\/a><div class=\"slide-content\"><header class=\"entry-content-header\" aria-label=\"Slide: Handy: Das Ged\u00e4chtnis von Jugendlichen leidet\"><h3 class='slide-entry-title entry-title '  itemprop=\"headline\" ><a href='https:\/\/www.ibes.ch\/fr\/handy-das-gedaechtnis-von-jugendlichen-leidet\/' title='Handy: Das Ged\u00e4chtnis von Jugendlichen leidet'>Handy: Das Ged\u00e4chtnis von Jugendlichen leidet<\/a><\/h3><span class=\"av-vertical-delimiter\"><\/span><\/header><div class=\"slide-meta\"><time class='slide-meta-time updated'  itemprop=\"datePublished\" datetime=\"2018-12-30T16:43:59+01:00\" >30. d\u00e9cembre 2018<\/time><\/div><div class='slide-entry-excerpt entry-content'  itemprop=\"text\" >\r\n\r\n\r\n\r\n\r\n\r\n\r\n\r\n\r\n\r\n<div class=\"read-more-link\"><a href=\"https:\/\/www.ibes.ch\/fr\/handy-das-gedaechtnis-von-jugendlichen-leidet\/\" class=\"more-link\">Lire la suite<span class='more-link-arrow avia-svg-icon avia-font-svg_entypo-fontello' data-av_svg_icon='right-open-big' data-av_iconset='svg_entypo-fontello'><svg version=\"1.1\" xmlns=\"http:\/\/www.w3.org\/2000\/svg\" width=\"15\" height=\"32\" viewBox=\"0 0 15 32\" preserveAspectRatio=\"xMidYMid meet\" role=\"graphics-symbol\" aria-hidden=\"true\">\n<path d=\"M0.416 27.84l11.456-11.84-11.456-11.904q-0.832-0.832 0-1.536 0.832-0.832 1.536 0l12.544 12.608q0.768 0.832 0 1.6l-12.544 12.608q-0.704 0.832-1.536 0-0.832-0.704 0-1.536z\"><\/path>\n<\/svg><\/span><\/a><\/div><\/div><\/div><footer class=\"entry-footer\"><\/footer><span class='hidden'>\n\t\t\t\t<span class='av-structured-data' >\n\t\t\t\t\t\t<span itemprop='url'>https:\/\/www.ibes.ch\/wp-content\/uploads\/2018\/12\/jugendlicher_natel_ohr.jpg<\/span>\n\t\t\t\t\t\t<span itemprop='height'>560<\/span>\n\t\t\t\t\t\t<span itemprop='width'>840<\/span>\n\t\t\t\t<\/span>\n\t\t\t\t<span class='av-structured-data'  itemprop=\"publisher\" itemtype=\"https:\/\/schema.org\/Organization\" itemscope=\"itemscope\" >\n\t\t\t\t\t\t<span itemprop='name'>tgrether<\/span>\n\t\t\t\t\t\t<span itemprop='logo' itemscope itemtype='https:\/\/schema.org\/ImageObject'>\n\t\t\t\t\t\t\t<span itemprop='url'>https:\/\/www.ibes.ch\/wp-content\/uploads\/2021\/10\/IBES-Logo-CH.png<\/span>\n\t\t\t\t\t\t<\/span>\n\t\t\t\t<\/span><span class='av-structured-data'  itemprop=\"author\" itemscope=\"itemscope\" itemtype=\"https:\/\/schema.org\/Person\" ><span itemprop='name'>tgrether<\/span><\/span><span class='av-structured-data'  itemprop=\"datePublished\" datetime=\"2018-07-28T10:41:05+02:00\" >2018-12-30 16:43:59<\/span><span class='av-structured-data'  itemprop=\"dateModified\" itemtype=\"https:\/\/schema.org\/dateModified\" >2023-08-11 10:04:15<\/span><span class='av-structured-data'  itemprop=\"mainEntityOfPage\" itemtype=\"https:\/\/schema.org\/mainEntityOfPage\" ><span itemprop='name'>Handy: Das Ged\u00e4chtnis von Jugendlichen leidet<\/span><\/span><\/span><\/article><article class='slide-entry flex_column  post-entry post-entry-10257 slide-entry-overview slide-loop-26 slide-parity-even  av_one_third  real-thumbnail posttype-post post-format-standard'  itemscope=\"itemscope\" itemtype=\"https:\/\/schema.org\/CreativeWork\" ><a href='https:\/\/www.ibes.ch\/fr\/handystrahlung-studie-zu-krebs\/' data-rel='slide-1' class='slide-image' title='Handystrahlung: Studie zu Krebs'><img decoding=\"async\" fetchpriority=\"high\" width=\"495\" height=\"400\" src=\"https:\/\/www.ibes.ch\/wp-content\/uploads\/2018\/12\/handy_am_ohr-495x400.jpg\" class=\"wp-image-10243 avia-img-lazy-loading-not-10243 attachment-portfolio size-portfolio wp-post-image\" alt=\"Sichtbare Handystrahlung am Ohr einer Frau\" \/><\/a><div class=\"slide-content\"><header class=\"entry-content-header\" aria-label=\"Slide: Handystrahlung: Studie zu Krebs\"><h3 class='slide-entry-title entry-title '  itemprop=\"headline\" ><a href='https:\/\/www.ibes.ch\/fr\/handystrahlung-studie-zu-krebs\/' title='Handystrahlung: Studie zu Krebs'>Handystrahlung: Studie zu Krebs<\/a><\/h3><span class=\"av-vertical-delimiter\"><\/span><\/header><div class=\"slide-meta\"><time class='slide-meta-time updated'  itemprop=\"datePublished\" datetime=\"2018-12-30T14:28:14+01:00\" >30. d\u00e9cembre 2018<\/time><\/div><div class='slide-entry-excerpt entry-content'  itemprop=\"text\" >\r\n\r\n\r\n\r\n\r\n\r\n\r\n\r\n\r\n\r\n<div class=\"read-more-link\"><a href=\"https:\/\/www.ibes.ch\/fr\/handystrahlung-studie-zu-krebs\/\" class=\"more-link\">Lire la suite<span class='more-link-arrow avia-svg-icon avia-font-svg_entypo-fontello' data-av_svg_icon='right-open-big' data-av_iconset='svg_entypo-fontello'><svg version=\"1.1\" xmlns=\"http:\/\/www.w3.org\/2000\/svg\" width=\"15\" height=\"32\" viewBox=\"0 0 15 32\" preserveAspectRatio=\"xMidYMid meet\" role=\"graphics-symbol\" aria-hidden=\"true\">\n<path d=\"M0.416 27.84l11.456-11.84-11.456-11.904q-0.832-0.832 0-1.536 0.832-0.832 1.536 0l12.544 12.608q0.768 0.832 0 1.6l-12.544 12.608q-0.704 0.832-1.536 0-0.832-0.704 0-1.536z\"><\/path>\n<\/svg><\/span><\/a><\/div><\/div><\/div><footer class=\"entry-footer\"><\/footer><span class='hidden'>\n\t\t\t\t<span class='av-structured-data' >\n\t\t\t\t\t\t<span itemprop='url'>https:\/\/www.ibes.ch\/wp-content\/uploads\/2018\/12\/handy_am_ohr.jpg<\/span>\n\t\t\t\t\t\t<span itemprop='height'>560<\/span>\n\t\t\t\t\t\t<span itemprop='width'>840<\/span>\n\t\t\t\t<\/span>\n\t\t\t\t<span class='av-structured-data'  itemprop=\"publisher\" itemtype=\"https:\/\/schema.org\/Organization\" itemscope=\"itemscope\" >\n\t\t\t\t\t\t<span itemprop='name'>tgrether<\/span>\n\t\t\t\t\t\t<span itemprop='logo' itemscope itemtype='https:\/\/schema.org\/ImageObject'>\n\t\t\t\t\t\t\t<span itemprop='url'>https:\/\/www.ibes.ch\/wp-content\/uploads\/2021\/10\/IBES-Logo-CH.png<\/span>\n\t\t\t\t\t\t<\/span>\n\t\t\t\t<\/span><span class='av-structured-data'  itemprop=\"author\" itemscope=\"itemscope\" itemtype=\"https:\/\/schema.org\/Person\" ><span itemprop='name'>tgrether<\/span><\/span><span class='av-structured-data'  itemprop=\"datePublished\" datetime=\"2018-07-28T10:41:05+02:00\" >2018-12-30 14:28:14<\/span><span class='av-structured-data'  itemprop=\"dateModified\" itemtype=\"https:\/\/schema.org\/dateModified\" >2023-08-11 10:05:12<\/span><span class='av-structured-data'  itemprop=\"mainEntityOfPage\" itemtype=\"https:\/\/schema.org\/mainEntityOfPage\" ><span itemprop='name'>Handystrahlung: Studie zu Krebs<\/span><\/span><\/span><\/article><article class='slide-entry flex_column  post-entry post-entry-8434 slide-entry-overview slide-loop-27 slide-parity-odd  av_one_third  real-thumbnail posttype-post post-format-standard'  itemscope=\"itemscope\" itemtype=\"https:\/\/schema.org\/CreativeWork\" ><a href='https:\/\/www.ibes.ch\/fr\/babyphones-achtung-elektrosmog\/' data-rel='slide-1' class='slide-image' title='Babyphones: Achtung Elektrosmog'><img decoding=\"async\" fetchpriority=\"high\" width=\"495\" height=\"400\" src=\"https:\/\/www.ibes.ch\/wp-content\/uploads\/2018\/09\/babyphone-495x400.jpg\" class=\"wp-image-8435 avia-img-lazy-loading-not-8435 attachment-portfolio size-portfolio wp-post-image\" alt=\"Babyphone mit Monitor verbreitet Elektrosmog\" \/><\/a><div class=\"slide-content\"><header class=\"entry-content-header\" aria-label=\"Slide: Babyphones: Achtung Elektrosmog\"><h3 class='slide-entry-title entry-title '  itemprop=\"headline\" ><a href='https:\/\/www.ibes.ch\/fr\/babyphones-achtung-elektrosmog\/' title='Babyphones: Achtung Elektrosmog'>Babyphones: Achtung Elektrosmog<\/a><\/h3><span class=\"av-vertical-delimiter\"><\/span><\/header><div class=\"slide-meta\"><time class='slide-meta-time updated'  itemprop=\"datePublished\" datetime=\"2018-09-22T10:42:08+02:00\" >22. septembre 2018<\/time><\/div><div class='slide-entry-excerpt entry-content'  itemprop=\"text\" >\r\n\r\n\r\n\r\n\r\n\r\n\r\n\r\n\r\n\r\n\r\n\r\n\r\n\r\n\r\n\r\n<div class=\"read-more-link\"><a href=\"https:\/\/www.ibes.ch\/fr\/babyphones-achtung-elektrosmog\/\" class=\"more-link\">Lire la suite<span class='more-link-arrow avia-svg-icon avia-font-svg_entypo-fontello' data-av_svg_icon='right-open-big' data-av_iconset='svg_entypo-fontello'><svg version=\"1.1\" xmlns=\"http:\/\/www.w3.org\/2000\/svg\" width=\"15\" height=\"32\" viewBox=\"0 0 15 32\" preserveAspectRatio=\"xMidYMid meet\" role=\"graphics-symbol\" aria-hidden=\"true\">\n<path d=\"M0.416 27.84l11.456-11.84-11.456-11.904q-0.832-0.832 0-1.536 0.832-0.832 1.536 0l12.544 12.608q0.768 0.832 0 1.6l-12.544 12.608q-0.704 0.832-1.536 0-0.832-0.704 0-1.536z\"><\/path>\n<\/svg><\/span><\/a><\/div><\/div><\/div><footer class=\"entry-footer\"><\/footer><span class='hidden'>\n\t\t\t\t<span class='av-structured-data' >\n\t\t\t\t\t\t<span itemprop='url'>https:\/\/www.ibes.ch\/wp-content\/uploads\/2018\/09\/babyphone.jpg<\/span>\n\t\t\t\t\t\t<span itemprop='height'>566<\/span>\n\t\t\t\t\t\t<span itemprop='width'>848<\/span>\n\t\t\t\t<\/span>\n\t\t\t\t<span class='av-structured-data'  itemprop=\"publisher\" itemtype=\"https:\/\/schema.org\/Organization\" itemscope=\"itemscope\" >\n\t\t\t\t\t\t<span itemprop='name'>tgrether<\/span>\n\t\t\t\t\t\t<span itemprop='logo' itemscope itemtype='https:\/\/schema.org\/ImageObject'>\n\t\t\t\t\t\t\t<span itemprop='url'>https:\/\/www.ibes.ch\/wp-content\/uploads\/2021\/10\/IBES-Logo-CH.png<\/span>\n\t\t\t\t\t\t<\/span>\n\t\t\t\t<\/span><span class='av-structured-data'  itemprop=\"author\" itemscope=\"itemscope\" itemtype=\"https:\/\/schema.org\/Person\" ><span itemprop='name'>tgrether<\/span><\/span><span class='av-structured-data'  itemprop=\"datePublished\" datetime=\"2018-07-28T10:41:05+02:00\" >2018-09-22 10:42:08<\/span><span class='av-structured-data'  itemprop=\"dateModified\" itemtype=\"https:\/\/schema.org\/dateModified\" >2023-08-11 10:05:52<\/span><span class='av-structured-data'  itemprop=\"mainEntityOfPage\" itemtype=\"https:\/\/schema.org\/mainEntityOfPage\" ><span itemprop='name'>Babyphones: Achtung Elektrosmog<\/span><\/span><\/span><\/article><\/div><div class=\"slide-entry-wrap\"><article class='slide-entry flex_column  post-entry post-entry-8436 slide-entry-overview slide-loop-28 slide-parity-odd  av_one_third first real-thumbnail posttype-post post-format-standard'  itemscope=\"itemscope\" itemtype=\"https:\/\/schema.org\/CreativeWork\" ><a href='https:\/\/www.ibes.ch\/fr\/blutwerte-von-kuehen-beeinflusst\/' data-rel='slide-1' class='slide-image' title='Blutwerte von K\u00fchen beeinflusst'><img decoding=\"async\" fetchpriority=\"high\" width=\"495\" height=\"400\" src=\"https:\/\/www.ibes.ch\/wp-content\/uploads\/2018\/08\/kuehe-elektrosmog-495x400.jpg\" class=\"wp-image-8437 avia-img-lazy-loading-not-8437 attachment-portfolio size-portfolio wp-post-image\" alt=\"K\u00fche leiden unter Elektrosmog\" \/><\/a><div class=\"slide-content\"><header class=\"entry-content-header\" aria-label=\"Slide: Blutwerte von K\u00fchen beeinflusst\"><h3 class='slide-entry-title entry-title '  itemprop=\"headline\" ><a href='https:\/\/www.ibes.ch\/fr\/blutwerte-von-kuehen-beeinflusst\/' title='Blutwerte von K\u00fchen beeinflusst'>Blutwerte von K\u00fchen beeinflusst<\/a><\/h3><span class=\"av-vertical-delimiter\"><\/span><\/header><div class=\"slide-meta\"><time class='slide-meta-time updated'  itemprop=\"datePublished\" datetime=\"2018-08-21T12:18:12+02:00\" >21. ao\u00fbt 2018<\/time><\/div><div class='slide-entry-excerpt entry-content'  itemprop=\"text\" >\r\n\r\n\r\n\r\n\r\n\r\n\r\n\r\n\r\n\r\n<div class=\"read-more-link\"><a href=\"https:\/\/www.ibes.ch\/fr\/blutwerte-von-kuehen-beeinflusst\/\" class=\"more-link\">Lire la suite<span class='more-link-arrow avia-svg-icon avia-font-svg_entypo-fontello' data-av_svg_icon='right-open-big' data-av_iconset='svg_entypo-fontello'><svg version=\"1.1\" xmlns=\"http:\/\/www.w3.org\/2000\/svg\" width=\"15\" height=\"32\" viewBox=\"0 0 15 32\" preserveAspectRatio=\"xMidYMid meet\" role=\"graphics-symbol\" aria-hidden=\"true\">\n<path d=\"M0.416 27.84l11.456-11.84-11.456-11.904q-0.832-0.832 0-1.536 0.832-0.832 1.536 0l12.544 12.608q0.768 0.832 0 1.6l-12.544 12.608q-0.704 0.832-1.536 0-0.832-0.704 0-1.536z\"><\/path>\n<\/svg><\/span><\/a><\/div><\/div><\/div><footer class=\"entry-footer\"><\/footer><span class='hidden'>\n\t\t\t\t<span class='av-structured-data' >\n\t\t\t\t\t\t<span itemprop='url'>https:\/\/www.ibes.ch\/wp-content\/uploads\/2018\/08\/kuehe-elektrosmog.jpg<\/span>\n\t\t\t\t\t\t<span itemprop='height'>567<\/span>\n\t\t\t\t\t\t<span itemprop='width'>847<\/span>\n\t\t\t\t<\/span>\n\t\t\t\t<span class='av-structured-data'  itemprop=\"publisher\" itemtype=\"https:\/\/schema.org\/Organization\" itemscope=\"itemscope\" >\n\t\t\t\t\t\t<span itemprop='name'>tgrether<\/span>\n\t\t\t\t\t\t<span itemprop='logo' itemscope itemtype='https:\/\/schema.org\/ImageObject'>\n\t\t\t\t\t\t\t<span itemprop='url'>https:\/\/www.ibes.ch\/wp-content\/uploads\/2021\/10\/IBES-Logo-CH.png<\/span>\n\t\t\t\t\t\t<\/span>\n\t\t\t\t<\/span><span class='av-structured-data'  itemprop=\"author\" itemscope=\"itemscope\" itemtype=\"https:\/\/schema.org\/Person\" ><span itemprop='name'>tgrether<\/span><\/span><span class='av-structured-data'  itemprop=\"datePublished\" datetime=\"2018-07-28T10:41:05+02:00\" >2018-08-21 12:18:12<\/span><span class='av-structured-data'  itemprop=\"dateModified\" itemtype=\"https:\/\/schema.org\/dateModified\" >2023-08-11 10:07:26<\/span><span class='av-structured-data'  itemprop=\"mainEntityOfPage\" itemtype=\"https:\/\/schema.org\/mainEntityOfPage\" ><span itemprop='name'>Blutwerte von K\u00fchen beeinflusst<\/span><\/span><\/span><\/article><article class='slide-entry flex_column  post-entry post-entry-8438 slide-entry-overview slide-loop-29 slide-parity-even  av_one_third  real-thumbnail posttype-post post-format-standard'  itemscope=\"itemscope\" itemtype=\"https:\/\/schema.org\/CreativeWork\" ><a href='https:\/\/www.ibes.ch\/fr\/elektrosmog-beeinflusst-zugvoegel\/' data-rel='slide-1' class='slide-image' title='Elektrosmog beeinflusst Zugv\u00f6gel'><img decoding=\"async\" fetchpriority=\"high\" width=\"495\" height=\"400\" src=\"https:\/\/www.ibes.ch\/wp-content\/uploads\/2018\/08\/rotkehlchen-495x400.jpg\" class=\"wp-image-8439 avia-img-lazy-loading-not-8439 attachment-portfolio size-portfolio wp-post-image\" alt=\"Elektrosmog beeinflusst Zugv\u00f6gel\" \/><\/a><div class=\"slide-content\"><header class=\"entry-content-header\" aria-label=\"Slide: Elektrosmog beeinflusst Zugv\u00f6gel\"><h3 class='slide-entry-title entry-title '  itemprop=\"headline\" ><a href='https:\/\/www.ibes.ch\/fr\/elektrosmog-beeinflusst-zugvoegel\/' title='Elektrosmog beeinflusst Zugv\u00f6gel'>Elektrosmog beeinflusst Zugv\u00f6gel<\/a><\/h3><span class=\"av-vertical-delimiter\"><\/span><\/header><div class=\"slide-meta\"><time class='slide-meta-time updated'  itemprop=\"datePublished\" datetime=\"2018-08-21T12:02:36+02:00\" >21. ao\u00fbt 2018<\/time><\/div><div class='slide-entry-excerpt entry-content'  itemprop=\"text\" >\r\n\r\n\r\n\r\n\r\n\r\n\r\n\r\n<div class=\"read-more-link\"><a href=\"https:\/\/www.ibes.ch\/fr\/elektrosmog-beeinflusst-zugvoegel\/\" class=\"more-link\">Lire la suite<span class='more-link-arrow avia-svg-icon avia-font-svg_entypo-fontello' data-av_svg_icon='right-open-big' data-av_iconset='svg_entypo-fontello'><svg version=\"1.1\" xmlns=\"http:\/\/www.w3.org\/2000\/svg\" width=\"15\" height=\"32\" viewBox=\"0 0 15 32\" preserveAspectRatio=\"xMidYMid meet\" role=\"graphics-symbol\" aria-hidden=\"true\">\n<path d=\"M0.416 27.84l11.456-11.84-11.456-11.904q-0.832-0.832 0-1.536 0.832-0.832 1.536 0l12.544 12.608q0.768 0.832 0 1.6l-12.544 12.608q-0.704 0.832-1.536 0-0.832-0.704 0-1.536z\"><\/path>\n<\/svg><\/span><\/a><\/div><\/div><\/div><footer class=\"entry-footer\"><\/footer><span class='hidden'>\n\t\t\t\t<span class='av-structured-data' >\n\t\t\t\t\t\t<span itemprop='url'>https:\/\/www.ibes.ch\/wp-content\/uploads\/2018\/08\/rotkehlchen.jpg<\/span>\n\t\t\t\t\t\t<span itemprop='height'>435<\/span>\n\t\t\t\t\t\t<span itemprop='width'>700<\/span>\n\t\t\t\t<\/span>\n\t\t\t\t<span class='av-structured-data'  itemprop=\"publisher\" itemtype=\"https:\/\/schema.org\/Organization\" itemscope=\"itemscope\" >\n\t\t\t\t\t\t<span itemprop='name'>tgrether<\/span>\n\t\t\t\t\t\t<span itemprop='logo' itemscope itemtype='https:\/\/schema.org\/ImageObject'>\n\t\t\t\t\t\t\t<span itemprop='url'>https:\/\/www.ibes.ch\/wp-content\/uploads\/2021\/10\/IBES-Logo-CH.png<\/span>\n\t\t\t\t\t\t<\/span>\n\t\t\t\t<\/span><span class='av-structured-data'  itemprop=\"author\" itemscope=\"itemscope\" itemtype=\"https:\/\/schema.org\/Person\" ><span itemprop='name'>tgrether<\/span><\/span><span class='av-structured-data'  itemprop=\"datePublished\" datetime=\"2018-07-28T10:41:05+02:00\" >2018-08-21 12:02:36<\/span><span class='av-structured-data'  itemprop=\"dateModified\" itemtype=\"https:\/\/schema.org\/dateModified\" >2023-08-11 10:09:07<\/span><span class='av-structured-data'  itemprop=\"mainEntityOfPage\" itemtype=\"https:\/\/schema.org\/mainEntityOfPage\" ><span itemprop='name'>Elektrosmog beeinflusst Zugv\u00f6gel<\/span><\/span><\/span><\/article><article class='slide-entry flex_column  post-entry post-entry-8440 slide-entry-overview slide-loop-30 slide-parity-odd  av_one_third  real-thumbnail posttype-post post-format-standard'  itemscope=\"itemscope\" itemtype=\"https:\/\/schema.org\/CreativeWork\" ><a href='https:\/\/www.ibes.ch\/fr\/bund-plant-nationales-monitoring\/' data-rel='slide-1' class='slide-image' title='Bund plant nationales Monitoring'><img decoding=\"async\" fetchpriority=\"high\" width=\"495\" height=\"400\" src=\"https:\/\/www.ibes.ch\/wp-content\/uploads\/2018\/08\/monitoring-1-495x400.jpg\" class=\"wp-image-8441 avia-img-lazy-loading-not-8441 attachment-portfolio size-portfolio wp-post-image\" alt=\"Elektromagnetische Strahlung Grenzwerte und Gesetze\" \/><\/a><div class=\"slide-content\"><header class=\"entry-content-header\" aria-label=\"Slide: Bund plant nationales Monitoring\"><h3 class='slide-entry-title entry-title '  itemprop=\"headline\" ><a href='https:\/\/www.ibes.ch\/fr\/bund-plant-nationales-monitoring\/' title='Bund plant nationales Monitoring'>Bund plant nationales Monitoring<\/a><\/h3><span class=\"av-vertical-delimiter\"><\/span><\/header><div class=\"slide-meta\"><time class='slide-meta-time updated'  itemprop=\"datePublished\" datetime=\"2018-08-21T10:43:37+02:00\" >21. ao\u00fbt 2018<\/time><\/div><div class='slide-entry-excerpt entry-content'  itemprop=\"text\" >\r\n\r\n\r\n\r\n\r\n\r\n<div class=\"read-more-link\"><a href=\"https:\/\/www.ibes.ch\/fr\/bund-plant-nationales-monitoring\/\" class=\"more-link\">Lire la suite<span class='more-link-arrow avia-svg-icon avia-font-svg_entypo-fontello' data-av_svg_icon='right-open-big' data-av_iconset='svg_entypo-fontello'><svg version=\"1.1\" xmlns=\"http:\/\/www.w3.org\/2000\/svg\" width=\"15\" height=\"32\" viewBox=\"0 0 15 32\" preserveAspectRatio=\"xMidYMid meet\" role=\"graphics-symbol\" aria-hidden=\"true\">\n<path d=\"M0.416 27.84l11.456-11.84-11.456-11.904q-0.832-0.832 0-1.536 0.832-0.832 1.536 0l12.544 12.608q0.768 0.832 0 1.6l-12.544 12.608q-0.704 0.832-1.536 0-0.832-0.704 0-1.536z\"><\/path>\n<\/svg><\/span><\/a><\/div><\/div><\/div><footer class=\"entry-footer\"><\/footer><span class='hidden'>\n\t\t\t\t<span class='av-structured-data' >\n\t\t\t\t\t\t<span itemprop='url'>https:\/\/www.ibes.ch\/wp-content\/uploads\/2018\/08\/monitoring-1.jpg<\/span>\n\t\t\t\t\t\t<span itemprop='height'>414<\/span>\n\t\t\t\t\t\t<span itemprop='width'>700<\/span>\n\t\t\t\t<\/span>\n\t\t\t\t<span class='av-structured-data'  itemprop=\"publisher\" itemtype=\"https:\/\/schema.org\/Organization\" itemscope=\"itemscope\" >\n\t\t\t\t\t\t<span itemprop='name'>tgrether<\/span>\n\t\t\t\t\t\t<span itemprop='logo' itemscope itemtype='https:\/\/schema.org\/ImageObject'>\n\t\t\t\t\t\t\t<span itemprop='url'>https:\/\/www.ibes.ch\/wp-content\/uploads\/2021\/10\/IBES-Logo-CH.png<\/span>\n\t\t\t\t\t\t<\/span>\n\t\t\t\t<\/span><span class='av-structured-data'  itemprop=\"author\" itemscope=\"itemscope\" itemtype=\"https:\/\/schema.org\/Person\" ><span itemprop='name'>tgrether<\/span><\/span><span class='av-structured-data'  itemprop=\"datePublished\" datetime=\"2018-07-28T10:41:05+02:00\" >2018-08-21 10:43:37<\/span><span class='av-structured-data'  itemprop=\"dateModified\" itemtype=\"https:\/\/schema.org\/dateModified\" >2023-08-11 10:10:14<\/span><span class='av-structured-data'  itemprop=\"mainEntityOfPage\" itemtype=\"https:\/\/schema.org\/mainEntityOfPage\" ><span itemprop='name'>Bund plant nationales Monitoring<\/span><\/span><\/span><\/article><\/div><div class=\"slide-entry-wrap\"><article class='slide-entry flex_column  post-entry post-entry-8442 slide-entry-overview slide-loop-31 slide-parity-odd  av_one_third first real-thumbnail posttype-post post-format-standard'  itemscope=\"itemscope\" itemtype=\"https:\/\/schema.org\/CreativeWork\" ><a href='https:\/\/www.ibes.ch\/fr\/beobachter-artikel-die-unterschaetzte-gefahr\/' data-rel='slide-1' class='slide-image' title='&#171;Beobachter&#187;-Artikel:  Die untersch\u00e4tzte Gefahr'><img decoding=\"async\" fetchpriority=\"high\" width=\"495\" height=\"400\" src=\"https:\/\/www.ibes.ch\/wp-content\/uploads\/2018\/08\/elektrosmog_messung-495x400.jpg\" class=\"wp-image-8443 avia-img-lazy-loading-not-8443 attachment-portfolio size-portfolio wp-post-image\" alt=\"Experte macht Elektrosmog-Messung in einer Wohnung\" \/><\/a><div class=\"slide-content\"><header class=\"entry-content-header\" aria-label=\"Slide: &quot;Beobachter&quot;-Artikel:  Die untersch\u00e4tzte Gefahr\"><h3 class='slide-entry-title entry-title '  itemprop=\"headline\" ><a href='https:\/\/www.ibes.ch\/fr\/beobachter-artikel-die-unterschaetzte-gefahr\/' title='&#171;Beobachter&#187;-Artikel:  Die untersch\u00e4tzte Gefahr'>&#171;Beobachter&#187;-Artikel:  Die untersch\u00e4tzte Gefahr<\/a><\/h3><span class=\"av-vertical-delimiter\"><\/span><\/header><div class=\"slide-meta\"><time class='slide-meta-time updated'  itemprop=\"datePublished\" datetime=\"2018-08-21T09:47:25+02:00\" >21. ao\u00fbt 2018<\/time><\/div><div class='slide-entry-excerpt entry-content'  itemprop=\"text\" >\r\n\r\n\r\n\r\n\r\n\r\n<div class=\"read-more-link\"><a href=\"https:\/\/www.ibes.ch\/fr\/beobachter-artikel-die-unterschaetzte-gefahr\/\" class=\"more-link\">Lire la suite<span class='more-link-arrow avia-svg-icon avia-font-svg_entypo-fontello' data-av_svg_icon='right-open-big' data-av_iconset='svg_entypo-fontello'><svg version=\"1.1\" xmlns=\"http:\/\/www.w3.org\/2000\/svg\" width=\"15\" height=\"32\" viewBox=\"0 0 15 32\" preserveAspectRatio=\"xMidYMid meet\" role=\"graphics-symbol\" aria-hidden=\"true\">\n<path d=\"M0.416 27.84l11.456-11.84-11.456-11.904q-0.832-0.832 0-1.536 0.832-0.832 1.536 0l12.544 12.608q0.768 0.832 0 1.6l-12.544 12.608q-0.704 0.832-1.536 0-0.832-0.704 0-1.536z\"><\/path>\n<\/svg><\/span><\/a><\/div><\/div><\/div><footer class=\"entry-footer\"><\/footer><span class='hidden'>\n\t\t\t\t<span class='av-structured-data' >\n\t\t\t\t\t\t<span itemprop='url'>https:\/\/www.ibes.ch\/wp-content\/uploads\/2018\/08\/elektrosmog_messung.jpg<\/span>\n\t\t\t\t\t\t<span itemprop='height'>480<\/span>\n\t\t\t\t\t\t<span itemprop='width'>900<\/span>\n\t\t\t\t<\/span>\n\t\t\t\t<span class='av-structured-data'  itemprop=\"publisher\" itemtype=\"https:\/\/schema.org\/Organization\" itemscope=\"itemscope\" >\n\t\t\t\t\t\t<span itemprop='name'>tgrether<\/span>\n\t\t\t\t\t\t<span itemprop='logo' itemscope itemtype='https:\/\/schema.org\/ImageObject'>\n\t\t\t\t\t\t\t<span itemprop='url'>https:\/\/www.ibes.ch\/wp-content\/uploads\/2021\/10\/IBES-Logo-CH.png<\/span>\n\t\t\t\t\t\t<\/span>\n\t\t\t\t<\/span><span class='av-structured-data'  itemprop=\"author\" itemscope=\"itemscope\" itemtype=\"https:\/\/schema.org\/Person\" ><span itemprop='name'>tgrether<\/span><\/span><span class='av-structured-data'  itemprop=\"datePublished\" datetime=\"2018-07-28T10:41:05+02:00\" >2018-08-21 09:47:25<\/span><span class='av-structured-data'  itemprop=\"dateModified\" itemtype=\"https:\/\/schema.org\/dateModified\" >2021-10-05 09:12:39<\/span><span class='av-structured-data'  itemprop=\"mainEntityOfPage\" itemtype=\"https:\/\/schema.org\/mainEntityOfPage\" ><span itemprop='name'>&#171;Beobachter&#187;-Artikel:  Die untersch\u00e4tzte Gefahr<\/span><\/span><\/span><\/article><article class='slide-entry flex_column  post-entry post-entry-8444 slide-entry-overview slide-loop-32 slide-parity-even  av_one_third  real-thumbnail posttype-post post-format-standard'  itemscope=\"itemscope\" itemtype=\"https:\/\/schema.org\/CreativeWork\" ><a href='https:\/\/www.ibes.ch\/fr\/200-wissenschaftler-fordern-massnahmen\/' data-rel='slide-1' class='slide-image' title='200 Wissenschaftler fordern Massnahmen'><img decoding=\"async\" fetchpriority=\"high\" width=\"495\" height=\"400\" src=\"https:\/\/www.ibes.ch\/wp-content\/uploads\/2018\/08\/studien-strahlenschutz-495x400.jpg\" class=\"wp-image-8445 avia-img-lazy-loading-not-8445 attachment-portfolio size-portfolio wp-post-image\" alt=\"Studien zu Elektrosmog im Labor\" \/><\/a><div class=\"slide-content\"><header class=\"entry-content-header\" aria-label=\"Slide: 200 Wissenschaftler fordern Massnahmen\"><h3 class='slide-entry-title entry-title '  itemprop=\"headline\" ><a href='https:\/\/www.ibes.ch\/fr\/200-wissenschaftler-fordern-massnahmen\/' title='200 Wissenschaftler fordern Massnahmen'>200 Wissenschaftler fordern Massnahmen<\/a><\/h3><span class=\"av-vertical-delimiter\"><\/span><\/header><div class=\"slide-meta\"><time class='slide-meta-time updated'  itemprop=\"datePublished\" datetime=\"2018-08-21T08:47:07+02:00\" >21. ao\u00fbt 2018<\/time><\/div><div class='slide-entry-excerpt entry-content'  itemprop=\"text\" >\r\n\r\n\r\n\r\n\r\n\r\n\r\n\r\n\r\n\r\n<div class=\"read-more-link\"><a href=\"https:\/\/www.ibes.ch\/fr\/200-wissenschaftler-fordern-massnahmen\/\" class=\"more-link\">Lire la suite<span class='more-link-arrow avia-svg-icon avia-font-svg_entypo-fontello' data-av_svg_icon='right-open-big' data-av_iconset='svg_entypo-fontello'><svg version=\"1.1\" xmlns=\"http:\/\/www.w3.org\/2000\/svg\" width=\"15\" height=\"32\" viewBox=\"0 0 15 32\" preserveAspectRatio=\"xMidYMid meet\" role=\"graphics-symbol\" aria-hidden=\"true\">\n<path d=\"M0.416 27.84l11.456-11.84-11.456-11.904q-0.832-0.832 0-1.536 0.832-0.832 1.536 0l12.544 12.608q0.768 0.832 0 1.6l-12.544 12.608q-0.704 0.832-1.536 0-0.832-0.704 0-1.536z\"><\/path>\n<\/svg><\/span><\/a><\/div><\/div><\/div><footer class=\"entry-footer\"><\/footer><span class='hidden'>\n\t\t\t\t<span class='av-structured-data' >\n\t\t\t\t\t\t<span itemprop='url'>https:\/\/www.ibes.ch\/wp-content\/uploads\/2018\/08\/studien-strahlenschutz.jpg<\/span>\n\t\t\t\t\t\t<span itemprop='height'>566<\/span>\n\t\t\t\t\t\t<span itemprop='width'>849<\/span>\n\t\t\t\t<\/span>\n\t\t\t\t<span class='av-structured-data'  itemprop=\"publisher\" itemtype=\"https:\/\/schema.org\/Organization\" itemscope=\"itemscope\" >\n\t\t\t\t\t\t<span itemprop='name'>tgrether<\/span>\n\t\t\t\t\t\t<span itemprop='logo' itemscope itemtype='https:\/\/schema.org\/ImageObject'>\n\t\t\t\t\t\t\t<span itemprop='url'>https:\/\/www.ibes.ch\/wp-content\/uploads\/2021\/10\/IBES-Logo-CH.png<\/span>\n\t\t\t\t\t\t<\/span>\n\t\t\t\t<\/span><span class='av-structured-data'  itemprop=\"author\" itemscope=\"itemscope\" itemtype=\"https:\/\/schema.org\/Person\" ><span itemprop='name'>tgrether<\/span><\/span><span class='av-structured-data'  itemprop=\"datePublished\" datetime=\"2018-07-28T10:41:05+02:00\" >2018-08-21 08:47:07<\/span><span class='av-structured-data'  itemprop=\"dateModified\" itemtype=\"https:\/\/schema.org\/dateModified\" >2023-08-11 10:11:55<\/span><span class='av-structured-data'  itemprop=\"mainEntityOfPage\" itemtype=\"https:\/\/schema.org\/mainEntityOfPage\" ><span itemprop='name'>200 Wissenschaftler fordern Massnahmen<\/span><\/span><\/span><\/article><article class='slide-entry flex_column  post-entry post-entry-8446 slide-entry-overview slide-loop-33 slide-parity-odd  av_one_third  real-thumbnail posttype-post post-format-standard'  itemscope=\"itemscope\" itemtype=\"https:\/\/schema.org\/CreativeWork\" ><a href='https:\/\/www.ibes.ch\/fr\/stromleitungen-beeinflussen-schlafhormone\/' data-rel='slide-1' class='slide-image' title='Stromleitungen beeinflussen Schlafhormone'><img decoding=\"async\" fetchpriority=\"high\" width=\"495\" height=\"400\" src=\"https:\/\/www.ibes.ch\/wp-content\/uploads\/2018\/07\/elektrosmog-messung8-495x400.jpg\" class=\"wp-image-8447 avia-img-lazy-loading-not-8447 attachment-portfolio size-portfolio wp-post-image\" alt=\"Gesund schlafen ohne Elektrosmog\" \/><\/a><div class=\"slide-content\"><header class=\"entry-content-header\" aria-label=\"Slide: Stromleitungen beeinflussen Schlafhormone\"><h3 class='slide-entry-title entry-title '  itemprop=\"headline\" ><a href='https:\/\/www.ibes.ch\/fr\/stromleitungen-beeinflussen-schlafhormone\/' title='Stromleitungen beeinflussen Schlafhormone'>Stromleitungen beeinflussen Schlafhormone<\/a><\/h3><span class=\"av-vertical-delimiter\"><\/span><\/header><div class=\"slide-meta\"><time class='slide-meta-time updated'  itemprop=\"datePublished\" datetime=\"2018-08-21T08:43:41+02:00\" >21. ao\u00fbt 2018<\/time><\/div><div class='slide-entry-excerpt entry-content'  itemprop=\"text\" >\r\n\r\n\r\n\r\n<div class=\"read-more-link\"><a href=\"https:\/\/www.ibes.ch\/fr\/stromleitungen-beeinflussen-schlafhormone\/\" class=\"more-link\">Lire la suite<span class='more-link-arrow avia-svg-icon avia-font-svg_entypo-fontello' data-av_svg_icon='right-open-big' data-av_iconset='svg_entypo-fontello'><svg version=\"1.1\" xmlns=\"http:\/\/www.w3.org\/2000\/svg\" width=\"15\" height=\"32\" viewBox=\"0 0 15 32\" preserveAspectRatio=\"xMidYMid meet\" role=\"graphics-symbol\" aria-hidden=\"true\">\n<path d=\"M0.416 27.84l11.456-11.84-11.456-11.904q-0.832-0.832 0-1.536 0.832-0.832 1.536 0l12.544 12.608q0.768 0.832 0 1.6l-12.544 12.608q-0.704 0.832-1.536 0-0.832-0.704 0-1.536z\"><\/path>\n<\/svg><\/span><\/a><\/div><\/div><\/div><footer class=\"entry-footer\"><\/footer><span class='hidden'>\n\t\t\t\t<span class='av-structured-data' >\n\t\t\t\t\t\t<span itemprop='url'>https:\/\/www.ibes.ch\/wp-content\/uploads\/2018\/07\/elektrosmog-messung8.jpg<\/span>\n\t\t\t\t\t\t<span itemprop='height'>533<\/span>\n\t\t\t\t\t\t<span itemprop='width'>800<\/span>\n\t\t\t\t<\/span>\n\t\t\t\t<span class='av-structured-data'  itemprop=\"publisher\" itemtype=\"https:\/\/schema.org\/Organization\" itemscope=\"itemscope\" >\n\t\t\t\t\t\t<span itemprop='name'>tgrether<\/span>\n\t\t\t\t\t\t<span itemprop='logo' itemscope itemtype='https:\/\/schema.org\/ImageObject'>\n\t\t\t\t\t\t\t<span itemprop='url'>https:\/\/www.ibes.ch\/wp-content\/uploads\/2021\/10\/IBES-Logo-CH.png<\/span>\n\t\t\t\t\t\t<\/span>\n\t\t\t\t<\/span><span class='av-structured-data'  itemprop=\"author\" itemscope=\"itemscope\" itemtype=\"https:\/\/schema.org\/Person\" ><span itemprop='name'>tgrether<\/span><\/span><span class='av-structured-data'  itemprop=\"datePublished\" datetime=\"2018-07-28T10:41:05+02:00\" >2018-08-21 08:43:41<\/span><span class='av-structured-data'  itemprop=\"dateModified\" itemtype=\"https:\/\/schema.org\/dateModified\" >2021-10-15 14:52:34<\/span><span class='av-structured-data'  itemprop=\"mainEntityOfPage\" itemtype=\"https:\/\/schema.org\/mainEntityOfPage\" ><span itemprop='name'>Stromleitungen beeinflussen Schlafhormone<\/span><\/span><\/span><\/article><\/div><div class=\"slide-entry-wrap\"><article class='slide-entry flex_column  post-entry post-entry-8448 slide-entry-overview slide-loop-34 slide-parity-odd  av_one_third first real-thumbnail posttype-post post-format-standard'  itemscope=\"itemscope\" itemtype=\"https:\/\/schema.org\/CreativeWork\" ><a href='https:\/\/www.ibes.ch\/fr\/strahlengrenzwerte-sollen-steigen\/' data-rel='slide-1' class='slide-image' title='Strahlengrenzwerte sollen steigen'><img decoding=\"async\" fetchpriority=\"high\" width=\"495\" height=\"400\" src=\"https:\/\/www.ibes.ch\/wp-content\/uploads\/2018\/08\/kalb-495x400.jpg\" class=\"wp-image-8449 avia-img-lazy-loading-not-8449 attachment-portfolio size-portfolio wp-post-image\" alt=\"Wegen Strahlung kommen K\u00e4lber mit Augenfehlern zur Welt\" \/><\/a><div class=\"slide-content\"><header class=\"entry-content-header\" aria-label=\"Slide: Strahlengrenzwerte sollen steigen\"><h3 class='slide-entry-title entry-title '  itemprop=\"headline\" ><a href='https:\/\/www.ibes.ch\/fr\/strahlengrenzwerte-sollen-steigen\/' title='Strahlengrenzwerte sollen steigen'>Strahlengrenzwerte sollen steigen<\/a><\/h3><span class=\"av-vertical-delimiter\"><\/span><\/header><div class=\"slide-meta\"><time class='slide-meta-time updated'  itemprop=\"datePublished\" datetime=\"2018-08-21T08:34:33+02:00\" >21. ao\u00fbt 2018<\/time><\/div><div class='slide-entry-excerpt entry-content'  itemprop=\"text\" >\r\n\r\n\r\n\r\n\r\n\r\n\r\n\r\n\r\n\r\n<div class=\"read-more-link\"><a href=\"https:\/\/www.ibes.ch\/fr\/strahlengrenzwerte-sollen-steigen\/\" class=\"more-link\">Lire la suite<span class='more-link-arrow avia-svg-icon avia-font-svg_entypo-fontello' data-av_svg_icon='right-open-big' data-av_iconset='svg_entypo-fontello'><svg version=\"1.1\" xmlns=\"http:\/\/www.w3.org\/2000\/svg\" width=\"15\" height=\"32\" viewBox=\"0 0 15 32\" preserveAspectRatio=\"xMidYMid meet\" role=\"graphics-symbol\" aria-hidden=\"true\">\n<path d=\"M0.416 27.84l11.456-11.84-11.456-11.904q-0.832-0.832 0-1.536 0.832-0.832 1.536 0l12.544 12.608q0.768 0.832 0 1.6l-12.544 12.608q-0.704 0.832-1.536 0-0.832-0.704 0-1.536z\"><\/path>\n<\/svg><\/span><\/a><\/div><\/div><\/div><footer class=\"entry-footer\"><\/footer><span class='hidden'>\n\t\t\t\t<span class='av-structured-data' >\n\t\t\t\t\t\t<span itemprop='url'>https:\/\/www.ibes.ch\/wp-content\/uploads\/2018\/08\/kalb.jpg<\/span>\n\t\t\t\t\t\t<span itemprop='height'>493<\/span>\n\t\t\t\t\t\t<span itemprop='width'>849<\/span>\n\t\t\t\t<\/span>\n\t\t\t\t<span class='av-structured-data'  itemprop=\"publisher\" itemtype=\"https:\/\/schema.org\/Organization\" itemscope=\"itemscope\" >\n\t\t\t\t\t\t<span itemprop='name'>tgrether<\/span>\n\t\t\t\t\t\t<span itemprop='logo' itemscope itemtype='https:\/\/schema.org\/ImageObject'>\n\t\t\t\t\t\t\t<span itemprop='url'>https:\/\/www.ibes.ch\/wp-content\/uploads\/2021\/10\/IBES-Logo-CH.png<\/span>\n\t\t\t\t\t\t<\/span>\n\t\t\t\t<\/span><span class='av-structured-data'  itemprop=\"author\" itemscope=\"itemscope\" itemtype=\"https:\/\/schema.org\/Person\" ><span itemprop='name'>tgrether<\/span><\/span><span class='av-structured-data'  itemprop=\"datePublished\" datetime=\"2018-07-28T10:41:05+02:00\" >2018-08-21 08:34:33<\/span><span class='av-structured-data'  itemprop=\"dateModified\" itemtype=\"https:\/\/schema.org\/dateModified\" >2021-10-15 14:52:42<\/span><span class='av-structured-data'  itemprop=\"mainEntityOfPage\" itemtype=\"https:\/\/schema.org\/mainEntityOfPage\" ><span itemprop='name'>Strahlengrenzwerte sollen steigen<\/span><\/span><\/span><\/article><article class='slide-entry flex_column  post-entry post-entry-8450 slide-entry-overview slide-loop-35 slide-parity-even  av_one_third  real-thumbnail posttype-post post-format-standard'  itemscope=\"itemscope\" itemtype=\"https:\/\/schema.org\/CreativeWork\" ><a href='https:\/\/www.ibes.ch\/fr\/nachgewiesene-wirkung-niederfrequenter-felder\/' data-rel='slide-1' class='slide-image' title='Nachgewiesene Wirkung niederfrequenter Felder'><img decoding=\"async\" fetchpriority=\"high\" width=\"495\" height=\"400\" src=\"https:\/\/www.ibes.ch\/wp-content\/uploads\/2018\/08\/niederfrequente-felder-495x400.jpg\" class=\"wp-image-8451 avia-img-lazy-loading-not-8451 attachment-portfolio size-portfolio wp-post-image\" alt=\"Wirkung niederfrequenter Felder durch Freileitungen\" \/><\/a><div class=\"slide-content\"><header class=\"entry-content-header\" aria-label=\"Slide: Nachgewiesene Wirkung niederfrequenter Felder\"><h3 class='slide-entry-title entry-title '  itemprop=\"headline\" ><a href='https:\/\/www.ibes.ch\/fr\/nachgewiesene-wirkung-niederfrequenter-felder\/' title='Nachgewiesene Wirkung niederfrequenter Felder'>Nachgewiesene Wirkung niederfrequenter Felder<\/a><\/h3><span class=\"av-vertical-delimiter\"><\/span><\/header><div class=\"slide-meta\"><time class='slide-meta-time updated'  itemprop=\"datePublished\" datetime=\"2018-08-21T08:27:54+02:00\" >21. ao\u00fbt 2018<\/time><\/div><div class='slide-entry-excerpt entry-content'  itemprop=\"text\" >\r\n\r\n\r\n\r\n\r\n\r\n<div class=\"read-more-link\"><a href=\"https:\/\/www.ibes.ch\/fr\/nachgewiesene-wirkung-niederfrequenter-felder\/\" class=\"more-link\">Lire la suite<span class='more-link-arrow avia-svg-icon avia-font-svg_entypo-fontello' data-av_svg_icon='right-open-big' data-av_iconset='svg_entypo-fontello'><svg version=\"1.1\" xmlns=\"http:\/\/www.w3.org\/2000\/svg\" width=\"15\" height=\"32\" viewBox=\"0 0 15 32\" preserveAspectRatio=\"xMidYMid meet\" role=\"graphics-symbol\" aria-hidden=\"true\">\n<path d=\"M0.416 27.84l11.456-11.84-11.456-11.904q-0.832-0.832 0-1.536 0.832-0.832 1.536 0l12.544 12.608q0.768 0.832 0 1.6l-12.544 12.608q-0.704 0.832-1.536 0-0.832-0.704 0-1.536z\"><\/path>\n<\/svg><\/span><\/a><\/div><\/div><\/div><footer class=\"entry-footer\"><\/footer><span class='hidden'>\n\t\t\t\t<span class='av-structured-data' >\n\t\t\t\t\t\t<span itemprop='url'>https:\/\/www.ibes.ch\/wp-content\/uploads\/2018\/08\/niederfrequente-felder.jpg<\/span>\n\t\t\t\t\t\t<span itemprop='height'>564<\/span>\n\t\t\t\t\t\t<span itemprop='width'>851<\/span>\n\t\t\t\t<\/span>\n\t\t\t\t<span class='av-structured-data'  itemprop=\"publisher\" itemtype=\"https:\/\/schema.org\/Organization\" itemscope=\"itemscope\" >\n\t\t\t\t\t\t<span itemprop='name'>tgrether<\/span>\n\t\t\t\t\t\t<span itemprop='logo' itemscope itemtype='https:\/\/schema.org\/ImageObject'>\n\t\t\t\t\t\t\t<span itemprop='url'>https:\/\/www.ibes.ch\/wp-content\/uploads\/2021\/10\/IBES-Logo-CH.png<\/span>\n\t\t\t\t\t\t<\/span>\n\t\t\t\t<\/span><span class='av-structured-data'  itemprop=\"author\" itemscope=\"itemscope\" itemtype=\"https:\/\/schema.org\/Person\" ><span itemprop='name'>tgrether<\/span><\/span><span class='av-structured-data'  itemprop=\"datePublished\" datetime=\"2018-07-28T10:41:05+02:00\" >2018-08-21 08:27:54<\/span><span class='av-structured-data'  itemprop=\"dateModified\" itemtype=\"https:\/\/schema.org\/dateModified\" >2021-10-15 14:52:48<\/span><span class='av-structured-data'  itemprop=\"mainEntityOfPage\" itemtype=\"https:\/\/schema.org\/mainEntityOfPage\" ><span itemprop='name'>Nachgewiesene Wirkung niederfrequenter Felder<\/span><\/span><\/span><\/article><article class='slide-entry flex_column  post-entry post-entry-8452 slide-entry-overview slide-loop-36 slide-parity-odd  av_one_third  real-thumbnail posttype-post post-format-standard'  itemscope=\"itemscope\" itemtype=\"https:\/\/schema.org\/CreativeWork\" ><a href='https:\/\/www.ibes.ch\/fr\/tierstudie-zeigt-krebsrisiko\/' data-rel='slide-1' class='slide-image' title='Tierstudie mit Ratten zeigt Krebsrisiko'><img decoding=\"async\" fetchpriority=\"high\" width=\"495\" height=\"400\" src=\"https:\/\/www.ibes.ch\/wp-content\/uploads\/2018\/08\/handystrahlung-1-495x400.jpg\" class=\"wp-image-8453 avia-img-lazy-loading-not-8453 attachment-portfolio size-portfolio wp-post-image\" alt=\"Mann mit Handy am Ohr\" \/><\/a><div class=\"slide-content\"><header class=\"entry-content-header\" aria-label=\"Slide: Tierstudie mit Ratten zeigt Krebsrisiko\"><h3 class='slide-entry-title entry-title '  itemprop=\"headline\" ><a href='https:\/\/www.ibes.ch\/fr\/tierstudie-zeigt-krebsrisiko\/' title='Tierstudie mit Ratten zeigt Krebsrisiko'>Tierstudie mit Ratten zeigt Krebsrisiko<\/a><\/h3><span class=\"av-vertical-delimiter\"><\/span><\/header><div class=\"slide-meta\"><time class='slide-meta-time updated'  itemprop=\"datePublished\" datetime=\"2018-08-21T08:22:44+02:00\" >21. ao\u00fbt 2018<\/time><\/div><div class='slide-entry-excerpt entry-content'  itemprop=\"text\" >\r\n\r\n\r\n\r\n\r\n\r\n\r\n\r\n\r\n\r\n<div class=\"read-more-link\"><a href=\"https:\/\/www.ibes.ch\/fr\/tierstudie-zeigt-krebsrisiko\/\" class=\"more-link\">Lire la suite<span class='more-link-arrow avia-svg-icon avia-font-svg_entypo-fontello' data-av_svg_icon='right-open-big' data-av_iconset='svg_entypo-fontello'><svg version=\"1.1\" xmlns=\"http:\/\/www.w3.org\/2000\/svg\" width=\"15\" height=\"32\" viewBox=\"0 0 15 32\" preserveAspectRatio=\"xMidYMid meet\" role=\"graphics-symbol\" aria-hidden=\"true\">\n<path d=\"M0.416 27.84l11.456-11.84-11.456-11.904q-0.832-0.832 0-1.536 0.832-0.832 1.536 0l12.544 12.608q0.768 0.832 0 1.6l-12.544 12.608q-0.704 0.832-1.536 0-0.832-0.704 0-1.536z\"><\/path>\n<\/svg><\/span><\/a><\/div><\/div><\/div><footer class=\"entry-footer\"><\/footer><span class='hidden'>\n\t\t\t\t<span class='av-structured-data' >\n\t\t\t\t\t\t<span itemprop='url'>https:\/\/www.ibes.ch\/wp-content\/uploads\/2018\/08\/handystrahlung-1.jpg<\/span>\n\t\t\t\t\t\t<span itemprop='height'>467<\/span>\n\t\t\t\t\t\t<span itemprop='width'>700<\/span>\n\t\t\t\t<\/span>\n\t\t\t\t<span class='av-structured-data'  itemprop=\"publisher\" itemtype=\"https:\/\/schema.org\/Organization\" itemscope=\"itemscope\" >\n\t\t\t\t\t\t<span itemprop='name'>tgrether<\/span>\n\t\t\t\t\t\t<span itemprop='logo' itemscope itemtype='https:\/\/schema.org\/ImageObject'>\n\t\t\t\t\t\t\t<span itemprop='url'>https:\/\/www.ibes.ch\/wp-content\/uploads\/2021\/10\/IBES-Logo-CH.png<\/span>\n\t\t\t\t\t\t<\/span>\n\t\t\t\t<\/span><span class='av-structured-data'  itemprop=\"author\" itemscope=\"itemscope\" itemtype=\"https:\/\/schema.org\/Person\" ><span itemprop='name'>tgrether<\/span><\/span><span class='av-structured-data'  itemprop=\"datePublished\" datetime=\"2018-07-28T10:41:05+02:00\" >2018-08-21 08:22:44<\/span><span class='av-structured-data'  itemprop=\"dateModified\" itemtype=\"https:\/\/schema.org\/dateModified\" >2023-08-11 10:31:26<\/span><span class='av-structured-data'  itemprop=\"mainEntityOfPage\" itemtype=\"https:\/\/schema.org\/mainEntityOfPage\" ><span itemprop='name'>Tierstudie mit Ratten zeigt Krebsrisiko<\/span><\/span><\/span><\/article><\/div><div class=\"slide-entry-wrap\"><article class='slide-entry flex_column  post-entry post-entry-8454 slide-entry-overview slide-loop-37 slide-parity-odd  av_one_third first real-thumbnail posttype-post post-format-standard'  itemscope=\"itemscope\" itemtype=\"https:\/\/schema.org\/CreativeWork\" ><a href='https:\/\/www.ibes.ch\/fr\/10-medizinische-handy-regeln\/' data-rel='slide-1' class='slide-image' title='10 medizinische Handy-Regeln'><img decoding=\"async\" fetchpriority=\"high\" width=\"495\" height=\"400\" src=\"https:\/\/www.ibes.ch\/wp-content\/uploads\/2018\/08\/handyregeln-495x400.jpg\" class=\"wp-image-8455 avia-img-lazy-loading-not-8455 attachment-portfolio size-portfolio wp-post-image\" alt=\"Auszug aus den Handyregeln der Wiener \u00c4rztekammer\" \/><\/a><div class=\"slide-content\"><header class=\"entry-content-header\" aria-label=\"Slide: 10 medizinische Handy-Regeln\"><h3 class='slide-entry-title entry-title '  itemprop=\"headline\" ><a href='https:\/\/www.ibes.ch\/fr\/10-medizinische-handy-regeln\/' title='10 medizinische Handy-Regeln'>10 medizinische Handy-Regeln<\/a><\/h3><span class=\"av-vertical-delimiter\"><\/span><\/header><div class=\"slide-meta\"><time class='slide-meta-time updated'  itemprop=\"datePublished\" datetime=\"2018-08-20T19:26:45+02:00\" >20. ao\u00fbt 2018<\/time><\/div><div class='slide-entry-excerpt entry-content'  itemprop=\"text\" >\r\n\r\n\r\n\r\n\r\n\r\n\r\n\r\n\r\n\r\n<div class=\"read-more-link\"><a href=\"https:\/\/www.ibes.ch\/fr\/10-medizinische-handy-regeln\/\" class=\"more-link\">Lire la suite<span class='more-link-arrow avia-svg-icon avia-font-svg_entypo-fontello' data-av_svg_icon='right-open-big' data-av_iconset='svg_entypo-fontello'><svg version=\"1.1\" xmlns=\"http:\/\/www.w3.org\/2000\/svg\" width=\"15\" height=\"32\" viewBox=\"0 0 15 32\" preserveAspectRatio=\"xMidYMid meet\" role=\"graphics-symbol\" aria-hidden=\"true\">\n<path d=\"M0.416 27.84l11.456-11.84-11.456-11.904q-0.832-0.832 0-1.536 0.832-0.832 1.536 0l12.544 12.608q0.768 0.832 0 1.6l-12.544 12.608q-0.704 0.832-1.536 0-0.832-0.704 0-1.536z\"><\/path>\n<\/svg><\/span><\/a><\/div><\/div><\/div><footer class=\"entry-footer\"><\/footer><span class='hidden'>\n\t\t\t\t<span class='av-structured-data' >\n\t\t\t\t\t\t<span itemprop='url'>https:\/\/www.ibes.ch\/wp-content\/uploads\/2018\/08\/handyregeln.jpg<\/span>\n\t\t\t\t\t\t<span itemprop='height'>523<\/span>\n\t\t\t\t\t\t<span itemprop='width'>846<\/span>\n\t\t\t\t<\/span>\n\t\t\t\t<span class='av-structured-data'  itemprop=\"publisher\" itemtype=\"https:\/\/schema.org\/Organization\" itemscope=\"itemscope\" >\n\t\t\t\t\t\t<span itemprop='name'>tgrether<\/span>\n\t\t\t\t\t\t<span itemprop='logo' itemscope itemtype='https:\/\/schema.org\/ImageObject'>\n\t\t\t\t\t\t\t<span itemprop='url'>https:\/\/www.ibes.ch\/wp-content\/uploads\/2021\/10\/IBES-Logo-CH.png<\/span>\n\t\t\t\t\t\t<\/span>\n\t\t\t\t<\/span><span class='av-structured-data'  itemprop=\"author\" itemscope=\"itemscope\" itemtype=\"https:\/\/schema.org\/Person\" ><span itemprop='name'>tgrether<\/span><\/span><span class='av-structured-data'  itemprop=\"datePublished\" datetime=\"2018-07-28T10:41:05+02:00\" >2018-08-20 19:26:45<\/span><span class='av-structured-data'  itemprop=\"dateModified\" itemtype=\"https:\/\/schema.org\/dateModified\" >2021-10-15 14:53:02<\/span><span class='av-structured-data'  itemprop=\"mainEntityOfPage\" itemtype=\"https:\/\/schema.org\/mainEntityOfPage\" ><span itemprop='name'>10 medizinische Handy-Regeln<\/span><\/span><\/span><\/article><article class='slide-entry flex_column  post-entry post-entry-8458 slide-entry-overview slide-loop-38 slide-parity-even  av_one_third  real-thumbnail posttype-post post-format-standard'  itemscope=\"itemscope\" itemtype=\"https:\/\/schema.org\/CreativeWork\" ><a href='https:\/\/www.ibes.ch\/fr\/veraenderte-gehirnstroeme-im-auto\/' data-rel='slide-1' class='slide-image' title='Ver\u00e4nderte Gehirnstr\u00f6me im Auto'><img decoding=\"async\" fetchpriority=\"high\" width=\"495\" height=\"400\" src=\"https:\/\/www.ibes.ch\/wp-content\/uploads\/2018\/08\/messung_anlegen-495x400.jpg\" class=\"wp-image-8459 avia-img-lazy-loading-not-8459 attachment-portfolio size-portfolio wp-post-image\" alt=\"Die Elektroden werden am Kopf angelegt\" \/><\/a><div class=\"slide-content\"><header class=\"entry-content-header\" aria-label=\"Slide: Ver\u00e4nderte Gehirnstr\u00f6me im Auto\"><h3 class='slide-entry-title entry-title '  itemprop=\"headline\" ><a href='https:\/\/www.ibes.ch\/fr\/veraenderte-gehirnstroeme-im-auto\/' title='Ver\u00e4nderte Gehirnstr\u00f6me im Auto'>Ver\u00e4nderte Gehirnstr\u00f6me im Auto<\/a><\/h3><span class=\"av-vertical-delimiter\"><\/span><\/header><div class=\"slide-meta\"><time class='slide-meta-time updated'  itemprop=\"datePublished\" datetime=\"2018-08-20T11:41:36+02:00\" >20. ao\u00fbt 2018<\/time><\/div><div class='slide-entry-excerpt entry-content'  itemprop=\"text\" >\r\n\r\n\r\n\r\n\r\n\r\n\r\n\r\n\r\n\r\n\r\n\r\n\r\n\r\n\r\n\r\n\r\n\r\n\r\n\r\n<div class=\"read-more-link\"><a href=\"https:\/\/www.ibes.ch\/fr\/veraenderte-gehirnstroeme-im-auto\/\" class=\"more-link\">Lire la suite<span class='more-link-arrow avia-svg-icon avia-font-svg_entypo-fontello' data-av_svg_icon='right-open-big' data-av_iconset='svg_entypo-fontello'><svg version=\"1.1\" xmlns=\"http:\/\/www.w3.org\/2000\/svg\" width=\"15\" height=\"32\" viewBox=\"0 0 15 32\" preserveAspectRatio=\"xMidYMid meet\" role=\"graphics-symbol\" aria-hidden=\"true\">\n<path d=\"M0.416 27.84l11.456-11.84-11.456-11.904q-0.832-0.832 0-1.536 0.832-0.832 1.536 0l12.544 12.608q0.768 0.832 0 1.6l-12.544 12.608q-0.704 0.832-1.536 0-0.832-0.704 0-1.536z\"><\/path>\n<\/svg><\/span><\/a><\/div><\/div><\/div><footer class=\"entry-footer\"><\/footer><span class='hidden'>\n\t\t\t\t<span class='av-structured-data' >\n\t\t\t\t\t\t<span itemprop='url'>https:\/\/www.ibes.ch\/wp-content\/uploads\/2018\/08\/messung_anlegen.jpg<\/span>\n\t\t\t\t\t\t<span itemprop='height'>477<\/span>\n\t\t\t\t\t\t<span itemprop='width'>840<\/span>\n\t\t\t\t<\/span>\n\t\t\t\t<span class='av-structured-data'  itemprop=\"publisher\" itemtype=\"https:\/\/schema.org\/Organization\" itemscope=\"itemscope\" >\n\t\t\t\t\t\t<span itemprop='name'>tgrether<\/span>\n\t\t\t\t\t\t<span itemprop='logo' itemscope itemtype='https:\/\/schema.org\/ImageObject'>\n\t\t\t\t\t\t\t<span itemprop='url'>https:\/\/www.ibes.ch\/wp-content\/uploads\/2021\/10\/IBES-Logo-CH.png<\/span>\n\t\t\t\t\t\t<\/span>\n\t\t\t\t<\/span><span class='av-structured-data'  itemprop=\"author\" itemscope=\"itemscope\" itemtype=\"https:\/\/schema.org\/Person\" ><span itemprop='name'>tgrether<\/span><\/span><span class='av-structured-data'  itemprop=\"datePublished\" datetime=\"2018-07-28T10:41:05+02:00\" >2018-08-20 11:41:36<\/span><span class='av-structured-data'  itemprop=\"dateModified\" itemtype=\"https:\/\/schema.org\/dateModified\" >2021-10-15 14:53:05<\/span><span class='av-structured-data'  itemprop=\"mainEntityOfPage\" itemtype=\"https:\/\/schema.org\/mainEntityOfPage\" ><span itemprop='name'>Ver\u00e4nderte Gehirnstr\u00f6me im Auto<\/span><\/span><\/span><\/article><article class='slide-entry flex_column  post-entry post-entry-8462 slide-entry-overview slide-loop-39 slide-parity-odd  av_one_third  real-thumbnail posttype-post post-format-standard'  itemscope=\"itemscope\" itemtype=\"https:\/\/schema.org\/CreativeWork\" ><a href='https:\/\/www.ibes.ch\/fr\/neues-handynetz-5g-koennte-krebs-foerdern\/' data-rel='slide-1' class='slide-image' title='Neues Handy-Netz 5G: Krebsrisiko?'><img decoding=\"async\" fetchpriority=\"high\" width=\"495\" height=\"400\" src=\"https:\/\/www.ibes.ch\/wp-content\/uploads\/2018\/08\/5g-495x400.jpg\" class=\"wp-image-8463 avia-img-lazy-loading-not-8463 attachment-portfolio size-portfolio wp-post-image\" alt=\"Symbolbild 5G: Neues Handynetz 5G k\u00f6nnte Krebs f\u00f6rdern\" \/><\/a><div class=\"slide-content\"><header class=\"entry-content-header\" aria-label=\"Slide: Neues Handy-Netz 5G: Krebsrisiko?\"><h3 class='slide-entry-title entry-title '  itemprop=\"headline\" ><a href='https:\/\/www.ibes.ch\/fr\/neues-handynetz-5g-koennte-krebs-foerdern\/' title='Neues Handy-Netz 5G: Krebsrisiko?'>Neues Handy-Netz 5G: Krebsrisiko?<\/a><\/h3><span class=\"av-vertical-delimiter\"><\/span><\/header><div class=\"slide-meta\"><time class='slide-meta-time updated'  itemprop=\"datePublished\" datetime=\"2018-08-14T17:26:10+02:00\" >14. ao\u00fbt 2018<\/time><\/div><div class='slide-entry-excerpt entry-content'  itemprop=\"text\" >\r\n\r\n\r\n\r\n\r\n\r\n\r\n\r\n\r\n\r\n\r\n\r\n\r\n\r\n\r\n\r\n\r\n\r\n\r\n\r\n\r\n\r\n<div class=\"read-more-link\"><a href=\"https:\/\/www.ibes.ch\/fr\/neues-handynetz-5g-koennte-krebs-foerdern\/\" class=\"more-link\">Lire la suite<span class='more-link-arrow avia-svg-icon avia-font-svg_entypo-fontello' data-av_svg_icon='right-open-big' data-av_iconset='svg_entypo-fontello'><svg version=\"1.1\" xmlns=\"http:\/\/www.w3.org\/2000\/svg\" width=\"15\" height=\"32\" viewBox=\"0 0 15 32\" preserveAspectRatio=\"xMidYMid meet\" role=\"graphics-symbol\" aria-hidden=\"true\">\n<path d=\"M0.416 27.84l11.456-11.84-11.456-11.904q-0.832-0.832 0-1.536 0.832-0.832 1.536 0l12.544 12.608q0.768 0.832 0 1.6l-12.544 12.608q-0.704 0.832-1.536 0-0.832-0.704 0-1.536z\"><\/path>\n<\/svg><\/span><\/a><\/div><\/div><\/div><footer class=\"entry-footer\"><\/footer><span class='hidden'>\n\t\t\t\t<span class='av-structured-data' >\n\t\t\t\t\t\t<span itemprop='url'>https:\/\/www.ibes.ch\/wp-content\/uploads\/2018\/08\/5g.jpg<\/span>\n\t\t\t\t\t\t<span itemprop='height'>465<\/span>\n\t\t\t\t\t\t<span itemprop='width'>840<\/span>\n\t\t\t\t<\/span>\n\t\t\t\t<span class='av-structured-data'  itemprop=\"publisher\" itemtype=\"https:\/\/schema.org\/Organization\" itemscope=\"itemscope\" >\n\t\t\t\t\t\t<span itemprop='name'>tgrether<\/span>\n\t\t\t\t\t\t<span itemprop='logo' itemscope itemtype='https:\/\/schema.org\/ImageObject'>\n\t\t\t\t\t\t\t<span itemprop='url'>https:\/\/www.ibes.ch\/wp-content\/uploads\/2021\/10\/IBES-Logo-CH.png<\/span>\n\t\t\t\t\t\t<\/span>\n\t\t\t\t<\/span><span class='av-structured-data'  itemprop=\"author\" itemscope=\"itemscope\" itemtype=\"https:\/\/schema.org\/Person\" ><span itemprop='name'>tgrether<\/span><\/span><span class='av-structured-data'  itemprop=\"datePublished\" datetime=\"2018-07-28T10:41:05+02:00\" >2018-08-14 17:26:10<\/span><span class='av-structured-data'  itemprop=\"dateModified\" itemtype=\"https:\/\/schema.org\/dateModified\" >2023-08-11 10:20:45<\/span><span class='av-structured-data'  itemprop=\"mainEntityOfPage\" itemtype=\"https:\/\/schema.org\/mainEntityOfPage\" ><span itemprop='name'>Neues Handy-Netz 5G: Krebsrisiko?<\/span><\/span><\/span><\/article><\/div><div class=\"slide-entry-wrap\"><article class='slide-entry flex_column  post-entry post-entry-8464 slide-entry-overview slide-loop-40 slide-parity-odd  av_one_third first real-thumbnail posttype-post post-format-standard'  itemscope=\"itemscope\" itemtype=\"https:\/\/schema.org\/CreativeWork\" ><a href='https:\/\/www.ibes.ch\/fr\/verkehrsunfaelle-durch-elektrosmog\/' data-rel='slide-1' class='slide-image' title='Verkehrsunf\u00e4lle durch Elektrosmog?'><img decoding=\"async\" fetchpriority=\"high\" width=\"495\" height=\"400\" src=\"https:\/\/www.ibes.ch\/wp-content\/uploads\/2018\/08\/verkehrsunfaelle-495x400.jpg\" class=\"wp-image-8465 avia-img-lazy-loading-not-8465 attachment-portfolio size-portfolio wp-post-image\" alt=\"Zeitungsartikel zu Autounf\u00e4llen durch Elektrosmog\" \/><\/a><div class=\"slide-content\"><header class=\"entry-content-header\" aria-label=\"Slide: Verkehrsunf\u00e4lle durch Elektrosmog?\"><h3 class='slide-entry-title entry-title '  itemprop=\"headline\" ><a href='https:\/\/www.ibes.ch\/fr\/verkehrsunfaelle-durch-elektrosmog\/' title='Verkehrsunf\u00e4lle durch Elektrosmog?'>Verkehrsunf\u00e4lle durch Elektrosmog?<\/a><\/h3><span class=\"av-vertical-delimiter\"><\/span><\/header><div class=\"slide-meta\"><time class='slide-meta-time updated'  itemprop=\"datePublished\" datetime=\"2018-08-14T17:20:51+02:00\" >14. ao\u00fbt 2018<\/time><\/div><div class='slide-entry-excerpt entry-content'  itemprop=\"text\" >\r\n\r\n\r\n\r\n\r\n\r\n\r\n\r\n<div class=\"read-more-link\"><a href=\"https:\/\/www.ibes.ch\/fr\/verkehrsunfaelle-durch-elektrosmog\/\" class=\"more-link\">Lire la suite<span class='more-link-arrow avia-svg-icon avia-font-svg_entypo-fontello' data-av_svg_icon='right-open-big' data-av_iconset='svg_entypo-fontello'><svg version=\"1.1\" xmlns=\"http:\/\/www.w3.org\/2000\/svg\" width=\"15\" height=\"32\" viewBox=\"0 0 15 32\" preserveAspectRatio=\"xMidYMid meet\" role=\"graphics-symbol\" aria-hidden=\"true\">\n<path d=\"M0.416 27.84l11.456-11.84-11.456-11.904q-0.832-0.832 0-1.536 0.832-0.832 1.536 0l12.544 12.608q0.768 0.832 0 1.6l-12.544 12.608q-0.704 0.832-1.536 0-0.832-0.704 0-1.536z\"><\/path>\n<\/svg><\/span><\/a><\/div><\/div><\/div><footer class=\"entry-footer\"><\/footer><span class='hidden'>\n\t\t\t\t<span class='av-structured-data' >\n\t\t\t\t\t\t<span itemprop='url'>https:\/\/www.ibes.ch\/wp-content\/uploads\/2018\/08\/verkehrsunfaelle.jpg<\/span>\n\t\t\t\t\t\t<span itemprop='height'>432<\/span>\n\t\t\t\t\t\t<span itemprop='width'>840<\/span>\n\t\t\t\t<\/span>\n\t\t\t\t<span class='av-structured-data'  itemprop=\"publisher\" itemtype=\"https:\/\/schema.org\/Organization\" itemscope=\"itemscope\" >\n\t\t\t\t\t\t<span itemprop='name'>tgrether<\/span>\n\t\t\t\t\t\t<span itemprop='logo' itemscope itemtype='https:\/\/schema.org\/ImageObject'>\n\t\t\t\t\t\t\t<span itemprop='url'>https:\/\/www.ibes.ch\/wp-content\/uploads\/2021\/10\/IBES-Logo-CH.png<\/span>\n\t\t\t\t\t\t<\/span>\n\t\t\t\t<\/span><span class='av-structured-data'  itemprop=\"author\" itemscope=\"itemscope\" itemtype=\"https:\/\/schema.org\/Person\" ><span itemprop='name'>tgrether<\/span><\/span><span class='av-structured-data'  itemprop=\"datePublished\" datetime=\"2018-07-28T10:41:05+02:00\" >2018-08-14 17:20:51<\/span><span class='av-structured-data'  itemprop=\"dateModified\" itemtype=\"https:\/\/schema.org\/dateModified\" >2021-10-15 14:53:21<\/span><span class='av-structured-data'  itemprop=\"mainEntityOfPage\" itemtype=\"https:\/\/schema.org\/mainEntityOfPage\" ><span itemprop='name'>Verkehrsunf\u00e4lle durch Elektrosmog?<\/span><\/span><\/span><\/article><article class='slide-entry flex_column  post-entry post-entry-8466 slide-entry-overview slide-loop-41 slide-parity-even  av_one_third  real-thumbnail posttype-post post-format-standard'  itemscope=\"itemscope\" itemtype=\"https:\/\/schema.org\/CreativeWork\" ><a href='https:\/\/www.ibes.ch\/fr\/neuer-mobilfunkstandart-5g-fuer-handynetz\/' data-rel='slide-1' class='slide-image' title='Neuer Mobilfunkstandart 5G f\u00fcr Handynetz'><img decoding=\"async\" fetchpriority=\"high\" width=\"495\" height=\"400\" src=\"https:\/\/www.ibes.ch\/wp-content\/uploads\/2018\/08\/mobilfunk2-495x400.jpg\" class=\"wp-image-8467 avia-img-lazy-loading-not-8467 attachment-portfolio size-portfolio wp-post-image\" alt=\"Elektrosmog durch Mobilfunkantennen\" \/><\/a><div class=\"slide-content\"><header class=\"entry-content-header\" aria-label=\"Slide: Neuer Mobilfunkstandart 5G f\u00fcr Handynetz\"><h3 class='slide-entry-title entry-title '  itemprop=\"headline\" ><a href='https:\/\/www.ibes.ch\/fr\/neuer-mobilfunkstandart-5g-fuer-handynetz\/' title='Neuer Mobilfunkstandart 5G f\u00fcr Handynetz'>Neuer Mobilfunkstandart 5G f\u00fcr Handynetz<\/a><\/h3><span class=\"av-vertical-delimiter\"><\/span><\/header><div class=\"slide-meta\"><time class='slide-meta-time updated'  itemprop=\"datePublished\" datetime=\"2018-08-14T16:48:29+02:00\" >14. ao\u00fbt 2018<\/time><\/div><div class='slide-entry-excerpt entry-content'  itemprop=\"text\" >\r\n\r\n\r\n\r\n\r\n\r\n<div class=\"read-more-link\"><a href=\"https:\/\/www.ibes.ch\/fr\/neuer-mobilfunkstandart-5g-fuer-handynetz\/\" class=\"more-link\">Lire la suite<span class='more-link-arrow avia-svg-icon avia-font-svg_entypo-fontello' data-av_svg_icon='right-open-big' data-av_iconset='svg_entypo-fontello'><svg version=\"1.1\" xmlns=\"http:\/\/www.w3.org\/2000\/svg\" width=\"15\" height=\"32\" viewBox=\"0 0 15 32\" preserveAspectRatio=\"xMidYMid meet\" role=\"graphics-symbol\" aria-hidden=\"true\">\n<path d=\"M0.416 27.84l11.456-11.84-11.456-11.904q-0.832-0.832 0-1.536 0.832-0.832 1.536 0l12.544 12.608q0.768 0.832 0 1.6l-12.544 12.608q-0.704 0.832-1.536 0-0.832-0.704 0-1.536z\"><\/path>\n<\/svg><\/span><\/a><\/div><\/div><\/div><footer class=\"entry-footer\"><\/footer><span class='hidden'>\n\t\t\t\t<span class='av-structured-data' >\n\t\t\t\t\t\t<span itemprop='url'>https:\/\/www.ibes.ch\/wp-content\/uploads\/2018\/08\/mobilfunk2.jpg<\/span>\n\t\t\t\t\t\t<span itemprop='height'>437<\/span>\n\t\t\t\t\t\t<span itemprop='width'>967<\/span>\n\t\t\t\t<\/span>\n\t\t\t\t<span class='av-structured-data'  itemprop=\"publisher\" itemtype=\"https:\/\/schema.org\/Organization\" itemscope=\"itemscope\" >\n\t\t\t\t\t\t<span itemprop='name'>tgrether<\/span>\n\t\t\t\t\t\t<span itemprop='logo' itemscope itemtype='https:\/\/schema.org\/ImageObject'>\n\t\t\t\t\t\t\t<span itemprop='url'>https:\/\/www.ibes.ch\/wp-content\/uploads\/2021\/10\/IBES-Logo-CH.png<\/span>\n\t\t\t\t\t\t<\/span>\n\t\t\t\t<\/span><span class='av-structured-data'  itemprop=\"author\" itemscope=\"itemscope\" itemtype=\"https:\/\/schema.org\/Person\" ><span itemprop='name'>tgrether<\/span><\/span><span class='av-structured-data'  itemprop=\"datePublished\" datetime=\"2018-07-28T10:41:05+02:00\" >2018-08-14 16:48:29<\/span><span class='av-structured-data'  itemprop=\"dateModified\" itemtype=\"https:\/\/schema.org\/dateModified\" >2023-08-11 10:19:26<\/span><span class='av-structured-data'  itemprop=\"mainEntityOfPage\" itemtype=\"https:\/\/schema.org\/mainEntityOfPage\" ><span itemprop='name'>Neuer Mobilfunkstandart 5G f\u00fcr Handynetz<\/span><\/span><\/span><\/article><article class='slide-entry flex_column  post-entry post-entry-8468 slide-entry-overview slide-loop-42 slide-parity-odd  post-entry-last  av_one_third  real-thumbnail posttype-post post-format-standard'  itemscope=\"itemscope\" itemtype=\"https:\/\/schema.org\/CreativeWork\" ><a href='https:\/\/www.ibes.ch\/fr\/elektrosensibilitaet-wird-eindruecklich-nachgewiesen\/' data-rel='slide-1' class='slide-image' title='Elektrosensibilit\u00e4t nachgewiesen'><img decoding=\"async\" fetchpriority=\"high\" width=\"495\" height=\"400\" src=\"https:\/\/www.ibes.ch\/wp-content\/uploads\/2018\/08\/weiner_lama-495x400.jpg\" class=\"wp-image-8470 avia-img-lazy-loading-not-8470 attachment-portfolio size-portfolio wp-post-image\" alt=\"Ulrich Weiner ist elektrosensibel\" \/><\/a><div class=\"slide-content\"><header class=\"entry-content-header\" aria-label=\"Slide: Elektrosensibilit\u00e4t nachgewiesen\"><h3 class='slide-entry-title entry-title '  itemprop=\"headline\" ><a href='https:\/\/www.ibes.ch\/fr\/elektrosensibilitaet-wird-eindruecklich-nachgewiesen\/' title='Elektrosensibilit\u00e4t nachgewiesen'>Elektrosensibilit\u00e4t nachgewiesen<\/a><\/h3><span class=\"av-vertical-delimiter\"><\/span><\/header><div class=\"slide-meta\"><time class='slide-meta-time updated'  itemprop=\"datePublished\" datetime=\"2018-08-14T16:43:40+02:00\" >14. ao\u00fbt 2018<\/time><\/div><div class='slide-entry-excerpt entry-content'  itemprop=\"text\" >\r\n\r\n\r\n\r\n\r\n\r\n\r\n\r\n\r\n\r\n\r\n\r\n\r\n\r\n\r\n\r\n<div class=\"read-more-link\"><a href=\"https:\/\/www.ibes.ch\/fr\/elektrosensibilitaet-wird-eindruecklich-nachgewiesen\/\" class=\"more-link\">Lire la suite<span class='more-link-arrow avia-svg-icon avia-font-svg_entypo-fontello' data-av_svg_icon='right-open-big' data-av_iconset='svg_entypo-fontello'><svg version=\"1.1\" xmlns=\"http:\/\/www.w3.org\/2000\/svg\" width=\"15\" height=\"32\" viewBox=\"0 0 15 32\" preserveAspectRatio=\"xMidYMid meet\" role=\"graphics-symbol\" aria-hidden=\"true\">\n<path d=\"M0.416 27.84l11.456-11.84-11.456-11.904q-0.832-0.832 0-1.536 0.832-0.832 1.536 0l12.544 12.608q0.768 0.832 0 1.6l-12.544 12.608q-0.704 0.832-1.536 0-0.832-0.704 0-1.536z\"><\/path>\n<\/svg><\/span><\/a><\/div><\/div><\/div><footer class=\"entry-footer\"><\/footer><span class='hidden'>\n\t\t\t\t<span class='av-structured-data' >\n\t\t\t\t\t\t<span itemprop='url'>https:\/\/www.ibes.ch\/wp-content\/uploads\/2018\/08\/weiner_lama.jpg<\/span>\n\t\t\t\t\t\t<span itemprop='height'>465<\/span>\n\t\t\t\t\t\t<span itemprop='width'>840<\/span>\n\t\t\t\t<\/span>\n\t\t\t\t<span class='av-structured-data'  itemprop=\"publisher\" itemtype=\"https:\/\/schema.org\/Organization\" itemscope=\"itemscope\" >\n\t\t\t\t\t\t<span itemprop='name'>tgrether<\/span>\n\t\t\t\t\t\t<span itemprop='logo' itemscope itemtype='https:\/\/schema.org\/ImageObject'>\n\t\t\t\t\t\t\t<span itemprop='url'>https:\/\/www.ibes.ch\/wp-content\/uploads\/2021\/10\/IBES-Logo-CH.png<\/span>\n\t\t\t\t\t\t<\/span>\n\t\t\t\t<\/span><span class='av-structured-data'  itemprop=\"author\" itemscope=\"itemscope\" itemtype=\"https:\/\/schema.org\/Person\" ><span itemprop='name'>tgrether<\/span><\/span><span class='av-structured-data'  itemprop=\"datePublished\" datetime=\"2018-07-28T10:41:05+02:00\" >2018-08-14 16:43:40<\/span><span class='av-structured-data'  itemprop=\"dateModified\" itemtype=\"https:\/\/schema.org\/dateModified\" >2023-08-11 10:18:46<\/span><span class='av-structured-data'  itemprop=\"mainEntityOfPage\" itemtype=\"https:\/\/schema.org\/mainEntityOfPage\" ><span itemprop='name'>Elektrosensibilit\u00e4t nachgewiesen<\/span><\/span><\/span><\/article><\/div><\/div><\/div><\/div>\n","protected":false},"excerpt":{"rendered":"","protected":false},"author":3,"featured_media":0,"parent":0,"menu_order":3,"comment_status":"closed","ping_status":"closed","template":"","meta":{"_acf_changed":false,"footnotes":""},"class_list":["post-8294","page","type-page","status-publish","hentry"],"acf":[],"yoast_head":"<!-- This site is optimized with the Yoast SEO plugin v27.5 - https:\/\/yoast.com\/product\/yoast-seo-wordpress\/ -->\n<title>News von IBES \u2013 f\u00fcr biologische Elektrotechnik Schweiz<\/title>\n<meta name=\"description\" content=\"News und Aktuelles von IBES, dem Institut f\u00fcr biologische Elektrotechnik Schweiz. IBES informiert, kl\u00e4rt auf und misst Elektrosmog vor Ort.\" \/>\n<meta name=\"robots\" content=\"index, follow, max-snippet:-1, max-image-preview:large, max-video-preview:-1\" \/>\n<link rel=\"canonical\" href=\"https:\/\/www.ibes.ch\/fr\/nouvelles\/\" \/>\n<meta property=\"og:locale\" content=\"fr_FR\" \/>\n<meta property=\"og:type\" content=\"article\" \/>\n<meta property=\"og:title\" content=\"News von IBES \u2013 f\u00fcr biologische Elektrotechnik Schweiz\" \/>\n<meta property=\"og:description\" content=\"News und Aktuelles von IBES, dem Institut f\u00fcr biologische Elektrotechnik Schweiz. IBES informiert, kl\u00e4rt auf und misst Elektrosmog vor Ort.\" \/>\n<meta property=\"og:url\" content=\"https:\/\/www.ibes.ch\/fr\/nouvelles\/\" \/>\n<meta property=\"og:site_name\" content=\"IBES\" \/>\n<meta property=\"article:modified_time\" content=\"2023-08-11T09:32:28+00:00\" \/>\n<meta name=\"twitter:card\" content=\"summary_large_image\" \/>\n<meta name=\"twitter:label1\" content=\"Dur\u00e9e de lecture estim\u00e9e\" \/>\n\t<meta name=\"twitter:data1\" content=\"3 minutes\" \/>\n<script type=\"application\/ld+json\" class=\"yoast-schema-graph\">{\"@context\":\"https:\\\/\\\/schema.org\",\"@graph\":[{\"@type\":\"WebPage\",\"@id\":\"https:\\\/\\\/www.ibes.ch\\\/news\\\/\",\"url\":\"https:\\\/\\\/www.ibes.ch\\\/news\\\/\",\"name\":\"News von IBES \u2013 f\u00fcr biologische Elektrotechnik Schweiz\",\"isPartOf\":{\"@id\":\"https:\\\/\\\/www.ibes.ch\\\/#website\"},\"datePublished\":\"2018-07-28T10:41:05+00:00\",\"dateModified\":\"2023-08-11T09:32:28+00:00\",\"description\":\"News und Aktuelles von IBES, dem Institut f\u00fcr biologische Elektrotechnik Schweiz. IBES informiert, kl\u00e4rt auf und misst Elektrosmog vor Ort.\",\"breadcrumb\":{\"@id\":\"https:\\\/\\\/www.ibes.ch\\\/news\\\/#breadcrumb\"},\"inLanguage\":\"fr-FR\",\"potentialAction\":[{\"@type\":\"ReadAction\",\"target\":[\"https:\\\/\\\/www.ibes.ch\\\/news\\\/\"]}]},{\"@type\":\"BreadcrumbList\",\"@id\":\"https:\\\/\\\/www.ibes.ch\\\/news\\\/#breadcrumb\",\"itemListElement\":[{\"@type\":\"ListItem\",\"position\":1,\"name\":\"Home\",\"item\":\"https:\\\/\\\/www.ibes.ch\\\/\"},{\"@type\":\"ListItem\",\"position\":2,\"name\":\"News\"}]},{\"@type\":\"WebSite\",\"@id\":\"https:\\\/\\\/www.ibes.ch\\\/#website\",\"url\":\"https:\\\/\\\/www.ibes.ch\\\/\",\"name\":\"IBES\",\"description\":\"IBES - Ratgeber f\u00fcr Elektrosmog\",\"potentialAction\":[{\"@type\":\"SearchAction\",\"target\":{\"@type\":\"EntryPoint\",\"urlTemplate\":\"https:\\\/\\\/www.ibes.ch\\\/?s={search_term_string}\"},\"query-input\":{\"@type\":\"PropertyValueSpecification\",\"valueRequired\":true,\"valueName\":\"search_term_string\"}}],\"inLanguage\":\"fr-FR\"}]}<\/script>\n<!-- \/ Yoast SEO plugin. -->","yoast_head_json":{"title":"Nouvelles d'IBES - pour l'\u00e9lectrotechnique biologique suisse","description":"Nouvelles et actualit\u00e9s de l'IBES, l'Institut d'\u00e9lectrotechnique biologique suisse. L'IBES informe, clarifie et mesure l'\u00e9lectrosmog sur place.","robots":{"index":"index","follow":"follow","max-snippet":"max-snippet:-1","max-image-preview":"max-image-preview:large","max-video-preview":"max-video-preview:-1"},"canonical":"https:\/\/www.ibes.ch\/fr\/nouvelles\/","og_locale":"fr_FR","og_type":"article","og_title":"News von IBES \u2013 f\u00fcr biologische Elektrotechnik Schweiz","og_description":"News und Aktuelles von IBES, dem Institut f\u00fcr biologische Elektrotechnik Schweiz. IBES informiert, kl\u00e4rt auf und misst Elektrosmog vor Ort.","og_url":"https:\/\/www.ibes.ch\/fr\/nouvelles\/","og_site_name":"IBES","article_modified_time":"2023-08-11T09:32:28+00:00","twitter_card":"summary_large_image","twitter_misc":{"Dur\u00e9e de lecture estim\u00e9e":"3 minutes"},"schema":{"@context":"https:\/\/schema.org","@graph":[{"@type":"WebPage","@id":"https:\/\/www.ibes.ch\/news\/","url":"https:\/\/www.ibes.ch\/news\/","name":"Nouvelles d'IBES - pour l'\u00e9lectrotechnique biologique suisse","isPartOf":{"@id":"https:\/\/www.ibes.ch\/#website"},"datePublished":"2018-07-28T10:41:05+00:00","dateModified":"2023-08-11T09:32:28+00:00","description":"Nouvelles et actualit\u00e9s de l'IBES, l'Institut d'\u00e9lectrotechnique biologique suisse. L'IBES informe, clarifie et mesure l'\u00e9lectrosmog sur place.","breadcrumb":{"@id":"https:\/\/www.ibes.ch\/news\/#breadcrumb"},"inLanguage":"fr-FR","potentialAction":[{"@type":"ReadAction","target":["https:\/\/www.ibes.ch\/news\/"]}]},{"@type":"BreadcrumbList","@id":"https:\/\/www.ibes.ch\/news\/#breadcrumb","itemListElement":[{"@type":"ListItem","position":1,"name":"Home","item":"https:\/\/www.ibes.ch\/"},{"@type":"ListItem","position":2,"name":"News"}]},{"@type":"WebSite","@id":"https:\/\/www.ibes.ch\/#website","url":"https:\/\/www.ibes.ch\/","name":"IBES","description":"IBES - Guide de l'\u00e9lectrosmog","potentialAction":[{"@type":"SearchAction","target":{"@type":"EntryPoint","urlTemplate":"https:\/\/www.ibes.ch\/?s={search_term_string}"},"query-input":{"@type":"PropertyValueSpecification","valueRequired":true,"valueName":"search_term_string"}}],"inLanguage":"fr-FR"}]}},"_links":{"self":[{"href":"https:\/\/www.ibes.ch\/fr\/wp-json\/wp\/v2\/pages\/8294","targetHints":{"allow":["GET"]}}],"collection":[{"href":"https:\/\/www.ibes.ch\/fr\/wp-json\/wp\/v2\/pages"}],"about":[{"href":"https:\/\/www.ibes.ch\/fr\/wp-json\/wp\/v2\/types\/page"}],"author":[{"embeddable":true,"href":"https:\/\/www.ibes.ch\/fr\/wp-json\/wp\/v2\/users\/3"}],"replies":[{"embeddable":true,"href":"https:\/\/www.ibes.ch\/fr\/wp-json\/wp\/v2\/comments?post=8294"}],"version-history":[{"count":5,"href":"https:\/\/www.ibes.ch\/fr\/wp-json\/wp\/v2\/pages\/8294\/revisions"}],"predecessor-version":[{"id":19730,"href":"https:\/\/www.ibes.ch\/fr\/wp-json\/wp\/v2\/pages\/8294\/revisions\/19730"}],"wp:attachment":[{"href":"https:\/\/www.ibes.ch\/fr\/wp-json\/wp\/v2\/media?parent=8294"}],"curies":[{"name":"wp","href":"https:\/\/api.w.org\/{rel}","templated":true}]}}