{"id":8277,"date":"2018-08-02T12:11:31","date_gmt":"2018-08-02T12:11:31","guid":{"rendered":"https:\/\/www.ibes.ch\/profi-messung\/wissenschaft-und-studien\/"},"modified":"2021-10-15T14:40:35","modified_gmt":"2021-10-15T12:40:35","slug":"science-et-etudes","status":"publish","type":"page","link":"https:\/\/www.ibes.ch\/fr\/profi-messung-2\/wissenschaft-und-studien\/","title":{"rendered":"Sciences et \u00e9tudes"},"content":{"rendered":"[av_slideshow_full size='no scaling' min_height='0px' stretch='' control_layout='av-control-default' src='' attachment='' attachment_size='' position='top left' repeat='no-repeat' attach='scroll' conditional_play='' animation='slide' transition_speed='' autoplay='false' interval='5' lazy_loading='disabled' av-small-hide='aviaTBav-small-hide' av-mini-hide='aviaTBav-mini-hide' id='' custom_class='' template_class='' av_uid='av-jxetyq7b' sc_version='1.0']\r\n[av_slide_full slide_type='image' id='13696' video='http:\/\/' mobile_image='' fallback_link='http:\/\/' video_format='' video_ratio='16:9' title='' custom_title_size='' custom_content_size='' caption_pos='caption_bottom' link_apply='' link='lightbox' link_target='' button_label='Click me' button_color='light' link1='manually,http:\/\/' link_target1='' button_label2='Click me' button_color2='light' link2='manually,http:\/\/' link_target2='' font_color='' custom_title='' custom_content='' overlay_opacity='0.5' overlay_color='' overlay_pattern='' overlay_custom_pattern='' av-medium-font-size-title='' av-small-font-size-title='' av-mini-font-size-title='' av-medium-font-size='' av-small-font-size='' av-mini-font-size='' av_uid='av-u843dr' video_autoplay='' video_controls='' video_mute='' video_loop='' heading_tag='' heading_class='' overlay_enable='' sc_version='1.0'][\/av_slide_full]\r\n[\/av_slideshow_full]\r\n\r\n[av_slideshow_full img_copyright='' size='no scaling' min_height='' stretch='' control_layout='av-control-default' slider_navigation='av-navigate-arrows av-navigate-dots' nav_visibility_desktop='' nav_arrow_color='' nav_arrow_bg_color='' nav_dots_color='' nav_dot_active_color='' src='' attachment='' attachment_size='' position='top left' repeat='no-repeat' attach='scroll' img_copyright_font='' av-desktop-font-img_copyright_font='' av-medium-font-img_copyright_font='' av-small-font-img_copyright_font='' av-mini-font-img_copyright_font='' img_copyright_color='' img_copyright_bg='' animation='slide' transition_speed='' autoplay='false' interval='5' img_scale='' img_scale_end='10' img_scale_direction='' img_scale_duration='3' img_scale_opacity='1' conditional_play='' img_scrset='' lazy_loading='disabled' av-desktop-hide='aviaTBav-desktop-hide' av-medium-hide='aviaTBav-medium-hide' alb_description='' id='' custom_class='' template_class='' av_uid='av-kng611rn' sc_version='1.0']\r\n[av_slide_full slide_type='image' id='17452' video='http:\/\/' mobile_image='' fallback_link='http:\/\/' title='' video_format='' video_ratio='16:9' caption_pos='caption_bottom' custom_title_size='' av-medium-font-size-title='' av-small-font-size-title='' av-mini-font-size-title='' custom_content_size='' av-medium-font-size='' av-small-font-size='' av-mini-font-size='' font_color='' custom_title='' custom_content='' heading_tag='' heading_class='' link_apply='' link='lightbox' link_target='' button_label='Click me' button_color='light' link1='manually,http:\/\/' link_target1='' button_label2='Click me' button_color2='light' link2='manually,http:\/\/' link_target2='' overlay_opacity='0.5' overlay_color='' overlay_pattern='' overlay_custom_pattern='' av_uid='av-kng61114' sc_version='1.0' video_autoplay='' video_controls='' video_mute='' video_loop='' av-desktop-font-size-title='' av-desktop-font-size='' overlay_enable=''][\/av_slide_full]\r\n\r\n\r\n[\/av_slideshow_full]\r\n\r\n\n<div id='av_section_1'  class='avia-section av-jjzgjy94-535fc938f73d54e38e18c9f5b93283ba main_color avia-section-large avia-no-border-styling  avia-builder-el-1  el_after_av_postcontent  el_before_av_section  avia-bg-style-scroll container_wrap fullsize'  ><div class='container av-section-cont-open' ><div class='template-page content  av-content-full alpha units'><div class='post-entry post-entry-type-page post-entry-8277'><div class='entry-content-wrapper clearfix'>\n\n<style type=\"text\/css\" data-created_by=\"avia_inline_auto\" id=\"style-css-av-av_heading-cca927fcf94296ab444e33f8d944a85d\">\n#top .av-special-heading.av-av_heading-cca927fcf94296ab444e33f8d944a85d{\npadding-bottom:19px;\n}\nbody .av-special-heading.av-av_heading-cca927fcf94296ab444e33f8d944a85d .av-special-heading-tag .heading-char{\nfont-size:25px;\n}\n.av-special-heading.av-av_heading-cca927fcf94296ab444e33f8d944a85d .av-subheading{\nfont-size:20px;\n}\n<\/style>\n<div  class='av-special-heading av-av_heading-cca927fcf94296ab444e33f8d944a85d av-special-heading-h1 blockquote modern-quote modern-centered  avia-builder-el-2  el_before_av_hr  avia-builder-el-first '><h1 class='av-special-heading-tag '  itemprop=\"headline\"  > Studien zu Strahlenschutz und Elektrosmog<\/h1><div class='av-subheading av-subheading_below'><p>Die Wissenschaft geht der Strahlung auf den Grund<\/p>\n<\/div><div class=\"special-heading-border\"><div class=\"special-heading-inner-border\"><\/div><\/div><\/div>\n<div  class='hr av-aue7n2-e30d11672c1926c4b838dbe0728bd62f hr-short  avia-builder-el-3  el_after_av_heading  el_before_av_one_half  hr-center'><span class='hr-inner '><span class=\"hr-inner-style\"><\/span><\/span><\/div>\n\n<style type=\"text\/css\" data-created_by=\"avia_inline_auto\" id=\"style-css-av-942rr2-2eb0e8bb4cae607c59be1a88a2974a0a\">\n#top .flex_column.av-942rr2-2eb0e8bb4cae607c59be1a88a2974a0a{\nmargin-top:25px;\nmargin-bottom:0px;\n}\n.flex_column.av-942rr2-2eb0e8bb4cae607c59be1a88a2974a0a{\nborder-radius:0px 0px 0px 0px;\npadding:0px 0px 0px 0px;\n}\n.responsive #top #wrap_all .flex_column.av-942rr2-2eb0e8bb4cae607c59be1a88a2974a0a{\nmargin-top:25px;\nmargin-bottom:0px;\n}\n<\/style>\n<div  class='flex_column av-942rr2-2eb0e8bb4cae607c59be1a88a2974a0a av_one_half  avia-builder-el-4  el_after_av_hr  el_before_av_one_half  first flex_column_div av-animated-generic left-to-right av-zero-column-padding  '     ><p>\n<style type=\"text\/css\" data-created_by=\"avia_inline_auto\" id=\"style-css-av-av_heading-ff1b330c9236d729f38240cbba14c1ce\">\n#top .av-special-heading.av-av_heading-ff1b330c9236d729f38240cbba14c1ce{\npadding-bottom:10px;\n}\nbody .av-special-heading.av-av_heading-ff1b330c9236d729f38240cbba14c1ce .av-special-heading-tag .heading-char{\nfont-size:25px;\n}\n.av-special-heading.av-av_heading-ff1b330c9236d729f38240cbba14c1ce .av-subheading{\nfont-size:15px;\n}\n<\/style>\n<div  class='av-special-heading av-av_heading-ff1b330c9236d729f38240cbba14c1ce av-special-heading-h3 blockquote modern-quote  avia-builder-el-5  el_before_av_textblock  avia-builder-el-first '><h3 class='av-special-heading-tag '  itemprop=\"headline\"  >Wechselwirkungen sind ausschlaggebend<\/h3><div class=\"special-heading-border\"><div class=\"special-heading-inner-border\"><\/div><\/div><\/div><br \/>\n<section  class='av_textblock_section av-jk8f3xo3-8ce38b0e8c6dc392eccc155cfd78d4d3 '   itemscope=\"itemscope\" itemtype=\"https:\/\/schema.org\/CreativeWork\" ><div class='avia_textblock'  itemprop=\"text\" ><p>Forschung ist oft auf einzelne technische Feld- und Strahlungsarten beschr\u00e4nkt. Doch beim Strahlenschutz sind die Wechselwirkungen ausschlaggebend.<\/p>\n<p>Die Studien der verschiedenen wissenschaftlichen Gruppierungen sind in erster Linie abh\u00e4ngig vom Auftraggeber der Studien.<\/p>\n<p>In der Vergangenheit wollte man vor allem beweisen, dass technische, elektromagnetische Strahlung und Felder unsch\u00e4dlich seien und Strahlenschutz nicht n\u00f6tig ist.<\/p>\n<\/div><\/section><br \/>\n<div  class='avia-button-wrap av-jnlfyky8-af863eed330f232da4528cb9c9176196-wrap avia-button-left  avia-builder-el-7  el_after_av_textblock  avia-builder-el-last '><a href='https:\/\/www.ibes.ch\/fr\/elektrosmog\/'  class='avia-button av-jnlfyky8-af863eed330f232da4528cb9c9176196 av-link-btn avia-icon_select-yes-right-icon avia-size-medium avia-position-left avia-color-theme-color'   aria-label=\"Was ist Elektrosmog?\"><span class='avia_iconbox_title' >Was ist Elektrosmog?<\/span><span class='avia_button_icon avia_button_icon_right avia-iconfont avia-font-entypo-fontello' data-av_icon='\ue832' data-av_iconfont='entypo-fontello' ><\/span><\/a><\/div><\/p><\/div>\n<style type=\"text\/css\" data-created_by=\"avia_inline_auto\" id=\"style-css-av-942rr2-4b3b556cd8716b7ff00526eaf3247c2f\">\n#top .flex_column.av-942rr2-4b3b556cd8716b7ff00526eaf3247c2f{\nmargin-top:25px;\nmargin-bottom:0px;\n}\n.flex_column.av-942rr2-4b3b556cd8716b7ff00526eaf3247c2f{\nborder-radius:0px 0px 0px 0px;\npadding:0px 0px 0px 0px;\n}\n.responsive #top #wrap_all .flex_column.av-942rr2-4b3b556cd8716b7ff00526eaf3247c2f{\nmargin-top:25px;\nmargin-bottom:0px;\n}\n<\/style>\n<div  class='flex_column av-942rr2-4b3b556cd8716b7ff00526eaf3247c2f av_one_half  avia-builder-el-8  el_after_av_one_half  avia-builder-el-last  flex_column_div av-animated-generic top-to-bottom av-zero-column-padding  '     ><p>\n<style type=\"text\/css\" data-created_by=\"avia_inline_auto\" id=\"style-css-av-jk8f5wyt-57bd1c955425ff5450cb7a6b26e9772b\">\n.avia-image-container.av-jk8f5wyt-57bd1c955425ff5450cb7a6b26e9772b img.avia_image{\nbox-shadow:none;\n}\n.avia-image-container.av-jk8f5wyt-57bd1c955425ff5450cb7a6b26e9772b .av-image-caption-overlay-center{\ncolor:#ffffff;\n}\n<\/style>\n<div  class='avia-image-container av-jk8f5wyt-57bd1c955425ff5450cb7a6b26e9772b av-styling- avia-align-center  avia-builder-el-9  el_before_av_textblock  avia-builder-el-first '  ><div class=\"avia-image-container-inner\"><div class=\"avia-image-overlay-wrap\"><img decoding=\"async\" fetchpriority=\"high\" class='wp-image-4311 avia-img-lazy-loading-not-4311 avia_image ' src=\"https:\/\/www.ibes.ch\/wp-content\/uploads\/2018\/08\/studien-strahlenschutz.jpg\" alt='Studien zu Strahlenschutz im Labor' title='Chemiker im Labor'  height=\"566\" width=\"849\"  itemprop=\"thumbnailUrl\" srcset=\"https:\/\/www.ibes.ch\/wp-content\/uploads\/2018\/08\/studien-strahlenschutz.jpg 849w, https:\/\/www.ibes.ch\/wp-content\/uploads\/2018\/08\/studien-strahlenschutz-600x400.jpg 600w, https:\/\/www.ibes.ch\/wp-content\/uploads\/2018\/08\/studien-strahlenschutz-300x200.jpg 300w, https:\/\/www.ibes.ch\/wp-content\/uploads\/2018\/08\/studien-strahlenschutz-768x512.jpg 768w, https:\/\/www.ibes.ch\/wp-content\/uploads\/2018\/08\/studien-strahlenschutz-705x470.jpg 705w\" sizes=\"(max-width: 849px) 100vw, 849px\" \/><\/div><\/div><\/div><br \/>\n<section  class='av_textblock_section av-jm9esk1f-2c7f1c127b62d95a114d5679004aef27 '   itemscope=\"itemscope\" itemtype=\"https:\/\/schema.org\/CreativeWork\" ><div class='avia_textblock'  itemprop=\"text\" ><p>Die Wissenschaft untersucht die Folgen elektromagnetischer Strahlung.<\/p>\n<\/div><\/section><\/p><\/div>\n\n<\/div><\/div><\/div><!-- close content main div --><\/div><\/div><div id='av_section_2'  class='avia-section av-jjzyr2r5-04c0d28904aa08671e89023af8c5a85c alternate_color avia-section-large avia-no-shadow  avia-builder-el-11  el_after_av_section  el_before_av_section  avia-bg-style-scroll container_wrap fullsize'  ><div class='container av-section-cont-open' ><div class='template-page content  av-content-full alpha units'><div class='post-entry post-entry-type-page post-entry-8277'><div class='entry-content-wrapper clearfix'>\n\n<style type=\"text\/css\" data-created_by=\"avia_inline_auto\" id=\"style-css-av-942rr2-50c9a0e69a5285801962ef62a939d510\">\n.flex_column.av-942rr2-50c9a0e69a5285801962ef62a939d510{\nborder-radius:0px 0px 0px 0px;\npadding:0px 0px 0px 0px;\n}\n<\/style>\n<div  class='flex_column av-942rr2-50c9a0e69a5285801962ef62a939d510 av_one_half  avia-builder-el-12  el_before_av_one_half  avia-builder-el-first  first flex_column_div av-animated-generic fade-in av-zero-column-padding  '     ><article  class='iconbox iconbox_top av-jjzyyi27-60e817a844be6dc95dc7a9e5750a8081  avia-builder-el-13  avia-builder-el-no-sibling  main_color'  itemscope=\"itemscope\" itemtype=\"https:\/\/schema.org\/CreativeWork\" ><div class=\"iconbox_content\"><header class=\"entry-content-header\" aria-label=\"Ic\u00f4ne : Wie Immissionen wirken\"><div class='iconbox_icon heading-color avia-iconfont avia-font-entypo-fontello' data-av_icon='\ue8ac' data-av_iconfont='entypo-fontello'  ><\/div><h3 class='iconbox_content_title '  itemprop=\"headline\" >Wie Immissionen wirken<\/h3><\/header><div class='iconbox_content_container '  itemprop=\"text\" ><p>Im weiteren wurden Forschungen auf einzelne technische Feld- und Strahlungsarten beschr\u00e4nkt, etwa den Mobilfunk, ohne deren Zusammenh\u00e4nge mit anderen Feldarten mit zu ber\u00fccksichtigen.<\/p>\n<p>F\u00fcr den Strahlenschutz ist es jeodoch von Bedeutung zu erfassen, aus welchen Feldern die Immissionen zusammengesetzt sind und wie sie gemeinsam wirken.<\/p>\n<\/div><\/div><footer class=\"entry-footer\"><\/footer><\/article><\/div>\n<style type=\"text\/css\" data-created_by=\"avia_inline_auto\" id=\"style-css-av-942rr2-97118b66a63f3ac58250bff5c86537e4\">\n.flex_column.av-942rr2-97118b66a63f3ac58250bff5c86537e4{\nborder-radius:0px 0px 0px 0px;\npadding:0px 0px 0px 0px;\n}\n<\/style>\n<div  class='flex_column av-942rr2-97118b66a63f3ac58250bff5c86537e4 av_one_half  avia-builder-el-14  el_after_av_one_half  avia-builder-el-last  flex_column_div av-animated-generic fade-in av-zero-column-padding  '     ><article  class='iconbox iconbox_top av-jjzyyi27-8d9af3361952f496cdf5fad22183df8d  avia-builder-el-15  avia-builder-el-no-sibling  main_color'  itemscope=\"itemscope\" itemtype=\"https:\/\/schema.org\/CreativeWork\" ><div class=\"iconbox_content\"><header class=\"entry-content-header\" aria-label=\"Ic\u00f4ne : Faktoren spielen eine Rolle\"><div class='iconbox_icon heading-color avia-iconfont avia-font-entypo-fontello' data-av_icon='\ue8ab' data-av_iconfont='entypo-fontello'  ><\/div><h3 class='iconbox_content_title '  itemprop=\"headline\" >Faktoren spielen eine Rolle<\/h3><\/header><div class='iconbox_content_container '  itemprop=\"text\" ><p>Zudem ist es wichtig zu wissen, welche Feldst\u00e4rken aus hochfrequenten und anderen niederfrequenten Feldern vorhanden sind. Ebenso, ob sie aus den in der Umgebung emittierenden HF-Quellen Radio, TV, Mobilfunkantennen stammen, ob digital oder analog oder pulsmoduliert. Auch geomagnetische Feldverzerrungen sowie Lichteinfl\u00fcsse bei entsprechender Expositionsdauer k\u00f6nnen eine Rolle spielen.<\/p>\n<\/div><\/div><footer class=\"entry-footer\"><\/footer><\/article><\/div>\n\n<\/div><\/div><\/div><!-- close content main div --><\/div><\/div><div id='av_section_3'  class='avia-section av-jjzyr2r5-cb398b7cdb37759c639e8cfe568c0493 main_color avia-section-large avia-no-shadow  avia-builder-el-16  el_after_av_section  el_before_av_section  avia-bg-style-scroll container_wrap fullsize'  ><div class='container av-section-cont-open' ><div class='template-page content  av-content-full alpha units'><div class='post-entry post-entry-type-page post-entry-8277'><div class='entry-content-wrapper clearfix'>\n\n<style type=\"text\/css\" data-created_by=\"avia_inline_auto\" id=\"style-css-av-av_heading-6a5a1263fb10a9c1eaffbaad61ab6bb8\">\n#top .av-special-heading.av-av_heading-6a5a1263fb10a9c1eaffbaad61ab6bb8{\npadding-bottom:10px;\n}\nbody .av-special-heading.av-av_heading-6a5a1263fb10a9c1eaffbaad61ab6bb8 .av-special-heading-tag .heading-char{\nfont-size:25px;\n}\n.av-special-heading.av-av_heading-6a5a1263fb10a9c1eaffbaad61ab6bb8 .av-subheading{\nfont-size:15px;\n}\n<\/style>\n<div  class='av-special-heading av-av_heading-6a5a1263fb10a9c1eaffbaad61ab6bb8 av-special-heading-h2 blockquote modern-quote modern-centered  avia-builder-el-17  el_before_av_hr  avia-builder-el-first '><h2 class='av-special-heading-tag '  itemprop=\"headline\"  > Elektromagnetische Wellen und ihre Folgen<\/h2><div class=\"special-heading-border\"><div class=\"special-heading-inner-border\"><\/div><\/div><\/div>\n<div  class='hr av-jjzh17tq-82f3925afb741d00b0c66908af2f44f1 hr-short  avia-builder-el-18  el_after_av_heading  el_before_av_one_half  hr-center'><span class='hr-inner '><span class=\"hr-inner-style\"><\/span><\/span><\/div>\n\n<style type=\"text\/css\" data-created_by=\"avia_inline_auto\" id=\"style-css-av-942rr2-e7041d885637e92b03ca3525bb1b0c94\">\n.flex_column.av-942rr2-e7041d885637e92b03ca3525bb1b0c94{\nborder-radius:0px 0px 0px 0px;\npadding:0px 0px 0px 0px;\n}\n<\/style>\n<div  class='flex_column av-942rr2-e7041d885637e92b03ca3525bb1b0c94 av_one_half  avia-builder-el-19  el_after_av_hr  el_before_av_one_half  first flex_column_div av-animated-generic fade-in av-zero-column-padding  '     ><p>\n<style type=\"text\/css\" data-created_by=\"avia_inline_auto\" id=\"style-css-av-av_heading-110e628f71ecd1dea146bf98501f7719\">\n#top .av-special-heading.av-av_heading-110e628f71ecd1dea146bf98501f7719{\npadding-bottom:10px;\n}\nbody .av-special-heading.av-av_heading-110e628f71ecd1dea146bf98501f7719 .av-special-heading-tag .heading-char{\nfont-size:25px;\n}\n.av-special-heading.av-av_heading-110e628f71ecd1dea146bf98501f7719 .av-subheading{\nfont-size:15px;\n}\n<\/style>\n<div  class='av-special-heading av-av_heading-110e628f71ecd1dea146bf98501f7719 av-special-heading-h3 blockquote modern-quote  avia-builder-el-20  el_before_av_textblock  avia-builder-el-first '><h3 class='av-special-heading-tag '  itemprop=\"headline\"  >Analoge und digitalisierte Hochfrequenz<\/h3><div class=\"special-heading-border\"><div class=\"special-heading-inner-border\"><\/div><\/div><\/div><br \/>\n<section  class='av_textblock_section av-jk8gtv4b-7cf05bbee686c43845a2b40d6019432b '   itemscope=\"itemscope\" itemtype=\"https:\/\/schema.org\/CreativeWork\" ><div class='avia_textblock'  itemprop=\"text\" ><ul>\n<li>Es wird zwischen analoger (gleichm\u00e4ssig schwingender) und digitalisierter (pulsierender) Hochfrequenz unterschieden. Je h\u00f6her diese Frequenz (Schwingung pro Sekunde) ist, um so mehr \u201cverschmelzen\u201d die elektrischen und <a href=\"\/?page_id=8258\">magnetischen Felder<\/a> miteinander und sind kaum noch getrennt erfassbar. Daraus werden elektromagnetische Wellen. Man nennt diese Mikrowellen oder Hochfrequenz \u201cHF\u201d.<\/li>\n<li>Fernseh- und Radiosender geben sie ab, Telefonanlagen wie drahtlose Haustelefone (DECT-Standard), Radaranlagen, Funksender, <a href=\"\/?page_id=8280\">Hochspannungsleitungen<\/a>, Mikrowellenherde. Biologisch wirksam sind hier unter anderem nebst der bekannten W\u00e4rmewirkung die Beeinflussung durch die verschiedenen Modulationen, deren Pulse und deren Informatikgehalt, die heute anhand von Forschungen den K\u00f6rper- und Gehirnstr\u00f6men \u00e4hnlich sein kann.<\/li>\n<\/ul>\n<\/div><\/section><\/p><\/div>\n<style type=\"text\/css\" data-created_by=\"avia_inline_auto\" id=\"style-css-av-942rr2-79dbb98423f18468901360553ac1927c\">\n.flex_column.av-942rr2-79dbb98423f18468901360553ac1927c{\nborder-radius:0px 0px 0px 0px;\npadding:0px 0px 0px 0px;\n}\n<\/style>\n<div  class='flex_column av-942rr2-79dbb98423f18468901360553ac1927c av_one_half  avia-builder-el-22  el_after_av_one_half  avia-builder-el-last  flex_column_div av-animated-generic fade-in av-zero-column-padding  '     ><p>\n<style type=\"text\/css\" data-created_by=\"avia_inline_auto\" id=\"style-css-av-av_heading-67f03ff3f84f9ead7de5512cd7fe80bb\">\n#top .av-special-heading.av-av_heading-67f03ff3f84f9ead7de5512cd7fe80bb{\npadding-bottom:10px;\n}\nbody .av-special-heading.av-av_heading-67f03ff3f84f9ead7de5512cd7fe80bb .av-special-heading-tag .heading-char{\nfont-size:25px;\n}\n.av-special-heading.av-av_heading-67f03ff3f84f9ead7de5512cd7fe80bb .av-subheading{\nfont-size:15px;\n}\n<\/style>\n<div  class='av-special-heading av-av_heading-67f03ff3f84f9ead7de5512cd7fe80bb av-special-heading-h3 blockquote modern-quote  avia-builder-el-23  el_before_av_textblock  avia-builder-el-first '><h3 class='av-special-heading-tag '  itemprop=\"headline\"  >W\u00e4rmeentwicklung im Gewebe <\/h3><div class=\"special-heading-border\"><div class=\"special-heading-inner-border\"><\/div><\/div><\/div><br \/>\n<section  class='av_textblock_section av-jk8gtv4b-7cf05bbee686c43845a2b40d6019432b '   itemscope=\"itemscope\" itemtype=\"https:\/\/schema.org\/CreativeWork\" ><div class='avia_textblock'  itemprop=\"text\" ><ul>\n<li>So ist es m\u00f6glich durch Erfassung der Gehirnfrequenzen bereits Gedanken in Worte, S\u00e4tze und Bilder umzuformen. Hochfrequente Einstrahlungen k\u00f6nnen mit biologischen Systemen in Resonanz gehen und greifen in das biologische Regelsystem von Mensch und Tieren ein.<\/li>\n<li>Zum Beispiel mit den wenige Zentimeter langen Nervenfasern des Gehirns oder den Nadeln von B\u00e4umen, die sich dann wie abgestimmte Antennensysteme verhalten.<\/li>\n<li>Nach der heute g\u00fcltigen, offiziellen Wissenschaftstheorie wird nicht die biologische Wirkung, sondern nur die W\u00e4rmeentwicklung im Gewebe ber\u00fccksichtigt. Diese erfolgt durch hochfrequente Bewegung der Molek\u00fcle aus der Mikrowellenbestrahlung.<\/li>\n<\/ul>\n<\/div><\/section><\/p><\/div>\n\n<\/div><\/div><\/div><!-- close content main div --><\/div><\/div><div id='av_section_4'  class='avia-section av-jjzyr2r5-17d9348295b90a73aa643af679c54d26 alternate_color avia-section-large avia-no-shadow  avia-builder-el-25  el_after_av_section  el_before_av_section  avia-bg-style-scroll container_wrap fullsize'  ><div class='container av-section-cont-open' ><div class='template-page content  av-content-full alpha units'><div class='post-entry post-entry-type-page post-entry-8277'><div class='entry-content-wrapper clearfix'>\n\n<style type=\"text\/css\" data-created_by=\"avia_inline_auto\" id=\"style-css-av-827u6a-08b1c2e21eb850b321bb910e20dae0bd\">\n.flex_column.av-827u6a-08b1c2e21eb850b321bb910e20dae0bd{\nborder-radius:0px 0px 0px 0px;\npadding:0px 0px 0px 0px;\n}\n<\/style>\n<div  class='flex_column av-827u6a-08b1c2e21eb850b321bb910e20dae0bd av_one_third  avia-builder-el-26  el_before_av_two_third  avia-builder-el-first  first flex_column_div av-zero-column-padding  '     ><style type=\"text\/css\" data-created_by=\"avia_inline_auto\" id=\"style-css-av-jk0x29sm-254b006aa8fa220fc4d0817ee6b48039\">\n.avia-image-container.av-jk0x29sm-254b006aa8fa220fc4d0817ee6b48039 img.avia_image{\nbox-shadow:none;\n}\n.avia-image-container.av-jk0x29sm-254b006aa8fa220fc4d0817ee6b48039 .av-image-caption-overlay-center{\ncolor:#ffffff;\n}\n<\/style>\n<div  class='avia-image-container av-jk0x29sm-254b006aa8fa220fc4d0817ee6b48039 av-styling- avia-align-center  avia-builder-el-27  avia-builder-el-no-sibling '  ><div class=\"avia-image-container-inner\"><div class=\"avia-image-overlay-wrap\"><img decoding=\"async\" fetchpriority=\"high\" class='wp-image- avia-img-lazy-loading-not- avia_image ' src=\"https:\/\/www.ibes.ch\/wp-content\/uploads\/2018\/09\/esi23_kinderzimmer.jpg\" alt='' title=''   itemprop=\"thumbnailUrl\"  \/><\/div><\/div><\/div><\/div>\n<style type=\"text\/css\" data-created_by=\"avia_inline_auto\" id=\"style-css-av-6eys1u-5430c1fa2f00eb35a5c74bc277d616b0\">\n.flex_column.av-6eys1u-5430c1fa2f00eb35a5c74bc277d616b0{\nborder-radius:0px 0px 0px 0px;\npadding:0px 0px 0px 0px;\n}\n<\/style>\n<div  class='flex_column av-6eys1u-5430c1fa2f00eb35a5c74bc277d616b0 av_two_third  avia-builder-el-28  el_after_av_one_third  avia-builder-el-last  flex_column_div av-zero-column-padding  '     ><div  class='av_promobox av-2jy2aq-0f8dfb8e27eac6dae9b9f6bc33f99821 avia-button-yes  avia-builder-el-29  avia-builder-el-no-sibling '><div class='avia-promocontent'><\/p>\n<h3>Gehen Sie auf Nummer sicher<\/h3>\n<p>IBES empfiehlt ein hochempfindliches Elektrosmog-Messger\u00e4t, mit dem Sie auch als Laie selbst exakt pr\u00fcfen k\u00f6nnen, ob elektrische Ger\u00e4te sch\u00e4dlichen Elektrosmog verbreiten \u2013 am Arbeitsplatz oder zu Hause.<\/p>\n<\/div><div  class='avia-button-wrap av-2jy2aq-4833149a51b12b7c2853f77eb7027e36-wrap avia-button-right '><a href='https:\/\/www.ibes.ch\/produktuebersicht\/'  class='avia-button av-2jy2aq-4833149a51b12b7c2853f77eb7027e36 av-link-btn avia-icon_select-yes-left-icon avia-size-large avia-position-right avia-color-theme-color'   aria-label=\"Mehr Infos\"><span class='avia_button_icon avia_button_icon_left avia-iconfont avia-font-entypo-fontello' data-av_icon='\ue832' data-av_iconfont='entypo-fontello' ><\/span><span class='avia_iconbox_title' >Mehr Infos<\/span><\/a><\/div><\/div><\/div>\n\n<\/div><\/div><\/div><!-- close content main div --><\/div><\/div>\n<style type=\"text\/css\" data-created_by=\"avia_inline_auto\" id=\"style-css-av-jkvcp0mt-4d033bd7501a60351a03481411773d78\">\n#top .avia-section.av-jkvcp0mt-4d033bd7501a60351a03481411773d78 .scroll-down-link{\ncolor:#c4c4c4;\n}\n#top .avia-section.av-jkvcp0mt-4d033bd7501a60351a03481411773d78 .scroll-down-link.avia-svg-icon svg:first-child{\nstroke:#c4c4c4;\nfill:#c4c4c4;\n}\n<\/style>\n<div id='av_section_5'  class='avia-section av-jkvcp0mt-4d033bd7501a60351a03481411773d78 main_color avia-section-large avia-no-shadow  avia-builder-el-30  el_after_av_section  el_before_av_section  avia-bg-style-scroll container_wrap fullsize'  ><div class=\"av-section-color-overlay-wrap\"><a href='#next-section' title='' class='scroll-down-link av-custom-scroll-down-color avia-svg-icon avia-font-svg_entypo-fontello' data-av_svg_icon='down-open-mini' data-av_iconset='svg_entypo-fontello'><svg version=\"1.1\" xmlns=\"http:\/\/www.w3.org\/2000\/svg\" width=\"15\" height=\"32\" viewBox=\"0 0 15 32\" preserveAspectRatio=\"xMidYMid meet\" aria-labelledby='av-svg-title-1' aria-describedby='av-svg-desc-1' role=\"graphics-symbol\" aria-hidden=\"true\">\n<title id='av-svg-title-1'>Scroller vers la prochaine section<\/title>\n<desc id='av-svg-desc-1'>Scroller vers la prochaine section<\/desc>\n<path d=\"M12.96 12.16q0.704-0.832 1.536 0 0.832 0.704 0 1.536l-6.272 6.144q-0.704 0.704-1.536 0l-6.272-6.144q-0.832-0.832 0-1.536 0.768-0.768 1.6 0l5.44 4.992z\"><\/path>\n<\/svg><\/a><div class='container av-section-cont-open' ><div class='template-page content  av-content-full alpha units'><div class='post-entry post-entry-type-page post-entry-8277'><div class='entry-content-wrapper clearfix'>\n\n<style type=\"text\/css\" data-created_by=\"avia_inline_auto\" id=\"style-css-av-av_heading-04f62c0a2220843d9430900b80aa264d\">\n#top .av-special-heading.av-av_heading-04f62c0a2220843d9430900b80aa264d{\npadding-bottom:10px;\n}\nbody .av-special-heading.av-av_heading-04f62c0a2220843d9430900b80aa264d .av-special-heading-tag .heading-char{\nfont-size:25px;\n}\n.av-special-heading.av-av_heading-04f62c0a2220843d9430900b80aa264d .av-subheading{\nfont-size:18px;\n}\n<\/style>\n<div  class='av-special-heading av-av_heading-04f62c0a2220843d9430900b80aa264d av-special-heading-h2 blockquote modern-quote modern-centered  avia-builder-el-31  el_before_av_hr  avia-builder-el-first '><h2 class='av-special-heading-tag '  itemprop=\"headline\"  > Gesammelte Studien<\/h2><div class='av-subheading av-subheading_below'><p>Hochfrequenz: Untersuchung biologischer Effekte<\/p>\n<\/div><div class=\"special-heading-border\"><div class=\"special-heading-inner-border\"><\/div><\/div><\/div>\n<div  class='hr av-jjzh17tq-82f3925afb741d00b0c66908af2f44f1 hr-short  avia-builder-el-32  el_after_av_heading  el_before_av_one_half  hr-center'><span class='hr-inner '><span class=\"hr-inner-style\"><\/span><\/span><\/div>\n\n<style type=\"text\/css\" data-created_by=\"avia_inline_auto\" id=\"style-css-av-942rr2-e7041d885637e92b03ca3525bb1b0c94\">\n.flex_column.av-942rr2-e7041d885637e92b03ca3525bb1b0c94{\nborder-radius:0px 0px 0px 0px;\npadding:0px 0px 0px 0px;\n}\n<\/style>\n<div  class='flex_column av-942rr2-e7041d885637e92b03ca3525bb1b0c94 av_one_half  avia-builder-el-33  el_after_av_hr  el_before_av_one_half  first flex_column_div av-animated-generic fade-in av-zero-column-padding  '     ><p>\n<style type=\"text\/css\" data-created_by=\"avia_inline_auto\" id=\"style-css-av-av_heading-8c5da775048f6546dd5cb5d8af1b667f\">\n#top .av-special-heading.av-av_heading-8c5da775048f6546dd5cb5d8af1b667f{\npadding-bottom:10px;\n}\nbody .av-special-heading.av-av_heading-8c5da775048f6546dd5cb5d8af1b667f .av-special-heading-tag .heading-char{\nfont-size:25px;\n}\n.av-special-heading.av-av_heading-8c5da775048f6546dd5cb5d8af1b667f .av-subheading{\nfont-size:15px;\n}\n<\/style>\n<div  class='av-special-heading av-av_heading-8c5da775048f6546dd5cb5d8af1b667f av-special-heading-h3 blockquote modern-quote  avia-builder-el-34  el_before_av_textblock  avia-builder-el-first '><h3 class='av-special-heading-tag '  itemprop=\"headline\"  >Wirkungen noch nicht erwiesen?<\/h3><div class=\"special-heading-border\"><div class=\"special-heading-inner-border\"><\/div><\/div><\/div><br \/>\n<section  class='av_textblock_section av-jk8gtv4b-7cf05bbee686c43845a2b40d6019432b '   itemscope=\"itemscope\" itemtype=\"https:\/\/schema.org\/CreativeWork\" ><div class='avia_textblock'  itemprop=\"text\" ><p>Mobilfunk-Bef\u00fcrworter sowie Kommissionen zur Festlegung von Grenzwerten (u.a. ICNIRP) behaupten weiterhin, dass athermische Wirkungen von Mobilfunk-Strahlungen noch nicht erwiesen sind.<\/p>\n<\/div><\/section><\/p><\/div>\n<style type=\"text\/css\" data-created_by=\"avia_inline_auto\" id=\"style-css-av-942rr2-79dbb98423f18468901360553ac1927c\">\n.flex_column.av-942rr2-79dbb98423f18468901360553ac1927c{\nborder-radius:0px 0px 0px 0px;\npadding:0px 0px 0px 0px;\n}\n<\/style>\n<div  class='flex_column av-942rr2-79dbb98423f18468901360553ac1927c av_one_half  avia-builder-el-36  el_after_av_one_half  avia-builder-el-last  flex_column_div av-animated-generic fade-in av-zero-column-padding  '     ><p>\n<style type=\"text\/css\" data-created_by=\"avia_inline_auto\" id=\"style-css-av-av_heading-33aefa95e374217eff3d35906a2efcf1\">\n#top .av-special-heading.av-av_heading-33aefa95e374217eff3d35906a2efcf1{\npadding-bottom:10px;\n}\nbody .av-special-heading.av-av_heading-33aefa95e374217eff3d35906a2efcf1 .av-special-heading-tag .heading-char{\nfont-size:25px;\n}\n.av-special-heading.av-av_heading-33aefa95e374217eff3d35906a2efcf1 .av-subheading{\nfont-size:15px;\n}\n<\/style>\n<div  class='av-special-heading av-av_heading-33aefa95e374217eff3d35906a2efcf1 av-special-heading-h3 blockquote modern-quote  avia-builder-el-37  el_before_av_textblock  avia-builder-el-first '><h3 class='av-special-heading-tag '  itemprop=\"headline\"  >Studien beweisen das Gegenteil<\/h3><div class=\"special-heading-border\"><div class=\"special-heading-inner-border\"><\/div><\/div><\/div><br \/>\n<section  class='av_textblock_section av-jk8gtv4b-7cf05bbee686c43845a2b40d6019432b '   itemscope=\"itemscope\" itemtype=\"https:\/\/schema.org\/CreativeWork\" ><div class='avia_textblock'  itemprop=\"text\" ><p>Dass dem nicht so ist, zeigt die folgende Aufstellung ausgew\u00e4hlter Studien, die die verschiedensten biologischen Effekte durch <a href=\"\/?page_id=8280\">Hochfrequenzstrahlung<\/a> und Niederfrequenzstrahlungen untersuchten.<\/p>\n<\/div><\/section><\/p><\/div>\n\n<\/div><\/div><\/div><!-- close content main div --><\/div><\/div><\/div><div id='av_section_6'  class='avia-section av-jkvct349-e2df9bdb003059d605e2a6f37995e123 alternate_color avia-section-large avia-no-shadow  avia-builder-el-39  el_after_av_section  el_before_av_section  avia-bg-style-scroll container_wrap fullsize'  ><div class='container av-section-cont-open' ><div class='template-page content  av-content-full alpha units'><div class='post-entry post-entry-type-page post-entry-8277'><div class='entry-content-wrapper clearfix'>\n\n<style type=\"text\/css\" data-created_by=\"avia_inline_auto\" id=\"style-css-av-942rr2-e7041d885637e92b03ca3525bb1b0c94\">\n.flex_column.av-942rr2-e7041d885637e92b03ca3525bb1b0c94{\nborder-radius:0px 0px 0px 0px;\npadding:0px 0px 0px 0px;\n}\n<\/style>\n<div  class='flex_column av-942rr2-e7041d885637e92b03ca3525bb1b0c94 av_one_half  avia-builder-el-40  el_before_av_one_half  avia-builder-el-first  first flex_column_div av-animated-generic fade-in av-zero-column-padding  '     ><p>\n<style type=\"text\/css\" data-created_by=\"avia_inline_auto\" id=\"style-css-av-av_heading-ebd126aa6dcf59ee5674a1095c6a19b8\">\n#top .av-special-heading.av-av_heading-ebd126aa6dcf59ee5674a1095c6a19b8{\npadding-bottom:10px;\n}\nbody .av-special-heading.av-av_heading-ebd126aa6dcf59ee5674a1095c6a19b8 .av-special-heading-tag .heading-char{\nfont-size:25px;\n}\n.av-special-heading.av-av_heading-ebd126aa6dcf59ee5674a1095c6a19b8 .av-subheading{\nfont-size:15px;\n}\n<\/style>\n<div  class='av-special-heading av-av_heading-ebd126aa6dcf59ee5674a1095c6a19b8 av-special-heading-h3 blockquote modern-quote  avia-builder-el-41  el_before_av_textblock  avia-builder-el-first '><h3 class='av-special-heading-tag '  itemprop=\"headline\"  >Effekte auf das genetische Material (DNA)<\/h3><div class=\"special-heading-border\"><div class=\"special-heading-inner-border\"><\/div><\/div><\/div><br \/>\n<section  class='av_textblock_section av-jk8gtv4b-7cf05bbee686c43845a2b40d6019432b '   itemscope=\"itemscope\" itemtype=\"https:\/\/schema.org\/CreativeWork\" ><div class='avia_textblock'  itemprop=\"text\" ><p><a href=\"https:\/\/www.ncbi.nlm.nih.gov\/pubmed\/23484452\">Villarini M et al. (2013)<\/a> Untersuchung einer m\u00f6glichen Dosis-Wirkung-Beziehung zwischen der Exposition bei extrem niederfrequenten Magnetfelder und der Proteinexpression des Hitzeschock-Proteins Hsp70 und einem DNS-Schaden im Gehirn von M\u00e4usen. Resultat: Bez\u00fcglich Futteraufnahme und Gewichtszunahme wurden keine Auff\u00e4lligkeiten beobachtet. Die Forscher fanden jedoch heraus, dass unmittelbar nach der Bestrahlung durch die Magnetfelder signifikant mehr DNA-Sch\u00e4den vorhanden waren. Die Sch\u00e4den regenerierten sich 24 Stunden nach der Exposition wieder. Gem\u00e4ss den Autoren kommt es zu reversiblen DNA-Sch\u00e4den im Gehirn von M\u00e4usen, wenn diese niederfrequenten Magnetfelder ausgesetzt werden.<\/p>\n<p><a href=\"https:\/\/www.sciencedirect.com\/journal\/bioelectrochemistry-and-bioenergetics\">Philips et al. (1998)<\/a> berichteten \u00fcber Einzelstrangbr\u00fcche unter Exposition mit Mobilfunkfrequenzen niedriger Intensit\u00e4t. Philips vermutete, dass niederfrequente Felder sowohl die Nukleins\u00e4ure direkt sch\u00e4digten als auch Reparaturprozesse hemmten und so zum Zelltod f\u00fchrten.<\/p>\n<p><a href=\"https:\/\/www.ncbi.nlm.nih.gov\/pubmed\/7677797\">Lai und Singh (1995)<\/a> entdeckten eine dosisabh\u00e4ngige Zunahme von Einzel- und Doppelstrangbr\u00fcchen in Hirnzellen, die \u00fcber zwei Stunden gegen\u00fcber einem Feld von 2450 MHz exponierten waren. Der Effekt konnte sowohl bei gepulster als auch bei kontinuierlicher Bestrahlung nachgewiesen werden.<\/p>\n<\/div><\/section><br \/>\n<div  class='hr av-jkvcvmky-d4d7689af863b75ace254aa191df2207 hr-short  avia-builder-el-43  el_after_av_textblock  el_before_av_heading  hr-left'><span class='hr-inner '><span class=\"hr-inner-style\"><\/span><\/span><\/div><br \/>\n\n<style type=\"text\/css\" data-created_by=\"avia_inline_auto\" id=\"style-css-av-av_heading-d2f772954dd4ca2aabd3b38abbff0436\">\n#top .av-special-heading.av-av_heading-d2f772954dd4ca2aabd3b38abbff0436{\npadding-bottom:10px;\n}\nbody .av-special-heading.av-av_heading-d2f772954dd4ca2aabd3b38abbff0436 .av-special-heading-tag .heading-char{\nfont-size:25px;\n}\n.av-special-heading.av-av_heading-d2f772954dd4ca2aabd3b38abbff0436 .av-subheading{\nfont-size:15px;\n}\n<\/style>\n<div  class='av-special-heading av-av_heading-d2f772954dd4ca2aabd3b38abbff0436 av-special-heading-h3 blockquote modern-quote  avia-builder-el-44  el_after_av_hr  el_before_av_textblock '><h3 class='av-special-heading-tag '  itemprop=\"headline\"  >Gen-Transkription und -Induktion<\/h3><div class=\"special-heading-border\"><div class=\"special-heading-inner-border\"><\/div><\/div><\/div><br \/>\n<section  class='av_textblock_section av-jk8gtv4b-7cf05bbee686c43845a2b40d6019432b '   itemscope=\"itemscope\" itemtype=\"https:\/\/schema.org\/CreativeWork\" ><div class='avia_textblock'  itemprop=\"text\" ><p><a href=\"https:\/\/www.ncbi.nlm.nih.gov\/pubmed\/10073668\">Goswami et al. (1999)<\/a> kam in seinen Versuchen zu dem Ergebnis, dass spezifische Gene von RF-Signalen aus Mobiltelefonen beeinflusst werden k\u00f6nnen.<\/p>\n<\/div><\/section><br \/>\n<div  class='hr av-jkvcvmky-d4d7689af863b75ace254aa191df2207 hr-short  avia-builder-el-46  el_after_av_textblock  el_before_av_heading  hr-left'><span class='hr-inner '><span class=\"hr-inner-style\"><\/span><\/span><\/div><br \/>\n\n<style type=\"text\/css\" data-created_by=\"avia_inline_auto\" id=\"style-css-av-av_heading-51c2e7c57b6d3d61b696ba4236883b73\">\n#top .av-special-heading.av-av_heading-51c2e7c57b6d3d61b696ba4236883b73{\npadding-bottom:10px;\n}\nbody .av-special-heading.av-av_heading-51c2e7c57b6d3d61b696ba4236883b73 .av-special-heading-tag .heading-char{\nfont-size:25px;\n}\n.av-special-heading.av-av_heading-51c2e7c57b6d3d61b696ba4236883b73 .av-subheading{\nfont-size:15px;\n}\n<\/style>\n<div  class='av-special-heading av-av_heading-51c2e7c57b6d3d61b696ba4236883b73 av-special-heading-h3 blockquote modern-quote  avia-builder-el-47  el_after_av_hr  el_before_av_textblock '><h3 class='av-special-heading-tag '  itemprop=\"headline\"  >Effekte der Mikrowellenstrahlung auf zellularer Ebene<\/h3><div class=\"special-heading-border\"><div class=\"special-heading-inner-border\"><\/div><\/div><\/div><br \/>\n<section  class='av_textblock_section av-jk8gtv4b-7cf05bbee686c43845a2b40d6019432b '   itemscope=\"itemscope\" itemtype=\"https:\/\/schema.org\/CreativeWork\" ><div class='avia_textblock'  itemprop=\"text\" ><p><a href=\"https:\/\/onlinelibrary.wiley.com\/doi\/abs\/10.1002\/jcb.2400510405\">Adey (1993)<\/a> bietet einen \u00dcberblick zu zellul\u00e4ren Bioeffekten von Mikrowellen, die nicht auf der Erw\u00e4rmung des Gewebes beruhen (sog. athermische Effekte).<\/p>\n<p><a href=\"https:\/\/www.ncbi.nlm.nih.gov\/pubmed\/2540756\">Dutta et al. (1989)<\/a> berichten \u00fcber Ver\u00e4nderungen im Kalzium-Ionen Haushalt sowohl in den Nervengeweben von V\u00f6geln und Katzen, wie auch in menschlichen Neuroblastom-Zellen. Das Gleichgewicht der Kalzium-Ionen ist f\u00fcr die Zellkommunikation, Zellwachstum und andere lebenswichtige Prozesse sehr bedeutend.<\/p>\n<\/div><\/section><br \/>\n<div  class='hr av-jkvcvmky-d4d7689af863b75ace254aa191df2207 hr-short  avia-builder-el-49  el_after_av_textblock  el_before_av_heading  hr-left'><span class='hr-inner '><span class=\"hr-inner-style\"><\/span><\/span><\/div><br \/>\n\n<style type=\"text\/css\" data-created_by=\"avia_inline_auto\" id=\"style-css-av-av_heading-6842c61b8dad6c21e47f11971ee57b4c\">\n#top .av-special-heading.av-av_heading-6842c61b8dad6c21e47f11971ee57b4c{\npadding-bottom:10px;\n}\nbody .av-special-heading.av-av_heading-6842c61b8dad6c21e47f11971ee57b4c .av-special-heading-tag .heading-char{\nfont-size:25px;\n}\n.av-special-heading.av-av_heading-6842c61b8dad6c21e47f11971ee57b4c .av-subheading{\nfont-size:15px;\n}\n<\/style>\n<div  class='av-special-heading av-av_heading-6842c61b8dad6c21e47f11971ee57b4c av-special-heading-h3 blockquote modern-quote  avia-builder-el-50  el_after_av_hr  el_before_av_textblock '><h3 class='av-special-heading-tag '  itemprop=\"headline\"  >Melatonin<\/h3><div class=\"special-heading-border\"><div class=\"special-heading-inner-border\"><\/div><\/div><\/div><br \/>\n<section  class='av_textblock_section av-jk8gtv4b-7cf05bbee686c43845a2b40d6019432b '   itemscope=\"itemscope\" itemtype=\"https:\/\/schema.org\/CreativeWork\" ><div class='avia_textblock'  itemprop=\"text\" ><p><a href=\"http:\/\/www.sjweh.fi\/show_abstract.php?abstract_id=297\">Burch et al. (1997, 1998)<\/a> fanden heraus, dass elektromagnetische Felder die Melatoninproduktion erheblich reduzieren. In verschiedenen anderen Versuchen konnte auch beobachtet werden, dass niederfrequente elektrische und magnetische Wechselfelder die Melatoninproduktion hemmen, ihre Funktion beeintr\u00e4chtigen, eine andere Verteilung im K\u00f6rper bewirken oder dass das Melatonin schneller abgebaut wird. Diese Erkenntnisse sind deswegen so brisant, weil Melatonin \u00e4usserst wichtig f\u00fcr den K\u00f6rper ist: Es hemmt das Wachstum bestimmter Tumore und f\u00f6rdert das Immunsystem (eine verringerte Melatoninkonzentration k\u00f6nnte also das Tumorrisiko erh\u00f6hen). Ausserdem wirkt Melatonin hemmend auf die Produktion von Geschlechtshormonen, was auf einen gewissen Schutz gegen das Wachstum hormonabh\u00e4ngiger Tumoren wie Brust-, Geb\u00e4rmutter- oder Prostatakrebs hinweist.<\/p>\n<p>Bei einer Untersuchung mit weiblichen Ratten, denen man einen chemischen Stoff verabreichte, der bei einem Teil Brustkrebs ausl\u00f6ste, kamen die Forscher zu folgenden Ergebnissen: Nach dreimonatigem Aufenthalt in einem magnetischen Feld von 100 uT erkrankten diese Tiere im Vergleich zu den Kontrollratten ohne Elektrosmog zu 50% h\u00e4ufiger an Brustkrebs. (100uT ist \u00fcbrigens in Deutschland der erlaubte Grenzwert f\u00fcr niederfrequente magnetische Felder). Man geht davon aus, dass Ver\u00e4nderungen im Melatonin und damit auch im K\u00f6rperrhythmus nicht nur bestimmte Depressionsformen, sondern auch Symptome wie Ersch\u00f6pfung, Bluthochdruck und verminderte Abwehrkraft beg\u00fcnstigt.<\/p>\n<\/div><\/section><br \/>\n<div  class='hr av-jkvcvmky-d4d7689af863b75ace254aa191df2207 hr-short  avia-builder-el-52  el_after_av_textblock  el_before_av_heading  hr-left'><span class='hr-inner '><span class=\"hr-inner-style\"><\/span><\/span><\/div><br \/>\n\n<style type=\"text\/css\" data-created_by=\"avia_inline_auto\" id=\"style-css-av-av_heading-6d46e3dda45086d0ca65fe57d5eabe64\">\n#top .av-special-heading.av-av_heading-6d46e3dda45086d0ca65fe57d5eabe64{\npadding-bottom:10px;\n}\nbody .av-special-heading.av-av_heading-6d46e3dda45086d0ca65fe57d5eabe64 .av-special-heading-tag .heading-char{\nfont-size:25px;\n}\n.av-special-heading.av-av_heading-6d46e3dda45086d0ca65fe57d5eabe64 .av-subheading{\nfont-size:15px;\n}\n<\/style>\n<div  class='av-special-heading av-av_heading-6d46e3dda45086d0ca65fe57d5eabe64 av-special-heading-h3 blockquote modern-quote  avia-builder-el-53  el_after_av_hr  el_before_av_textblock '><h3 class='av-special-heading-tag '  itemprop=\"headline\"  >Geschlechtsorgane<\/h3><div class=\"special-heading-border\"><div class=\"special-heading-inner-border\"><\/div><\/div><\/div><br \/>\n<section  class='av_textblock_section av-jk8gtv4b-7cf05bbee686c43845a2b40d6019432b '   itemscope=\"itemscope\" itemtype=\"https:\/\/schema.org\/CreativeWork\" ><div class='avia_textblock'  itemprop=\"text\" ><p><a href=\"https:\/\/academicjournals.org\/AJBR\/\">Sarookhani et al. (2011)<\/a> Untersucht wurde der Einfluss von 950 MHz-Magnetfeldern (Handys) auf Geschlechtsorgane und Nebennieren-Funktionen bei m\u00e4nnlichen Kaninchen. Im Zentrum stand der Gehalt an Testosteron, follikelstimulierenden Hormonen und Cortisol. 18 Tiere wurden getestet. Die Studienautoren kommen zum Schluss, dass bei den exponierten Tieren der Testosteron-Gehalt abnimmt. Beim Cortisol wurden keine Unterschiede festgestellt.<\/p>\n<p><a href=\"https:\/\/www.ncbi.nlm.nih.gov\/pubmed\/10422825\">Dasdag et al. (1999)<\/a> exponierten M\u00e4use gegen\u00fcber Mobiltelefon-Feldern und fanden deutliche strukturelle Ver\u00e4nderungen in den Hoden. Sowohl im Sprach als auch im Stand-by-Modus kam es zu Schrumpfungen der Samenkan\u00e4lchen im Durchmesser. Die Exposition fand \u00fcber einen Monat sechsmal t\u00e4glich je eine Minute statt.<\/p>\n<\/div><\/section><br \/>\n<div  class='hr av-jkvcvmky-d4d7689af863b75ace254aa191df2207 hr-short  avia-builder-el-55  el_after_av_textblock  el_before_av_heading  hr-left'><span class='hr-inner '><span class=\"hr-inner-style\"><\/span><\/span><\/div><br \/>\n\n<style type=\"text\/css\" data-created_by=\"avia_inline_auto\" id=\"style-css-av-av_heading-1c4343dc0e37d2901db8ce0019385d7c\">\n#top .av-special-heading.av-av_heading-1c4343dc0e37d2901db8ce0019385d7c{\npadding-bottom:10px;\n}\nbody .av-special-heading.av-av_heading-1c4343dc0e37d2901db8ce0019385d7c .av-special-heading-tag .heading-char{\nfont-size:25px;\n}\n.av-special-heading.av-av_heading-1c4343dc0e37d2901db8ce0019385d7c .av-subheading{\nfont-size:15px;\n}\n<\/style>\n<div  class='av-special-heading av-av_heading-1c4343dc0e37d2901db8ce0019385d7c av-special-heading-h3 blockquote modern-quote  avia-builder-el-56  el_after_av_hr  el_before_av_textblock '><h3 class='av-special-heading-tag '  itemprop=\"headline\"  >Lernf\u00e4higkeit und Ged\u00e4chtnis<\/h3><div class=\"special-heading-border\"><div class=\"special-heading-inner-border\"><\/div><\/div><\/div><br \/>\n<section  class='av_textblock_section av-jk8gtv4b-7cf05bbee686c43845a2b40d6019432b '   itemscope=\"itemscope\" itemtype=\"https:\/\/schema.org\/CreativeWork\" ><div class='avia_textblock'  itemprop=\"text\" ><p><a href=\"https:\/\/www.ncbi.nlm.nih.gov\/pubmed\/23320614\">Ntzouni et al. (2013)<\/a> In der Studie wurden Ged\u00e4chtnisst\u00f6rungen bei M\u00e4usen untersucht, die bei einem hochfrequenten elektromagnetischen Feld exponiert waren. In zwei Experimenten wurden jeweils drei M\u00e4use-Gruppen untersucht. Das erste Experiment begann mit einer Eingew\u00f6hnungsphase im Alter von 45 bis 59 Tagen. Die Bestrahlung begann am 59. Lebenstag und endete am 125. Lebenstag. Dabei wurden die M\u00e4use mehrmals auf Ged\u00e4chtnisst\u00f6rungen untersucht. Hauptergebnis: Die exponierten Tiere zeigten im Vergleich zur unbelasteten Kontrollgruppe eine signifikant reduzierte r\u00e4mliche und nicht-r\u00e4umliche Ged\u00e4chtnisleistung. Die Forscher kommen zum Schluss, dass hochfrequente elektromagnetische Felder bei M\u00e4usen Ged\u00e4chtnisst\u00f6rungen verursachen k\u00f6nnen.<\/p>\n<p><a href=\"https:\/\/www.ncbi.nlm.nih.gov\/pubmed\/10852216\">Kraus (2000)<\/a> berichtet, dass die Strahlung von Mobilfunktelefonen (gepulste hochfrequente Strahlung) die Reaktionszeit w\u00e4hrend einer Ged\u00e4chtnisaufgabe bei gesunden Menschen signifikant beeinflusste.<\/p>\n<p><a href=\"https:\/\/www.ncbi.nlm.nih.gov\/pubmed\/15922061\">Lai et al. (1994)<\/a> kamen zu dem Ergebnis, dass Ratten, die f\u00fcr 45 Minuten gegen\u00fcber 2.450 MHz RF-Srahlung exponiert waren, ein Lerndefizit im Sternlabyrinth, einem Testsystem zur Untersuchung des (r\u00e4umlichen) Kurzzeitged\u00e4chtnisses aufwiesen.<\/p>\n<\/div><\/section><br \/>\n<div  class='hr av-jkvcvmky-d4d7689af863b75ace254aa191df2207 hr-short  avia-builder-el-58  el_after_av_textblock  el_before_av_heading  hr-left'><span class='hr-inner '><span class=\"hr-inner-style\"><\/span><\/span><\/div><br \/>\n\n<style type=\"text\/css\" data-created_by=\"avia_inline_auto\" id=\"style-css-av-av_heading-7ccd37cc6cae12ed307d0a1fdb5233ce\">\n#top .av-special-heading.av-av_heading-7ccd37cc6cae12ed307d0a1fdb5233ce{\npadding-bottom:10px;\n}\nbody .av-special-heading.av-av_heading-7ccd37cc6cae12ed307d0a1fdb5233ce .av-special-heading-tag .heading-char{\nfont-size:25px;\n}\n.av-special-heading.av-av_heading-7ccd37cc6cae12ed307d0a1fdb5233ce .av-subheading{\nfont-size:15px;\n}\n<\/style>\n<div  class='av-special-heading av-av_heading-7ccd37cc6cae12ed307d0a1fdb5233ce av-special-heading-h3 blockquote modern-quote  avia-builder-el-59  el_after_av_hr  el_before_av_textblock '><h3 class='av-special-heading-tag '  itemprop=\"headline\"  >Schlaf<\/h3><div class=\"special-heading-border\"><div class=\"special-heading-inner-border\"><\/div><\/div><\/div><br \/>\n<section  class='av_textblock_section av-jk8gtv4b-7cf05bbee686c43845a2b40d6019432b '   itemscope=\"itemscope\" itemtype=\"https:\/\/schema.org\/CreativeWork\" ><div class='avia_textblock'  itemprop=\"text\" ><p><a href=\"https:\/\/www.ncbi.nlm.nih.gov\/pubmed\/22529876\">Dyche J. et al. (2012)<\/a> Ziel der Studie war, extrem schwache Netzfrequenz-Magnetfelder zu untersuchen und die Frage, wie diese auf die Melatonin-Produktion und die Schlafstruktur bei Ratten wirken. Neun m\u00e4nnliche Ratten wurden bei den Tests exponiert, wobei an den letzten Tagen der Urin untersucht wurde. Resultat: Bei den exponierten Ratten ergab sich eine marginale statistisch signifikante Erh\u00f6hung der Melatonin-Gehalte in der Dunkelphase.<\/p>\n<p><a href=\"https:\/\/www.ncbi.nlm.nih.gov\/pubmed\/22624036\">Mohler et al. (2012)<\/a> In der Schweiz untersuchten die Wissenschaftler in einer prospektiven Kohortenstudie, ob die Schlafqualit\u00e4t durch die Nutzung vom Mobiltelefonen oder andere hochfrequente Feldquellen im Alltag beeintr\u00e4chtigt wird. Resultat: Es wurde kein Zusammenhang zwischen der Exposition und den berichteten Schlafst\u00f6rungen gefunden.<\/p>\n<p><a href=\"https:\/\/www.ncbi.nlm.nih.gov\/pubmed\/10643753\">Borbely et al. (1999)<\/a> berichteten, dass Schlafmuster und Schlaf-EEG unter Exposition gegen\u00fcber 900 MHz ver\u00e4ndert wurden.<\/p>\n<p><a href=\"https:\/\/europepmc.org\/abstract\/med\/9012154\">Mann &amp; R\u00f6schke (1996)<\/a> fanden heraus, dass F-Felder (\u00e4hnlich dem Mobilfunkbereich) den REM Schlaf reduzierten und das EEG Signal w\u00e4hrend des REM Schlafes ver\u00e4nderten. Der REM Schlaf ist f\u00fcr die Informationsverarbeitung im Gehirn essentiell, besonders f\u00fcr die Lern- und Ged\u00e4chtnisfunktion.<\/p>\n<\/div><\/section><\/p><\/div>\n<style type=\"text\/css\" data-created_by=\"avia_inline_auto\" id=\"style-css-av-942rr2-79dbb98423f18468901360553ac1927c\">\n.flex_column.av-942rr2-79dbb98423f18468901360553ac1927c{\nborder-radius:0px 0px 0px 0px;\npadding:0px 0px 0px 0px;\n}\n<\/style>\n<div  class='flex_column av-942rr2-79dbb98423f18468901360553ac1927c av_one_half  avia-builder-el-61  el_after_av_one_half  avia-builder-el-last  flex_column_div av-animated-generic fade-in av-zero-column-padding  '     ><p>\n<style type=\"text\/css\" data-created_by=\"avia_inline_auto\" id=\"style-css-av-av_heading-435feec31347179455479d44a45d187d\">\n#top .av-special-heading.av-av_heading-435feec31347179455479d44a45d187d{\npadding-bottom:10px;\n}\nbody .av-special-heading.av-av_heading-435feec31347179455479d44a45d187d .av-special-heading-tag .heading-char{\nfont-size:25px;\n}\n.av-special-heading.av-av_heading-435feec31347179455479d44a45d187d .av-subheading{\nfont-size:15px;\n}\n<\/style>\n<div  class='av-special-heading av-av_heading-435feec31347179455479d44a45d187d av-special-heading-h3 blockquote modern-quote  avia-builder-el-62  el_before_av_textblock  avia-builder-el-first '><h3 class='av-special-heading-tag '  itemprop=\"headline\"  >Chromosomale Sch\u00e4den und Mikrokerne<\/h3><div class=\"special-heading-border\"><div class=\"special-heading-inner-border\"><\/div><\/div><\/div><br \/>\n<section  class='av_textblock_section av-jk8gtv4b-7cf05bbee686c43845a2b40d6019432b '   itemscope=\"itemscope\" itemtype=\"https:\/\/schema.org\/CreativeWork\" ><div class='avia_textblock'  itemprop=\"text\" ><p><a href=\"https:\/\/www.ncbi.nlm.nih.gov\/pubmed\/18159938\">Mazor R. et al. (2008)<\/a> Diese In-Vitro-Studie untersuchte, ob die Exposition bei einem elektromagnetischen Feld von 800 MHz die Anzahl Chromosomen menschlicher peripherer Blut-Lymphozyten beeinflusst. Involviert waren 14 gesunde, m\u00e4nnliche Probanden im Alter von 23 bis 39 Jahren. Die Exposition dauerte 72 Stunden. Hauptresultat: Es wurde eine erh\u00f6hte Aneupoidie in Abh\u00e4ngigkeit von den untersuchten Chromosomen und der Expositionsst\u00e4rke gefunden. Die Wissenschaftler legen nahe, dass eine athermische Wirkung von Hochfrequenzfeldern vorliegen k\u00f6nnte.<\/p>\n<p><a href=\"https:\/\/books.google.ch\/books?id=DzxRDgAAQBAJ&amp;pg=PA78&amp;lpg=PA78&amp;dq=Vijayalaxmi+et+al.+(1997,1998)&amp;source=bl&amp;ots=juGsAi9Ut3&amp;sig=HpJ9mdGPpG-cFGmcbLA5N3yyr0U&amp;hl=de&amp;sa=X&amp;ved=2ahUKEwiF69Gq_8nfAhUrqYsKHXoPDLEQ6AEwBXoECAUQAQ#v=onepage&amp;q=Vijayalaxmi%20et%20al.%20(1997%2C1998)&amp;f=false\">Vijayalaxmi et al. (1997,1998)<\/a> zeigten denselben Effekt an peripheren Blutzellen und Knochenmarkszellen von M\u00e4usen mit erh\u00f6hter Neigung zur Krebsentstehung unter 2450 MHz Bestrahlung.<\/p>\n<p><a href=\"https:\/\/books.google.ch\/books?id=DzxRDgAAQBAJ&amp;pg=PA78&amp;lpg=PA78&amp;dq=Maes+et+al.+(1993)+chromos+human&amp;source=bl&amp;ots=juGsAi9Ww-&amp;sig=q3qY8ze8_JIE-UQW6aMJ4mRmRTc&amp;hl=de&amp;sa=X&amp;ved=2ahUKEwiqo46WgMrfAhVLAhAIHVGyCk8Q6AEwAHoECAIQAQ#v=onepage&amp;q=Maes%20et%20al.%20(1993)%20chromos%20human&amp;f=false\">Maes et al. (1993)<\/a> exponierten menschliche Blutlymphozyten gegen\u00fcber 2450 MHz-Feldern und stellten eine deutliche Zunahme an Chromosomensch\u00e4den und Mikrokernen fest. Die Chromosomensch\u00e4den nahmen mit der Dauer der Exposition zu. In einem anderen Experiment wurde Vollblut dem Feld einer GSM-Basisstation ausgesetzt. In einer Entfernung von weniger als 5 cm traten innerhalb von zwei Stunden vermehrt Chromosomensch\u00e4den auf.<\/p>\n<\/div><\/section><br \/>\n<div  class='hr av-jkvcvmky-d4d7689af863b75ace254aa191df2207 hr-short  avia-builder-el-64  el_after_av_textblock  el_before_av_heading  hr-left'><span class='hr-inner '><span class=\"hr-inner-style\"><\/span><\/span><\/div><br \/>\n\n<style type=\"text\/css\" data-created_by=\"avia_inline_auto\" id=\"style-css-av-av_heading-6df7840d4bbbe81d17a79f6514ed57aa\">\n#top .av-special-heading.av-av_heading-6df7840d4bbbe81d17a79f6514ed57aa{\npadding-bottom:10px;\n}\nbody .av-special-heading.av-av_heading-6df7840d4bbbe81d17a79f6514ed57aa .av-special-heading-tag .heading-char{\nfont-size:25px;\n}\n.av-special-heading.av-av_heading-6df7840d4bbbe81d17a79f6514ed57aa .av-subheading{\nfont-size:15px;\n}\n<\/style>\n<div  class='av-special-heading av-av_heading-6df7840d4bbbe81d17a79f6514ed57aa av-special-heading-h3 blockquote modern-quote  avia-builder-el-65  el_after_av_hr  el_before_av_textblock '><h3 class='av-special-heading-tag '  itemprop=\"headline\"  >Stressreaktion<\/h3><div class=\"special-heading-border\"><div class=\"special-heading-inner-border\"><\/div><\/div><\/div><br \/>\n<section  class='av_textblock_section av-jk8gtv4b-7cf05bbee686c43845a2b40d6019432b '   itemscope=\"itemscope\" itemtype=\"https:\/\/schema.org\/CreativeWork\" ><div class='avia_textblock'  itemprop=\"text\" ><p><a href=\"https:\/\/www.ncbi.nlm.nih.gov\/pubmed\/26204054\">Geronikolou et al. (2015)<\/a> Die Auswirkung von mentalem Stress und einer starken Exposition durch ein Mobiltelefon im Bezug auf Cortisol im Speichel von Kindern wurde untersucht. Festgehalten wurde, wie oft die Kinder pro Tag das Handy nutzen. Cortisol ist das finale Hormon der Hypothalamus-Hypophysen-Nebennierenrinde. 28 Kinder im Alter von 11 bis 14 Jahren wurden in der Studie getestet. Die Autoren kamen zum Schluss, dass ein Mobiltelefon abh\u00e4ngig von der t\u00e4glichen Nutzungsdauer den Gehalt an Cortisol beeinflussen kann.<\/p>\n<p><a href=\"https:\/\/www.emf-portal.org\/en\/article\/6611\">Daniells et al. (1998)<\/a> wiesen nach, dass Fadenw\u00fcrmer auf Mikrowellenstrahlung mit Stress reagieren. Mit diesem Experiment konnte gezeigt werden, dass <a href=\"\/?page_id=8260\">Mikrowellenstrahlung<\/a> bereits bei niedrigen Energiedosen eine heftigere Stressantwort hervorrief als Hitze. Mikrowellen f\u00fchrten zu Sch\u00e4den an intrazellularem Protein und zur Induktion von Hitzeschockprotein.<\/p>\n<\/div><\/section><br \/>\n<div  class='hr av-jkvcvmky-d4d7689af863b75ace254aa191df2207 hr-short  avia-builder-el-67  el_after_av_textblock  el_before_av_heading  hr-left'><span class='hr-inner '><span class=\"hr-inner-style\"><\/span><\/span><\/div><br \/>\n\n<style type=\"text\/css\" data-created_by=\"avia_inline_auto\" id=\"style-css-av-av_heading-3f8c1a58fd8e9deb3a8e909617f41a81\">\n#top .av-special-heading.av-av_heading-3f8c1a58fd8e9deb3a8e909617f41a81{\npadding-bottom:10px;\n}\nbody .av-special-heading.av-av_heading-3f8c1a58fd8e9deb3a8e909617f41a81 .av-special-heading-tag .heading-char{\nfont-size:25px;\n}\n.av-special-heading.av-av_heading-3f8c1a58fd8e9deb3a8e909617f41a81 .av-subheading{\nfont-size:15px;\n}\n<\/style>\n<div  class='av-special-heading av-av_heading-3f8c1a58fd8e9deb3a8e909617f41a81 av-special-heading-h3 blockquote modern-quote  avia-builder-el-68  el_after_av_hr  el_before_av_textblock '><h3 class='av-special-heading-tag '  itemprop=\"headline\"  >Zellul\u00e4re Effekte am Immunsystem<\/h3><div class=\"special-heading-border\"><div class=\"special-heading-inner-border\"><\/div><\/div><\/div><br \/>\n<section  class='av_textblock_section av-jk8gtv4b-7cf05bbee686c43845a2b40d6019432b '   itemscope=\"itemscope\" itemtype=\"https:\/\/schema.org\/CreativeWork\" ><div class='avia_textblock'  itemprop=\"text\" ><p><a href=\"https:\/\/www.ncbi.nlm.nih.gov\/pubmed\/30253285\">Di G. et al. (2018)<\/a> Ziel der Studie war es, die Wirkung eines statischen elektrischen Feldes auf das Immunsystem von M\u00e4suen zu untersuchen. Insgesamt wurden 120 m\u00e4nnliche M\u00e4use in der Studie getestet, wobei zwei Experimente durchgef\u00fchrt wurden. Die Anzahl weisser Blutk\u00f6rperchen wurden analysiert sowie die Blutparameter (Anzahl roter Blutk\u00f6rperchen, H\u00e4moglobin-Gehalt). Resultat: Zwischen den exponierten M\u00e4usen und der Kontrollgruppe wurden bei der Exposition mit 50 HZ signifikant verringerte Anzahl an weissen Blutk\u00f6rperchen gefunden. Auch rote Blutk\u00f6rperchen fanden sich weniger. Die H\u00e4moglobin-Konzentration nach 21 Tagen ging zur\u00fcck.<\/p>\n<p><a href=\"https:\/\/www.ncbi.nlm.nih.gov\/pubmed\/10619445\">Fensenko et al. (1999)<\/a> fanden heraus, dass eine Ganzk\u00f6rperbestrahlung m\u00e4nnlicher M\u00e4use bei einem Leistungsfluss von uW\/cm2 das Immunsystem signifikant beeinflusste.<\/p>\n<p><a href=\"https:\/\/books.google.ch\/books?id=ql3SBwAAQBAJ&amp;pg=PA354&amp;lpg=PA354&amp;dq=Lyle+et+al.+(1983)+fields&amp;source=bl&amp;ots=50cJFXoYQF&amp;sig=1tmU31S2igRIzQNmxg1aPk8n_PM&amp;hl=de&amp;sa=X&amp;ved=2ahUKEwjM0Lq6gsrfAhUBlIsKHVOGAK4Q6AEwBXoECAYQAQ#v=onepage&amp;q=Lyle%20et%20al.%20(1983)%20fields&amp;f=false\">Lyle et al. (1983)<\/a> kamen in ihren Studien zu dem Ergebnis, dass RF-Strahlung eine Reduktion der zellul\u00e4ren Immunfunktion bewirkte.<\/p>\n<\/div><\/section><br \/>\n<div  class='hr av-jkvcvmky-d4d7689af863b75ace254aa191df2207 hr-short  avia-builder-el-70  el_after_av_textblock  el_before_av_heading  hr-left'><span class='hr-inner '><span class=\"hr-inner-style\"><\/span><\/span><\/div><br \/>\n\n<style type=\"text\/css\" data-created_by=\"avia_inline_auto\" id=\"style-css-av-av_heading-ad4f887547565f400684c059a0fac9ad\">\n#top .av-special-heading.av-av_heading-ad4f887547565f400684c059a0fac9ad{\npadding-bottom:10px;\n}\nbody .av-special-heading.av-av_heading-ad4f887547565f400684c059a0fac9ad .av-special-heading-tag .heading-char{\nfont-size:25px;\n}\n.av-special-heading.av-av_heading-ad4f887547565f400684c059a0fac9ad .av-subheading{\nfont-size:15px;\n}\n<\/style>\n<div  class='av-special-heading av-av_heading-ad4f887547565f400684c059a0fac9ad av-special-heading-h3 blockquote modern-quote  avia-builder-el-71  el_after_av_hr  el_before_av_textblock '><h3 class='av-special-heading-tag '  itemprop=\"headline\"  >Blut-Hirn-Schranke<\/h3><div class=\"special-heading-border\"><div class=\"special-heading-inner-border\"><\/div><\/div><\/div><br \/>\n<section  class='av_textblock_section av-jk8gtv4b-7cf05bbee686c43845a2b40d6019432b '   itemscope=\"itemscope\" itemtype=\"https:\/\/schema.org\/CreativeWork\" ><div class='avia_textblock'  itemprop=\"text\" ><p><a href=\"https:\/\/link.springer.com\/article\/10.1023\/A:1019150510840\">Perrson et al. (1997)<\/a> berichteten \u00fcber pathologische Permeabilit\u00e4t der Blut-Hirn-Schranke unter 915 MHz Mobilfunk-Frequenz sowohl bei CW als auch bei gepulster Strahlung. Die Blut-Hirn- Schranke spielt eine wichtige Rolle, indem sie die Aufnahme von Toxinen aus dem Blut ins Gehirn verhindert und so das Gehirn vor Sch\u00e4den sch\u00fctzt. Sie weist eine selektive Permeabilit\u00e4t auf, so dass einige Molek\u00fchle durchgelassen werden, andere aber nicht. So erf\u00fcllt sie neben der Schutzfunktion auch die Aufgabe der Aufrechterhaltung eines optimalen N\u00e4hrstoffgleichgewichts in den Hirnfl\u00fcssigkeiten.<\/p>\n<\/div><\/section><br \/>\n<div  class='hr av-jkvcvmky-d4d7689af863b75ace254aa191df2207 hr-short  avia-builder-el-73  el_after_av_textblock  el_before_av_heading  hr-left'><span class='hr-inner '><span class=\"hr-inner-style\"><\/span><\/span><\/div><br \/>\n\n<style type=\"text\/css\" data-created_by=\"avia_inline_auto\" id=\"style-css-av-av_heading-5be7dd7e513e1b9bd7289e35a2f32db0\">\n#top .av-special-heading.av-av_heading-5be7dd7e513e1b9bd7289e35a2f32db0{\npadding-bottom:10px;\n}\nbody .av-special-heading.av-av_heading-5be7dd7e513e1b9bd7289e35a2f32db0 .av-special-heading-tag .heading-char{\nfont-size:25px;\n}\n.av-special-heading.av-av_heading-5be7dd7e513e1b9bd7289e35a2f32db0 .av-subheading{\nfont-size:15px;\n}\n<\/style>\n<div  class='av-special-heading av-av_heading-5be7dd7e513e1b9bd7289e35a2f32db0 av-special-heading-h3 blockquote modern-quote  avia-builder-el-74  el_after_av_hr  el_before_av_textblock '><h3 class='av-special-heading-tag '  itemprop=\"headline\"  >Blutdruck<\/h3><div class=\"special-heading-border\"><div class=\"special-heading-inner-border\"><\/div><\/div><\/div><br \/>\n<section  class='av_textblock_section av-jk8gtv4b-7cf05bbee686c43845a2b40d6019432b '   itemscope=\"itemscope\" itemtype=\"https:\/\/schema.org\/CreativeWork\" ><div class='avia_textblock'  itemprop=\"text\" ><p><a href=\"https:\/\/www.ncbi.nlm.nih.gov\/pubmed\/26196580\">Umar et al. (2014)<\/a> Wie wirken hochfrequente elektromagnetische Felder von Mobiltelefonen auf kardiovaskul\u00e4re Parameter bei gesunden Menschen: Dies war die Fragestellung der vorliegenden Studie. Untersucht wurde neben dem Blutdruck auch die Ver\u00e4nderung der Herzfrequenz (EKG). 18 gesunde m\u00e4nnliche Freiwillige nahmen teil. Auf die Brust bekamen sie ein Handy montiert. Resultat: Es wurden keine signifikanten Unterschiede beim Blutdruck und der Puls-Frequenz festgestellt, ebenso nicht beim EKG.<\/p>\n<p><a href=\"https:\/\/www.ncbi.nlm.nih.gov\/pubmed\/9669547\">Lu et al. (1999)<\/a> stellten fest, dass Ultraweitband-Elektromagnetische-Pulse in Ratten niedrigeren Blutdruck bewirkten. Ausserdem kam es zu einer signifikanten Senkung des arteriellen Druckes ohne Beeinflussung der Herzfrequenz.<\/p>\n<\/div><\/section><br \/>\n<div  class='hr av-jkvcvmky-d4d7689af863b75ace254aa191df2207 hr-short  avia-builder-el-76  el_after_av_textblock  el_before_av_heading  hr-left'><span class='hr-inner '><span class=\"hr-inner-style\"><\/span><\/span><\/div><br \/>\n\n<style type=\"text\/css\" data-created_by=\"avia_inline_auto\" id=\"style-css-av-av_heading-269d407b008adb02d32ced4b354c126a\">\n#top .av-special-heading.av-av_heading-269d407b008adb02d32ced4b354c126a{\npadding-bottom:10px;\n}\nbody .av-special-heading.av-av_heading-269d407b008adb02d32ced4b354c126a .av-special-heading-tag .heading-char{\nfont-size:25px;\n}\n.av-special-heading.av-av_heading-269d407b008adb02d32ced4b354c126a .av-subheading{\nfont-size:15px;\n}\n<\/style>\n<div  class='av-special-heading av-av_heading-269d407b008adb02d32ced4b354c126a av-special-heading-h3 blockquote modern-quote  avia-builder-el-77  el_after_av_hr  el_before_av_textblock '><h3 class='av-special-heading-tag '  itemprop=\"headline\"  >Krebs<\/h3><div class=\"special-heading-border\"><div class=\"special-heading-inner-border\"><\/div><\/div><\/div><br \/>\n<section  class='av_textblock_section av-jk8gtv4b-7cf05bbee686c43845a2b40d6019432b '   itemscope=\"itemscope\" itemtype=\"https:\/\/schema.org\/CreativeWork\" ><div class='avia_textblock'  itemprop=\"text\" ><p>Krebs als relevanter Endpunkt von RF-Strahlung ist seit 29 Jahren untersucht worden und sowohl Tierexperimente als auch Untersuchungen am Menschen weisen auf einen Zusammenhang zwischen bestimmten Formen der Exposition und Krebs hin. Die gr\u00f6sste Sorge bez\u00fcglich der Mobilfunk-Technologie besteht in der raschen weltweiten Verbreitung, wodurch binnen k\u00fcrzester Zeit Millionen Anwender einer potentiellen Gefahr ausgesetzt werden, wobei sich Hinweise auf ein erh\u00f6htes Risiko f\u00fcr Hirntumore verdichten.<\/p>\n<p><a href=\"https:\/\/www.ncbi.nlm.nih.gov\/pubmed\/21741680\">Dode AC et al. (2011)<\/a> In Brasilien in der Stadt Belo Horizonte untersuchten Wissenschaftler, ob es in der N\u00e4he von Mobilfunkmasten eine erh\u00f6hte Anzahl von Krebstodesf\u00e4llen gibt. Es wurden Leuk\u00e4mie, Lymphome, Hirntumore, Brustkrebs, Melanome und andere Krebsarten miteinbezogen. Aus insgesamt 22493 Krebstodesf\u00e4llen zwischen 1996 und 2006 w\u00e4hlten die Wissenschaftler 7191 Todesf\u00e4lle f\u00fcr die Studie aus. Im Abstand von bis zu 100 Metern zu einer Basisstation traten 3569 Todesf\u00e4lle auf (49,6%). Die Autoren schlussfolgern, dass es eine r\u00e4mliche Beziehung zwischen den Todesf\u00e4llen aufgrund von Krebs und den Aufstellungsorten von Mobilfunk-Basisstationen gibt.<\/p>\n<p><a href=\"https:\/\/www.ncbi.nlm.nih.gov\/pmc\/articles\/PMC3834325\/\">Hardell (1999)<\/a> berichtete \u00fcber ein erh\u00f6htes Risiko f\u00fcr Hirntumore bei Benutzern von Mobiltelefonen.<\/p>\n<p>Das nationale Institut f\u00fcr Umweltgesundheitswissenschaften (1999) hat nach sechsj\u00e4hriger Forschung im Auftrag des US-Kongresses festgestellt, dass die Ergebnisse der Studien mit Menschen schwach darauf hindeuten, dass niederfrequente elektromagnetische Felder zu einer erh\u00f6hten Blutkrebsrate f\u00fchren. Elektromagnetische Felder sollen demnach als m\u00f6glicherweise krebserzeugend beim Menschen betrachtet werden.<\/p>\n<p><a href=\"https:\/\/www.ncbi.nlm.nih.gov\/pubmed\/9146709\">Repacholi et al. (1997)<\/a> fanden bei transgenen M\u00e4usen unter 900 MHz GSM-Frequenz eine signifikante 2,4-fache Erh\u00f6hung der Lymphomindizenz. Dabei wurden normale GSM-Signale \u00fcber nur zweimal t\u00e4glich je eine halbe Stunde verwendet (Gesch\u00e4ftsreisende telefonieren derzeit oft mehr als drei Stunden t\u00e4glich).<\/p>\n<p><a href=\"https:\/\/ecfsapi.fcc.gov\/file\/60002060833.pdf\">Guy et al. (1984)<\/a> f\u00fchrten im Auftrag der US Air Force \u00fcber zwei Jahre eine Studie mit Ratten durch. Ziel der Studie war, die Tiere w\u00e4hrend ihres gesamten nat\u00fcrlichen Lebens einer FR- Strahlung von 450 MHz auszusetzen und somit die kumulativen Effekte auf Lebensdauer und allgemeine Gesundheitsindikatoren zu untersuchen. Das Ergebnis zeigte eine vierfache, statistisch signifikante Zunahme von <a href=\"\/?page_id=8296\">Krebserkrankungen<\/a>.<\/p>\n<\/div><\/section><\/p><\/div>\n\n<\/div><\/div><\/div><!-- close content main div --><\/div><\/div><div id='av_section_7'  class='avia-section av-jkvbv21t-525b01f5800aac4689f847291961a0fd main_color avia-section-small avia-no-shadow  avia-builder-el-79  el_after_av_section  avia-builder-el-last  avia-bg-style-scroll container_wrap fullsize'  ><div class='container av-section-cont-open' ><div class='template-page content  av-content-full alpha units'><div class='post-entry post-entry-type-page post-entry-8277'><div class='entry-content-wrapper clearfix'>\n","protected":false},"excerpt":{"rendered":"","protected":false},"author":3,"featured_media":0,"parent":8245,"menu_order":5,"comment_status":"closed","ping_status":"closed","template":"","meta":{"_acf_changed":false,"footnotes":""},"class_list":["post-8277","page","type-page","status-publish","hentry"],"acf":[],"yoast_head":"<!-- This site is optimized with the Yoast SEO plugin v27.5 - https:\/\/yoast.com\/product\/yoast-seo-wordpress\/ -->\n<title>Studien zu Elektrosmog und hoch-\/niederfrequenter Strahlung und Strahlenschutz<\/title>\n<meta name=\"description\" content=\"Studien zu elektromagnetischen Wellen (Elektrosmog) sind vom Auftraggeber abh\u00e4ngig. Forschung ist oft auf einzelne Strahlungsarten beschr\u00e4nkt. Doch beim Strahlenschutz sind die Wechselwirkungen ausschlaggebend.\" \/>\n<meta name=\"robots\" content=\"index, follow, max-snippet:-1, max-image-preview:large, max-video-preview:-1\" \/>\n<link rel=\"canonical\" href=\"https:\/\/www.ibes.ch\/fr\/mesure-profi-2\/science-et-etudes\/\" \/>\n<meta property=\"og:locale\" content=\"fr_FR\" \/>\n<meta property=\"og:type\" content=\"article\" \/>\n<meta property=\"og:title\" content=\"Studien zu Elektrosmog und hoch-\/niederfrequenter Strahlung und Strahlenschutz\" \/>\n<meta property=\"og:description\" content=\"Studien zu elektromagnetischen Wellen (Elektrosmog) sind vom Auftraggeber abh\u00e4ngig. Forschung ist oft auf einzelne Strahlungsarten beschr\u00e4nkt. Doch beim Strahlenschutz sind die Wechselwirkungen ausschlaggebend.\" \/>\n<meta property=\"og:url\" content=\"https:\/\/www.ibes.ch\/fr\/mesure-profi-2\/science-et-etudes\/\" \/>\n<meta property=\"og:site_name\" content=\"IBES\" \/>\n<meta property=\"article:modified_time\" content=\"2021-10-15T12:40:35+00:00\" \/>\n<meta name=\"twitter:card\" content=\"summary_large_image\" \/>\n<meta name=\"twitter:label1\" content=\"Dur\u00e9e de lecture estim\u00e9e\" \/>\n\t<meta name=\"twitter:data1\" content=\"36 minutes\" \/>\n<script type=\"application\/ld+json\" class=\"yoast-schema-graph\">{\"@context\":\"https:\\\/\\\/schema.org\",\"@graph\":[{\"@type\":\"WebPage\",\"@id\":\"https:\\\/\\\/www.ibes.ch\\\/profi-messung-2\\\/wissenschaft-und-studien\\\/\",\"url\":\"https:\\\/\\\/www.ibes.ch\\\/profi-messung-2\\\/wissenschaft-und-studien\\\/\",\"name\":\"Studien zu Elektrosmog und hoch-\\\/niederfrequenter Strahlung und Strahlenschutz\",\"isPartOf\":{\"@id\":\"https:\\\/\\\/www.ibes.ch\\\/#website\"},\"datePublished\":\"2018-08-02T12:11:31+00:00\",\"dateModified\":\"2021-10-15T12:40:35+00:00\",\"description\":\"Studien zu elektromagnetischen Wellen (Elektrosmog) sind vom Auftraggeber abh\u00e4ngig. Forschung ist oft auf einzelne Strahlungsarten beschr\u00e4nkt. Doch beim Strahlenschutz sind die Wechselwirkungen ausschlaggebend.\",\"breadcrumb\":{\"@id\":\"https:\\\/\\\/www.ibes.ch\\\/profi-messung-2\\\/wissenschaft-und-studien\\\/#breadcrumb\"},\"inLanguage\":\"fr-FR\",\"potentialAction\":[{\"@type\":\"ReadAction\",\"target\":[\"https:\\\/\\\/www.ibes.ch\\\/profi-messung-2\\\/wissenschaft-und-studien\\\/\"]}]},{\"@type\":\"BreadcrumbList\",\"@id\":\"https:\\\/\\\/www.ibes.ch\\\/profi-messung-2\\\/wissenschaft-und-studien\\\/#breadcrumb\",\"itemListElement\":[{\"@type\":\"ListItem\",\"position\":1,\"name\":\"Home\",\"item\":\"https:\\\/\\\/www.ibes.ch\\\/\"},{\"@type\":\"ListItem\",\"position\":2,\"name\":\"Profi-Messung\",\"item\":\"https:\\\/\\\/www.ibes.ch\\\/profi-messung-2\\\/\"},{\"@type\":\"ListItem\",\"position\":3,\"name\":\"Wissenschaft und Studien\"}]},{\"@type\":\"WebSite\",\"@id\":\"https:\\\/\\\/www.ibes.ch\\\/#website\",\"url\":\"https:\\\/\\\/www.ibes.ch\\\/\",\"name\":\"IBES\",\"description\":\"IBES - Ratgeber f\u00fcr Elektrosmog\",\"potentialAction\":[{\"@type\":\"SearchAction\",\"target\":{\"@type\":\"EntryPoint\",\"urlTemplate\":\"https:\\\/\\\/www.ibes.ch\\\/?s={search_term_string}\"},\"query-input\":{\"@type\":\"PropertyValueSpecification\",\"valueRequired\":true,\"valueName\":\"search_term_string\"}}],\"inLanguage\":\"fr-FR\"}]}<\/script>\n<!-- \/ Yoast SEO plugin. -->","yoast_head_json":{"title":"\u00c9tudes sur l'\u00e9lectrosmog et les rayonnements haute\/basse fr\u00e9quence et sur la radioprotection","description":"Les \u00e9tudes sur les ondes \u00e9lectromagn\u00e9tiques (\u00e9lectrosmog) d\u00e9pendent du client. La recherche est souvent limit\u00e9e \u00e0 des types de rayonnement individuels. Mais en mati\u00e8re de radioprotection, les interactions sont cruciales.","robots":{"index":"index","follow":"follow","max-snippet":"max-snippet:-1","max-image-preview":"max-image-preview:large","max-video-preview":"max-video-preview:-1"},"canonical":"https:\/\/www.ibes.ch\/fr\/mesure-profi-2\/science-et-etudes\/","og_locale":"fr_FR","og_type":"article","og_title":"Studien zu Elektrosmog und hoch-\/niederfrequenter Strahlung und Strahlenschutz","og_description":"Studien zu elektromagnetischen Wellen (Elektrosmog) sind vom Auftraggeber abh\u00e4ngig. Forschung ist oft auf einzelne Strahlungsarten beschr\u00e4nkt. Doch beim Strahlenschutz sind die Wechselwirkungen ausschlaggebend.","og_url":"https:\/\/www.ibes.ch\/fr\/mesure-profi-2\/science-et-etudes\/","og_site_name":"IBES","article_modified_time":"2021-10-15T12:40:35+00:00","twitter_card":"summary_large_image","twitter_misc":{"Dur\u00e9e de lecture estim\u00e9e":"36 minutes"},"schema":{"@context":"https:\/\/schema.org","@graph":[{"@type":"WebPage","@id":"https:\/\/www.ibes.ch\/profi-messung-2\/wissenschaft-und-studien\/","url":"https:\/\/www.ibes.ch\/profi-messung-2\/wissenschaft-und-studien\/","name":"\u00c9tudes sur l'\u00e9lectrosmog et les rayonnements haute\/basse fr\u00e9quence et sur la radioprotection","isPartOf":{"@id":"https:\/\/www.ibes.ch\/#website"},"datePublished":"2018-08-02T12:11:31+00:00","dateModified":"2021-10-15T12:40:35+00:00","description":"Les \u00e9tudes sur les ondes \u00e9lectromagn\u00e9tiques (\u00e9lectrosmog) d\u00e9pendent du client. La recherche est souvent limit\u00e9e \u00e0 des types de rayonnement individuels. Mais en mati\u00e8re de radioprotection, les interactions sont cruciales.","breadcrumb":{"@id":"https:\/\/www.ibes.ch\/profi-messung-2\/wissenschaft-und-studien\/#breadcrumb"},"inLanguage":"fr-FR","potentialAction":[{"@type":"ReadAction","target":["https:\/\/www.ibes.ch\/profi-messung-2\/wissenschaft-und-studien\/"]}]},{"@type":"BreadcrumbList","@id":"https:\/\/www.ibes.ch\/profi-messung-2\/wissenschaft-und-studien\/#breadcrumb","itemListElement":[{"@type":"ListItem","position":1,"name":"Home","item":"https:\/\/www.ibes.ch\/"},{"@type":"ListItem","position":2,"name":"Profi-Messung","item":"https:\/\/www.ibes.ch\/profi-messung-2\/"},{"@type":"ListItem","position":3,"name":"Wissenschaft und Studien"}]},{"@type":"WebSite","@id":"https:\/\/www.ibes.ch\/#website","url":"https:\/\/www.ibes.ch\/","name":"IBES","description":"IBES - Guide de l'\u00e9lectrosmog","potentialAction":[{"@type":"SearchAction","target":{"@type":"EntryPoint","urlTemplate":"https:\/\/www.ibes.ch\/?s={search_term_string}"},"query-input":{"@type":"PropertyValueSpecification","valueRequired":true,"valueName":"search_term_string"}}],"inLanguage":"fr-FR"}]}},"_links":{"self":[{"href":"https:\/\/www.ibes.ch\/fr\/wp-json\/wp\/v2\/pages\/8277","targetHints":{"allow":["GET"]}}],"collection":[{"href":"https:\/\/www.ibes.ch\/fr\/wp-json\/wp\/v2\/pages"}],"about":[{"href":"https:\/\/www.ibes.ch\/fr\/wp-json\/wp\/v2\/types\/page"}],"author":[{"embeddable":true,"href":"https:\/\/www.ibes.ch\/fr\/wp-json\/wp\/v2\/users\/3"}],"replies":[{"embeddable":true,"href":"https:\/\/www.ibes.ch\/fr\/wp-json\/wp\/v2\/comments?post=8277"}],"version-history":[{"count":5,"href":"https:\/\/www.ibes.ch\/fr\/wp-json\/wp\/v2\/pages\/8277\/revisions"}],"predecessor-version":[{"id":18096,"href":"https:\/\/www.ibes.ch\/fr\/wp-json\/wp\/v2\/pages\/8277\/revisions\/18096"}],"up":[{"embeddable":true,"href":"https:\/\/www.ibes.ch\/fr\/wp-json\/wp\/v2\/pages\/8245"}],"wp:attachment":[{"href":"https:\/\/www.ibes.ch\/fr\/wp-json\/wp\/v2\/media?parent=8277"}],"curies":[{"name":"wp","href":"https:\/\/api.w.org\/{rel}","templated":true}]}}