{"id":8258,"date":"2018-08-03T10:20:49","date_gmt":"2018-08-03T10:20:49","guid":{"rendered":"https:\/\/www.ibes.ch\/magnetische-gleichfelder-schlafstoerungen\/"},"modified":"2021-10-15T14:40:41","modified_gmt":"2021-10-15T12:40:41","slug":"champs-magnetiques-continus-troubles-du-sommeil","status":"publish","type":"page","link":"https:\/\/www.ibes.ch\/fr\/profi-messung-2\/magnetische-gleichfelder-schlafstoerungen\/","title":{"rendered":"Champs magn\u00e9tiques directs"},"content":{"rendered":"<div id='full_slider_1'  class='avia-fullwidth-slider main_color avia-shadow   avia-builder-el-0  el_before_av_submenu  avia-builder-el-first   container_wrap fullsize'  ><div  class='avia-slideshow av-jjzfucc8-6b7495e03559e5a17e8a0b978ac6ddc7 avia-slideshow-no scaling av_slideshow_full avia-slide-slider av-slideshow-ui av-control-default av-slideshow-manual av-loop-once av-loop-manual-endless av-default-height-applied   avia-slideshow-1' data-slideshow-options=\"{&quot;animation&quot;:&quot;slide&quot;,&quot;autoplay&quot;:false,&quot;loop_autoplay&quot;:&quot;once&quot;,&quot;interval&quot;:5,&quot;loop_manual&quot;:&quot;manual-endless&quot;,&quot;autoplay_stopper&quot;:false,&quot;noNavigation&quot;:false,&quot;bg_slider&quot;:false,&quot;keep_padding&quot;:false,&quot;hoverpause&quot;:false,&quot;show_slide_delay&quot;:0}\" ><ul class='avia-slideshow-inner' style='padding-bottom: 20%;'><li  class='avia-slideshow-slide av-jjzfucc8-6b7495e03559e5a17e8a0b978ac6ddc7__0  av-single-slide slide-1 slide-odd'><div data-rel='slideshow-1' class='avia-slide-wrap'   ><img decoding=\"async\" fetchpriority=\"high\" class=\"wp-image-3334 avia-img-lazy-loading-not-3334\"  src=\"https:\/\/www.ibes.ch\/wp-content\/uploads\/2018\/07\/ibes-elektrosmog-header-scaled.jpg\" width=\"2560\" height=\"512\" title='IBES - La vie sans \u00e9lectrosmog' alt='IBES - La vie sans \u00e9lectrosmog'  itemprop=\"thumbnailUrl\" srcset=\"https:\/\/www.ibes.ch\/wp-content\/uploads\/2018\/07\/ibes-elektrosmog-header-scaled.jpg 2560w, https:\/\/www.ibes.ch\/wp-content\/uploads\/2018\/07\/ibes-elektrosmog-header-600x120.jpg 600w, https:\/\/www.ibes.ch\/wp-content\/uploads\/2018\/07\/ibes-elektrosmog-header-300x60.jpg 300w, https:\/\/www.ibes.ch\/wp-content\/uploads\/2018\/07\/ibes-elektrosmog-header-768x154.jpg 768w, https:\/\/www.ibes.ch\/wp-content\/uploads\/2018\/07\/ibes-elektrosmog-header-1030x206.jpg 1030w, https:\/\/www.ibes.ch\/wp-content\/uploads\/2018\/07\/ibes-elektrosmog-header-1500x300.jpg 1500w, https:\/\/www.ibes.ch\/wp-content\/uploads\/2018\/07\/ibes-elektrosmog-header-705x141.jpg 705w\" sizes=\"(max-width: 2560px) 100vw, 2560px\" \/><\/div><\/li><\/ul><\/div><\/div>\n<div class='clear'><\/div><div id='sub_menu1'  class='av-submenu-container av-jklktrc2-ac29cb4a8b307cd23a9316d95cf09d92 main_color  avia-builder-el-1  el_after_av_slideshow_full  el_before_av_section  av-sticky-submenu submenu-not-first container_wrap fullsize' style='z-index:301' ><div class='container av-menu-mobile-disabled av-submenu-pos-center'><ul id=\"menu-elektrische_felder_untermenue\" class=\"av-subnav-menu\" role=\"menu\"><li role=\"menuitem\" id=\"menu-item-9650\" class=\"menu-item menu-item-type-post_type menu-item-object-page menu-item-top-level menu-item-top-level-1\"><a href=\"https:\/\/www.ibes.ch\/fr\/profi-messung-2\/magnetische-wechselfelder\/\" itemprop=\"url\" tabindex=\"0\"><span class=\"avia-bullet\"><\/span><span class=\"avia-menu-text\">Champs magn\u00e9tiques alternatifs<\/span><span class=\"avia-menu-fx\"><span class=\"avia-arrow-wrap\"><span class=\"avia-arrow\"><\/span><\/span><\/span><\/a><\/li>\n<li role=\"menuitem\" id=\"menu-item-9651\" class=\"menu-item menu-item-type-post_type menu-item-object-page menu-item-top-level menu-item-top-level-2\"><a href=\"https:\/\/www.ibes.ch\/fr\/profi-messung-2\/schutz-vor-mikrowellen\/\" itemprop=\"url\" tabindex=\"0\"><span class=\"avia-bullet\"><\/span><span class=\"avia-menu-text\">Micro-ondes<\/span><span class=\"avia-menu-fx\"><span class=\"avia-arrow-wrap\"><span class=\"avia-arrow\"><\/span><\/span><\/span><\/a><\/li>\n<li role=\"menuitem\" id=\"menu-item-9652\" class=\"menu-item menu-item-type-post_type menu-item-object-page menu-item-top-level menu-item-top-level-3\"><a href=\"https:\/\/www.ibes.ch\/fr\/profi-messung-2\/magnetische-gleichfelder-schlafstoerungen\/\" itemprop=\"url\" tabindex=\"0\"><span class=\"avia-bullet\"><\/span><span class=\"avia-menu-text\">Champs magn\u00e9tiques directs<\/span><span class=\"avia-menu-fx\"><span class=\"avia-arrow-wrap\"><span class=\"avia-arrow\"><\/span><\/span><\/span><\/a><\/li>\n<li role=\"menuitem\" id=\"menu-item-9653\" class=\"menu-item menu-item-type-post_type menu-item-object-page menu-item-top-level menu-item-top-level-4\"><a href=\"https:\/\/www.ibes.ch\/fr\/profi-messung-2\/elektrische-gleichfelder\/\" itemprop=\"url\" tabindex=\"0\"><span class=\"avia-bullet\"><\/span><span class=\"avia-menu-text\">Champs \u00e9lectriques directs<\/span><span class=\"avia-menu-fx\"><span class=\"avia-arrow-wrap\"><span class=\"avia-arrow\"><\/span><\/span><\/span><\/a><\/li>\n<li role=\"menuitem\" id=\"menu-item-9654\" class=\"menu-item menu-item-type-post_type menu-item-object-page menu-item-top-level menu-item-top-level-5\"><a href=\"https:\/\/www.ibes.ch\/fr\/profi-messung-2\/schutz-vor-radioaktivitaet\/\" itemprop=\"url\" tabindex=\"0\"><span class=\"avia-bullet\"><\/span><span class=\"avia-menu-text\">Radioactivit\u00e9<\/span><span class=\"avia-menu-fx\"><span class=\"avia-arrow-wrap\"><span class=\"avia-arrow\"><\/span><\/span><\/span><\/a><\/li>\n<li role=\"menuitem\" id=\"menu-item-9655\" class=\"menu-item menu-item-type-post_type menu-item-object-page menu-item-top-level menu-item-top-level-6\"><a href=\"https:\/\/www.ibes.ch\/fr\/profi-messung-2\/lichtemissionen\/\" itemprop=\"url\" tabindex=\"0\"><span class=\"avia-bullet\"><\/span><span class=\"avia-menu-text\">\u00c9missions lumineuses<\/span><span class=\"avia-menu-fx\"><span class=\"avia-arrow-wrap\"><span class=\"avia-arrow\"><\/span><\/span><\/span><\/a><\/li>\n<li role=\"menuitem\" id=\"menu-item-9656\" class=\"menu-item menu-item-type-post_type menu-item-object-page menu-item-top-level menu-item-top-level-7\"><a href=\"https:\/\/www.ibes.ch\/fr\/profi-messung-2\/elektrostatische-aufladung\/\" itemprop=\"url\" tabindex=\"0\"><span class=\"avia-bullet\"><\/span><span class=\"avia-menu-text\">Charge \u00e9lectrostatique<\/span><span class=\"avia-menu-fx\"><span class=\"avia-arrow-wrap\"><span class=\"avia-arrow\"><\/span><\/span><\/span><\/a><\/li>\n<\/ul><\/div><\/div><div class='sticky_placeholder'><\/div>\n<div id='av_section_1'  class='avia-section av-jjzgjy94-535fc938f73d54e38e18c9f5b93283ba main_color avia-section-large avia-no-border-styling  avia-builder-el-2  el_after_av_submenu  el_before_av_section  avia-bg-style-scroll container_wrap fullsize'  ><div class='container av-section-cont-open' ><div class='template-page content  av-content-full alpha units'><div class='post-entry post-entry-type-page post-entry-8258'><div class='entry-content-wrapper clearfix'>\n\n<style type=\"text\/css\" data-created_by=\"avia_inline_auto\" id=\"style-css-av-mn1fg-24014eb52a6167a85df2610f88098cb0\">\n#top .av-special-heading.av-mn1fg-24014eb52a6167a85df2610f88098cb0{\npadding-bottom:19px;\n}\nbody .av-special-heading.av-mn1fg-24014eb52a6167a85df2610f88098cb0 .av-special-heading-tag .heading-char{\nfont-size:25px;\n}\n.av-special-heading.av-mn1fg-24014eb52a6167a85df2610f88098cb0 .av-subheading{\nfont-size:20px;\n}\n<\/style>\n<div  class='av-special-heading av-mn1fg-24014eb52a6167a85df2610f88098cb0 av-special-heading-h1 blockquote modern-quote modern-centered  avia-builder-el-3  el_before_av_hr  avia-builder-el-first'><h1 class='av-special-heading-tag'  itemprop=\"headline\"  > Champs magn\u00e9tiques directs<\/h1><div class='av-subheading av-subheading_below'><p>Troubles du sommeil dus au champ magn\u00e9tique naturel de la terre<\/p>\n<\/div><div class=\"special-heading-border\"><div class=\"special-heading-inner-border\"><\/div><\/div><\/div>\n<div  class='hr av-aue7n2-e30d11672c1926c4b838dbe0728bd62f hr-short  avia-builder-el-4  el_after_av_heading  el_before_av_one_third  hr-center'><span class='hr-inner'><span class=\"hr-inner-style\"><\/span><\/span><\/div>\n\n<style type=\"text\/css\" data-created_by=\"avia_inline_auto\" id=\"style-css-av-942rr2-2eb0e8bb4cae607c59be1a88a2974a0a\">\n#top .flex_column.av-942rr2-2eb0e8bb4cae607c59be1a88a2974a0a{\nmargin-top:25px;\nmargin-bottom:0px;\n}\n.flex_column.av-942rr2-2eb0e8bb4cae607c59be1a88a2974a0a{\nborder-radius:0px 0px 0px 0px;\npadding:0px 0px 0px 0px;\n}\n.responsive #top #wrap_all .flex_column.av-942rr2-2eb0e8bb4cae607c59be1a88a2974a0a{\nmargin-top:25px;\nmargin-bottom:0px;\n}\n<\/style>\n<div  class='flex_column av-942rr2-2eb0e8bb4cae607c59be1a88a2974a0a av_one_third  avia-builder-el-5  el_after_av_hr  el_before_av_one_third  first flex_column_div av-animated-generic left-to-right av-zero-column-padding'     ><p>\n<style type=\"text\/css\" data-created_by=\"avia_inline_auto\" id=\"style-css-av-fszek-767ea75c9e46a8cdf1ea9d70bca8fe21\">\n#top .av-special-heading.av-fszek-767ea75c9e46a8cdf1ea9d70bca8fe21{\npadding-bottom:10px;\n}\nbody .av-special-heading.av-fszek-767ea75c9e46a8cdf1ea9d70bca8fe21 .av-special-heading-tag .heading-char{\nfont-size:25px;\n}\n.av-special-heading.av-fszek-767ea75c9e46a8cdf1ea9d70bca8fe21 .av-subheading{\nfont-size:15px;\n}\n<\/style>\n<div  class='av-special-heading av-fszek-767ea75c9e46a8cdf1ea9d70bca8fe21 av-special-heading-h3 blockquote modern-quote  avia-builder-el-6  el_before_av_textblock  avia-builder-el-first'><h3 class='av-special-heading-tag'  itemprop=\"headline\"  >Le champ magn\u00e9tique naturel de la Terre<\/h3><div class=\"special-heading-border\"><div class=\"special-heading-inner-border\"><\/div><\/div><\/div><br \/>\n<section  class='av_textblock_section av-jk8f3xo3-8ce38b0e8c6dc392eccc155cfd78d4d3'   itemscope=\"itemscope\" itemtype=\"https:\/\/schema.org\/CreativeWork\" ><div class='avia_textblock'  itemprop=\"text\" ><ul>\n<li>Notre plan\u00e8te poss\u00e8de un champ magn\u00e9tique terrestre naturel. Il peut \u00eatre d\u00e9form\u00e9 par les armatures en fer des sols et des murs, les tuyaux ou les radiateurs.<\/li>\n<li>Parmi les autres facteurs de distorsion du champ magn\u00e9tique terrestre figurent les composants magn\u00e9tis\u00e9s des matelas \u00e0 ressorts, des cadres de lit ou des haut-parleurs.<\/li>\n<\/ul>\n<\/div><\/section><\/p><\/div>\n<style type=\"text\/css\" data-created_by=\"avia_inline_auto\" id=\"style-css-av-942rr2-b62acb3f31996614be0791000c39db65\">\n#top .flex_column.av-942rr2-b62acb3f31996614be0791000c39db65{\nmargin-top:25px;\nmargin-bottom:0px;\n}\n.flex_column.av-942rr2-b62acb3f31996614be0791000c39db65{\nborder-radius:0px 0px 0px 0px;\npadding:0px 0px 0px 0px;\n}\n.responsive #top #wrap_all .flex_column.av-942rr2-b62acb3f31996614be0791000c39db65{\nmargin-top:25px;\nmargin-bottom:0px;\n}\n<\/style>\n<div  class='flex_column av-942rr2-b62acb3f31996614be0791000c39db65 av_one_third  avia-builder-el-8  el_after_av_one_third  el_before_av_one_third  flex_column_div av-animated-generic left-to-right av-zero-column-padding'     ><p>\n<style type=\"text\/css\" data-created_by=\"avia_inline_auto\" id=\"style-css-av-27v83g-60b838744592c1cf169d7c4959348387\">\n#top .av-special-heading.av-27v83g-60b838744592c1cf169d7c4959348387{\npadding-bottom:10px;\n}\nbody .av-special-heading.av-27v83g-60b838744592c1cf169d7c4959348387 .av-special-heading-tag .heading-char{\nfont-size:25px;\n}\n.av-special-heading.av-27v83g-60b838744592c1cf169d7c4959348387 .av-subheading{\nfont-size:15px;\n}\n<\/style>\n<div  class='av-special-heading av-27v83g-60b838744592c1cf169d7c4959348387 av-special-heading-h3 blockquote modern-quote  avia-builder-el-9  el_before_av_textblock  avia-builder-el-first'><h3 class='av-special-heading-tag'  itemprop=\"headline\"  >Diff\u00e9rences de champ magn\u00e9tique<\/h3><div class=\"special-heading-border\"><div class=\"special-heading-inner-border\"><\/div><\/div><\/div><br \/>\n<section  class='av_textblock_section av-jk8f3xo3-8ce38b0e8c6dc392eccc155cfd78d4d3'   itemscope=\"itemscope\" itemtype=\"https:\/\/schema.org\/CreativeWork\" ><div class='avia_textblock'  itemprop=\"text\" ><ul>\n<li>De telles distorsions peuvent entra\u00eener de fortes diff\u00e9rences de champ magn\u00e9tique \u00e0 la plus courte distance, ce qui peut \u00e0 son tour entra\u00eener une d\u00e9sorientation du syst\u00e8me cellulaire.<\/li>\n<li>Les fluctuations du champ magn\u00e9tique terrestre ont un impact important sur la sant\u00e9 des personnes sensibles en particulier.<\/li>\n<\/ul>\n<\/div><\/section><\/p><\/div>\n<style type=\"text\/css\" data-created_by=\"avia_inline_auto\" id=\"style-css-av-942rr2-db856c1baad582b020d56e6e2605952e\">\n#top .flex_column.av-942rr2-db856c1baad582b020d56e6e2605952e{\nmargin-top:25px;\nmargin-bottom:0px;\n}\n.flex_column.av-942rr2-db856c1baad582b020d56e6e2605952e{\nborder-radius:0px 0px 0px 0px;\npadding:0px 0px 0px 0px;\n}\n.responsive #top #wrap_all .flex_column.av-942rr2-db856c1baad582b020d56e6e2605952e{\nmargin-top:25px;\nmargin-bottom:0px;\n}\n<\/style>\n<div  class='flex_column av-942rr2-db856c1baad582b020d56e6e2605952e av_one_third  avia-builder-el-11  el_after_av_one_third  avia-builder-el-last  flex_column_div av-animated-generic right-to-left av-zero-column-padding'     ><p>\n<style type=\"text\/css\" data-created_by=\"avia_inline_auto\" id=\"style-css-av-jnlqa872-0ae1b130efb3626504cda81f947163ae\">\n#top .av-special-heading.av-jnlqa872-0ae1b130efb3626504cda81f947163ae{\npadding-bottom:10px;\n}\nbody .av-special-heading.av-jnlqa872-0ae1b130efb3626504cda81f947163ae .av-special-heading-tag .heading-char{\nfont-size:25px;\n}\n.av-special-heading.av-jnlqa872-0ae1b130efb3626504cda81f947163ae .av-subheading{\nfont-size:15px;\n}\n<\/style>\n<div  class='av-special-heading av-jnlqa872-0ae1b130efb3626504cda81f947163ae av-special-heading-h3 blockquote modern-quote  avia-builder-el-12  el_before_av_textblock  avia-builder-el-first'><h3 class='av-special-heading-tag'  itemprop=\"headline\"  >Influence du syst\u00e8me cellulaire<\/h3><div class=\"special-heading-border\"><div class=\"special-heading-inner-border\"><\/div><\/div><\/div><br \/>\n<section  class='av_textblock_section av-jk8f3xo3-8ce38b0e8c6dc392eccc155cfd78d4d3'   itemscope=\"itemscope\" itemtype=\"https:\/\/schema.org\/CreativeWork\" ><div class='avia_textblock'  itemprop=\"text\" ><ul>\n<li>Des troubles du sommeil, des probl\u00e8mes cardiaques et circulatoires peuvent en r\u00e9sulter. Des chercheurs ont d\u00e9couvert que les phases de faible intensit\u00e9 du champ magn\u00e9tique provoquent des r\u00eaves bizarres.<\/li>\n<li>La m\u00e9latonine lib\u00e9r\u00e9e par le cerveau pourrait en \u00eatre responsable. Elle est g\u00e9n\u00e9ralement lib\u00e9r\u00e9e la nuit et pr\u00e9pare le corps \u00e0 une bonne nuit de sommeil.<\/li>\n<\/ul>\n<\/div><\/section><\/p><\/div>\n\n<\/div><\/div><\/div><!-- close content main div --><\/div><\/div>\n<style type=\"text\/css\" data-created_by=\"avia_inline_auto\" id=\"style-css-av-jjzyr2r5-ab23c3ca5a2a27ebe9e9bdda1f93a905\">\n.avia-section.av-jjzyr2r5-ab23c3ca5a2a27ebe9e9bdda1f93a905{\nbackground-repeat:no-repeat;\nbackground-image:url(https:\/\/www.ibes.ch\/wp-content\/uploads\/2018\/07\/depressionen-scaled.jpg);\nbackground-position:0% 0%;\nbackground-attachment:scroll;\n}\n.avia-section.av-jjzyr2r5-ab23c3ca5a2a27ebe9e9bdda1f93a905 .av-section-color-overlay{\nopacity:0.5;\nbackground-color:#b5b5b5;\n}\n<\/style>\n<div id='av_section_2'  class='avia-section av-jjzyr2r5-ab23c3ca5a2a27ebe9e9bdda1f93a905 main_color avia-section-large avia-no-shadow  avia-builder-el-14  el_after_av_section  el_before_av_section  avia-bg-style-scroll av-section-color-overlay-active container_wrap fullsize'  data-section-bg-repeat='no-repeat'><div class=\"av-section-color-overlay-wrap\"><div class=\"av-section-color-overlay\"><\/div><div class='container av-section-cont-open' ><div class='template-page content  av-content-full alpha units'><div class='post-entry post-entry-type-page post-entry-8258'><div class='entry-content-wrapper clearfix'>\n<article  class='iconbox iconbox_top av-jklkqlut-0199ff0d69af51e0dcc10111b12564c0  avia-builder-el-15  avia-builder-el-no-sibling  main_color'  itemscope=\"itemscope\" itemtype=\"https:\/\/schema.org\/CreativeWork\" ><div class=\"iconbox_content\"><header class=\"entry-content-header\" aria-label=\"Ic\u00f4ne : Contr\u00f4lez votre champ magn\u00e9tique terrestre\"><div class='iconbox_icon heading-color avia-iconfont avia-font-entypo-fontello' data-av_icon='\ue81f' data-av_iconfont='entypo-fontello'  ><\/div><h3 class='iconbox_content_title'  itemprop=\"headline\" >V\u00e9rifiez le champ magn\u00e9tique terrestre<\/h3><\/header><div class='iconbox_content_container'  itemprop=\"text\" ><p style=\"text-align: center;\">Les composants m\u00e9talliques et les pi\u00e8ces de mobilier \"d\u00e9forment et changent la direction de la polarit\u00e9 naturelle\", le corps perd son orientation. Les chercheurs ont trouv\u00e9 des preuves que l'hormone peut d\u00e9clencher des r\u00eaves irr\u00e9els. Le champ magn\u00e9tique terrestre peut influencer certaines fonctions corporelles telles que la pression sanguine, le syst\u00e8me immunitaire ou encore la fr\u00e9quence des crises d'\u00e9pilepsie.<\/p>\n<p style=\"text-align: center;\">Utilisez votre boussole pour v\u00e9rifier le champ magn\u00e9tique terrestre \u00e0 votre chevet ou sur votre lieu de travail.<\/p>\n<\/div><\/div><footer class=\"entry-footer\"><\/footer><\/article>\n\n<\/div><\/div><\/div><!-- close content main div --><\/div><\/div><\/div><div id='av_section_3'  class='avia-section av-jjzyr2r5-cb398b7cdb37759c639e8cfe568c0493 main_color avia-section-large avia-no-shadow  avia-builder-el-16  el_after_av_section  avia-builder-el-last  avia-bg-style-scroll container_wrap fullsize'  ><div class='container av-section-cont-open' ><div class='template-page content  av-content-full alpha units'><div class='post-entry post-entry-type-page post-entry-8258'><div class='entry-content-wrapper clearfix'>\n\n<style type=\"text\/css\" data-created_by=\"avia_inline_auto\" id=\"style-css-av-827u6a-08b1c2e21eb850b321bb910e20dae0bd\">\n.flex_column.av-827u6a-08b1c2e21eb850b321bb910e20dae0bd{\nborder-radius:0px 0px 0px 0px;\npadding:0px 0px 0px 0px;\n}\n<\/style>\n<div  class='flex_column av-827u6a-08b1c2e21eb850b321bb910e20dae0bd av_one_fourth  avia-builder-el-17  el_before_av_three_fourth  avia-builder-el-first  first flex_column_div av-zero-column-padding'     ><style type=\"text\/css\" data-created_by=\"avia_inline_auto\" id=\"style-css-av-jk0x29sm-fcd879e11414fe2c19866816a5dc29e7\">\n.avia-image-container.av-jk0x29sm-fcd879e11414fe2c19866816a5dc29e7 img.avia_image{\nbox-shadow:none;\n}\n.avia-image-container.av-jk0x29sm-fcd879e11414fe2c19866816a5dc29e7 .av-image-caption-overlay-center{\ncolor:#ffffff;\n}\n<\/style>\n<div  class='avia-image-container av-jk0x29sm-fcd879e11414fe2c19866816a5dc29e7 av-styling- avia-align-center  avia-builder-el-18  avia-builder-el-no-sibling'  ><div class=\"avia-image-container-inner\"><div class=\"avia-image-overlay-wrap\"><img decoding=\"async\" fetchpriority=\"high\" class='wp-image-4744 avia-img-lazy-loading-not-4744 avia_image' src=\"https:\/\/www.ibes.ch\/wp-content\/uploads\/2018\/08\/messgeraet-frei-1.png\" alt='Un appareil de mesure de l&#039;\u00e9lectrosmog dans une main' title='Dispositif de mesure de l&#039;\u00e9lectrosmog'  height=\"275\" width=\"530\"  itemprop=\"thumbnailUrl\" srcset=\"https:\/\/www.ibes.ch\/wp-content\/uploads\/2018\/08\/messgeraet-frei-1.png 530w, https:\/\/www.ibes.ch\/wp-content\/uploads\/2018\/08\/messgeraet-frei-1-300x156.png 300w, https:\/\/www.ibes.ch\/wp-content\/uploads\/2018\/08\/messgeraet-frei-1-450x233.png 450w\" sizes=\"(max-width: 530px) 100vw, 530px\" \/><\/div><\/div><\/div><\/div>\n<style type=\"text\/css\" data-created_by=\"avia_inline_auto\" id=\"style-css-av-6eys1u-5430c1fa2f00eb35a5c74bc277d616b0\">\n.flex_column.av-6eys1u-5430c1fa2f00eb35a5c74bc277d616b0{\nborder-radius:0px 0px 0px 0px;\npadding:0px 0px 0px 0px;\n}\n<\/style>\n<div  class='flex_column av-6eys1u-5430c1fa2f00eb35a5c74bc277d616b0 av_three_fourth  avia-builder-el-19  el_after_av_one_fourth  avia-builder-el-last  flex_column_div av-zero-column-padding'     ><div  class='av_promobox av-2jy2aq-fbbc7d5f1541e816faee1714550c530a avia-button-yes  avia-builder-el-20  avia-builder-el-no-sibling'><div class='avia-promocontent'><\/p>\n<h3>Aller au fond des sources<\/h3>\n<p>Si vous soup\u00e7onnez des rayonnements ind\u00e9sirables dans votre maison, votre appartement ou votre lieu de travail, il est pr\u00e9f\u00e9rable de les mesurer imm\u00e9diatement. Alors vous aurez une certitude. L'IBES recommande un appareil de mesure de l'\u00e9lectrosmog tr\u00e8s sensible.<\/p>\n<\/div><div  class='avia-button-wrap av-2jy2aq-bb87189844646033fe6270e76a9c4669-wrap avia-button-right'><a href='https:\/\/www.ibes.ch\/fr\/sources-delectrosmog\/'  class='avia-button av-2jy2aq-bb87189844646033fe6270e76a9c4669 av-link-btn avia-icon_select-yes-left-icon avia-size-large avia-position-right avia-color-theme-color'   aria-label=\"Plus d&#039;informations\"><span class='avia_button_icon avia_button_icon_left avia-iconfont avia-font-entypo-fontello' data-av_icon='\ue832' data-av_iconfont='entypo-fontello' ><\/span><span class='avia_iconbox_title' >Plus d'informations<\/span><\/a><\/div><\/div><\/div>","protected":false},"excerpt":{"rendered":"","protected":false},"author":3,"featured_media":0,"parent":8245,"menu_order":6,"comment_status":"closed","ping_status":"closed","template":"","meta":{"_acf_changed":false,"footnotes":""},"class_list":["post-8258","page","type-page","status-publish","hentry"],"acf":[],"yoast_head":"<!-- This site is optimized with the Yoast SEO plugin v27.5 - https:\/\/yoast.com\/product\/yoast-seo-wordpress\/ -->\n<title>Erdmagnetfeld: Schlafst\u00f6rungen durch magnetische Gleichfelder<\/title>\n<meta name=\"description\" content=\"Wenn Ihnen das nat\u00fcrliche Erdmagnetfeld zu schaffen macht: Forscher haben herausgefunden, dass Phasen niedriger Magnetfeldst\u00e4rke f\u00fcr bizarre Tr\u00e4ume sorgen und den Schlaf st\u00f6ren.\" \/>\n<meta name=\"robots\" content=\"index, follow, max-snippet:-1, max-image-preview:large, max-video-preview:-1\" \/>\n<link rel=\"canonical\" href=\"https:\/\/www.ibes.ch\/fr\/mesure-profi-2\/champs-magnetiques-continus-troubles-du-sommeil\/\" \/>\n<meta property=\"og:locale\" content=\"fr_FR\" \/>\n<meta property=\"og:type\" content=\"article\" \/>\n<meta property=\"og:title\" content=\"Erdmagnetfeld: Schlafst\u00f6rungen durch magnetische Gleichfelder\" \/>\n<meta property=\"og:description\" content=\"Wenn Ihnen das nat\u00fcrliche Erdmagnetfeld zu schaffen macht: Forscher haben herausgefunden, dass Phasen niedriger Magnetfeldst\u00e4rke f\u00fcr bizarre Tr\u00e4ume sorgen und den Schlaf st\u00f6ren.\" \/>\n<meta property=\"og:url\" content=\"https:\/\/www.ibes.ch\/fr\/mesure-profi-2\/champs-magnetiques-continus-troubles-du-sommeil\/\" \/>\n<meta property=\"og:site_name\" content=\"IBES\" \/>\n<meta property=\"article:modified_time\" content=\"2021-10-15T12:40:41+00:00\" \/>\n<meta name=\"twitter:card\" content=\"summary_large_image\" \/>\n<meta name=\"twitter:label1\" content=\"Dur\u00e9e de lecture estim\u00e9e\" \/>\n\t<meta name=\"twitter:data1\" content=\"9 minutes\" \/>\n<script type=\"application\/ld+json\" class=\"yoast-schema-graph\">{\"@context\":\"https:\\\/\\\/schema.org\",\"@graph\":[{\"@type\":\"WebPage\",\"@id\":\"https:\\\/\\\/www.ibes.ch\\\/profi-messung-2\\\/magnetische-gleichfelder-schlafstoerungen\\\/\",\"url\":\"https:\\\/\\\/www.ibes.ch\\\/profi-messung-2\\\/magnetische-gleichfelder-schlafstoerungen\\\/\",\"name\":\"Erdmagnetfeld: Schlafst\u00f6rungen durch magnetische Gleichfelder\",\"isPartOf\":{\"@id\":\"https:\\\/\\\/www.ibes.ch\\\/#website\"},\"datePublished\":\"2018-08-03T10:20:49+00:00\",\"dateModified\":\"2021-10-15T12:40:41+00:00\",\"description\":\"Wenn Ihnen das nat\u00fcrliche Erdmagnetfeld zu schaffen macht: Forscher haben herausgefunden, dass Phasen niedriger Magnetfeldst\u00e4rke f\u00fcr bizarre Tr\u00e4ume sorgen und den Schlaf st\u00f6ren.\",\"breadcrumb\":{\"@id\":\"https:\\\/\\\/www.ibes.ch\\\/profi-messung-2\\\/magnetische-gleichfelder-schlafstoerungen\\\/#breadcrumb\"},\"inLanguage\":\"fr-FR\",\"potentialAction\":[{\"@type\":\"ReadAction\",\"target\":[\"https:\\\/\\\/www.ibes.ch\\\/profi-messung-2\\\/magnetische-gleichfelder-schlafstoerungen\\\/\"]}]},{\"@type\":\"BreadcrumbList\",\"@id\":\"https:\\\/\\\/www.ibes.ch\\\/profi-messung-2\\\/magnetische-gleichfelder-schlafstoerungen\\\/#breadcrumb\",\"itemListElement\":[{\"@type\":\"ListItem\",\"position\":1,\"name\":\"Home\",\"item\":\"https:\\\/\\\/www.ibes.ch\\\/\"},{\"@type\":\"ListItem\",\"position\":2,\"name\":\"Profi-Messung\",\"item\":\"https:\\\/\\\/www.ibes.ch\\\/profi-messung-2\\\/\"},{\"@type\":\"ListItem\",\"position\":3,\"name\":\"Magnetische Gleichfelder\"}]},{\"@type\":\"WebSite\",\"@id\":\"https:\\\/\\\/www.ibes.ch\\\/#website\",\"url\":\"https:\\\/\\\/www.ibes.ch\\\/\",\"name\":\"IBES\",\"description\":\"IBES - Ratgeber f\u00fcr Elektrosmog\",\"potentialAction\":[{\"@type\":\"SearchAction\",\"target\":{\"@type\":\"EntryPoint\",\"urlTemplate\":\"https:\\\/\\\/www.ibes.ch\\\/?s={search_term_string}\"},\"query-input\":{\"@type\":\"PropertyValueSpecification\",\"valueRequired\":true,\"valueName\":\"search_term_string\"}}],\"inLanguage\":\"fr-FR\"}]}<\/script>\n<!-- \/ Yoast SEO plugin. -->","yoast_head_json":{"title":"Le champ magn\u00e9tique terrestre : les troubles du sommeil dus aux champs magn\u00e9tiques directs","description":"Si le champ magn\u00e9tique naturel de la Terre vous donne du fil \u00e0 retordre : des chercheurs ont d\u00e9couvert que les phases de faible intensit\u00e9 du champ magn\u00e9tique provoquent des r\u00eaves bizarres et perturbent le sommeil.","robots":{"index":"index","follow":"follow","max-snippet":"max-snippet:-1","max-image-preview":"max-image-preview:large","max-video-preview":"max-video-preview:-1"},"canonical":"https:\/\/www.ibes.ch\/fr\/mesure-profi-2\/champs-magnetiques-continus-troubles-du-sommeil\/","og_locale":"fr_FR","og_type":"article","og_title":"Erdmagnetfeld: Schlafst\u00f6rungen durch magnetische Gleichfelder","og_description":"Wenn Ihnen das nat\u00fcrliche Erdmagnetfeld zu schaffen macht: Forscher haben herausgefunden, dass Phasen niedriger Magnetfeldst\u00e4rke f\u00fcr bizarre Tr\u00e4ume sorgen und den Schlaf st\u00f6ren.","og_url":"https:\/\/www.ibes.ch\/fr\/mesure-profi-2\/champs-magnetiques-continus-troubles-du-sommeil\/","og_site_name":"IBES","article_modified_time":"2021-10-15T12:40:41+00:00","twitter_card":"summary_large_image","twitter_misc":{"Dur\u00e9e de lecture estim\u00e9e":"9 minutes"},"schema":{"@context":"https:\/\/schema.org","@graph":[{"@type":"WebPage","@id":"https:\/\/www.ibes.ch\/profi-messung-2\/magnetische-gleichfelder-schlafstoerungen\/","url":"https:\/\/www.ibes.ch\/profi-messung-2\/magnetische-gleichfelder-schlafstoerungen\/","name":"Le champ magn\u00e9tique terrestre : les troubles du sommeil dus aux champs magn\u00e9tiques directs","isPartOf":{"@id":"https:\/\/www.ibes.ch\/#website"},"datePublished":"2018-08-03T10:20:49+00:00","dateModified":"2021-10-15T12:40:41+00:00","description":"Si le champ magn\u00e9tique naturel de la Terre vous donne du fil \u00e0 retordre : des chercheurs ont d\u00e9couvert que les phases de faible intensit\u00e9 du champ magn\u00e9tique provoquent des r\u00eaves bizarres et perturbent le sommeil.","breadcrumb":{"@id":"https:\/\/www.ibes.ch\/profi-messung-2\/magnetische-gleichfelder-schlafstoerungen\/#breadcrumb"},"inLanguage":"fr-FR","potentialAction":[{"@type":"ReadAction","target":["https:\/\/www.ibes.ch\/profi-messung-2\/magnetische-gleichfelder-schlafstoerungen\/"]}]},{"@type":"BreadcrumbList","@id":"https:\/\/www.ibes.ch\/profi-messung-2\/magnetische-gleichfelder-schlafstoerungen\/#breadcrumb","itemListElement":[{"@type":"ListItem","position":1,"name":"Home","item":"https:\/\/www.ibes.ch\/"},{"@type":"ListItem","position":2,"name":"Profi-Messung","item":"https:\/\/www.ibes.ch\/profi-messung-2\/"},{"@type":"ListItem","position":3,"name":"Magnetische Gleichfelder"}]},{"@type":"WebSite","@id":"https:\/\/www.ibes.ch\/#website","url":"https:\/\/www.ibes.ch\/","name":"IBES","description":"IBES - Guide de l'\u00e9lectrosmog","potentialAction":[{"@type":"SearchAction","target":{"@type":"EntryPoint","urlTemplate":"https:\/\/www.ibes.ch\/?s={search_term_string}"},"query-input":{"@type":"PropertyValueSpecification","valueRequired":true,"valueName":"search_term_string"}}],"inLanguage":"fr-FR"}]}},"_links":{"self":[{"href":"https:\/\/www.ibes.ch\/fr\/wp-json\/wp\/v2\/pages\/8258","targetHints":{"allow":["GET"]}}],"collection":[{"href":"https:\/\/www.ibes.ch\/fr\/wp-json\/wp\/v2\/pages"}],"about":[{"href":"https:\/\/www.ibes.ch\/fr\/wp-json\/wp\/v2\/types\/page"}],"author":[{"embeddable":true,"href":"https:\/\/www.ibes.ch\/fr\/wp-json\/wp\/v2\/users\/3"}],"replies":[{"embeddable":true,"href":"https:\/\/www.ibes.ch\/fr\/wp-json\/wp\/v2\/comments?post=8258"}],"version-history":[{"count":5,"href":"https:\/\/www.ibes.ch\/fr\/wp-json\/wp\/v2\/pages\/8258\/revisions"}],"predecessor-version":[{"id":18097,"href":"https:\/\/www.ibes.ch\/fr\/wp-json\/wp\/v2\/pages\/8258\/revisions\/18097"}],"up":[{"embeddable":true,"href":"https:\/\/www.ibes.ch\/fr\/wp-json\/wp\/v2\/pages\/8245"}],"wp:attachment":[{"href":"https:\/\/www.ibes.ch\/fr\/wp-json\/wp\/v2\/media?parent=8258"}],"curies":[{"name":"wp","href":"https:\/\/api.w.org\/{rel}","templated":true}]}}