{"id":11768,"date":"2019-02-03T10:01:09","date_gmt":"2019-02-03T09:01:09","guid":{"rendered":"https:\/\/www.ibes.ch\/5g-strahlung\/"},"modified":"2025-04-15T17:51:57","modified_gmt":"2025-04-15T15:51:57","slug":"5g-de-rayonnement","status":"publish","type":"page","link":"https:\/\/www.ibes.ch\/fr\/5g-strahlung\/","title":{"rendered":"Rayonnement 5G"},"content":{"rendered":"[av_slideshow_full size='no scaling' min_height='0px' stretch='' control_layout='av-control-default' src='' attachment='' attachment_size='' position='top left' repeat='no-repeat' attach='scroll' conditional_play='' animation='slide' transition_speed='' autoplay='false' interval='5' lazy_loading='disabled' av-small-hide='aviaTBav-small-hide' av-mini-hide='aviaTBav-mini-hide' id='' custom_class='' template_class='' av_uid='av-jxetyq7b' sc_version='1.0']\r\n[av_slide_full slide_type='image' id='13696' video='http:\/\/' mobile_image='' fallback_link='http:\/\/' video_format='' video_ratio='16:9' title='' custom_title_size='' custom_content_size='' caption_pos='caption_bottom' link_apply='' link='lightbox' link_target='' button_label='Click me' button_color='light' link1='manually,http:\/\/' link_target1='' button_label2='Click me' button_color2='light' link2='manually,http:\/\/' link_target2='' font_color='' custom_title='' custom_content='' overlay_opacity='0.5' overlay_color='' overlay_pattern='' overlay_custom_pattern='' av-medium-font-size-title='' av-small-font-size-title='' av-mini-font-size-title='' av-medium-font-size='' av-small-font-size='' av-mini-font-size='' av_uid='av-u843dr' video_autoplay='' video_controls='' video_mute='' video_loop='' heading_tag='' heading_class='' overlay_enable='' sc_version='1.0'][\/av_slide_full]\r\n[\/av_slideshow_full]\r\n\r\n[av_slideshow_full img_copyright='' size='no scaling' min_height='' stretch='' control_layout='av-control-default' slider_navigation='av-navigate-arrows av-navigate-dots' nav_visibility_desktop='' nav_arrow_color='' nav_arrow_bg_color='' nav_dots_color='' nav_dot_active_color='' src='' attachment='' attachment_size='' position='top left' repeat='no-repeat' attach='scroll' img_copyright_font='' av-desktop-font-img_copyright_font='' av-medium-font-img_copyright_font='' av-small-font-img_copyright_font='' av-mini-font-img_copyright_font='' img_copyright_color='' img_copyright_bg='' animation='slide' transition_speed='' autoplay='false' interval='5' img_scale='' img_scale_end='10' img_scale_direction='' img_scale_duration='3' img_scale_opacity='1' conditional_play='' img_scrset='' lazy_loading='disabled' av-desktop-hide='aviaTBav-desktop-hide' av-medium-hide='aviaTBav-medium-hide' alb_description='' id='' custom_class='' template_class='' av_uid='av-kng611rn' sc_version='1.0']\r\n[av_slide_full slide_type='image' id='17452' video='http:\/\/' mobile_image='' fallback_link='http:\/\/' title='' video_format='' video_ratio='16:9' caption_pos='caption_bottom' custom_title_size='' av-medium-font-size-title='' av-small-font-size-title='' av-mini-font-size-title='' custom_content_size='' av-medium-font-size='' av-small-font-size='' av-mini-font-size='' font_color='' custom_title='' custom_content='' heading_tag='' heading_class='' link_apply='' link='lightbox' link_target='' button_label='Click me' button_color='light' link1='manually,http:\/\/' link_target1='' button_label2='Click me' button_color2='light' link2='manually,http:\/\/' link_target2='' overlay_opacity='0.5' overlay_color='' overlay_pattern='' overlay_custom_pattern='' av_uid='av-kng61114' sc_version='1.0' video_autoplay='' video_controls='' video_mute='' video_loop='' av-desktop-font-size-title='' av-desktop-font-size='' overlay_enable=''][\/av_slide_full]\r\n\r\n\r\n[\/av_slideshow_full]\r\n\r\n\n<div id='av_section_1'  class='avia-section av-jjzyr2r5-33bf0ab0c8af5804e7b874822706f2d5 main_color avia-section-large avia-no-shadow  avia-builder-el-1  el_after_av_postcontent  el_before_av_section  avia-bg-style-scroll container_wrap fullsize'  ><div class='container av-section-cont-open' ><div class='template-page content  av-content-full alpha units'><div class='post-entry post-entry-type-page post-entry-11768'><div class='entry-content-wrapper clearfix'>\n\n<style type=\"text\/css\" data-created_by=\"avia_inline_auto\" id=\"style-css-av-kk9q4vt9-9efe9d9b3fe5cb4e48da2808cd3f443d\">\n#top .av-special-heading.av-kk9q4vt9-9efe9d9b3fe5cb4e48da2808cd3f443d{\npadding-bottom:10px;\n}\nbody .av-special-heading.av-kk9q4vt9-9efe9d9b3fe5cb4e48da2808cd3f443d .av-special-heading-tag .heading-char{\nfont-size:25px;\n}\n.av-special-heading.av-kk9q4vt9-9efe9d9b3fe5cb4e48da2808cd3f443d .av-subheading{\nfont-size:20px;\n}\n<\/style>\n<div  class='av-special-heading av-kk9q4vt9-9efe9d9b3fe5cb4e48da2808cd3f443d av-special-heading-h1 blockquote modern-quote modern-centered  avia-builder-el-2  el_before_av_hr  avia-builder-el-first '><h1 class='av-special-heading-tag '  itemprop=\"headline\"  >5G-Netz: Aktueller Stand, Risiken und Gefahren<\/h1><div class='av-subheading av-subheading_below'><p>Alles \u00fcber den neuen Mobilfunkstandard in der Schweiz, 5G-Antennen und Messungen<\/p>\n<\/div><div class=\"special-heading-border\"><div class=\"special-heading-inner-border\"><\/div><\/div><\/div>\n<div  class='hr av-jjzh17tq-82f3925afb741d00b0c66908af2f44f1 hr-short  avia-builder-el-3  el_after_av_heading  avia-builder-el-last  hr-center'><span class='hr-inner '><span class=\"hr-inner-style\"><\/span><\/span><\/div>\n\n<\/div><\/div><\/div><!-- close content main div --><\/div><\/div><div id='av_section_2'  class='avia-section av-jjzgjy94-f8eb14c8105f1d00ceb0583317e682e7 main_color avia-section-no-padding avia-no-border-styling  avia-builder-el-4  el_after_av_section  el_before_av_section  avia-bg-style-scroll container_wrap fullsize'  ><div class='container av-section-cont-open' ><div class='template-page content  av-content-full alpha units'><div class='post-entry post-entry-type-page post-entry-11768'><div class='entry-content-wrapper clearfix'>\n<div class='flex_column_table av-942rr2-a42b63c72b82e08e70986e7bca42a396 sc-av_one_half av-equal-height-column-flextable'>\n<style type=\"text\/css\" data-created_by=\"avia_inline_auto\" id=\"style-css-av-942rr2-a42b63c72b82e08e70986e7bca42a396\">\n#top .flex_column_table.av-equal-height-column-flextable.av-942rr2-a42b63c72b82e08e70986e7bca42a396{\nmargin-top:0px;\nmargin-bottom:50px;\n}\n.flex_column.av-942rr2-a42b63c72b82e08e70986e7bca42a396{\nborder-radius:0px 0px 0px 0px;\npadding:10px 10px 10px 10px;\n}\n<\/style>\n<div  class='flex_column av-942rr2-a42b63c72b82e08e70986e7bca42a396 av_one_half  avia-builder-el-5  el_before_av_one_half  avia-builder-el-first  first flex_column_table_cell av-equal-height-column av-align-top av-animated-generic top-to-bottom  '     ><p>\n<style type=\"text\/css\" data-created_by=\"avia_inline_auto\" id=\"style-css-av-xvouyg-c9bc1c253fb2731d4ccbfc47d910eccf\">\n#top .av-special-heading.av-xvouyg-c9bc1c253fb2731d4ccbfc47d910eccf{\npadding-bottom:15px;\n}\nbody .av-special-heading.av-xvouyg-c9bc1c253fb2731d4ccbfc47d910eccf .av-special-heading-tag .heading-char{\nfont-size:25px;\n}\n.av-special-heading.av-xvouyg-c9bc1c253fb2731d4ccbfc47d910eccf .av-subheading{\nfont-size:15px;\n}\n<\/style>\n<div  class='av-special-heading av-xvouyg-c9bc1c253fb2731d4ccbfc47d910eccf av-special-heading-h2 blockquote modern-quote modern-centered  avia-builder-el-6  el_before_av_textblock  avia-builder-el-first '><h2 class='av-special-heading-tag '  itemprop=\"headline\"  >Schneller Ausbau von 5G<\/h2><div class=\"special-heading-border\"><div class=\"special-heading-inner-border\"><\/div><\/div><\/div><br \/>\n<section  class='av_textblock_section av-jjzglclg-ff855ea0a1b76fb183d08ce42922b016 '   itemscope=\"itemscope\" itemtype=\"https:\/\/schema.org\/CreativeWork\" ><div class='avia_textblock'  itemprop=\"text\" ><p style=\"text-align: center;\">In den letzten 5 Jahren verdoppelte sich der mobile Datenverkehr in der Schweiz jedes Jahr. Durch den Bau neuer Antennen mit 5G will die Industrie den Weg f\u00fcr den neuen Mobilfunkstandard ebnen. Die Anbieter w\u00fcrden die Grenzwerte f\u00fcr Mobilfunkantennen gerne senken. Doch welche Konsequenzen h\u00e4tte eine h\u00f6here Strahlenbelastung? Was weiss die Wissenschaft heute \u00fcber die Gefahren der Mobilfunkstrahlung?<\/p>\n<\/div><\/section><\/p><\/div><div class='av-flex-placeholder'><\/div>\n<style type=\"text\/css\" data-created_by=\"avia_inline_auto\" id=\"style-css-av-942rr2-48-e1878b2ad564137bc5f7251d6b26ea42\">\n#top .flex_column_table.av-equal-height-column-flextable.av-942rr2-48-e1878b2ad564137bc5f7251d6b26ea42{\nmargin-top:0px;\nmargin-bottom:50px;\n}\n.flex_column.av-942rr2-48-e1878b2ad564137bc5f7251d6b26ea42{\nborder-radius:0px 0px 0px 0px;\npadding:10px 10px 10px 10px;\n}\n<\/style>\n<div  class='flex_column av-942rr2-48-e1878b2ad564137bc5f7251d6b26ea42 av_one_half  avia-builder-el-8  el_after_av_one_half  el_before_av_one_third  flex_column_table_cell av-equal-height-column av-align-top av-animated-generic top-to-bottom  '     ><p>\n<style type=\"text\/css\" data-created_by=\"avia_inline_auto\" id=\"style-css-av-8uvruuw-7c4cacacf0acb495fd9752ad9ad2296c\">\n#top .av-special-heading.av-8uvruuw-7c4cacacf0acb495fd9752ad9ad2296c{\npadding-bottom:15px;\n}\nbody .av-special-heading.av-8uvruuw-7c4cacacf0acb495fd9752ad9ad2296c .av-special-heading-tag .heading-char{\nfont-size:25px;\n}\n.av-special-heading.av-8uvruuw-7c4cacacf0acb495fd9752ad9ad2296c .av-subheading{\nfont-size:15px;\n}\n<\/style>\n<div  class='av-special-heading av-8uvruuw-7c4cacacf0acb495fd9752ad9ad2296c av-special-heading-h2 blockquote modern-quote modern-centered  avia-builder-el-9  el_before_av_textblock  avia-builder-el-first '><h2 class='av-special-heading-tag '  itemprop=\"headline\"  >Bedenken wegen der Risiken<\/h2><div class=\"special-heading-border\"><div class=\"special-heading-inner-border\"><\/div><\/div><\/div><br \/>\n<section  class='av_textblock_section av-jjzglclg-47-552b73944ff115f618b4d5b476e99801 '   itemscope=\"itemscope\" itemtype=\"https:\/\/schema.org\/CreativeWork\" ><div class='avia_textblock'  itemprop=\"text\" ><p style=\"text-align: center;\">\u00abStop 5G\u00bb heisst es bei den Gegnerinnen und Gegnern. Manche von ihnen haben Angst vor der neuen Technik. Auch \u00c4rzte und Wissenschaftler warnen vor m\u00f6glichen gesundheitlichen Folgen. In vielen Gemeinden regt sich der Widerstand: Anwohner wehren sich mit Einsprachen gegen neue Antennen. Sind die Diskussionen um 5G blosse Panikmache oder gar eine Verschw\u00f6rungstheorie?<\/p>\n<\/div><\/section><\/p><\/div><\/div><!--close column table wrapper. Autoclose: 1 -->\n<style type=\"text\/css\" data-created_by=\"avia_inline_auto\" id=\"style-css-av-942rr2-45-ebff6ed6e406ea4f71f10c13402cea46\">\n.flex_column.av-942rr2-45-ebff6ed6e406ea4f71f10c13402cea46{\nborder-radius:0px 0px 0px 0px;\npadding:0px 0px 0px 0px;\n}\n<\/style>\n<div  class='flex_column av-942rr2-45-ebff6ed6e406ea4f71f10c13402cea46 av_one_third  avia-builder-el-11  el_after_av_one_half  el_before_av_one_third  first flex_column_div av-animated-generic pop-up av-zero-column-padding  column-top-margin'     ><article  class='iconbox iconbox_top av-jjzyyi27-65c2f37cbc29bef2fa86ff2532637b52  avia-builder-el-12  avia-builder-el-no-sibling  main_color'  itemscope=\"itemscope\" itemtype=\"https:\/\/schema.org\/CreativeWork\" ><div class=\"iconbox_content\"><header class=\"entry-content-header\" aria-label=\"Ic\u00f4ne : Was ist 5G?\"><div class='iconbox_icon heading-color avia-iconfont avia-font-entypo-fontello' data-av_icon='\ue81d' data-av_iconfont='entypo-fontello'  ><\/div><h3 class='iconbox_content_title '  itemprop=\"headline\" >Was ist 5G?<\/h3><\/header><div class='iconbox_content_container '  itemprop=\"text\" ><ul>\n<li style=\"text-align: left;\">Mit 5G bezeichnet man den neuen Mobilfunkstandard, der im Jahr 2020 in der Schweiz eingef\u00fchrt worden ist und 4G abl\u00f6sen soll.<\/li>\n<li style=\"text-align: left;\">5G ist die Abk\u00fcrzung f\u00fcr die neuste Mobilfunkgeneration, die schnellere Datenverbindungen bringt.<\/li>\n<li style=\"text-align: left;\">Der 5G-Standard funktioniert mit hochfrequenten Mikrowellen.<\/li>\n<\/ul>\n<\/div><\/div><footer class=\"entry-footer\"><\/footer><\/article><\/div>\n<style type=\"text\/css\" data-created_by=\"avia_inline_auto\" id=\"style-css-av-1698wuw-0ab92540c4f2a60724d531d53d90a6a4\">\n.flex_column.av-1698wuw-0ab92540c4f2a60724d531d53d90a6a4{\nborder-radius:0px 0px 0px 0px;\npadding:0px 0px 0px 0px;\n}\n<\/style>\n<div  class='flex_column av-1698wuw-0ab92540c4f2a60724d531d53d90a6a4 av_one_third  avia-builder-el-13  el_after_av_one_third  el_before_av_one_third  flex_column_div av-animated-generic pop-up av-zero-column-padding  column-top-margin'     ><article  class='iconbox iconbox_top av-t776rc-7a20c7dfe3ab0232ef5be6893333275f  avia-builder-el-14  avia-builder-el-no-sibling  main_color'  itemscope=\"itemscope\" itemtype=\"https:\/\/schema.org\/CreativeWork\" ><div class=\"iconbox_content\"><header class=\"entry-content-header\" aria-label=\"Ic\u00f4ne : Neue Frequenzb\u00e4nder\"><div class='iconbox_icon heading-color avia-iconfont avia-font-entypo-fontello' data-av_icon='\ue8b4' data-av_iconfont='entypo-fontello'  ><\/div><h3 class='iconbox_content_title '  itemprop=\"headline\" >Neue Frequenzb\u00e4nder<\/h3><\/header><div class='iconbox_content_container '  itemprop=\"text\" ><ul>\n<li style=\"text-align: left;\">Der Mobilfunkstandart 5G arbeitet mit einem Frequenzband im Mikrowellenbereich von 6 bis 100 Gigahertz (GHz).<\/li>\n<li style=\"text-align: left;\">Ab 20 GHz haben Mikrowellen sehr kurze Wellenl\u00e4ngen.<\/li>\n<li style=\"text-align: left;\">Die Frequenz wird in Hertz (Hz) angegeben und bezeichnet die Zahl der Schwingungen pro Sekunde.<\/li>\n<\/ul>\n<\/div><\/div><footer class=\"entry-footer\"><\/footer><\/article><\/div>\n<style type=\"text\/css\" data-created_by=\"avia_inline_auto\" id=\"style-css-av-942rr2-43-e9825b978ad9bc3291d66282f4d577af\">\n.flex_column.av-942rr2-43-e9825b978ad9bc3291d66282f4d577af{\nborder-radius:0px 0px 0px 0px;\npadding:0px 0px 0px 0px;\n}\n<\/style>\n<div  class='flex_column av-942rr2-43-e9825b978ad9bc3291d66282f4d577af av_one_third  avia-builder-el-15  el_after_av_one_third  el_before_av_hr  flex_column_div av-animated-generic pop-up av-zero-column-padding  column-top-margin'     ><article  class='iconbox iconbox_top av-jjzyyi27-42-11444a321ec2132f47e46ed7f31e63f7  avia-builder-el-16  avia-builder-el-no-sibling  main_color'  itemscope=\"itemscope\" itemtype=\"https:\/\/schema.org\/CreativeWork\" ><div class=\"iconbox_content\"><header class=\"entry-content-header\" aria-label=\"Ic\u00f4ne : Wieviel schneller ist 5G?\"><div class='iconbox_icon heading-color avia-iconfont avia-font-entypo-fontello' data-av_icon='\ue80b' data-av_iconfont='entypo-fontello'  ><\/div><h3 class='iconbox_content_title '  itemprop=\"headline\" >Wieviel schneller ist 5G?<\/h3><\/header><div class='iconbox_content_container '  itemprop=\"text\" ><ul>\n<li style=\"text-align: left;\">Mit 4G sind bei normalem Betrieb bis zu 100 Megabit pro Sekunde m\u00f6glich.<\/li>\n<li style=\"text-align: left;\">Mit 5G lassen sich Daten mit 10\u2019000 Megabit, also 10 Gigabit oder 1,25 Gigabyte pro Sekunde herunterladen.<\/li>\n<li style=\"text-align: left;\">Der Download eines Spielfilms in 4K wird dann nur noch wenige Sekunden ben\u00f6tigen. 5G k\u00f6nnte deshalb den Internetanschluss ersetzen.<\/li>\n<\/ul>\n<\/div><\/div><footer class=\"entry-footer\"><\/footer><\/article><\/div>\n<style type=\"text\/css\" data-created_by=\"avia_inline_auto\" id=\"style-css-av-olmjfc-6d1ffd284c98f961db021b7935313e6c\">\n#top .hr.hr-invisible.av-olmjfc-6d1ffd284c98f961db021b7935313e6c{\nheight:50px;\n}\n<\/style>\n<div  class='hr av-olmjfc-6d1ffd284c98f961db021b7935313e6c hr-invisible  avia-builder-el-17  el_after_av_one_third  avia-builder-el-last '><span class='hr-inner '><span class=\"hr-inner-style\"><\/span><\/span><\/div>\n\n<\/div><\/div><\/div><!-- close content main div --><\/div><\/div><div id='av_section_3'  class='avia-section av-jjzyr2r5-50-0fefaa9cfc3a7e53adc56358b66f7b05 alternate_color avia-section-large avia-no-shadow  avia-builder-el-18  el_after_av_section  el_before_av_section  avia-bg-style-scroll container_wrap fullsize'  ><div class='container av-section-cont-open' ><div class='template-page content  av-content-full alpha units'><div class='post-entry post-entry-type-page post-entry-11768'><div class='entry-content-wrapper clearfix'>\n\n<style type=\"text\/css\" data-created_by=\"avia_inline_auto\" id=\"style-css-av-827u6a-baec4f0e76d5c680d0da3ed35f20ad3b\">\n#top .flex_column.av-827u6a-baec4f0e76d5c680d0da3ed35f20ad3b{\nmargin-top:px;\nmargin-bottom:px;\n}\n.flex_column.av-827u6a-baec4f0e76d5c680d0da3ed35f20ad3b{\nborder-radius:0px 0px 0px 0px;\npadding:0px 0px 0px 0px;\n}\n.responsive #top #wrap_all .flex_column.av-827u6a-baec4f0e76d5c680d0da3ed35f20ad3b{\nmargin-top:px;\nmargin-bottom:px;\n}\n<\/style>\n<div  class='flex_column av-827u6a-baec4f0e76d5c680d0da3ed35f20ad3b av_one_third  avia-builder-el-19  el_before_av_two_third  avia-builder-el-first  first flex_column_div av-zero-column-padding  '     ><style type=\"text\/css\" data-created_by=\"avia_inline_auto\" id=\"style-css-av-jk0x29sm-7e9c62ff1b285572ca87e9cddf7f2912\">\n.avia-image-container.av-jk0x29sm-7e9c62ff1b285572ca87e9cddf7f2912 img.avia_image{\nbox-shadow:none;\n}\n.avia-image-container.av-jk0x29sm-7e9c62ff1b285572ca87e9cddf7f2912 .av-image-caption-overlay-center{\ncolor:#ffffff;\n}\n<\/style>\n<div  class='avia-image-container av-jk0x29sm-7e9c62ff1b285572ca87e9cddf7f2912 av-styling- avia-align-center  avia-builder-el-20  avia-builder-el-no-sibling '  ><div class=\"avia-image-container-inner\"><div class=\"avia-image-overlay-wrap\"><img decoding=\"async\" fetchpriority=\"high\" class='wp-image-7898 avia-img-lazy-loading-not-7898 avia_image ' src=\"https:\/\/www.ibes.ch\/wp-content\/uploads\/2018\/10\/messung_draussen.jpg\" alt='Hochspannungsleitung messen mit Elektrosmogmessger\u00e4t' title='Hochspannungsleitung messen'  height=\"566\" width=\"849\"  itemprop=\"thumbnailUrl\" srcset=\"https:\/\/www.ibes.ch\/wp-content\/uploads\/2018\/10\/messung_draussen.jpg 849w, https:\/\/www.ibes.ch\/wp-content\/uploads\/2018\/10\/messung_draussen-600x400.jpg 600w, https:\/\/www.ibes.ch\/wp-content\/uploads\/2018\/10\/messung_draussen-300x200.jpg 300w, https:\/\/www.ibes.ch\/wp-content\/uploads\/2018\/10\/messung_draussen-768x512.jpg 768w, https:\/\/www.ibes.ch\/wp-content\/uploads\/2018\/10\/messung_draussen-705x470.jpg 705w\" sizes=\"(max-width: 849px) 100vw, 849px\" \/><\/div><\/div><\/div><\/div>\n<style type=\"text\/css\" data-created_by=\"avia_inline_auto\" id=\"style-css-av-6eys1u-5430c1fa2f00eb35a5c74bc277d616b0\">\n#top .flex_column.av-6eys1u-5430c1fa2f00eb35a5c74bc277d616b0{\nmargin-top:px;\nmargin-bottom:px;\n}\n.flex_column.av-6eys1u-5430c1fa2f00eb35a5c74bc277d616b0{\nborder-radius:0px 0px 0px 0px;\npadding:0px 0px 0px 0px;\n}\n.responsive #top #wrap_all .flex_column.av-6eys1u-5430c1fa2f00eb35a5c74bc277d616b0{\nmargin-top:px;\nmargin-bottom:px;\n}\n<\/style>\n<div  class='flex_column av-6eys1u-5430c1fa2f00eb35a5c74bc277d616b0 av_two_third  avia-builder-el-21  el_after_av_one_third  avia-builder-el-last  flex_column_div av-zero-column-padding  '     ><div  class='av_promobox av-2jy2aq-93d0149bcc5160bf91c53ca5e94a3af6 avia-button-yes  avia-builder-el-22  avia-builder-el-no-sibling '><div class='avia-promocontent'><\/p>\n<h3>5G selbst messen<\/h3>\n<p>Die Feldst\u00e4rke des neuen Mobilfunkstandards 5G k\u00f6nnen Sie selbst mit unserem Elektrosmog-Messger\u00e4t messen. Haus, Wohnung, Garten, Arbeitsplatz und auch in der N\u00e4he von Sendemasten.<\/p>\n<\/div><div  class='avia-button-wrap av-2jy2aq-efe31b56794b965a350941bd2cece39f-wrap avia-button-right '><a href='https:\/\/www.ibes.ch\/fr\/produktuebersicht\/'  class='avia-button av-2jy2aq-efe31b56794b965a350941bd2cece39f av-link-btn avia-icon_select-yes-left-icon avia-size-large avia-position-right avia-color-theme-color'   aria-label=\"Mehr Infos\"><span class='avia_button_icon avia_button_icon_left avia-iconfont avia-font-entypo-fontello' data-av_icon='\ue832' data-av_iconfont='entypo-fontello' ><\/span><span class='avia_iconbox_title' >Mehr Infos<\/span><\/a><\/div><\/div><\/div>\n\n<\/div><\/div><\/div><!-- close content main div --><\/div><\/div><div id='av_section_4'  class='avia-section av-jjzyr2r5-39-d60f9402d87e57509397decdb0769e5d main_color avia-section-large avia-no-shadow  avia-builder-el-23  el_after_av_section  el_before_av_section  avia-bg-style-scroll container_wrap fullsize'  ><div class='container av-section-cont-open' ><div class='template-page content  av-content-full alpha units'><div class='post-entry post-entry-type-page post-entry-11768'><div class='entry-content-wrapper clearfix'>\n\n<style type=\"text\/css\" data-created_by=\"avia_inline_auto\" id=\"style-css-av-8i55nko-cebd4db671cfdb494336385348e9c3a2\">\n#top .av-special-heading.av-8i55nko-cebd4db671cfdb494336385348e9c3a2{\npadding-bottom:10px;\n}\nbody .av-special-heading.av-8i55nko-cebd4db671cfdb494336385348e9c3a2 .av-special-heading-tag .heading-char{\nfont-size:25px;\n}\n.av-special-heading.av-8i55nko-cebd4db671cfdb494336385348e9c3a2 .av-subheading{\nfont-size:20px;\n}\n<\/style>\n<div  class='av-special-heading av-8i55nko-cebd4db671cfdb494336385348e9c3a2 av-special-heading-h2 blockquote modern-quote modern-centered  avia-builder-el-24  el_before_av_hr  avia-builder-el-first '><h2 class='av-special-heading-tag '  itemprop=\"headline\"  >IBES r\u00e4t bei 5G zu seri\u00f6ser Abkl\u00e4rung<\/h2><div class='av-subheading av-subheading_below'><p>Panikmache ist fehl am Platz &#8211; gr\u00fcndliche Forschung ist n\u00f6tig<\/p>\n<\/div><div class=\"special-heading-border\"><div class=\"special-heading-inner-border\"><\/div><\/div><\/div>\n<div  class='hr av-jjzh17tq-49-58ab59c0499c5c2c36cdb7d97fbf6ed7 hr-short  avia-builder-el-25  el_after_av_heading  el_before_av_one_half  hr-center'><span class='hr-inner '><span class=\"hr-inner-style\"><\/span><\/span><\/div>\n\n<style type=\"text\/css\" data-created_by=\"avia_inline_auto\" id=\"style-css-av-942rr2-41-9b03626af96bc777fc51bd8ed508c6d1\">\n#top .flex_column.av-942rr2-41-9b03626af96bc777fc51bd8ed508c6d1{\nmargin-top:25px;\nmargin-bottom:0px;\n}\n.flex_column.av-942rr2-41-9b03626af96bc777fc51bd8ed508c6d1{\nborder-width:1px;\nborder-color:#c7c7c7;\nborder-style:solid;\nborder-radius:0px 0px 0px 0px;\npadding:20px 20px 20px 20px;\nbackground-color:#ffffff;\n}\n.responsive #top #wrap_all .flex_column.av-942rr2-41-9b03626af96bc777fc51bd8ed508c6d1{\nmargin-top:25px;\nmargin-bottom:0px;\n}\n<\/style>\n<div  class='flex_column av-942rr2-41-9b03626af96bc777fc51bd8ed508c6d1 av_one_half  avia-builder-el-26  el_after_av_hr  el_before_av_one_half  first flex_column_div av-animated-generic left-to-right  '     ><p>\n<style type=\"text\/css\" data-created_by=\"avia_inline_auto\" id=\"style-css-av-7v2eff-fe3e92ae836407984845fcb16626e0a8\">\n.avia-image-container.av-7v2eff-fe3e92ae836407984845fcb16626e0a8 img.avia_image{\nbox-shadow:none;\n}\n.avia-image-container.av-7v2eff-fe3e92ae836407984845fcb16626e0a8 .av-image-caption-overlay-center{\ncolor:#ffffff;\n}\n<\/style>\n<div  class='avia-image-container av-7v2eff-fe3e92ae836407984845fcb16626e0a8 av-styling- avia-align-center  avia-builder-el-27  el_before_av_textblock  avia-builder-el-first '  ><div class=\"avia-image-container-inner\"><div class=\"avia-image-overlay-wrap\"><img decoding=\"async\" fetchpriority=\"high\" class='wp-image-11408 avia-img-lazy-loading-not-11408 avia_image ' src=\"https:\/\/www.ibes.ch\/wp-content\/uploads\/2018\/11\/kaelin_peter_elektrosmog.jpg\" alt='Peter K\u00e4lin, Pr\u00e4sident \u00c4rzte f\u00fcr Umweltschutz' title='Peter K\u00e4lin, Pr\u00e4sident \u00c4rzte f\u00fcr Umweltschutz'  height=\"465\" width=\"840\"  itemprop=\"thumbnailUrl\" srcset=\"https:\/\/www.ibes.ch\/wp-content\/uploads\/2018\/11\/kaelin_peter_elektrosmog.jpg 840w, https:\/\/www.ibes.ch\/wp-content\/uploads\/2018\/11\/kaelin_peter_elektrosmog-600x332.jpg 600w, https:\/\/www.ibes.ch\/wp-content\/uploads\/2018\/11\/kaelin_peter_elektrosmog-300x166.jpg 300w, https:\/\/www.ibes.ch\/wp-content\/uploads\/2018\/11\/kaelin_peter_elektrosmog-768x425.jpg 768w, https:\/\/www.ibes.ch\/wp-content\/uploads\/2018\/11\/kaelin_peter_elektrosmog-705x390.jpg 705w\" sizes=\"(max-width: 840px) 100vw, 840px\" \/><\/div><\/div><\/div><br \/>\n<section  class='av_textblock_section av-5m9g7f-57bee4872a18f066eb94c2ddaf331853 '   itemscope=\"itemscope\" itemtype=\"https:\/\/schema.org\/CreativeWork\" ><div class='avia_textblock'  itemprop=\"text\" ><p><em>Dr. med. Peter K\u00e4lin: 5G k\u00f6nnte Krebs f\u00f6rdern. (Bild: SRF)<\/em><\/p>\n<\/div><\/section><br \/>\n\n<style type=\"text\/css\" data-created_by=\"avia_inline_auto\" id=\"style-css-av-slafp4-db272fc7ff35bcbeb4c4b3c9d0a0a5f5\">\n#top .av-special-heading.av-slafp4-db272fc7ff35bcbeb4c4b3c9d0a0a5f5{\npadding-bottom:10px;\n}\nbody .av-special-heading.av-slafp4-db272fc7ff35bcbeb4c4b3c9d0a0a5f5 .av-special-heading-tag .heading-char{\nfont-size:25px;\n}\n.av-special-heading.av-slafp4-db272fc7ff35bcbeb4c4b3c9d0a0a5f5 .av-subheading{\nfont-size:15px;\n}\n<\/style>\n<div  class='av-special-heading av-slafp4-db272fc7ff35bcbeb4c4b3c9d0a0a5f5 av-special-heading-h2 blockquote modern-quote  avia-builder-el-29  el_after_av_textblock  el_before_av_textblock '><h2 class='av-special-heading-tag '  itemprop=\"headline\"  >Studien und Forschung fehlen<\/h2><div class='av-subheading av-subheading_below'><p>Experiment mit unbekanntem Ausgang<\/p>\n<\/div><div class=\"special-heading-border\"><div class=\"special-heading-inner-border\"><\/div><\/div><\/div><br \/>\n<section  class='av_textblock_section av-5m9g7f-33-e37783fce1b15d1f8b7b9fd9fcba3373 '   itemscope=\"itemscope\" itemtype=\"https:\/\/schema.org\/CreativeWork\" ><div class='avia_textblock'  itemprop=\"text\" ><ul>\n<li>Die 5G-Technik ist neu: Es gibt bis heute kaum ein Forschungsprogramm, das die Gesundheitsrisiken spezifisch untersucht &#8211; nur \u00dcbersichtsstudien.<\/li>\n<li>Wirklich n\u00f6tig sei dies nicht, erkl\u00e4ren Telekomfirmen wie Swisscom oder Sunrise. 5G sei nichts viel anderes als 4G. Der gr\u00f6sste Unterschied zwischen 4G und 5G ist die Latenzzeit. 5G hat Latenzzeiten unter 1 ms, 4G sol.che von 60 ms bis 98 ms.<\/li>\n<\/ul>\n<h4>Schweissdr\u00fcsen reagieren wie \u00abAntennen\u00bb<\/h4>\n<ul>\n<li>Doch die Hebr\u00e4ische Universit\u00e4t in Jerusalem unter Leitung von Physikprofessor Yuri Feldman wies vor kurzem auf die m\u00f6glichen Gefahren hin.<\/li>\n<li>Die Bef\u00fcrchtung der Wissenschaftler: Mikrowellen von 5G-Netzen werden speziell ab Frequenzen \u00fcber 20 Gigahertz in erster Linie durch die Haut absorbiert<\/li>\n<li>Die Schweissdr\u00fcsen in der Haut des Menschen reagierten auf die kurzwellige Strahlung \u00abwie Antennen\u00bb, erkl\u00e4ren die Forscher. Es brauche weitere Studien, bevor die Menschheit \u00abeinem gigantischen unkontrollierten Experiment\u00bb ausgesetzt w\u00fcrde.<\/li>\n<\/ul>\n<h4>M\u00f6glicherweise Hautkrebs<\/h4>\n<ul>\n<li>Dr. med. Peter K\u00e4lin, Pr\u00e4sident der <a href=\"http:\/\/www.aefu.ch\/themen\/elektrosmog\/elektrosmog-details\/\">Schweizer \u00c4rztinnen und \u00c4rzte f\u00fcr Umweltschutz (AefU)<\/a> sagte in einem TV-Beitrag: \u00abWir sind skeptisch. Die kurzwellige Funktechnik hat zur Folge, dass die Wellen \u00fcber die Haut aufgenommen werden. Die Haut ist als Organ bereits \u00fcber die UV-Strahlung stark belastet. Das k\u00f6nnte den Krebs f\u00f6rdern.\u00bb<\/li>\n<\/ul>\n<\/div><\/section><\/p><\/div>\n<style type=\"text\/css\" data-created_by=\"avia_inline_auto\" id=\"style-css-av-942rr2-35-eaf77a3eef8039a2be331134028c2dbb\">\n#top .flex_column.av-942rr2-35-eaf77a3eef8039a2be331134028c2dbb{\nmargin-top:25px;\nmargin-bottom:0px;\n}\n.flex_column.av-942rr2-35-eaf77a3eef8039a2be331134028c2dbb{\nborder-width:1px;\nborder-color:#c7c7c7;\nborder-style:solid;\nborder-radius:0px 0px 0px 0px;\npadding:20px 20px 20px 20px;\nbackground-color:#ffffff;\n}\n.responsive #top #wrap_all .flex_column.av-942rr2-35-eaf77a3eef8039a2be331134028c2dbb{\nmargin-top:25px;\nmargin-bottom:0px;\n}\n<\/style>\n<div  class='flex_column av-942rr2-35-eaf77a3eef8039a2be331134028c2dbb av_one_half  avia-builder-el-31  el_after_av_one_half  avia-builder-el-last  flex_column_div av-animated-generic right-to-left  '     ><p>\n<style type=\"text\/css\" data-created_by=\"avia_inline_auto\" id=\"style-css-av-7v2eff-34-eef7b145befe6d5813762833c5ee70c0\">\n.avia-image-container.av-7v2eff-34-eef7b145befe6d5813762833c5ee70c0 img.avia_image{\nbox-shadow:none;\n}\n.avia-image-container.av-7v2eff-34-eef7b145befe6d5813762833c5ee70c0 .av-image-caption-overlay-center{\ncolor:#ffffff;\n}\n<\/style>\n<div  class='avia-image-container av-7v2eff-34-eef7b145befe6d5813762833c5ee70c0 av-styling- avia-align-center  avia-builder-el-32  el_before_av_textblock  avia-builder-el-first '  ><div class=\"avia-image-container-inner\"><div class=\"avia-image-overlay-wrap\"><img decoding=\"async\" fetchpriority=\"high\" class='wp-image-11710 avia-img-lazy-loading-not-11710 avia_image ' src=\"https:\/\/www.ibes.ch\/wp-content\/uploads\/2019\/02\/5g-gefahren.jpg\" alt='Zwei 5G Antennen auf einem Dach symbolisieren Gefahr.' title='Zwei 5G Antennen auf einem Dach symbolisieren Gefahr.'  height=\"465\" width=\"840\"  itemprop=\"thumbnailUrl\" srcset=\"https:\/\/www.ibes.ch\/wp-content\/uploads\/2019\/02\/5g-gefahren.jpg 840w, https:\/\/www.ibes.ch\/wp-content\/uploads\/2019\/02\/5g-gefahren-600x332.jpg 600w, https:\/\/www.ibes.ch\/wp-content\/uploads\/2019\/02\/5g-gefahren-300x166.jpg 300w, https:\/\/www.ibes.ch\/wp-content\/uploads\/2019\/02\/5g-gefahren-768x425.jpg 768w, https:\/\/www.ibes.ch\/wp-content\/uploads\/2019\/02\/5g-gefahren-705x390.jpg 705w\" sizes=\"(max-width: 840px) 100vw, 840px\" \/><\/div><\/div><\/div><br \/>\n<section  class='av_textblock_section av-5m9g7f-32-70e058286a5129569d56c2f268eab96a '   itemscope=\"itemscope\" itemtype=\"https:\/\/schema.org\/CreativeWork\" ><div class='avia_textblock'  itemprop=\"text\" ><p><em>\u00c4rzte bef\u00fcrchten Risiken f\u00fcr die Bev\u00f6lkerung.<br \/>\n<\/em><\/p>\n<\/div><\/section><br \/>\n\n<style type=\"text\/css\" data-created_by=\"avia_inline_auto\" id=\"style-css-av-7jan6t4-485522a294817fe16a97eb58b9e5a30a\">\n#top .av-special-heading.av-7jan6t4-485522a294817fe16a97eb58b9e5a30a{\npadding-bottom:10px;\n}\nbody .av-special-heading.av-7jan6t4-485522a294817fe16a97eb58b9e5a30a .av-special-heading-tag .heading-char{\nfont-size:25px;\n}\n.av-special-heading.av-7jan6t4-485522a294817fe16a97eb58b9e5a30a .av-subheading{\nfont-size:15px;\n}\n<\/style>\n<div  class='av-special-heading av-7jan6t4-485522a294817fe16a97eb58b9e5a30a av-special-heading-h2 blockquote modern-quote  avia-builder-el-34  el_after_av_textblock  el_before_av_textblock '><h2 class='av-special-heading-tag '  itemprop=\"headline\"  >5G Risiko f\u00fcr die Gesundheit<\/h2><div class='av-subheading av-subheading_below'><p>Die Folgen f\u00fcr den Menschen sind nicht gekl\u00e4rt<\/p>\n<\/div><div class=\"special-heading-border\"><div class=\"special-heading-inner-border\"><\/div><\/div><\/div><br \/>\n<section  class='av_textblock_section av-5m9g7f-29-1df2bfee1ba2b98ba9e995e837bfef65 '   itemscope=\"itemscope\" itemtype=\"https:\/\/schema.org\/CreativeWork\" ><div class='avia_textblock'  itemprop=\"text\" ><ul>\n<li>Statt wichtige offene Fragen zu kl\u00e4ren, wird die 5G-Technologie mit Hochdruck vorangetrieben.<\/li>\n<li>Aber es mehren sich Stimmen, die vor den Gefahren warnen. Vor kurzem unterzeichneten 230 \u00c4rzte und Wissenschaftler aus \u00fcber 40 L\u00e4ndern den <a href=\"https:\/\/www.ibes.ch\/wp-content\/uploads\/\/2019\/02\/EMF_wissenschaftler.pdf\">\u00ab5G-Appell\u00bb (PDF -&gt;)<\/a>. Sie fordern darin ein Moratorium.<\/li>\n<\/ul>\n<h4>Experiment mit unklaren Auswirkungen<\/h4>\n<ul>\n<li>Millionen von Menschen w\u00fcrden einem Experiment mit unklaren Auswirkungen auf die Gesundheit ausgesetzt, warnen sie.<\/li>\n<li>Die Exposition gegen\u00fcber elektromagnetischen Feldern durch elektrische und kabellose Ger\u00e4te nehme stetig zu. Handy-Hersteller m\u00fcssen sich an <a href=\"\/?page_id=13063\">SAR-Werte<\/a> halten, zum Wohle der Telefonierer.<\/li>\n<\/ul>\n<h4>Mensch reagiert unterhalb der Grenzwerte<\/h4>\n<ul>\n<li>Dabei gebe es aktuelle wissenschaftliche Studien die zeigen, dass sich elektromagnetische Felder auf lebende Organismen auswirken. Und zwar bereits bei einer St\u00e4rke, die weit unterhalb der meisten internationalen und nationalen Grenzwerte liegt.<\/li>\n<\/ul>\n<h4>IBES: Zellkommunikation wird gest\u00f6rt<\/h4>\n<ul>\n<li>Laut IBES-Gr\u00fcnder Josef Peter wird die Zellbiologie des Menschen beeintr\u00e4chtigt: \u00abDie Erfahrung zeigt, dass nicht unbedingt die Mikrowelle selbst sondern das 5G-Signal die Zellkomunikation des Menschen st\u00f6rt. Das kann krank machen. Gesundheitliche Effekte sind erst nach Wochen sp\u00fcrbar.\u00bb<\/li>\n<\/ul>\n<\/div><\/section><\/p><\/div><\/div><\/div><\/div><!-- close content main div --><\/div><\/div><div id='av_section_5'  class='avia-section av-jjzyr2r5-37-8128c245844b74d17ec06f7f51a170ed alternate_color avia-section-large avia-no-shadow  avia-builder-el-36  el_after_av_section  el_before_av_section  avia-bg-style-scroll container_wrap fullsize'  ><div class='container av-section-cont-open' ><div class='template-page content  av-content-full alpha units'><div class='post-entry post-entry-type-page post-entry-11768'><div class='entry-content-wrapper clearfix'>\n\n<style type=\"text\/css\" data-created_by=\"avia_inline_auto\" id=\"style-css-av-942rr2-31-e04f4cefb4eb3f0d8210b2b973045e97\">\n#top .flex_column.av-942rr2-31-e04f4cefb4eb3f0d8210b2b973045e97{\nmargin-top:25px;\nmargin-bottom:0px;\n}\n.flex_column.av-942rr2-31-e04f4cefb4eb3f0d8210b2b973045e97{\nborder-radius:0px 0px 0px 0px;\npadding:0px 0px 0px 0px;\n}\n.responsive #top #wrap_all .flex_column.av-942rr2-31-e04f4cefb4eb3f0d8210b2b973045e97{\nmargin-top:25px;\nmargin-bottom:0px;\n}\n<\/style>\n<div  class='flex_column av-942rr2-31-e04f4cefb4eb3f0d8210b2b973045e97 av_one_third  avia-builder-el-37  el_before_av_two_third  avia-builder-el-first  first flex_column_div av-animated-generic pop-up av-zero-column-padding  '     ><p>\n<style type=\"text\/css\" data-created_by=\"avia_inline_auto\" id=\"style-css-av-7v2eff-30-928bf7f6d9456289e94c2c688e00dc73\">\n.avia-image-container.av-7v2eff-30-928bf7f6d9456289e94c2c688e00dc73 img.avia_image{\nbox-shadow:none;\n}\n.avia-image-container.av-7v2eff-30-928bf7f6d9456289e94c2c688e00dc73 .av-image-caption-overlay-center{\ncolor:#ffffff;\n}\n<\/style>\n<div  class='avia-image-container av-7v2eff-30-928bf7f6d9456289e94c2c688e00dc73 av-styling- avia-align-center  avia-builder-el-38  el_before_av_heading  avia-builder-el-first '  ><div class=\"avia-image-container-inner\"><div class=\"avia-image-overlay-wrap\"><img decoding=\"async\" fetchpriority=\"high\" class='wp-image-9602 avia-img-lazy-loading-not-9602 avia_image ' src=\"https:\/\/www.ibes.ch\/wp-content\/uploads\/2018\/11\/vetsch_10_vor_10.jpg\" alt='10vor10 Bericht \u00fcber Mobilfunkstandard 5G' title='10vor10 Bericht 5G'  height=\"465\" width=\"840\"  itemprop=\"thumbnailUrl\" srcset=\"https:\/\/www.ibes.ch\/wp-content\/uploads\/2018\/11\/vetsch_10_vor_10.jpg 840w, https:\/\/www.ibes.ch\/wp-content\/uploads\/2018\/11\/vetsch_10_vor_10-600x332.jpg 600w, https:\/\/www.ibes.ch\/wp-content\/uploads\/2018\/11\/vetsch_10_vor_10-300x166.jpg 300w, https:\/\/www.ibes.ch\/wp-content\/uploads\/2018\/11\/vetsch_10_vor_10-768x425.jpg 768w, https:\/\/www.ibes.ch\/wp-content\/uploads\/2018\/11\/vetsch_10_vor_10-705x390.jpg 705w\" sizes=\"(max-width: 840px) 100vw, 840px\" \/><\/div><\/div><\/div><br \/>\n\n<style type=\"text\/css\" data-created_by=\"avia_inline_auto\" id=\"style-css-av-78gjz94-18418f50d19c8b9e8d537876460c2ae4\">\n#top .av-special-heading.av-78gjz94-18418f50d19c8b9e8d537876460c2ae4{\npadding-bottom:10px;\n}\nbody .av-special-heading.av-78gjz94-18418f50d19c8b9e8d537876460c2ae4 .av-special-heading-tag .heading-char{\nfont-size:25px;\n}\n.av-special-heading.av-78gjz94-18418f50d19c8b9e8d537876460c2ae4 .av-subheading{\nfont-size:15px;\n}\n<\/style>\n<div  class='av-special-heading av-78gjz94-18418f50d19c8b9e8d537876460c2ae4 av-special-heading-h3 blockquote modern-quote  avia-builder-el-39  el_after_av_image  el_before_av_textblock '><h3 class='av-special-heading-tag '  itemprop=\"headline\"  >Quellen, Links, Studien<\/h3><div class=\"special-heading-border\"><div class=\"special-heading-inner-border\"><\/div><\/div><\/div><br \/>\n<section  class='av_textblock_section av-5m9g7f-28-0d4ee1a7e519e24b7c53c297714e4763 '   itemscope=\"itemscope\" itemtype=\"https:\/\/schema.org\/CreativeWork\" ><div class='avia_textblock'  itemprop=\"text\" ><ul>\n<li style=\"text-align: left;\"><a href=\"https:\/\/www.bafu.admin.ch\/bafu\/de\/home\/themen\/elektrosmog\/dossiers\/bericht-arbeitsgruppe-mobilfunk-und-strahlung.html\">Weiteres Vorgehen bei 5G in der Schweiz &#8211; Fragen und Antworten<\/a>, Bundesamt f\u00fcr Umwelt BAFU.<\/li>\n<li style=\"text-align: left;\"><a href=\"https:\/\/www.mdpi.com\/1660-4601\/16\/18\/3406\">Studie zu 5G von SciProof International, 2019, Schweden<\/a>: \u00dcbersichtsarbeit zu 94 relevanten Publikationen.<\/li>\n<li style=\"text-align: left;\"><a href=\"https:\/\/onlinelibrary.wiley.com\/doi\/full\/10.1002\/bem.22116\">Studie zur Wirkung von Mobilfunk-Hochfrequenzstrahlung<\/a> (erschienen 2018 in \u00abBio Electro Magnetics\u00bb)<\/li>\n<li style=\"text-align: left;\"><a href=\"https:\/\/saez.ch\/article\/doi\/saez.2020.19274\">Schweizerische \u00c4rztezeitung, 2020:<\/a> Vorsorgeprinzip bei 5G konsequent anwenden.<\/li>\n<\/ul>\n<\/div><\/section><br \/>\n<div  class='hr av-jjzh17tq-36-b222bd5b59b3b54fc1d3074cc5331ffe hr-short  avia-builder-el-41  el_after_av_textblock  el_before_av_textblock  hr-left'><span class='hr-inner '><span class=\"hr-inner-style\"><\/span><\/span><\/div><br \/>\n<section  class='av_textblock_section av-5m9g7f-24-b634100e1a7032546aa798552d28682a '   itemscope=\"itemscope\" itemtype=\"https:\/\/schema.org\/CreativeWork\" ><div class='avia_textblock'  itemprop=\"text\" ><h4>Filmbeitr\u00e4ge<\/h4>\n<ul>\n<li><a href=\"https:\/\/www.youtube.com\/watch?v=q4mQUgJzkZE\">ARD &#8211; Tagesschau<\/a>: Kurz erkl\u00e4rt &#8211; was ist 5g?<\/li>\n<\/ul>\n<\/div><\/section><br \/>\n<div  class='avia-button-wrap av-jk1g5g19-73b2d3f5b6bf1a17e9d3e582a7839ed2-wrap avia-button-left  avia-builder-el-43  el_after_av_textblock  avia-builder-el-last '><a href='https:\/\/www.ibes.ch\/fr\/profi-messung-2\/grenzwerte-und-gesetze\/'  class='avia-button av-jk1g5g19-73b2d3f5b6bf1a17e9d3e582a7839ed2 av-link-btn avia-icon_select-yes-right-icon avia-size-medium avia-position-left avia-color-theme-color'   aria-label=\"Grenzwerte &amp; Gesetze\"><span class='avia_iconbox_title' >Grenzwerte &amp; Gesetze<\/span><span class='avia_button_icon avia_button_icon_right avia-iconfont avia-font-entypo-fontello' data-av_icon='\ue832' data-av_iconfont='entypo-fontello' ><\/span><\/a><\/div><\/p><\/div>\n<style type=\"text\/css\" data-created_by=\"avia_inline_auto\" id=\"style-css-av-942rr2-26-b1e295ba4ea3f1a1c62d6e14602d0f9d\">\n#top .flex_column.av-942rr2-26-b1e295ba4ea3f1a1c62d6e14602d0f9d{\nmargin-top:25px;\nmargin-bottom:0px;\n}\n.flex_column.av-942rr2-26-b1e295ba4ea3f1a1c62d6e14602d0f9d{\nborder-radius:0px 0px 0px 0px;\npadding:0px 0px 0px 0px;\n}\n.responsive #top #wrap_all .flex_column.av-942rr2-26-b1e295ba4ea3f1a1c62d6e14602d0f9d{\nmargin-top:25px;\nmargin-bottom:0px;\n}\n<\/style>\n<div  class='flex_column av-942rr2-26-b1e295ba4ea3f1a1c62d6e14602d0f9d av_two_third  avia-builder-el-44  el_after_av_one_third  avia-builder-el-last  flex_column_div av-animated-generic pop-up av-zero-column-padding  '     ><article  class='iconbox iconbox_top av-jjzyyi27-40-741e2b964aeca2a99922aca4eb58f7b3  avia-builder-el-45  avia-builder-el-no-sibling  main_color'  itemscope=\"itemscope\" itemtype=\"https:\/\/schema.org\/CreativeWork\" ><div class=\"iconbox_content\"><header class=\"entry-content-header\" aria-label=\"Ic\u00f4ne : \u00c4rzte \u00e4ussern \u00fcber die Jahre immer wieder Bedenken\"><div class='iconbox_icon heading-color avia-iconfont avia-font-entypo-fontello' data-av_icon='\ue8b4' data-av_iconfont='entypo-fontello'  ><\/div><h3 class='iconbox_content_title '  itemprop=\"headline\" >\u00c4rzte \u00e4ussern \u00fcber die Jahre immer wieder Bedenken<\/h3><\/header><div class='iconbox_content_container '  itemprop=\"text\" ><p style=\"text-align: left;\">Die neuste Mobilfunk-Technologie hat in der Schweiz die \u00abArbeitsgruppe elektromagnetische Felder und Gesundheit\u00bb auf den Plan gerufen. Die Arbeitsgruppe besteht aus den \u00c4rztinnen und \u00c4rzte f\u00fcr Umweltschutz (AefU). Diese verfolgt seit Jahren die Studienlage zum Einfluss von nichtionisierender Strahlung (NIS) auf die \u00adGesundheit.<\/p>\n<h3 style=\"text-align: left;\">2008: Beratungsnetz f\u00fcr Patienten<\/h3>\n<p style=\"text-align: left;\">Kontakte der \u00c4rzte zu Forschenden und Beh\u00f6rden vor allem aber zu den Patienten zeigen, dass manche Beschwerden auf den Einfluss von Mobilfunkstrahlung zur\u00fcckzuf\u00fchren sein k\u00f6nnten. Bereits 2008 wurde das Projekt \u00abUmwelt\u00admedi\u00adzinisches Beratungsnetz\u00bb gegr\u00fcndet mit dem Fernziel, umwelt\u00admedizinische Beratung als Bestandteil der Grundversorgung anzubieten.<\/p>\n<h3 style=\"text-align: left;\">2014 &#8211; 2019: Expertenberichte geben keine Entwarnung<\/h3>\n<p style=\"text-align: left;\">Fest steht: Hochfrequente Strahlung wurde im Jahr 2011 von der WHO als \u00abm\u00f6glicherweise krebserregend f\u00fcr den Menschen\u00bb eingestuft (Klasse 2B). Grundlage f\u00fcr die Einsch\u00e4tzung waren Fall-Kontrollstudien die zeigten, dass ein erh\u00f6htes Risiko f\u00fcr Gliome und vestibul\u00e4re Schwannome bei <a href=\"https:\/\/www.ibes.ch\/handystrahlen-mobilfunk\/\">starker Handystrahlung<\/a> besteht. Zudem wurden zwischen 2014 und 2019 drei methodisch als hochwertig qualifizierte Tierstudien ver\u00f6ffentlicht. Resultat: In einem etablierten Krebsmodell der Maus f\u00f6rdert Mobilfunkstrahlung das Tumorwachstum.<\/p>\n<h3 style=\"text-align: left;\">2019: Bundesrat beauftragt Arbeitsgruppe<\/h3>\n<p style=\"text-align: left;\">Im Jahr 2019 wurde die Arbeitsgruppe \u00abMobilfunk und Strahlung\u00bb mit \u00c4rztevertretern gegr\u00fcndet, im Auftrag von Altbundesr\u00e4tin Doris Leuthard. Es sollten Optionen aufgezeigt werden, wie unter Wahrung der Schutz- und Nutzinte\u00adressen das Mobilfunknetz ausgebaut werden kann. Dies vor allem hinsichtlich des neuen Mobilfunkstandards 5G. Die Arbeitsgruppe gab keine Entwarnung f\u00fcr die Effekte von Mobilfunkstrahlung und unterst\u00fctzt bis heute das Vorsorgeprinzip.<\/p>\n<h3 style=\"text-align: left;\">2020: ICNIRP h\u00e4lt an Grenzwerten fest<\/h3>\n<p style=\"text-align: left;\">Die internationale Strahlenschutzkommission (ICNIRP) h\u00e4lt in den im April 2020 erneuerten Richtlinien weiterhin an ihren Grenzwerten fest. Die Grenzwerte beinhalten als Grundlage nur wissenschaftlich konsistent nachgewiesene gesundheitliche Wirkungen auf den Menschen.<\/p>\n<h3 style=\"text-align: left;\">2022 \/ 2023: Bundesrat sieht kein Risiko bei 5G<\/h3>\n<p style=\"text-align: left;\">Dichte und leistungsf\u00e4hige Netze mit adaptiven Mobilfunkantennen f\u00fcr 5G k\u00f6nnen die Schweiz auf dem Weg in Richtung Hochbreitband-Gesellschaft voranbringen. Dies besagt der Bericht &#171;Nachhaltiges Mobilfunknetz&#187;, den der Bundesrat an seiner Sitzung vom 13. April 2022 verabschiedet hat. Er sieht bei 5G kein Risiko, sondern Vorteile. Wie der Bericht zeigt, weisen 5G-Netze hinsichtlich Leistungsf\u00e4higkeit und Strahlenbelastung klare Vorteile gegen\u00fcber den bisherigen Mobilfunktechnologien auf. Adaptive Antennensysteme k\u00f6nnen bei 5G die Strahlungsexposition teilweise reduzieren.<\/p>\n<\/div><\/div><footer class=\"entry-footer\"><\/footer><\/article><\/div>\n<\/p>\n<\/div><\/div><\/div><!-- close content main div --><\/div><\/div><div id='av_section_6'  class='avia-section av-jkvbv21t-1cf03f6f397c065d5c6ed534dbcd85e8 main_color avia-section-large avia-no-shadow  avia-builder-el-46  el_after_av_section  el_before_av_section  avia-bg-style-scroll container_wrap fullsize'  ><div class='container av-section-cont-open' ><div class='template-page content  av-content-full alpha units'><div class='post-entry post-entry-type-page post-entry-11768'><div class='entry-content-wrapper clearfix'>\n\n<style type=\"text\/css\" data-created_by=\"avia_inline_auto\" id=\"style-css-av-942rr2-20-1499fb6ce3110bb1e5d4f72c49ecf024\">\n.flex_column.av-942rr2-20-1499fb6ce3110bb1e5d4f72c49ecf024{\nborder-radius:0px 0px 0px 0px;\npadding:0px 0px 0px 0px;\n}\n<\/style>\n<div  class='flex_column av-942rr2-20-1499fb6ce3110bb1e5d4f72c49ecf024 av_one_half  avia-builder-el-47  el_before_av_one_half  avia-builder-el-first  first flex_column_div av-zero-column-padding  '     ><p><div  class='avia-video av-jl6ghjyt-93412626d3b7979699a524b7432251c2 avia-video-16-9 av-no-preview-image avia-video-load-always av-lazyload-immediate av-lazyload-video-embed'  itemprop=\"video\" itemtype=\"https:\/\/schema.org\/VideoObject\"  data-original_url='https:\/\/www.youtube.com\/watch?v=xJjrI0SVa64'><script type='text\/html' class='av-video-tmpl'><div class='avia-iframe-wrap'><iframe loading=\"lazy\" width=\"1500\" height=\"844\" src=\"https:\/\/www.youtube.com\/embed\/xJjrI0SVa64?feature=oembed&autoplay=0&loop=0&controls=1&mute=0\" frameborder=\"0\" allow=\"accelerometer; autoplay; clipboard-write; encrypted-media; gyroscope; picture-in-picture\" allowfullscreen><\/iframe><\/div><\/script><div class='av-click-to-play-overlay'><div class=\"avia_playpause_icon\"><\/div><\/div><\/div><br \/>\n<section  class='av_textblock_section av-jk0xf61h-442c3cf94900c0ed247551c993b32f4b '   itemscope=\"itemscope\" itemtype=\"https:\/\/schema.org\/CreativeWork\" ><div class='avia_textblock'  itemprop=\"text\" ><p><em>Filmbeitrag zu 5G des Schweizer Fernsehens SRF.<\/em><\/p>\n<\/div><\/section><\/p><\/div>\n<style type=\"text\/css\" data-created_by=\"avia_inline_auto\" id=\"style-css-av-942rr2-19-d84ea38e09e563e168bf84e0cee51ca5\">\n.flex_column.av-942rr2-19-d84ea38e09e563e168bf84e0cee51ca5{\nborder-radius:0px 0px 0px 0px;\npadding:0px 0px 0px 0px;\n}\n<\/style>\n<div  class='flex_column av-942rr2-19-d84ea38e09e563e168bf84e0cee51ca5 av_one_half  avia-builder-el-50  el_after_av_one_half  avia-builder-el-last  flex_column_div av-zero-column-padding  '     ><p>\n<style type=\"text\/css\" data-created_by=\"avia_inline_auto\" id=\"style-css-av-kk8j3y0a-34f1f26b4de68276a91021e240e685c4\">\n#top .av-special-heading.av-kk8j3y0a-34f1f26b4de68276a91021e240e685c4{\npadding-bottom:10px;\n}\nbody .av-special-heading.av-kk8j3y0a-34f1f26b4de68276a91021e240e685c4 .av-special-heading-tag .heading-char{\nfont-size:25px;\n}\n.av-special-heading.av-kk8j3y0a-34f1f26b4de68276a91021e240e685c4 .av-subheading{\nfont-size:15px;\n}\n<\/style>\n<div  class='av-special-heading av-kk8j3y0a-34f1f26b4de68276a91021e240e685c4 av-special-heading-h3 blockquote modern-quote  avia-builder-el-51  el_before_av_hr  avia-builder-el-first '><h3 class='av-special-heading-tag '  itemprop=\"headline\"  >Mobilfunknetz 5G &#8211; digitale Revolution?<\/h3><div class=\"special-heading-border\"><div class=\"special-heading-inner-border\"><\/div><\/div><\/div><br \/>\n\n<style type=\"text\/css\" data-created_by=\"avia_inline_auto\" id=\"style-css-av-jjzh17tq-23-25d39d9ceddd77196586ec8ca342acad\">\n#top .hr.hr-invisible.av-jjzh17tq-23-25d39d9ceddd77196586ec8ca342acad{\nheight:15px;\n}\n<\/style>\n<div  class='hr av-jjzh17tq-23-25d39d9ceddd77196586ec8ca342acad hr-invisible  avia-builder-el-52  el_after_av_heading  el_before_av_textblock '><span class='hr-inner '><span class=\"hr-inner-style\"><\/span><\/span><\/div><br \/>\n<section  class='av_textblock_section av-jk0xf61h-18-6047bf6747b44b4de30f7622d225d09a '   itemscope=\"itemscope\" itemtype=\"https:\/\/schema.org\/CreativeWork\" ><div class='avia_textblock'  itemprop=\"text\" ><p><strong>Das Video zeigt:<\/strong> der rasante Aufbau von 5G wirft hohe Wellen. Im Beitrag werden Chancen und Risiken gegeneinander abgewogen. Das Potential der neuen Technologie scheint gross.<\/p>\n<p>Doch auf der anderen Seite regt sich Widerstand: Menschen f\u00fcrchten um ihre Gesundheit. Wie gef\u00e4hrlich ist das neue Netz? Bedeutet es die digitale Revolution oder ist es ein Krankmacher? <em>Quelle: \u00abEinstein\u00bb, Schweizer Fernsehen SRF<\/em><\/p>\n<\/div><\/section><\/p><\/div>\n\n<\/div><\/div><\/div><!-- close content main div --><\/div><\/div><div id='av_section_7'  class='avia-section av-jjzyr2r5-27-5be091f76d23a81cee106cc2994e6393 alternate_color avia-section-default avia-no-shadow  avia-builder-el-54  el_after_av_section  el_before_av_section  avia-bg-style-scroll container_wrap fullsize'  ><div class='container av-section-cont-open' ><div class='template-page content  av-content-full alpha units'><div class='post-entry post-entry-type-page post-entry-11768'><div class='entry-content-wrapper clearfix'>\n\n<style type=\"text\/css\" data-created_by=\"avia_inline_auto\" id=\"style-css-av-6n4vnug-b9a79f39ba430e5bb8bee0ae251319b0\">\n#top .av-special-heading.av-6n4vnug-b9a79f39ba430e5bb8bee0ae251319b0{\npadding-bottom:10px;\n}\nbody .av-special-heading.av-6n4vnug-b9a79f39ba430e5bb8bee0ae251319b0 .av-special-heading-tag .heading-char{\nfont-size:25px;\n}\n.av-special-heading.av-6n4vnug-b9a79f39ba430e5bb8bee0ae251319b0 .av-subheading{\nfont-size:20px;\n}\n<\/style>\n<div  class='av-special-heading av-6n4vnug-b9a79f39ba430e5bb8bee0ae251319b0 av-special-heading-h2 blockquote modern-quote modern-centered  avia-builder-el-55  el_before_av_hr  avia-builder-el-first '><h2 class='av-special-heading-tag '  itemprop=\"headline\"  >FAQ &#8211; Fragen und Antworten zu 5G<\/h2><div class='av-subheading av-subheading_below'><p>Wichtige Informationen auch zu den geplanten Millimeterwellen<\/p>\n<\/div><div class=\"special-heading-border\"><div class=\"special-heading-inner-border\"><\/div><\/div><\/div>\n<div  class='hr av-jjzh17tq-16-4b7d3b84adecb6b4e6b948515b705434 hr-short  avia-builder-el-56  el_after_av_heading  el_before_av_one_half  hr-center'><span class='hr-inner '><span class=\"hr-inner-style\"><\/span><\/span><\/div>\n\n<style type=\"text\/css\" data-created_by=\"avia_inline_auto\" id=\"style-css-av-942rr2-17-19ec840146b247304e7bf6e7c1164882\">\n#top .flex_column.av-942rr2-17-19ec840146b247304e7bf6e7c1164882{\nmargin-top:25px;\nmargin-bottom:0px;\n}\n.flex_column.av-942rr2-17-19ec840146b247304e7bf6e7c1164882{\nborder-radius:0px 0px 0px 0px;\npadding:0px 0px 0px 0px;\n}\n.responsive #top #wrap_all .flex_column.av-942rr2-17-19ec840146b247304e7bf6e7c1164882{\nmargin-top:25px;\nmargin-bottom:0px;\n}\n<\/style>\n<div  class='flex_column av-942rr2-17-19ec840146b247304e7bf6e7c1164882 av_one_half  avia-builder-el-57  el_after_av_hr  el_before_av_one_half  first flex_column_div av-animated-generic pop-up av-zero-column-padding  '     ><style type=\"text\/css\" data-created_by=\"avia_inline_auto\" id=\"style-css-av-jk0x29sm-38-4c9196fbd4a1dcf719444d01ac528f2d\">\n.avia-image-container.av-jk0x29sm-38-4c9196fbd4a1dcf719444d01ac528f2d img.avia_image{\nbox-shadow:none;\n}\n.avia-image-container.av-jk0x29sm-38-4c9196fbd4a1dcf719444d01ac528f2d .av-image-caption-overlay-center{\ncolor:#ffffff;\n}\n<\/style>\n<div  class='avia-image-container av-jk0x29sm-38-4c9196fbd4a1dcf719444d01ac528f2d av-styling- avia_animated_image av-animated-when-visible-95 left-to-right avia-align-center  avia-builder-el-58  avia-builder-el-no-sibling '  ><div class=\"avia-image-container-inner\"><div class=\"avia-image-overlay-wrap\"><img decoding=\"async\" fetchpriority=\"high\" class='wp-image-11700 avia-img-lazy-loading-not-11700 avia_image ' src=\"https:\/\/www.ibes.ch\/wp-content\/uploads\/2019\/02\/5G-standard-1.jpg\" alt='Symbolbild 5G-Mobilfunkstandard' title='5G-Mobilfunkstandard'  height=\"500\" width=\"448\"  itemprop=\"thumbnailUrl\" srcset=\"https:\/\/www.ibes.ch\/wp-content\/uploads\/2019\/02\/5G-standard-1.jpg 448w, https:\/\/www.ibes.ch\/wp-content\/uploads\/2019\/02\/5G-standard-1-269x300.jpg 269w\" sizes=\"(max-width: 448px) 100vw, 448px\" \/><\/div><\/div><\/div><\/div>\n<style type=\"text\/css\" data-created_by=\"avia_inline_auto\" id=\"style-css-av-942rr2-13-286a48289ec520273f0c0484bbb9c983\">\n#top .flex_column.av-942rr2-13-286a48289ec520273f0c0484bbb9c983{\nmargin-top:25px;\nmargin-bottom:0px;\n}\n.flex_column.av-942rr2-13-286a48289ec520273f0c0484bbb9c983{\nborder-radius:0px 0px 0px 0px;\npadding:0px 0px 0px 0px;\n}\n.responsive #top #wrap_all .flex_column.av-942rr2-13-286a48289ec520273f0c0484bbb9c983{\nmargin-top:25px;\nmargin-bottom:0px;\n}\n<\/style>\n<div  class='flex_column av-942rr2-13-286a48289ec520273f0c0484bbb9c983 av_one_half  avia-builder-el-59  el_after_av_one_half  avia-builder-el-last  flex_column_div av-zero-column-padding  '     ><div  class='togglecontainer av-kk9hasn1-0ebb7abe3a1aa269f135faec9e8d4dc1  avia-builder-el-60  avia-builder-el-no-sibling  toggle_close_all' >\n<section class='av_toggle_section av-63nrlvc-0f6f709b02443a9bb5e15827eca6737b'  itemscope=\"itemscope\" itemtype=\"https:\/\/schema.org\/CreativeWork\" ><div role=\"tablist\" class=\"single_toggle\" data-tags=\"{Tout} \"  ><p id='toggle-toggle-id-1' data-fake-id='#toggle-id-1' class='toggler  activeTitle av-title-above '  itemprop=\"headline\"  role='tab' tabindex='0' aria-controls='toggle-id-1' data-slide-speed=\"200\" data-title=\"Was bedeutet 5G eigentlich?\" data-title-open=\"\" data-aria_collapsed=\"Cliquez pour \u00e9tendre : Was bedeutet 5G eigentlich?\" data-aria_expanded=\"Cliquez pour r\u00e9duire : Was bedeutet 5G eigentlich?\">Was bedeutet 5G eigentlich?<span class=\"toggle_icon\"><span class=\"vert_icon\"><\/span><span class=\"hor_icon\"><\/span><\/span><\/p><div id='toggle-id-1' aria-labelledby='toggle-toggle-id-1' role='region' class='toggle_wrap  active_tc av-title-above' style='display:block;' ><div class='toggle_content invers-color '  itemprop=\"text\" ><p>5G steht f\u00fcr die 5. Generation des Mobilfunk-Standards. Generation 1 war das analoge \u00abNatel\u00bb (ab 1979). Generation 2 das digitale Natel D\/GSM (ab 1991). Generation 3 war UMTS (ab 2001) und Generation 4 LTE (ab 2008). Bisher wurde etwa alle zehn Jahre eine neue Netztechnologie eingef\u00fchrt. \u20286G w\u00e4re demnach im Jahr 2029 dran.<\/p>\n<\/div><\/div><\/div><\/section>\n<section class='av_toggle_section av-5u69da0-cb5b0634d7b8e9f51983b84ea9bca5c5'  itemscope=\"itemscope\" itemtype=\"https:\/\/schema.org\/CreativeWork\" ><div role=\"tablist\" class=\"single_toggle\" data-tags=\"{Tout} \"  ><p id='toggle-toggle-id-2' data-fake-id='#toggle-id-2' class='toggler  av-title-above '  itemprop=\"headline\"  role='tab' tabindex='0' aria-controls='toggle-id-2' data-slide-speed=\"200\" data-title=\"Ist 5G schon in Betrieb?\" data-title-open=\"\" data-aria_collapsed=\"Cliquez pour \u00e9tendre : Ist 5G schon in Betrieb?\" data-aria_expanded=\"Cliquez pour r\u00e9duire : Ist 5G schon in Betrieb?\">Ist 5G schon in Betrieb?<span class=\"toggle_icon\"><span class=\"vert_icon\"><\/span><span class=\"hor_icon\"><\/span><\/span><\/p><div id='toggle-id-2' aria-labelledby='toggle-toggle-id-2' role='region' class='toggle_wrap  av-title-above'  ><div class='toggle_content invers-color '  itemprop=\"text\" ><p>5G als Nachfolger von LTE (4G) ist f\u00fcr die grosse \u00d6ffentlichkeit bereits verf\u00fcgbar. In der ganzen Schweiz stehen Hundertes von 5G-Antennen. Weitere sollen gebaut werden, der Widerstand von Kantonen und Gemeinden sowie Einsprachen verhindern dies aber.<\/p>\n<\/div><\/div><\/div><\/section>\n<section class='av_toggle_section av-556coew-29aa0afc6b684f9ec278fc08ff317755'  itemscope=\"itemscope\" itemtype=\"https:\/\/schema.org\/CreativeWork\" ><div role=\"tablist\" class=\"single_toggle\" data-tags=\"{Tout} \"  ><p id='toggle-toggle-id-3' data-fake-id='#toggle-id-3' class='toggler  av-title-above '  itemprop=\"headline\"  role='tab' tabindex='0' aria-controls='toggle-id-3' data-slide-speed=\"200\" data-title=\"Brauche ich f\u00fcr 5G ein neues Handy?\" data-title-open=\"\" data-aria_collapsed=\"Cliquez pour \u00e9tendre : Brauche ich f\u00fcr 5G ein neues Handy?\" data-aria_expanded=\"Cliquez pour r\u00e9duire : Brauche ich f\u00fcr 5G ein neues Handy?\">Brauche ich f\u00fcr 5G ein neues Handy?<span class=\"toggle_icon\"><span class=\"vert_icon\"><\/span><span class=\"hor_icon\"><\/span><\/span><\/p><div id='toggle-id-3' aria-labelledby='toggle-toggle-id-3' role='region' class='toggle_wrap  av-title-above'  ><div class='toggle_content invers-color '  itemprop=\"text\" ><p>Ja, um das 5G-Netz nutzen zu k\u00f6nnen, braucht es ein entsprechendes Handy. Es gibt von Apple, Samsung, Motorola und Huawei bereits 5G-Handys, wie <a href=\"https:\/\/www.inside-digital.de\/ratgeber\/die-aktuellen-5g-smartphones-oktober-2020\">inside-digital berichtet<\/a>. Auch Hersteller wie Sharp, Sony, Vivo sind mit dabei. 4G wird aber noch Jahre weiterbetrieben, weshalb \u00e4ltere Handys problemlos weiter verwendet werden k\u00f6nnen.<\/p>\n<\/div><\/div><\/div><\/section>\n<section class='av_toggle_section av-4z2u5o8-9837cba613ef55e129231b81cc6b23a4'  itemscope=\"itemscope\" itemtype=\"https:\/\/schema.org\/CreativeWork\" ><div role=\"tablist\" class=\"single_toggle\" data-tags=\"{Tout} \"  ><p id='toggle-toggle-id-4' data-fake-id='#toggle-id-4' class='toggler  av-title-above '  itemprop=\"headline\"  role='tab' tabindex='0' aria-controls='toggle-id-4' data-slide-speed=\"200\" data-title=\"Kann ich 5G auch f\u00fcr Computer und Notebooks benutzen?\" data-title-open=\"\" data-aria_collapsed=\"Cliquez pour \u00e9tendre : Kann ich 5G auch f\u00fcr Computer und Notebooks benutzen?\" data-aria_expanded=\"Cliquez pour r\u00e9duire : Kann ich 5G auch f\u00fcr Computer und Notebooks benutzen?\">Kann ich 5G auch f\u00fcr Computer und Notebooks benutzen?<span class=\"toggle_icon\"><span class=\"vert_icon\"><\/span><span class=\"hor_icon\"><\/span><\/span><\/p><div id='toggle-id-4' aria-labelledby='toggle-toggle-id-4' role='region' class='toggle_wrap  av-title-above'  ><div class='toggle_content invers-color '  itemprop=\"text\" ><p>Die Industrie plant, USB-Sticks und Router f\u00fcr Laptops anzubieten, die 5G empfangen k\u00f6nnen. Intel hat einen 5G-Chip f\u00fcr Notebooks in der Entwicklung. Auch Dell, Lenovo und HP wollen Ger\u00e4te mit dem Chip in den Handel bringen.<\/p>\n<\/div><\/div><\/div><\/section>\n<section class='av_toggle_section av-4i108zc-5123cfec6c323b4a9bbd6e3889d93200'  itemscope=\"itemscope\" itemtype=\"https:\/\/schema.org\/CreativeWork\" ><div role=\"tablist\" class=\"single_toggle\" data-tags=\"{Tout} \"  ><p id='toggle-toggle-id-5' data-fake-id='#toggle-id-5' class='toggler  av-title-above '  itemprop=\"headline\"  role='tab' tabindex='0' aria-controls='toggle-id-5' data-slide-speed=\"200\" data-title=\"Wie wirkt sich 5G auf den Menschen aus?\" data-title-open=\"\" data-aria_collapsed=\"Cliquez pour \u00e9tendre : Wie wirkt sich 5G auf den Menschen aus?\" data-aria_expanded=\"Cliquez pour r\u00e9duire : Wie wirkt sich 5G auf den Menschen aus?\">Wie wirkt sich 5G auf den Menschen aus?<span class=\"toggle_icon\"><span class=\"vert_icon\"><\/span><span class=\"hor_icon\"><\/span><\/span><\/p><div id='toggle-id-5' aria-labelledby='toggle-toggle-id-5' role='region' class='toggle_wrap  av-title-above'  ><div class='toggle_content invers-color '  itemprop=\"text\" ><p>Erwiesen und unbestritten ist: Hochfrequente 5G-Strahlung f\u00fchrt beim Menschen zu Gewebeerw\u00e4rmung. Niederfrequente elektrische und magnetische Felder k\u00f6nnen elektrische Felder und Str\u00f6me im K\u00f6rper erzeugen. Dies best\u00e4tigt auch das Bundesamt f\u00fcr Umwelt BAFU.<\/p>\n<\/div><\/div><\/div><\/section>\n<section class='av_toggle_section av-3rro6ns-4ac61529efd7155033280d704088d4bd'  itemscope=\"itemscope\" itemtype=\"https:\/\/schema.org\/CreativeWork\" ><div role=\"tablist\" class=\"single_toggle\" data-tags=\"{Tout} \"  ><p id='toggle-toggle-id-6' data-fake-id='#toggle-id-6' class='toggler  av-title-above '  itemprop=\"headline\"  role='tab' tabindex='0' aria-controls='toggle-id-6' data-slide-speed=\"200\" data-title=\"Kann 5G krank machen?\" data-title-open=\"\" data-aria_collapsed=\"Cliquez pour \u00e9tendre : Kann 5G krank machen?\" data-aria_expanded=\"Cliquez pour r\u00e9duire : Kann 5G krank machen?\">Kann 5G krank machen?<span class=\"toggle_icon\"><span class=\"vert_icon\"><\/span><span class=\"hor_icon\"><\/span><\/span><\/p><div id='toggle-id-6' aria-labelledby='toggle-toggle-id-6' role='region' class='toggle_wrap  av-title-above'  ><div class='toggle_content invers-color '  itemprop=\"text\" ><p>Es gibt erst wenige Studien, welche 5G und damit verbundene Gesundheitseffekte untersucht haben. Die Behauptung, dass 5G krank macht, ist wissenschaftlich nicht erwiesen. Manche Studien behaupten, die Strahlung sei krebserregend. Anderen Forschern zufolge hat die Strahlung keinen Einfluss auf die Gesundheit. Ungekl\u00e4rt ist die Wirkung der sogenannten Millimeterwellen, die 5G dereinst nutzen soll.<\/p>\n<\/div><\/div><\/div><\/section>\n<section class='av_toggle_section av-3j2mgs8-032f89757d4cdfd8d2aaa94f0b5706a0'  itemscope=\"itemscope\" itemtype=\"https:\/\/schema.org\/CreativeWork\" ><div role=\"tablist\" class=\"single_toggle\" data-tags=\"{Tout} \"  ><p id='toggle-toggle-id-7' data-fake-id='#toggle-id-7' class='toggler  av-title-above '  itemprop=\"headline\"  role='tab' tabindex='0' aria-controls='toggle-id-7' data-slide-speed=\"200\" data-title=\"Was sind sogenannte 5G Millimeterwellen?\" data-title-open=\"\" data-aria_collapsed=\"Cliquez pour \u00e9tendre : Was sind sogenannte 5G Millimeterwellen?\" data-aria_expanded=\"Cliquez pour r\u00e9duire : Was sind sogenannte 5G Millimeterwellen?\">Was sind sogenannte 5G Millimeterwellen?<span class=\"toggle_icon\"><span class=\"vert_icon\"><\/span><span class=\"hor_icon\"><\/span><\/span><\/p><div id='toggle-id-7' aria-labelledby='toggle-toggle-id-7' role='region' class='toggle_wrap  av-title-above'  ><div class='toggle_content invers-color '  itemprop=\"text\" ><p>5G soll dereinst das sogenannte Millimeterwellen Frequenzband nutzen, um ein Vielfaches von Daten mit ausreichend Bandbreite gleichzeitig \u00fcbertragen zu k\u00f6nnen. Diese mm-Wellen \u00fcbertragen Daten mit Frequenzen zwischen rund 30 und 300 GHz. Telekomfirmen haben Millimeterwellen in der Schweiz aber noch nicht aktiviert.<\/p>\n<\/div><\/div><\/div><\/section>\n<section class='av_toggle_section av-2unfnrs-84537cc757d3620edc8217b39f58fcf7'  itemscope=\"itemscope\" itemtype=\"https:\/\/schema.org\/CreativeWork\" ><div role=\"tablist\" class=\"single_toggle\" data-tags=\"{Tout} \"  ><p id='toggle-toggle-id-8' data-fake-id='#toggle-id-8' class='toggler  av-title-above '  itemprop=\"headline\"  role='tab' tabindex='0' aria-controls='toggle-id-8' data-slide-speed=\"200\" data-title=\"Was sind die Risiken von 5G Millimeterwellen?\" data-title-open=\"\" data-aria_collapsed=\"Cliquez pour \u00e9tendre : Was sind die Risiken von 5G Millimeterwellen?\" data-aria_expanded=\"Cliquez pour r\u00e9duire : Was sind die Risiken von 5G Millimeterwellen?\">Was sind die Risiken von 5G Millimeterwellen?<span class=\"toggle_icon\"><span class=\"vert_icon\"><\/span><span class=\"hor_icon\"><\/span><\/span><\/p><div id='toggle-id-8' aria-labelledby='toggle-toggle-id-8' role='region' class='toggle_wrap  av-title-above'  ><div class='toggle_content invers-color '  itemprop=\"text\" ><p>5G \u00abMillimeterwellen\u00bb dringen aus physikalischen Gr\u00fcnden weniger tief in den K\u00f6rper ein. Die Absorption der hochfrequenten elektromagnetischen Felder findet im Milli- oder Zentimeterwellenbereich sehr nahe an der K\u00f6rperoberfl\u00e4che statt. M\u00f6gliche Auswirkungen betreffen also Haut und Augen, direkte Wirkungen auf innere Organe sind nicht zu erwarten. Wie diese Strahlung auf den Menschen wirkt, ist nur wenig erforscht.<\/p>\n<\/div><\/div><\/div><\/section>\n<section class='av_toggle_section av-2p4iqk8-2d4dbd106840c72c06bcb7f0da34f40b'  itemscope=\"itemscope\" itemtype=\"https:\/\/schema.org\/CreativeWork\" ><div role=\"tablist\" class=\"single_toggle\" data-tags=\"{Tout} \"  ><p id='toggle-toggle-id-9' data-fake-id='#toggle-id-9' class='toggler  av-title-above '  itemprop=\"headline\"  role='tab' tabindex='0' aria-controls='toggle-id-9' data-slide-speed=\"200\" data-title=\"Was sind die Nachteile der Millimeter-Wellen?\" data-title-open=\"\" data-aria_collapsed=\"Cliquez pour \u00e9tendre : Was sind die Nachteile der Millimeter-Wellen?\" data-aria_expanded=\"Cliquez pour r\u00e9duire : Was sind die Nachteile der Millimeter-Wellen?\">Was sind die Nachteile der Millimeter-Wellen?<span class=\"toggle_icon\"><span class=\"vert_icon\"><\/span><span class=\"hor_icon\"><\/span><\/span><\/p><div id='toggle-id-9' aria-labelledby='toggle-toggle-id-9' role='region' class='toggle_wrap  av-title-above'  ><div class='toggle_content invers-color '  itemprop=\"text\" ><p>Nachteil der Millimeter-Wellen: Sie durchdringen keine Hausw\u00e4nde aus Stein und k\u00f6nnen von B\u00e4umen oder starkem Regen absorbiert werden. Daher werden mm-Wellen wohl nur bei direkter Sichtverbindung sinnvoll eingesetzt. Und es braucht viele Antennen, um das Netzwerk zu betreiben. MM-Wellen werden bei der Versorgung von Orten mit sehr grosser Nutzerdichte im Vordergrund stehen oder auch f\u00fcr drahtlose Hausanschl\u00fcsse eingesetzt.<\/p>\n<\/div><\/div><\/div><\/section>\n<\/div><\/div>\n\n<\/div><\/div><\/div><!-- close content main div --><\/div><\/div><div id='av_section_8'  class='avia-section av-jjzyr2r5-14-3a3922c7ae47c979e2d4279b2a32870c main_color avia-section-large avia-no-shadow  avia-builder-el-61  el_after_av_section  el_before_av_section  avia-bg-style-scroll container_wrap fullsize'  ><div class='container av-section-cont-open' ><div class='template-page content  av-content-full alpha units'><div class='post-entry post-entry-type-page post-entry-11768'><div class='entry-content-wrapper clearfix'>\n\n<style type=\"text\/css\" data-created_by=\"avia_inline_auto\" id=\"style-css-av-942rr2-12-0356ba7015fe178923176e898b9fe74a\">\n#top .flex_column.av-942rr2-12-0356ba7015fe178923176e898b9fe74a{\nmargin-top:25px;\nmargin-bottom:0px;\n}\n.flex_column.av-942rr2-12-0356ba7015fe178923176e898b9fe74a{\nborder-width:1px;\nborder-color:#c7c7c7;\nborder-style:solid;\nborder-radius:0px 0px 0px 0px;\npadding:20px 20px 20px 20px;\nbackground-color:#ffffff;\n}\n.responsive #top #wrap_all .flex_column.av-942rr2-12-0356ba7015fe178923176e898b9fe74a{\nmargin-top:25px;\nmargin-bottom:0px;\n}\n<\/style>\n<div  class='flex_column av-942rr2-12-0356ba7015fe178923176e898b9fe74a av_one_half  avia-builder-el-62  el_before_av_one_half  avia-builder-el-first  first flex_column_div av-animated-generic right-to-left  '     ><p>\n<style type=\"text\/css\" data-created_by=\"avia_inline_auto\" id=\"style-css-av-7v2eff-25-ebaef3f920017488e11375c7982dbc1f\">\n.avia-image-container.av-7v2eff-25-ebaef3f920017488e11375c7982dbc1f img.avia_image{\nbox-shadow:none;\n}\n.avia-image-container.av-7v2eff-25-ebaef3f920017488e11375c7982dbc1f .av-image-caption-overlay-center{\ncolor:#ffffff;\n}\n<\/style>\n<div  class='avia-image-container av-7v2eff-25-ebaef3f920017488e11375c7982dbc1f av-styling- avia-align-center  avia-builder-el-63  el_before_av_textblock  avia-builder-el-first '  ><div class=\"avia-image-container-inner\"><div class=\"avia-image-overlay-wrap\"><img decoding=\"async\" fetchpriority=\"high\" class='wp-image-11741 avia-img-lazy-loading-not-11741 avia_image ' src=\"https:\/\/www.ibes.ch\/wp-content\/uploads\/2019\/02\/guttannen_testanlage_5G.jpg\" alt='Mobilfunkmast mitten im Wald (Testnetz 5G der Swisscom)' title='Testnetz Mobilfunkmast in Guttannen'  height=\"465\" width=\"840\"  itemprop=\"thumbnailUrl\" srcset=\"https:\/\/www.ibes.ch\/wp-content\/uploads\/2019\/02\/guttannen_testanlage_5G.jpg 840w, https:\/\/www.ibes.ch\/wp-content\/uploads\/2019\/02\/guttannen_testanlage_5G-600x332.jpg 600w, https:\/\/www.ibes.ch\/wp-content\/uploads\/2019\/02\/guttannen_testanlage_5G-300x166.jpg 300w, https:\/\/www.ibes.ch\/wp-content\/uploads\/2019\/02\/guttannen_testanlage_5G-768x425.jpg 768w, https:\/\/www.ibes.ch\/wp-content\/uploads\/2019\/02\/guttannen_testanlage_5G-705x390.jpg 705w\" sizes=\"(max-width: 840px) 100vw, 840px\" \/><\/div><\/div><\/div><br \/>\n<section  class='av_textblock_section av-5m9g7f-22-3464f6cf05449be06596cd24a23ea32b '   itemscope=\"itemscope\" itemtype=\"https:\/\/schema.org\/CreativeWork\" ><div class='avia_textblock'  itemprop=\"text\" ><p><em>Die 5G-Antenne in Guttannen (BE) bei Interlaken.<\/em><\/p>\n<\/div><\/section><br \/>\n\n<style type=\"text\/css\" data-created_by=\"avia_inline_auto\" id=\"style-css-av-20akdqw-6a251b8cbc31f978e85d663a9237ef2f\">\n#top .av-special-heading.av-20akdqw-6a251b8cbc31f978e85d663a9237ef2f{\npadding-bottom:10px;\n}\nbody .av-special-heading.av-20akdqw-6a251b8cbc31f978e85d663a9237ef2f .av-special-heading-tag .heading-char{\nfont-size:25px;\n}\n.av-special-heading.av-20akdqw-6a251b8cbc31f978e85d663a9237ef2f .av-subheading{\nfont-size:15px;\n}\n<\/style>\n<div  class='av-special-heading av-20akdqw-6a251b8cbc31f978e85d663a9237ef2f av-special-heading-h2 blockquote modern-quote  avia-builder-el-65  el_after_av_textblock  el_before_av_textblock '><h2 class='av-special-heading-tag '  itemprop=\"headline\"  >5G-Antennen per Vorordnung geregelt<\/h2><div class='av-subheading av-subheading_below'><p>An Tausenden Standorten in Betrieb<\/p>\n<\/div><div class=\"special-heading-border\"><div class=\"special-heading-inner-border\"><\/div><\/div><\/div><br \/>\n<section  class='av_textblock_section av-5m9g7f-8-64b64b8019cae0a54e7b583feb4dc0bc '   itemscope=\"itemscope\" itemtype=\"https:\/\/schema.org\/CreativeWork\" ><div class='avia_textblock'  itemprop=\"text\" ><p>Telekomfirmen wie Swisscom und Sunrise haben praktisch unbesehen von der \u00d6ffentlichkeit in der Schweiz 5G-Antennen aufgestellt. Es handelt sich dabei um bestehende Mobilfunkmasten, die mit den neuen, wesentlich gr\u00f6sseren 5G-Antennen ausgestattet worden sind. Das Bundesamt f\u00fcr Kommunikation (BAKOM) hat die Oberaufsicht \u00fcber die Antennenstandorte. Auf der offiziellen Karte des Bundesamtes f\u00fcr Kommunikation sind die Standorte eingezeichnet.<\/p>\n<h4>5G muss NISV-Verordnung entsprechen<\/h4>\n<p>F\u00fcr die Einf\u00fchrung der neuen Funktechnologie wie 5G in der Schweiz ist keine umfassende Bewilligung durch eine zentrale Beh\u00f6rde erforderlich. Allerdings muss 5G das in der <a href=\"https:\/\/www.fedlex.admin.ch\/eli\/cc\/2000\/38\/de\">Verordnung \u00fcber den Schutz vor nichtionisierender Strahlung (NISV)<\/a> festgelegte Prinzip der vorsorglichen Emissionsbegrenzung einhalten.<\/p>\n<h4>Nutzung geeigner Frequenzen<\/h4>\n<p>Die Verordnung legt zudem fest: Es m\u00fcssen geeignete Frequenzen genutzt werden. Die Frequenznutzung durch die Fernmeldetechnologien, einschliesslich 5G, ist weltweit harmonisiert. Festgelegt wird sie an der Weltfunkkonferenz (WRC).<\/p>\n<p>Danach obliegt es dem Bundesrat, auf dieser Grundlage die Nutzung der verschiedenen Frequenzb\u00e4nder in der Schweiz genauer zu definieren. Dies erfolgt im Nationalen Frequenzzuweisungsplan (NaFZ), den er jedes Jahr genehmigt.<\/p>\n<\/div><\/section><br \/>\n\n<style type=\"text\/css\" data-created_by=\"avia_inline_auto\" id=\"style-css-av-jk1l9zqc-6f529b8f89e397244ed2b5bb17986811\">\n#top .hr.hr-invisible.av-jk1l9zqc-6f529b8f89e397244ed2b5bb17986811{\nheight:20px;\n}\n<\/style>\n<div  class='hr av-jk1l9zqc-6f529b8f89e397244ed2b5bb17986811 hr-invisible  avia-builder-el-67  el_after_av_textblock  el_before_av_button '><span class='hr-inner '><span class=\"hr-inner-style\"><\/span><\/span><\/div><br \/>\n<div  class='avia-button-wrap av-jk1g5g19-21-dcd879686b8ee2cdc85a7ea229935cb1-wrap avia-button-left  avia-builder-el-68  el_after_av_hr  avia-builder-el-last '><a href='https:\/\/www.ibes.ch\/fr\/mobilfunk-4\/'  class='avia-button av-jk1g5g19-21-dcd879686b8ee2cdc85a7ea229935cb1 av-link-btn avia-icon_select-yes-right-icon avia-size-medium avia-position-left avia-color-theme-color'   aria-label=\"Mobilfunkanlagen\"><span class='avia_iconbox_title' >Mobilfunkanlagen<\/span><span class='avia_button_icon avia_button_icon_right avia-iconfont avia-font-entypo-fontello' data-av_icon='\ue832' data-av_iconfont='entypo-fontello' ><\/span><\/a><\/div><\/p><\/div>\n<style type=\"text\/css\" data-created_by=\"avia_inline_auto\" id=\"style-css-av-942rr2-10-dbb46b3bb9d7ab6a620f7bf5adc3e35b\">\n#top .flex_column.av-942rr2-10-dbb46b3bb9d7ab6a620f7bf5adc3e35b{\nmargin-top:25px;\nmargin-bottom:0px;\n}\n.flex_column.av-942rr2-10-dbb46b3bb9d7ab6a620f7bf5adc3e35b{\nborder-width:1px;\nborder-color:#c7c7c7;\nborder-style:solid;\nborder-radius:0px 0px 0px 0px;\npadding:20px 20px 20px 20px;\nbackground-color:#ffffff;\n}\n.responsive #top #wrap_all .flex_column.av-942rr2-10-dbb46b3bb9d7ab6a620f7bf5adc3e35b{\nmargin-top:25px;\nmargin-bottom:0px;\n}\n<\/style>\n<div  class='flex_column av-942rr2-10-dbb46b3bb9d7ab6a620f7bf5adc3e35b av_one_half  avia-builder-el-69  el_after_av_one_half  avia-builder-el-last  flex_column_div av-animated-generic left-to-right  '     ><p>\n<style type=\"text\/css\" data-created_by=\"avia_inline_auto\" id=\"style-css-av-7v2eff-9-6de7920fc09b4121b0293d8ef87882fb\">\n.avia-image-container.av-7v2eff-9-6de7920fc09b4121b0293d8ef87882fb img.avia_image{\nbox-shadow:none;\n}\n.avia-image-container.av-7v2eff-9-6de7920fc09b4121b0293d8ef87882fb .av-image-caption-overlay-center{\ncolor:#ffffff;\n}\n<\/style>\n<div  class='avia-image-container av-7v2eff-9-6de7920fc09b4121b0293d8ef87882fb av-styling- avia-align-center  avia-builder-el-70  el_before_av_textblock  avia-builder-el-first '  ><div class=\"avia-image-container-inner\"><div class=\"avia-image-overlay-wrap\"><img decoding=\"async\" fetchpriority=\"high\" class='wp-image-11745 avia-img-lazy-loading-not-11745 avia_image ' src=\"https:\/\/www.ibes.ch\/wp-content\/uploads\/2019\/02\/messung_burgdorf_5G.jpg\" alt='Messger\u00e4t zeigt 5G Messresultat der Feldst\u00e4rke' title='Messung in Burgdorf BE'  height=\"465\" width=\"840\"  itemprop=\"thumbnailUrl\" srcset=\"https:\/\/www.ibes.ch\/wp-content\/uploads\/2019\/02\/messung_burgdorf_5G.jpg 840w, https:\/\/www.ibes.ch\/wp-content\/uploads\/2019\/02\/messung_burgdorf_5G-600x332.jpg 600w, https:\/\/www.ibes.ch\/wp-content\/uploads\/2019\/02\/messung_burgdorf_5G-300x166.jpg 300w, https:\/\/www.ibes.ch\/wp-content\/uploads\/2019\/02\/messung_burgdorf_5G-768x425.jpg 768w, https:\/\/www.ibes.ch\/wp-content\/uploads\/2019\/02\/messung_burgdorf_5G-705x390.jpg 705w\" sizes=\"(max-width: 840px) 100vw, 840px\" \/><\/div><\/div><\/div><br \/>\n<section  class='av_textblock_section av-5m9g7f-7-5ee024bb7a42cb85c525c2b18526e220 '   itemscope=\"itemscope\" itemtype=\"https:\/\/schema.org\/CreativeWork\" ><div class='avia_textblock'  itemprop=\"text\" ><p><em>5G-Antennenmessung von IBES in Burgdorf BE.<br \/>\n<\/em><\/p>\n<\/div><\/section><br \/>\n\n<style type=\"text\/css\" data-created_by=\"avia_inline_auto\" id=\"style-css-av-1i9lwd4-2165df3a1f38e63ff5975f0ff794b374\">\n#top .av-special-heading.av-1i9lwd4-2165df3a1f38e63ff5975f0ff794b374{\npadding-bottom:10px;\n}\nbody .av-special-heading.av-1i9lwd4-2165df3a1f38e63ff5975f0ff794b374 .av-special-heading-tag .heading-char{\nfont-size:25px;\n}\n.av-special-heading.av-1i9lwd4-2165df3a1f38e63ff5975f0ff794b374 .av-subheading{\nfont-size:15px;\n}\n<\/style>\n<div  class='av-special-heading av-1i9lwd4-2165df3a1f38e63ff5975f0ff794b374 av-special-heading-h2 blockquote modern-quote  avia-builder-el-72  el_after_av_textblock  el_before_av_textblock '><h2 class='av-special-heading-tag '  itemprop=\"headline\"  >Wir haben 5G gemessen: Die Messresultate<\/h2><div class='av-subheading av-subheading_below'><p>Wie eine Ohrfeige: Extreme Schwankungen der Feldst\u00e4rke<\/p>\n<\/div><div class=\"special-heading-border\"><div class=\"special-heading-inner-border\"><\/div><\/div><\/div><br \/>\n<section  class='av_textblock_section av-5m9g7f-4-361b6ef5c32a783a4542967f601080bf '   itemscope=\"itemscope\" itemtype=\"https:\/\/schema.org\/CreativeWork\" ><div class='avia_textblock'  itemprop=\"text\" ><ul>\n<li>Die 5G-Antennen lassen sich kaum seri\u00f6s messen. Ad\u00e4quate Messger\u00e4te kosten rund 90 000 Franken. Dies ist selbst f\u00fcr die professionelle Messexperten von IBES eine grosse Investition.<\/li>\n<\/ul>\n<h4>Unbekannt: Die Spitzen der gepulsten Strahlung<\/h4>\n<ul>\n<li>Somit bleiben die Signalformen der Strahlung, die Spitzen der gepulst \u00fcbertragenen Datenpakete (Filme, Emails usw.) ein Geheimnis von Swisscom und Sunrise. Doch genau diese w\u00e4ren f\u00fcr die Gesundheit relevant.<\/li>\n<li>IBES hat trotzdem gemessen, zwar nicht die Signale, daf\u00fcr aber die Feldst\u00e4rken. So zum Beispiel die Antennen in Burgdorf BE.<\/li>\n<\/ul>\n<h4>Resultate zeigen Power-Schwankungen<\/h4>\n<ul>\n<li>Das Resultat: Die Feldst\u00e4rke bewegte sich nahe am GSM-Grenzwert von 6 Volt pro Meter (V\/m). Da es beim Standort in Burgdorf um keinen Ort mit empfindlicher Nutzung (OMEN) handelt, z\u00e4hlt dieser Grenzwert aber nicht. Es d\u00fcrften sogar 60 V\/m sein (Ort kurzfrisitger Aufenthalt OKA).<\/li>\n<li>Die Messungen zeigen eine eigene Charakteristik von 5G: Die Bitrate ist hochfrequent (also sehr schnell), als w\u00fcrde man extrem schnell morsen.<\/li>\n<li>Die Feldst\u00e4rken zeigen extreme Schwankungen (Power-Schwankungen von 2 V\/m hoch auf 4\/m innerhalb von Sekundenbruchteilen). Auf den K\u00f6rper wirkt das wie eine Ohrfeige.<\/li>\n<\/ul>\n<\/div><\/section><br \/>\n\n<style type=\"text\/css\" data-created_by=\"avia_inline_auto\" id=\"style-css-av-jk1l9zqc-6-35dcd08760b16e5612e8c2c72aaabcf7\">\n#top .hr.hr-invisible.av-jk1l9zqc-6-35dcd08760b16e5612e8c2c72aaabcf7{\nheight:20px;\n}\n<\/style>\n<div  class='hr av-jk1l9zqc-6-35dcd08760b16e5612e8c2c72aaabcf7 hr-invisible  avia-builder-el-74  el_after_av_textblock  el_before_av_button '><span class='hr-inner '><span class=\"hr-inner-style\"><\/span><\/span><\/div><br \/>\n<div  class='avia-button-wrap av-jk1g5g19-5-e2d5535980cdfae0ebfa2f2a4424aa91-wrap avia-button-left  avia-builder-el-75  el_after_av_hr  avia-builder-el-last '><a href='https:\/\/www.ibes.ch\/fr\/profi-messung-2\/elektrosmog-messung\/'  class='avia-button av-jk1g5g19-5-e2d5535980cdfae0ebfa2f2a4424aa91 av-link-btn avia-icon_select-yes-right-icon avia-size-medium avia-position-left avia-color-theme-color'   aria-label=\"Elektrosmogmessung\"><span class='avia_iconbox_title' >Elektrosmogmessung<\/span><span class='avia_button_icon avia_button_icon_right avia-iconfont avia-font-entypo-fontello' data-av_icon='\ue832' data-av_iconfont='entypo-fontello' ><\/span><\/a><\/div><\/p><\/div>\n\n<\/div><\/div><\/div><!-- close content main div --><\/div><\/div><div id='av_section_9'  class='avia-section av-jjzyr2r5-11-a710360092e246633a711ffd4a2a8eae alternate_color avia-section-large avia-no-shadow  avia-builder-el-76  el_after_av_section  avia-builder-el-last  avia-bg-style-scroll container_wrap fullsize'  ><div class='container av-section-cont-open' ><div class='template-page content  av-content-full alpha units'><div class='post-entry post-entry-type-page post-entry-11768'><div class='entry-content-wrapper clearfix'>\n\n<style type=\"text\/css\" data-created_by=\"avia_inline_auto\" id=\"style-css-av-1069ok8-285d214c4761ae263d650e60735ea998\">\n#top .av-special-heading.av-1069ok8-285d214c4761ae263d650e60735ea998{\npadding-bottom:20px;\n}\nbody .av-special-heading.av-1069ok8-285d214c4761ae263d650e60735ea998 .av-special-heading-tag .heading-char{\nfont-size:25px;\n}\n.av-special-heading.av-1069ok8-285d214c4761ae263d650e60735ea998 .av-subheading{\nfont-size:20px;\n}\n<\/style>\n<div  class='av-special-heading av-1069ok8-285d214c4761ae263d650e60735ea998 av-special-heading-h2 blockquote modern-quote modern-centered  avia-builder-el-77  el_before_av_hr  avia-builder-el-first '><h2 class='av-special-heading-tag '  itemprop=\"headline\"  >Ausblick in die Zukunft<\/h2><div class='av-subheading av-subheading_below'><p>5G soll das \u00abInternet der Dinge\u00bb realisierbar machen<\/p>\n<\/div><div class=\"special-heading-border\"><div class=\"special-heading-inner-border\"><\/div><\/div><\/div>\n<div  class='hr av-aue7n2-e30d11672c1926c4b838dbe0728bd62f hr-short  avia-builder-el-78  el_after_av_heading  el_before_av_one_half  hr-center'><span class='hr-inner '><span class=\"hr-inner-style\"><\/span><\/span><\/div>\n\n<style type=\"text\/css\" data-created_by=\"avia_inline_auto\" id=\"style-css-av-jk0xgfpi-c889877e523485fc1254a9a70c50f287\">\n#top .flex_column.av-jk0xgfpi-c889877e523485fc1254a9a70c50f287{\nmargin-top:40px;\nmargin-bottom:0;\n}\n.flex_column.av-jk0xgfpi-c889877e523485fc1254a9a70c50f287{\nborder-radius:0px 0px 0px 0px;\npadding:20px 20px 20px 20px;\n}\n.responsive #top #wrap_all .flex_column.av-jk0xgfpi-c889877e523485fc1254a9a70c50f287{\nmargin-top:40px;\nmargin-bottom:0;\n}\n<\/style>\n<div  class='flex_column av-jk0xgfpi-c889877e523485fc1254a9a70c50f287 av_one_half  avia-builder-el-79  el_after_av_hr  el_before_av_one_half  first flex_column_div  '     ><p>\n<style type=\"text\/css\" data-created_by=\"avia_inline_auto\" id=\"style-css-av-jm97iyeg-5d383497e3a81586e427667f2699041f\">\n.avia-image-container.av-jm97iyeg-5d383497e3a81586e427667f2699041f img.avia_image{\nbox-shadow:none;\n}\n.avia-image-container.av-jm97iyeg-5d383497e3a81586e427667f2699041f .av-image-caption-overlay-center{\ncolor:#ffffff;\n}\n<\/style>\n<div  class='avia-image-container av-jm97iyeg-5d383497e3a81586e427667f2699041f av-styling- avia-align-center  avia-builder-el-80  el_before_av_heading  avia-builder-el-first '  ><div class=\"avia-image-container-inner\"><div class=\"avia-image-overlay-wrap\"><img decoding=\"async\" fetchpriority=\"high\" class='wp-image-11754 avia-img-lazy-loading-not-11754 avia_image ' src=\"https:\/\/www.ibes.ch\/wp-content\/uploads\/2019\/02\/autonomes_fahren_internet_der_dinge.jpg\" alt='Eine Frau sitzt in einem selbstfahrenden Auto mit 5G-Technologie.' title='Eine Frau sitzt in einem selbstfahrenden Auto mit 5G-Technologie.'  height=\"465\" width=\"840\"  itemprop=\"thumbnailUrl\" srcset=\"https:\/\/www.ibes.ch\/wp-content\/uploads\/2019\/02\/autonomes_fahren_internet_der_dinge.jpg 840w, https:\/\/www.ibes.ch\/wp-content\/uploads\/2019\/02\/autonomes_fahren_internet_der_dinge-600x332.jpg 600w, https:\/\/www.ibes.ch\/wp-content\/uploads\/2019\/02\/autonomes_fahren_internet_der_dinge-300x166.jpg 300w, https:\/\/www.ibes.ch\/wp-content\/uploads\/2019\/02\/autonomes_fahren_internet_der_dinge-768x425.jpg 768w, https:\/\/www.ibes.ch\/wp-content\/uploads\/2019\/02\/autonomes_fahren_internet_der_dinge-705x390.jpg 705w\" sizes=\"(max-width: 840px) 100vw, 840px\" \/><\/div><\/div><\/div><br \/>\n\n<style type=\"text\/css\" data-created_by=\"avia_inline_auto\" id=\"style-css-av-kkb07sed-19274571ecd7b82e94fabe2c414b097d\">\n#top .av-special-heading.av-kkb07sed-19274571ecd7b82e94fabe2c414b097d{\npadding-bottom:10px;\n}\nbody .av-special-heading.av-kkb07sed-19274571ecd7b82e94fabe2c414b097d .av-special-heading-tag .heading-char{\nfont-size:25px;\n}\n.av-special-heading.av-kkb07sed-19274571ecd7b82e94fabe2c414b097d .av-subheading{\nfont-size:15px;\n}\n<\/style>\n<div  class='av-special-heading av-kkb07sed-19274571ecd7b82e94fabe2c414b097d av-special-heading-h3 blockquote modern-quote  avia-builder-el-81  el_after_av_image  el_before_av_textblock '><h3 class='av-special-heading-tag '  itemprop=\"headline\"  >Drahtlosnetzwerke in Geb\u00e4uden<\/h3><div class=\"special-heading-border\"><div class=\"special-heading-inner-border\"><\/div><\/div><\/div><br \/>\n<section  class='av_textblock_section av-jk0xf61h-15-9cd8fbaeb39624719608d8d02660bbc1 '   itemscope=\"itemscope\" itemtype=\"https:\/\/schema.org\/CreativeWork\" ><div class='avia_textblock'  itemprop=\"text\" ><p>Die kabellose Technik f\u00fchrt zu immer mehr 5G-Basisstationen auch innerhalb von Geb\u00e4uden. K\u00fchlschr\u00e4nke, Waschmaschinen, \u00dcberwachungs\u00adkameras und selbstfahrenden Busse werden an Drahtlosnetzwerke angeschlossen.<\/p>\n<p>Doch die 5G-Technik funktioniert nur \u00fcber kurze Entfernungen. Deshalb sind neue Antennen n\u00f6tig. Die Zwangsexposition der Bev\u00f6lkerung gegen\u00fcber hochfrequenten elektromagnetischen Feldern (HF-EMF) wird massiv erh\u00f6ht.<\/p>\n<\/div><\/section><\/p><\/div>\n<style type=\"text\/css\" data-created_by=\"avia_inline_auto\" id=\"style-css-av-jk0xgfpi-1-0a20d3c2db47ab6da169ea85bf180100\">\n#top .flex_column.av-jk0xgfpi-1-0a20d3c2db47ab6da169ea85bf180100{\nmargin-top:40px;\nmargin-bottom:0;\n}\n.flex_column.av-jk0xgfpi-1-0a20d3c2db47ab6da169ea85bf180100{\nborder-radius:0px 0px 0px 0px;\npadding:20px 20px 20px 20px;\n}\n.responsive #top #wrap_all .flex_column.av-jk0xgfpi-1-0a20d3c2db47ab6da169ea85bf180100{\nmargin-top:40px;\nmargin-bottom:0;\n}\n<\/style>\n<div  class='flex_column av-jk0xgfpi-1-0a20d3c2db47ab6da169ea85bf180100 av_one_half  avia-builder-el-83  el_after_av_one_half  avia-builder-el-last  flex_column_div  '     ><p>\n<style type=\"text\/css\" data-created_by=\"avia_inline_auto\" id=\"style-css-av-vpc7qw-93da3e11cff5f653c5db8a7ec771729d\">\n#top .av-special-heading.av-vpc7qw-93da3e11cff5f653c5db8a7ec771729d{\npadding-bottom:10px;\n}\nbody .av-special-heading.av-vpc7qw-93da3e11cff5f653c5db8a7ec771729d .av-special-heading-tag .heading-char{\nfont-size:25px;\n}\n.av-special-heading.av-vpc7qw-93da3e11cff5f653c5db8a7ec771729d .av-subheading{\nfont-size:15px;\n}\n<\/style>\n<div  class='av-special-heading av-vpc7qw-93da3e11cff5f653c5db8a7ec771729d av-special-heading-h3 blockquote modern-quote  avia-builder-el-84  el_before_av_textblock  avia-builder-el-first '><h3 class='av-special-heading-tag '  itemprop=\"headline\"  >\u00abInternet der Dinge\u00bb dank 5G<\/h3><div class=\"special-heading-border\"><div class=\"special-heading-inner-border\"><\/div><\/div><\/div><br \/>\n<section  class='av_textblock_section av-5m9g7f-3-f4d21fb2adfb0797448a458deaa9db5f '   itemscope=\"itemscope\" itemtype=\"https:\/\/schema.org\/CreativeWork\" ><div class='avia_textblock'  itemprop=\"text\" ><p>Das sogenannte \u00abInternet der Dinge\u00bb ist heute schon Realit\u00e4t, obwohl der Name eher etwas unverst\u00e4ndliche daherkommt. Er steht als Sammelbegriff f\u00fcr Technologien der Informationsgesellschaften, die es erm\u00f6glichen, physische und virtuelle Gegenst\u00e4nde miteinander zu vernetzen. Dabei sollen sie untereinander Informationen austauschen, also zusammen kommunizieren.<\/p>\n<h4>Selbstfahrende Autos, vernetzte K\u00fchlschr\u00e4nke<\/h4>\n<p>Ein Beispiel ist das selbstfahrende <a href=\"https:\/\/www.ibes.ch\/quellen-von-elektrosmog\/elektrosmog-im-auto\/\">Elektroauto<\/a>: 5G soll die \u00dcbertragung von Daten in Echtzeit erm\u00f6glichen und so das Auto steuerbar machen. Zudem soll die gesundheitliche \u00dcberwachung Einzug halten: Ger\u00e4te am K\u00f6rper wie z.B. eine Pulsuhr sollen Daten sammeln und ans Handy und in Zukunft direkt an die Krankenversicherung \u00fcbertragen.<\/p>\n<p>Smart Home (Geb\u00e4udeautomation) ist ein weiteres Beispiel. Der K\u00fchlschrank ist leer, also werden direkt neue Lebensmittel bestellt. Die Wohnzimmer-Beleuchtung kann von unterwegs im Auto eingestellt werden.<\/p>\n<\/div><\/section><br \/>\n<div  class='avia-button-wrap av-jk1g5g19-2-0ea952bc34b9076fac1e5a2c6e31b175-wrap avia-button-left  avia-builder-el-86  el_after_av_textblock  avia-builder-el-last '><a href='https:\/\/www.ibes.ch\/fr\/gebaeude-automation\/'  class='avia-button av-jk1g5g19-2-0ea952bc34b9076fac1e5a2c6e31b175 av-link-btn avia-icon_select-yes-right-icon avia-size-medium avia-position-left avia-color-theme-color'   aria-label=\"Strahlung durch Smart Home\"><span class='avia_iconbox_title' >Strahlung durch Smart Home<\/span><span class='avia_button_icon avia_button_icon_right avia-iconfont avia-font-entypo-fontello' data-av_icon='\ue832' data-av_iconfont='entypo-fontello' ><\/span><\/a><\/div><\/p><\/div>\n\n","protected":false},"excerpt":{"rendered":"","protected":false},"author":3,"featured_media":0,"parent":0,"menu_order":0,"comment_status":"closed","ping_status":"closed","template":"","meta":{"_acf_changed":false,"footnotes":""},"class_list":["post-11768","page","type-page","status-publish","hentry"],"acf":[],"yoast_head":"<!-- This site is optimized with the Yoast SEO plugin v27.5 - https:\/\/yoast.com\/product\/yoast-seo-wordpress\/ -->\n<title>Messung 5G Strahlung: Risiken &amp; Gefahren f\u00fcr die Gesundheit<\/title>\n<meta name=\"description\" content=\"Fragen und Antworten zum 5G Mobilfunk: \u00c4rzte warnen vor Risiken und Gefahren f\u00fcr die Gesundheit. Wir haben 5G-Antennen gemessen und Studien angeschaut.\" \/>\n<meta name=\"robots\" content=\"index, follow, max-snippet:-1, max-image-preview:large, max-video-preview:-1\" \/>\n<link rel=\"canonical\" href=\"https:\/\/www.ibes.ch\/fr\/5g-de-rayonnement\/\" \/>\n<meta property=\"og:locale\" content=\"fr_FR\" \/>\n<meta property=\"og:type\" content=\"article\" \/>\n<meta property=\"og:title\" content=\"Messung 5G Strahlung: Risiken &amp; Gefahren f\u00fcr die Gesundheit\" \/>\n<meta property=\"og:description\" content=\"Fragen und Antworten zum 5G Mobilfunk: \u00c4rzte warnen vor Risiken und Gefahren f\u00fcr die Gesundheit. Wir haben 5G-Antennen gemessen und Studien angeschaut.\" \/>\n<meta property=\"og:url\" content=\"https:\/\/www.ibes.ch\/fr\/5g-de-rayonnement\/\" \/>\n<meta property=\"og:site_name\" content=\"IBES\" \/>\n<meta property=\"article:modified_time\" content=\"2025-04-15T15:51:57+00:00\" \/>\n<meta name=\"twitter:card\" content=\"summary_large_image\" \/>\n<meta name=\"twitter:label1\" content=\"Dur\u00e9e de lecture estim\u00e9e\" \/>\n\t<meta name=\"twitter:data1\" content=\"48 minutes\" \/>\n<script type=\"application\/ld+json\" class=\"yoast-schema-graph\">{\"@context\":\"https:\\\/\\\/schema.org\",\"@graph\":[{\"@type\":\"WebPage\",\"@id\":\"https:\\\/\\\/www.ibes.ch\\\/5g-strahlung\\\/\",\"url\":\"https:\\\/\\\/www.ibes.ch\\\/5g-strahlung\\\/\",\"name\":\"Messung 5G Strahlung: Risiken & Gefahren f\u00fcr die Gesundheit\",\"isPartOf\":{\"@id\":\"https:\\\/\\\/www.ibes.ch\\\/#website\"},\"datePublished\":\"2019-02-03T09:01:09+00:00\",\"dateModified\":\"2025-04-15T15:51:57+00:00\",\"description\":\"Fragen und Antworten zum 5G Mobilfunk: \u00c4rzte warnen vor Risiken und Gefahren f\u00fcr die Gesundheit. Wir haben 5G-Antennen gemessen und Studien angeschaut.\",\"breadcrumb\":{\"@id\":\"https:\\\/\\\/www.ibes.ch\\\/5g-strahlung\\\/#breadcrumb\"},\"inLanguage\":\"fr-FR\",\"potentialAction\":[{\"@type\":\"ReadAction\",\"target\":[\"https:\\\/\\\/www.ibes.ch\\\/5g-strahlung\\\/\"]}]},{\"@type\":\"BreadcrumbList\",\"@id\":\"https:\\\/\\\/www.ibes.ch\\\/5g-strahlung\\\/#breadcrumb\",\"itemListElement\":[{\"@type\":\"ListItem\",\"position\":1,\"name\":\"Home\",\"item\":\"https:\\\/\\\/www.ibes.ch\\\/\"},{\"@type\":\"ListItem\",\"position\":2,\"name\":\"5G Strahlung\"}]},{\"@type\":\"WebSite\",\"@id\":\"https:\\\/\\\/www.ibes.ch\\\/#website\",\"url\":\"https:\\\/\\\/www.ibes.ch\\\/\",\"name\":\"IBES\",\"description\":\"IBES - Ratgeber f\u00fcr Elektrosmog\",\"potentialAction\":[{\"@type\":\"SearchAction\",\"target\":{\"@type\":\"EntryPoint\",\"urlTemplate\":\"https:\\\/\\\/www.ibes.ch\\\/?s={search_term_string}\"},\"query-input\":{\"@type\":\"PropertyValueSpecification\",\"valueRequired\":true,\"valueName\":\"search_term_string\"}}],\"inLanguage\":\"fr-FR\"}]}<\/script>\n<!-- \/ Yoast SEO plugin. -->","yoast_head_json":{"title":"Mesure du rayonnement 5G : risques &amp; dangers pour la sant\u00e9","description":"Questions et r\u00e9ponses sur la t\u00e9l\u00e9phonie mobile 5G : les m\u00e9decins mettent en garde contre les risques et les dangers pour la sant\u00e9. Nous avons mesur\u00e9 les antennes 5G et consult\u00e9 des \u00e9tudes.","robots":{"index":"index","follow":"follow","max-snippet":"max-snippet:-1","max-image-preview":"max-image-preview:large","max-video-preview":"max-video-preview:-1"},"canonical":"https:\/\/www.ibes.ch\/fr\/5g-de-rayonnement\/","og_locale":"fr_FR","og_type":"article","og_title":"Messung 5G Strahlung: Risiken & Gefahren f\u00fcr die Gesundheit","og_description":"Fragen und Antworten zum 5G Mobilfunk: \u00c4rzte warnen vor Risiken und Gefahren f\u00fcr die Gesundheit. Wir haben 5G-Antennen gemessen und Studien angeschaut.","og_url":"https:\/\/www.ibes.ch\/fr\/5g-de-rayonnement\/","og_site_name":"IBES","article_modified_time":"2025-04-15T15:51:57+00:00","twitter_card":"summary_large_image","twitter_misc":{"Dur\u00e9e de lecture estim\u00e9e":"48 minutes"},"schema":{"@context":"https:\/\/schema.org","@graph":[{"@type":"WebPage","@id":"https:\/\/www.ibes.ch\/5g-strahlung\/","url":"https:\/\/www.ibes.ch\/5g-strahlung\/","name":"Mesure du rayonnement 5G : risques &amp; dangers pour la sant\u00e9","isPartOf":{"@id":"https:\/\/www.ibes.ch\/#website"},"datePublished":"2019-02-03T09:01:09+00:00","dateModified":"2025-04-15T15:51:57+00:00","description":"Questions et r\u00e9ponses sur la t\u00e9l\u00e9phonie mobile 5G : les m\u00e9decins mettent en garde contre les risques et les dangers pour la sant\u00e9. Nous avons mesur\u00e9 les antennes 5G et consult\u00e9 des \u00e9tudes.","breadcrumb":{"@id":"https:\/\/www.ibes.ch\/5g-strahlung\/#breadcrumb"},"inLanguage":"fr-FR","potentialAction":[{"@type":"ReadAction","target":["https:\/\/www.ibes.ch\/5g-strahlung\/"]}]},{"@type":"BreadcrumbList","@id":"https:\/\/www.ibes.ch\/5g-strahlung\/#breadcrumb","itemListElement":[{"@type":"ListItem","position":1,"name":"Home","item":"https:\/\/www.ibes.ch\/"},{"@type":"ListItem","position":2,"name":"5G Strahlung"}]},{"@type":"WebSite","@id":"https:\/\/www.ibes.ch\/#website","url":"https:\/\/www.ibes.ch\/","name":"IBES","description":"IBES - Guide de l'\u00e9lectrosmog","potentialAction":[{"@type":"SearchAction","target":{"@type":"EntryPoint","urlTemplate":"https:\/\/www.ibes.ch\/?s={search_term_string}"},"query-input":{"@type":"PropertyValueSpecification","valueRequired":true,"valueName":"search_term_string"}}],"inLanguage":"fr-FR"}]}},"_links":{"self":[{"href":"https:\/\/www.ibes.ch\/fr\/wp-json\/wp\/v2\/pages\/11768","targetHints":{"allow":["GET"]}}],"collection":[{"href":"https:\/\/www.ibes.ch\/fr\/wp-json\/wp\/v2\/pages"}],"about":[{"href":"https:\/\/www.ibes.ch\/fr\/wp-json\/wp\/v2\/types\/page"}],"author":[{"embeddable":true,"href":"https:\/\/www.ibes.ch\/fr\/wp-json\/wp\/v2\/users\/3"}],"replies":[{"embeddable":true,"href":"https:\/\/www.ibes.ch\/fr\/wp-json\/wp\/v2\/comments?post=11768"}],"version-history":[{"count":9,"href":"https:\/\/www.ibes.ch\/fr\/wp-json\/wp\/v2\/pages\/11768\/revisions"}],"predecessor-version":[{"id":20983,"href":"https:\/\/www.ibes.ch\/fr\/wp-json\/wp\/v2\/pages\/11768\/revisions\/20983"}],"wp:attachment":[{"href":"https:\/\/www.ibes.ch\/fr\/wp-json\/wp\/v2\/media?parent=11768"}],"curies":[{"name":"wp","href":"https:\/\/api.w.org\/{rel}","templated":true}]}}