{"id":10765,"date":"2019-01-02T17:02:14","date_gmt":"2019-01-02T16:02:14","guid":{"rendered":"https:\/\/www.ibes.ch\/handystrahlen-mobilfunk\/"},"modified":"2021-10-15T14:32:51","modified_gmt":"2021-10-15T12:32:51","slug":"rayons-de-telephone-mobile","status":"publish","type":"page","link":"https:\/\/www.ibes.ch\/fr\/handystrahlen-mobilfunk\/","title":{"rendered":"Rayonnement des t\u00e9l\u00e9phones mobiles et radio mobile"},"content":{"rendered":"[av_slideshow_full size='no scaling' min_height='0px' stretch='' control_layout='av-control-default' src='' attachment='' attachment_size='' position='top left' repeat='no-repeat' attach='scroll' conditional_play='' animation='slide' transition_speed='' autoplay='false' interval='5' lazy_loading='disabled' av-small-hide='aviaTBav-small-hide' av-mini-hide='aviaTBav-mini-hide' id='' custom_class='' template_class='' av_uid='av-jxetyq7b' sc_version='1.0']\r\n[av_slide_full slide_type='image' id='13696' video='http:\/\/' mobile_image='' fallback_link='http:\/\/' video_format='' video_ratio='16:9' title='' custom_title_size='' custom_content_size='' caption_pos='caption_bottom' link_apply='' link='lightbox' link_target='' button_label='Click me' button_color='light' link1='manually,http:\/\/' link_target1='' button_label2='Click me' button_color2='light' link2='manually,http:\/\/' link_target2='' font_color='' custom_title='' custom_content='' overlay_opacity='0.5' overlay_color='' overlay_pattern='' overlay_custom_pattern='' av-medium-font-size-title='' av-small-font-size-title='' av-mini-font-size-title='' av-medium-font-size='' av-small-font-size='' av-mini-font-size='' av_uid='av-u843dr' video_autoplay='' video_controls='' video_mute='' video_loop='' heading_tag='' heading_class='' overlay_enable='' sc_version='1.0'][\/av_slide_full]\r\n[\/av_slideshow_full]\r\n\r\n[av_slideshow_full img_copyright='' size='no scaling' min_height='' stretch='' control_layout='av-control-default' slider_navigation='av-navigate-arrows av-navigate-dots' nav_visibility_desktop='' nav_arrow_color='' nav_arrow_bg_color='' nav_dots_color='' nav_dot_active_color='' src='' attachment='' attachment_size='' position='top left' repeat='no-repeat' attach='scroll' img_copyright_font='' av-desktop-font-img_copyright_font='' av-medium-font-img_copyright_font='' av-small-font-img_copyright_font='' av-mini-font-img_copyright_font='' img_copyright_color='' img_copyright_bg='' animation='slide' transition_speed='' autoplay='false' interval='5' img_scale='' img_scale_end='10' img_scale_direction='' img_scale_duration='3' img_scale_opacity='1' conditional_play='' img_scrset='' lazy_loading='disabled' av-desktop-hide='aviaTBav-desktop-hide' av-medium-hide='aviaTBav-medium-hide' alb_description='' id='' custom_class='' template_class='' av_uid='av-kng611rn' sc_version='1.0']\r\n[av_slide_full slide_type='image' id='17452' video='http:\/\/' mobile_image='' fallback_link='http:\/\/' title='' video_format='' video_ratio='16:9' caption_pos='caption_bottom' custom_title_size='' av-medium-font-size-title='' av-small-font-size-title='' av-mini-font-size-title='' custom_content_size='' av-medium-font-size='' av-small-font-size='' av-mini-font-size='' font_color='' custom_title='' custom_content='' heading_tag='' heading_class='' link_apply='' link='lightbox' link_target='' button_label='Click me' button_color='light' link1='manually,http:\/\/' link_target1='' button_label2='Click me' button_color2='light' link2='manually,http:\/\/' link_target2='' overlay_opacity='0.5' overlay_color='' overlay_pattern='' overlay_custom_pattern='' av_uid='av-kng61114' sc_version='1.0' video_autoplay='' video_controls='' video_mute='' video_loop='' av-desktop-font-size-title='' av-desktop-font-size='' overlay_enable=''][\/av_slide_full]\r\n\r\n\r\n[\/av_slideshow_full]\r\n\r\n\n<div id='av_section_1'  class='avia-section av-jjzgjy94-535fc938f73d54e38e18c9f5b93283ba main_color avia-section-large avia-no-border-styling  avia-builder-el-1  el_after_av_postcontent  el_before_av_section  avia-bg-style-scroll container_wrap fullsize'  ><div class='container av-section-cont-open' ><div class='template-page content  av-content-full alpha units'><div class='post-entry post-entry-type-page post-entry-10765'><div class='entry-content-wrapper clearfix'>\n\n<style type=\"text\/css\" data-created_by=\"avia_inline_auto\" id=\"style-css-av-av_heading-fdf3df560a5b3c2bf73054a586a8d0a3\">\n#top .av-special-heading.av-av_heading-fdf3df560a5b3c2bf73054a586a8d0a3{\npadding-bottom:19px;\n}\nbody .av-special-heading.av-av_heading-fdf3df560a5b3c2bf73054a586a8d0a3 .av-special-heading-tag .heading-char{\nfont-size:25px;\n}\n.av-special-heading.av-av_heading-fdf3df560a5b3c2bf73054a586a8d0a3 .av-subheading{\nfont-size:20px;\n}\n<\/style>\n<div  class='av-special-heading av-av_heading-fdf3df560a5b3c2bf73054a586a8d0a3 av-special-heading-h1 blockquote modern-quote modern-centered  avia-builder-el-2  el_before_av_hr  avia-builder-el-first '><h1 class='av-special-heading-tag '  itemprop=\"headline\"  >Handystrahlung, SAR-Werte und die Gesundheit <\/h1><div class='av-subheading av-subheading_below'><p>Wie gef\u00e4hrlich sind Handystrahlen? Tipps und Studien zur mobilen Kommunikation<\/p>\n<\/div><div class=\"special-heading-border\"><div class=\"special-heading-inner-border\"><\/div><\/div><\/div>\n<div  class='hr av-aue7n2-e30d11672c1926c4b838dbe0728bd62f hr-short  avia-builder-el-3  el_after_av_heading  el_before_av_one_half  hr-center'><span class='hr-inner '><span class=\"hr-inner-style\"><\/span><\/span><\/div>\n\n<style type=\"text\/css\" data-created_by=\"avia_inline_auto\" id=\"style-css-av-942rr2-f8020ac43256da7e35db083544a14c6b\">\n#top .flex_column.av-942rr2-f8020ac43256da7e35db083544a14c6b{\nmargin-top:25px;\nmargin-bottom:0px;\n}\n.flex_column.av-942rr2-f8020ac43256da7e35db083544a14c6b{\nborder-width:1px;\nborder-color:#c7c7c7;\nborder-style:solid;\nborder-radius:0px 0px 0px 0px;\npadding:20px 20px 20px 20px;\nbackground-color:#ffffff;\n}\n.responsive #top #wrap_all .flex_column.av-942rr2-f8020ac43256da7e35db083544a14c6b{\nmargin-top:25px;\nmargin-bottom:0px;\n}\n<\/style>\n<div  class='flex_column av-942rr2-f8020ac43256da7e35db083544a14c6b av_one_half  avia-builder-el-4  el_after_av_hr  el_before_av_one_half  first flex_column_div av-animated-generic right-to-left  '     ><p>\n<style type=\"text\/css\" data-created_by=\"avia_inline_auto\" id=\"style-css-av-7v2eff-69bce21d6b383e26161ee8f53c9adcdc\">\n.avia-image-container.av-7v2eff-69bce21d6b383e26161ee8f53c9adcdc img.avia_image{\nbox-shadow:none;\n}\n.avia-image-container.av-7v2eff-69bce21d6b383e26161ee8f53c9adcdc .av-image-caption-overlay-center{\ncolor:#ffffff;\n}\n<\/style>\n<div  class='avia-image-container av-7v2eff-69bce21d6b383e26161ee8f53c9adcdc av-styling- avia-align-center  avia-builder-el-5  el_before_av_heading  avia-builder-el-first '  ><div class=\"avia-image-container-inner\"><div class=\"avia-image-overlay-wrap\"><img decoding=\"async\" fetchpriority=\"high\" class='wp-image-7972 avia-img-lazy-loading-not-7972 avia_image ' src=\"https:\/\/www.ibes.ch\/wp-content\/uploads\/2018\/10\/mobilfunkantenne_haeuser.jpg\" alt='Mobilfunkantenne auf einem Hausdach' title='Mobilfunkantenne auf Haus'  height=\"566\" width=\"849\"  itemprop=\"thumbnailUrl\" srcset=\"https:\/\/www.ibes.ch\/wp-content\/uploads\/2018\/10\/mobilfunkantenne_haeuser.jpg 849w, https:\/\/www.ibes.ch\/wp-content\/uploads\/2018\/10\/mobilfunkantenne_haeuser-600x400.jpg 600w, https:\/\/www.ibes.ch\/wp-content\/uploads\/2018\/10\/mobilfunkantenne_haeuser-300x200.jpg 300w, https:\/\/www.ibes.ch\/wp-content\/uploads\/2018\/10\/mobilfunkantenne_haeuser-768x512.jpg 768w, https:\/\/www.ibes.ch\/wp-content\/uploads\/2018\/10\/mobilfunkantenne_haeuser-705x470.jpg 705w\" sizes=\"(max-width: 849px) 100vw, 849px\" \/><\/div><\/div><\/div><br \/>\n\n<style type=\"text\/css\" data-created_by=\"avia_inline_auto\" id=\"style-css-av-kkaxfhbd-744526bee9289f7c9aef7a0c9cd3ab71\">\n#top .av-special-heading.av-kkaxfhbd-744526bee9289f7c9aef7a0c9cd3ab71{\npadding-bottom:10px;\n}\nbody .av-special-heading.av-kkaxfhbd-744526bee9289f7c9aef7a0c9cd3ab71 .av-special-heading-tag .heading-char{\nfont-size:25px;\n}\n.av-special-heading.av-kkaxfhbd-744526bee9289f7c9aef7a0c9cd3ab71 .av-subheading{\nfont-size:15px;\n}\n<\/style>\n<div  class='av-special-heading av-kkaxfhbd-744526bee9289f7c9aef7a0c9cd3ab71 av-special-heading-h2 blockquote modern-quote  avia-builder-el-6  el_after_av_image  el_before_av_textblock '><h2 class='av-special-heading-tag '  itemprop=\"headline\"  >Antennen- und Mobilfunkmasten<\/h2><div class=\"special-heading-border\"><div class=\"special-heading-inner-border\"><\/div><\/div><\/div><br \/>\n<section  class='av_textblock_section av-jk8f3xo3-f2655f1d35f481231532baa9c5043f27 '   itemscope=\"itemscope\" itemtype=\"https:\/\/schema.org\/CreativeWork\" ><div class='avia_textblock'  itemprop=\"text\" ><ul>\n<li>Basis- oder Festnetzstationen machen das drahlose Telefonieren m\u00f6glich. Sie nehmen die mit Lichtgeschwindigkeit \u00fcbermittelten Funksignale der Handys auf. Die Signale werden verarbeitet und weigergeleitet in Zentralrechner und die unterschiedlichen Telefonnetze.<\/li>\n<li>Mobilfunk-Basisstationen strahlen praktisch rund um die Uhr \u2013 sie sind die Knotenpunkte der Mobilfunknetze. Sie halten den Kontakt zu den vielen mobilen Telefonen (Handys) zu halten, sie mit Informationen zu versorgen. Es entsteht eine grosse Summe elektromagnetischer Energie und Information.<\/li>\n<li>Sendemasten stehen oft gut getarnt auf D\u00e4chern, Silos, Kaminen. Wissenschaftler warnen denn auch vor den gesundheitlichen Folgen des neuen Mobilfunkstandards<\/li>\n<li><a href=\"\/?page_id=11768\">Der neue Mobilfunkstandard 5G<\/a><\/li>\n<\/ul>\n<\/div><\/section><br \/>\n\n<style type=\"text\/css\" data-created_by=\"avia_inline_auto\" id=\"style-css-av-jk1l9zqc-6f529b8f89e397244ed2b5bb17986811\">\n#top .hr.hr-invisible.av-jk1l9zqc-6f529b8f89e397244ed2b5bb17986811{\nheight:20px;\n}\n<\/style>\n<div  class='hr av-jk1l9zqc-6f529b8f89e397244ed2b5bb17986811 hr-invisible  avia-builder-el-8  el_after_av_textblock  el_before_av_button '><span class='hr-inner '><span class=\"hr-inner-style\"><\/span><\/span><\/div><br \/>\n<div  class='avia-button-wrap av-jk1g5g19-49e9750a08c4a3c5433fec5cb6650dc4-wrap avia-button-left  avia-builder-el-9  el_after_av_hr  avia-builder-el-last '><a href='https:\/\/www.ibes.ch\/fr\/mobilfunk-4\/'  class='avia-button av-jk1g5g19-49e9750a08c4a3c5433fec5cb6650dc4 av-link-btn avia-icon_select-yes-right-icon avia-size-medium avia-position-left avia-color-theme-color'   aria-label=\"mehr zu Mobilfunkantennen\"><span class='avia_iconbox_title' >mehr zu Mobilfunkantennen<\/span><span class='avia_button_icon avia_button_icon_right avia-iconfont avia-font-entypo-fontello' data-av_icon='\ue832' data-av_iconfont='entypo-fontello' ><\/span><\/a><\/div><\/p><\/div>\n<style type=\"text\/css\" data-created_by=\"avia_inline_auto\" id=\"style-css-av-942rr2-f3325d01f6ef35fd5f43dd2d53ae9a03\">\n#top .flex_column.av-942rr2-f3325d01f6ef35fd5f43dd2d53ae9a03{\nmargin-top:25px;\nmargin-bottom:0px;\n}\n.flex_column.av-942rr2-f3325d01f6ef35fd5f43dd2d53ae9a03{\nborder-width:1px;\nborder-color:#c7c7c7;\nborder-style:solid;\nborder-radius:0px 0px 0px 0px;\npadding:20px 20px 20px 20px;\nbackground-color:#ffffff;\n}\n.responsive #top #wrap_all .flex_column.av-942rr2-f3325d01f6ef35fd5f43dd2d53ae9a03{\nmargin-top:25px;\nmargin-bottom:0px;\n}\n<\/style>\n<div  class='flex_column av-942rr2-f3325d01f6ef35fd5f43dd2d53ae9a03 av_one_half  avia-builder-el-10  el_after_av_one_half  avia-builder-el-last  flex_column_div av-animated-generic left-to-right  '     ><p>\n<style type=\"text\/css\" data-created_by=\"avia_inline_auto\" id=\"style-css-av-7v2eff-1677cf35b849866a449fd13ae0dc0704\">\n.avia-image-container.av-7v2eff-1677cf35b849866a449fd13ae0dc0704 img.avia_image{\nbox-shadow:none;\n}\n.avia-image-container.av-7v2eff-1677cf35b849866a449fd13ae0dc0704 .av-image-caption-overlay-center{\ncolor:#ffffff;\n}\n<\/style>\n<div  class='avia-image-container av-7v2eff-1677cf35b849866a449fd13ae0dc0704 av-styling- avia-align-center  avia-builder-el-11  el_before_av_heading  avia-builder-el-first '  ><div class=\"avia-image-container-inner\"><div class=\"avia-image-overlay-wrap\"><img decoding=\"async\" fetchpriority=\"high\" class='wp-image-10242 avia-img-lazy-loading-not-10242 avia_image ' src=\"https:\/\/www.ibes.ch\/wp-content\/uploads\/2018\/12\/handy_am_ohr.jpg\" alt='Handystrahlen am Ohr einer jungen Frau' title='Handy am Ohr'  height=\"560\" width=\"840\"  itemprop=\"thumbnailUrl\" srcset=\"https:\/\/www.ibes.ch\/wp-content\/uploads\/2018\/12\/handy_am_ohr.jpg 840w, https:\/\/www.ibes.ch\/wp-content\/uploads\/2018\/12\/handy_am_ohr-600x400.jpg 600w, https:\/\/www.ibes.ch\/wp-content\/uploads\/2018\/12\/handy_am_ohr-300x200.jpg 300w, https:\/\/www.ibes.ch\/wp-content\/uploads\/2018\/12\/handy_am_ohr-768x512.jpg 768w, https:\/\/www.ibes.ch\/wp-content\/uploads\/2018\/12\/handy_am_ohr-705x470.jpg 705w\" sizes=\"(max-width: 840px) 100vw, 840px\" \/><\/div><\/div><\/div><br \/>\n\n<style type=\"text\/css\" data-created_by=\"avia_inline_auto\" id=\"style-css-av-kkaxflou-ec66fd5d9b799a434fe8f04e5887b5f1\">\n#top .av-special-heading.av-kkaxflou-ec66fd5d9b799a434fe8f04e5887b5f1{\npadding-bottom:10px;\n}\nbody .av-special-heading.av-kkaxflou-ec66fd5d9b799a434fe8f04e5887b5f1 .av-special-heading-tag .heading-char{\nfont-size:25px;\n}\n.av-special-heading.av-kkaxflou-ec66fd5d9b799a434fe8f04e5887b5f1 .av-subheading{\nfont-size:15px;\n}\n<\/style>\n<div  class='av-special-heading av-kkaxflou-ec66fd5d9b799a434fe8f04e5887b5f1 av-special-heading-h2 blockquote modern-quote  avia-builder-el-12  el_after_av_image  el_before_av_textblock '><h2 class='av-special-heading-tag '  itemprop=\"headline\"  >Was ist Handystrahlung?<\/h2><div class=\"special-heading-border\"><div class=\"special-heading-inner-border\"><\/div><\/div><\/div><br \/>\n<section  class='av_textblock_section av-5m9g7f-57bee4872a18f066eb94c2ddaf331853 '   itemscope=\"itemscope\" itemtype=\"https:\/\/schema.org\/CreativeWork\" ><div class='avia_textblock'  itemprop=\"text\" ><p>Handys nutzen hochfrequente elektromagnetische Strahlung, die aktuellen \u00dcbertragungsstandards sind 4G und 5G. Damit man mit dem Handy telefonieren kann, muss es sich mit der n\u00e4chstliegenden Mobilfunkanlage verbinden k\u00f6nnen. Und sich auf einem freien Kanal einloggen. Dies erfolgt \u00fcber den Organisationskanal, auf dem Mobilfunk-Basisstationen senden. Das heisst:<\/p>\n<ul>\n<li>Ein eingeschaltetes Smartphone tauscht sich regelm\u00e4ssig mit der n\u00e4chsten Antenne aus, um mitzuteilen, wo es sich gerade befindet.<\/li>\n<li>Strahlung entsteht also auch im Bereitschaftsmodus, ohne dass eine Verbindung vorhanden ist.<\/li>\n<li>Die Sendeantenne ist im Innern des Handys installiert, das die Handystrahlung kugelf\u00f6rmig aussendet.<\/li>\n<\/ul>\n<\/div><\/section><br \/>\n\n<style type=\"text\/css\" data-created_by=\"avia_inline_auto\" id=\"style-css-av-jk1l9zqc-6f529b8f89e397244ed2b5bb17986811\">\n#top .hr.hr-invisible.av-jk1l9zqc-6f529b8f89e397244ed2b5bb17986811{\nheight:20px;\n}\n<\/style>\n<div  class='hr av-jk1l9zqc-6f529b8f89e397244ed2b5bb17986811 hr-invisible  avia-builder-el-14  el_after_av_textblock  el_before_av_button '><span class='hr-inner '><span class=\"hr-inner-style\"><\/span><\/span><\/div><br \/>\n<div  class='avia-button-wrap av-jk1g5g19-6e44282cfde36f7d87971b71b1451bdd-wrap avia-button-left  avia-builder-el-15  el_after_av_hr  avia-builder-el-last '><a href='https:\/\/www.ibes.ch\/fr\/elektrische-felder\/'  class='avia-button av-jk1g5g19-6e44282cfde36f7d87971b71b1451bdd av-link-btn avia-icon_select-yes-right-icon avia-size-medium avia-position-left avia-color-theme-color'   aria-label=\"Elektrische Felder\"><span class='avia_iconbox_title' >Elektrische Felder<\/span><span class='avia_button_icon avia_button_icon_right avia-iconfont avia-font-entypo-fontello' data-av_icon='\ue832' data-av_iconfont='entypo-fontello' ><\/span><\/a><\/div><\/p><\/div>\n\n<\/div><\/div><\/div><!-- close content main div --><\/div><\/div><div id='av_section_2'  class='avia-section av-jjzgjy94-535fc938f73d54e38e18c9f5b93283ba main_color avia-section-large avia-no-border-styling  avia-builder-el-16  el_after_av_section  el_before_av_section  avia-bg-style-scroll container_wrap fullsize'  ><div class='container av-section-cont-open' ><div class='template-page content  av-content-full alpha units'><div class='post-entry post-entry-type-page post-entry-10765'><div class='entry-content-wrapper clearfix'>\n\n<style type=\"text\/css\" data-created_by=\"avia_inline_auto\" id=\"style-css-av-kk47038o-87b9cb6dbe4b72dd82af85a7249a5962\">\n#top .av-special-heading.av-kk47038o-87b9cb6dbe4b72dd82af85a7249a5962{\npadding-bottom:19px;\n}\nbody .av-special-heading.av-kk47038o-87b9cb6dbe4b72dd82af85a7249a5962 .av-special-heading-tag .heading-char{\nfont-size:25px;\n}\n.av-special-heading.av-kk47038o-87b9cb6dbe4b72dd82af85a7249a5962 .av-subheading{\nfont-size:20px;\n}\n<\/style>\n<div  class='av-special-heading av-kk47038o-87b9cb6dbe4b72dd82af85a7249a5962 av-special-heading-h2 blockquote modern-quote modern-centered  avia-builder-el-17  el_before_av_hr  avia-builder-el-first '><h2 class='av-special-heading-tag '  itemprop=\"headline\"  >Handystrahlen und die Gesundheit<\/h2><div class='av-subheading av-subheading_below'><p>Gefahren und Risiken f\u00fcr den Menschen<\/p>\n<\/div><div class=\"special-heading-border\"><div class=\"special-heading-inner-border\"><\/div><\/div><\/div>\n<div  class='hr av-aue7n2-e30d11672c1926c4b838dbe0728bd62f hr-short  avia-builder-el-18  el_after_av_heading  avia-builder-el-last  hr-center'><span class='hr-inner '><span class=\"hr-inner-style\"><\/span><\/span><\/div>\n\n<\/div><\/div><\/div><!-- close content main div --><\/div><\/div>\n<style type=\"text\/css\" data-created_by=\"avia_inline_auto\" id=\"style-css-av-jjzyr2r5-2f04010fced17f52c5785121ce736ac5\">\n.avia-section.av-jjzyr2r5-2f04010fced17f52c5785121ce736ac5 .av-section-color-overlay{\nopacity:0.5;\nbackground-color:#b5b5b5;\n}\n<\/style>\n<div id='av_section_3'  class='avia-section av-jjzyr2r5-2f04010fced17f52c5785121ce736ac5 main_color avia-section-large avia-no-shadow  avia-builder-el-19  el_after_av_section  el_before_av_section  avia-bg-style-scroll av-section-color-overlay-active container_wrap fullsize'  ><div class=\"av-section-color-overlay-wrap\"><div class=\"av-section-color-overlay\"><\/div><div class='container av-section-cont-open' ><div class='template-page content  av-content-full alpha units'><div class='post-entry post-entry-type-page post-entry-10765'><div class='entry-content-wrapper clearfix'>\n\n<style type=\"text\/css\" data-created_by=\"avia_inline_auto\" id=\"style-css-av-942rr2-50c9a0e69a5285801962ef62a939d510\">\n.flex_column.av-942rr2-50c9a0e69a5285801962ef62a939d510{\nborder-radius:0px 0px 0px 0px;\npadding:0px 0px 0px 0px;\n}\n<\/style>\n<div  class='flex_column av-942rr2-50c9a0e69a5285801962ef62a939d510 av_one_half  avia-builder-el-20  el_before_av_one_half  avia-builder-el-first  first flex_column_div av-animated-generic fade-in av-zero-column-padding  '     ><article  class='iconbox iconbox_top av-jjzyyi27-60a561e8ee009bee9569c2769fae4f97  avia-builder-el-21  avia-builder-el-no-sibling  main_color'  itemscope=\"itemscope\" itemtype=\"https:\/\/schema.org\/CreativeWork\" ><div class=\"iconbox_content\"><header class=\"entry-content-header\" aria-label=\"Ic\u00f4ne : Wie gef\u00e4hrlich ist Handystrahlung?\"><div class='iconbox_icon heading-color avia-iconfont avia-font-entypo-fontello' data-av_icon='\ue8ac' data-av_iconfont='entypo-fontello'  ><\/div><h3 class='iconbox_content_title '  itemprop=\"headline\" >Wie gef\u00e4hrlich ist Handystrahlung?<\/h3><\/header><div class='iconbox_content_container '  itemprop=\"text\" ><p style=\"text-align: left;\">Wer ein Smartphone verwendet, sei es \u00fcber das Mobilfunknetz oder eine WLAN-Verbindung, setzt sich hochfrequenten elektromagnetischen Feldern aus.<\/p>\n<p style=\"text-align: left;\">Sobald ein Ger\u00e4t Daten sendet oder empf\u00e4ngt, werden elektromagnetische Wellen mit Frequenzen zwischen 700 und 1800 Megahertz abgestrahlt.<\/p>\n<p style=\"text-align: left;\">Die Handystrahlen sind laut Bundesamt f\u00fcr Strahlenschutz nicht in der Lage, Atome oder Molek\u00fcle elektrisch aufzuladen. Sie sollen deshalb das Erbgut nicht ver\u00e4ndern k\u00f6nnen wie dies bei R\u00f6ntgenstrahlung der Fall ist. Studien zeigen trotzdem folgendes:<\/p>\n<ul>\n<li style=\"text-align: left;\">Neben der Erw\u00e4rmung des Gewebes k\u00f6nnen auch Krebs (Hirntumore) oder Ged\u00e4chtnisst\u00f6rungen auftreten.<\/li>\n<li style=\"text-align: left;\">Eine im Biochemical Journal ver\u00f6ffentlichte Studie zeigt, dass Handys Ver\u00e4nderungen in den Gehirnzellen ausl\u00f6sen k\u00f6nnen.<\/li>\n<\/ul>\n<\/div><\/div><footer class=\"entry-footer\"><\/footer><\/article><\/div>\n<style type=\"text\/css\" data-created_by=\"avia_inline_auto\" id=\"style-css-av-b6lbo-e4a678c4c8bd47adbdfc69c8e940982d\">\n.flex_column.av-b6lbo-e4a678c4c8bd47adbdfc69c8e940982d{\nborder-radius:0px 0px 0px 0px;\npadding:0px 0px 0px 0px;\n}\n<\/style>\n<div  class='flex_column av-b6lbo-e4a678c4c8bd47adbdfc69c8e940982d av_one_half  avia-builder-el-22  el_after_av_one_half  avia-builder-el-last  flex_column_div av-zero-column-padding  '     ><article  class='iconbox iconbox_top av-jk3xem5o-8506d16a5837def50f3cd740b95a93ab  avia-builder-el-23  avia-builder-el-no-sibling  main_color'  itemscope=\"itemscope\" itemtype=\"https:\/\/schema.org\/CreativeWork\" ><div class=\"iconbox_content\"><header class=\"entry-content-header\" aria-label=\"Ic\u00f4ne : \u00c4rzte verlangen Pr\u00e4vention\"><div class='iconbox_icon heading-color avia-iconfont avia-font-entypo-fontello' data-av_icon='\ue80a' data-av_iconfont='entypo-fontello'  ><\/div><h3 class='iconbox_content_title '  itemprop=\"headline\" >\u00c4rzte verlangen Pr\u00e4vention<\/h3><\/header><div class='iconbox_content_container '  itemprop=\"text\" ><ul>\n<li style=\"text-align: left;\">Erwiesen ist: Das Handy am Ohr heizt den Kopf bzw. das Gehirn auf. Doch die Wissenschaft sorgt sich weniger um die k\u00f6rperliche Erw\u00e4rmung als um die Wirkung auf die Gesundheit.<\/li>\n<li style=\"text-align: left;\">Biologisch entscheidende &#8211; aber nichtthermische Effekte &#8211; wurden bei der Berechnung der Grenzwerte nicht ber\u00fccksichtigt.<\/li>\n<li style=\"text-align: left;\">Es gibt zahlreiche Studien, die Effekte beim Menschen nachweisen. Wie weit die Gesundheit gef\u00e4hrdet ist, dar\u00fcber streitet die Forschung noch.<\/li>\n<li style=\"text-align: left;\">\u00c4rzte und Selbsthilfe-Organisationen fordern, dass die Beh\u00f6rden die Schutzinteressen der Bev\u00f6lkerung h\u00f6her gewichten als die Interessen der Industrie.<\/li>\n<li style=\"text-align: left;\"><a href=\"\/?page_id=8313\">Kopfschmerzen durch Handystrahlen<\/a><\/li>\n<li style=\"text-align: left;\"><a href=\"\/?page_id=8311\">Schlafst\u00f6rungen<\/a><\/li>\n<li style=\"text-align: left;\"><a href=\"\/?page_id=8306\">Tinnitus<\/a><\/li>\n<li style=\"text-align: left;\"><a href=\"http:\/\/www.aefu.ch\/themen\/elektrosmog\/\">\u00c4rztinnen und \u00c4rzte f\u00fcr Umweltschutz &#8211; Mobilfunk &amp; Elektrosmog<\/a><\/li>\n<\/ul>\n<\/div><\/div><footer class=\"entry-footer\"><\/footer><\/article><\/div>\n\n<\/div><\/div><\/div><!-- close content main div --><\/div><\/div><\/div>\n<style type=\"text\/css\" data-created_by=\"avia_inline_auto\" id=\"style-css-av-jjzyr2r5-b00d42cc01a05fcbd9ddb6dfe2f9e4e0\">\n.avia-section.av-jjzyr2r5-b00d42cc01a05fcbd9ddb6dfe2f9e4e0 .av-section-color-overlay{\nopacity:0.5;\n}\n<\/style>\n<div id='av_section_4'  class='avia-section av-jjzyr2r5-b00d42cc01a05fcbd9ddb6dfe2f9e4e0 main_color avia-section-large avia-no-shadow  avia-builder-el-24  el_after_av_section  el_before_av_section  avia-bg-style-scroll av-section-color-overlay-active container_wrap fullsize'  ><div class=\"av-section-color-overlay-wrap\"><div class=\"av-section-color-overlay\"><\/div><div class='container av-section-cont-open' ><div class='template-page content  av-content-full alpha units'><div class='post-entry post-entry-type-page post-entry-10765'><div class='entry-content-wrapper clearfix'>\n\n<style type=\"text\/css\" data-created_by=\"avia_inline_auto\" id=\"style-css-av-b6lbo-1fa2a3640237d27ee744c121efc103de\">\n.flex_column.av-b6lbo-1fa2a3640237d27ee744c121efc103de{\nborder-radius:0px 0px 0px 0px;\npadding:0px 0px 0px 0px;\n}\n<\/style>\n<div  class='flex_column av-b6lbo-1fa2a3640237d27ee744c121efc103de av_one_half  avia-builder-el-25  el_before_av_one_half  avia-builder-el-first  first flex_column_div av-zero-column-padding  '     ><p>\n<style type=\"text\/css\" data-created_by=\"avia_inline_auto\" id=\"style-css-av-kkaxfx7e-b3a4f6637803ca076c97c51c8aa91bd5\">\n#top .av-special-heading.av-kkaxfx7e-b3a4f6637803ca076c97c51c8aa91bd5{\npadding-bottom:19px;\n}\nbody .av-special-heading.av-kkaxfx7e-b3a4f6637803ca076c97c51c8aa91bd5 .av-special-heading-tag .heading-char{\nfont-size:25px;\n}\n.av-special-heading.av-kkaxfx7e-b3a4f6637803ca076c97c51c8aa91bd5 .av-subheading{\nfont-size:16px;\n}\n<\/style>\n<div  class='av-special-heading av-kkaxfx7e-b3a4f6637803ca076c97c51c8aa91bd5 av-special-heading-h2 blockquote modern-quote modern-centered  avia-builder-el-26  el_before_av_hr  avia-builder-el-first '><h2 class='av-special-heading-tag '  itemprop=\"headline\"  >Gesundheitliche Auswirkungen<\/h2><div class='av-subheading av-subheading_below'><p>Handy im Dauereinsatz &#8211; was sagt die Forschung?<\/p>\n<\/div><div class=\"special-heading-border\"><div class=\"special-heading-inner-border\"><\/div><\/div><\/div><br \/>\n<div  class='hr av-aue7n2-de87d5d3bcbce6d93763025a48f5a029 hr-short  avia-builder-el-27  el_after_av_heading  el_before_av_image  hr-center'><span class='hr-inner '><span class=\"hr-inner-style\"><\/span><\/span><\/div><br \/>\n\n<style type=\"text\/css\" data-created_by=\"avia_inline_auto\" id=\"style-css-av-jk0x29sm-33d42c8ccb9ccf01d2c6835e39440871\">\n.avia-image-container.av-jk0x29sm-33d42c8ccb9ccf01d2c6835e39440871 img.avia_image{\nbox-shadow:none;\n}\n.avia-image-container.av-jk0x29sm-33d42c8ccb9ccf01d2c6835e39440871 .av-image-caption-overlay-center{\ncolor:#ffffff;\n}\n<\/style>\n<div  class='avia-image-container av-jk0x29sm-33d42c8ccb9ccf01d2c6835e39440871 av-styling- avia-align-center  avia-builder-el-28  el_after_av_hr  el_before_av_textblock '  ><div class=\"avia-image-container-inner\"><div class=\"avia-image-overlay-wrap\"><img decoding=\"async\" fetchpriority=\"high\" class='wp-image-15374 avia-img-lazy-loading-not-15374 avia_image ' src=\"https:\/\/www.ibes.ch\/wp-content\/uploads\/2020\/07\/handy-nutzerin.jpg\" alt='Eine junge Frau h\u00e4lt ein Mobiltelefon in einer Stadt.' title='Eine junge Frau h\u00e4lt ein Mobiltelefon in einer Stadt.'  height=\"560\" width=\"840\"  itemprop=\"thumbnailUrl\" srcset=\"https:\/\/www.ibes.ch\/wp-content\/uploads\/2020\/07\/handy-nutzerin.jpg 840w, https:\/\/www.ibes.ch\/wp-content\/uploads\/2020\/07\/handy-nutzerin-600x400.jpg 600w, https:\/\/www.ibes.ch\/wp-content\/uploads\/2020\/07\/handy-nutzerin-300x200.jpg 300w, https:\/\/www.ibes.ch\/wp-content\/uploads\/2020\/07\/handy-nutzerin-768x512.jpg 768w, https:\/\/www.ibes.ch\/wp-content\/uploads\/2020\/07\/handy-nutzerin-705x470.jpg 705w\" sizes=\"(max-width: 840px) 100vw, 840px\" \/><\/div><\/div><\/div><br \/>\n<section  class='av_textblock_section av-jk8f3xo3-f2655f1d35f481231532baa9c5043f27 '   itemscope=\"itemscope\" itemtype=\"https:\/\/schema.org\/CreativeWork\" ><div class='avia_textblock'  itemprop=\"text\" ><p><em>Auch junge Menschen benutzen mobile Ger\u00e4te t\u00e4glich mehrere Stunden.<\/em><\/p>\n<\/div><\/section><\/p><\/div>\n<style type=\"text\/css\" data-created_by=\"avia_inline_auto\" id=\"style-css-av-942rr2-97118b66a63f3ac58250bff5c86537e4\">\n.flex_column.av-942rr2-97118b66a63f3ac58250bff5c86537e4{\nborder-radius:0px 0px 0px 0px;\npadding:0px 0px 0px 0px;\n}\n<\/style>\n<div  class='flex_column av-942rr2-97118b66a63f3ac58250bff5c86537e4 av_one_half  avia-builder-el-30  el_after_av_one_half  avia-builder-el-last  flex_column_div av-animated-generic fade-in av-zero-column-padding  '     ><article  class='iconbox iconbox_top av-jjzyyi27-294810324a8d57ded7e76dc3a23e0a5c  avia-builder-el-31  avia-builder-el-no-sibling  main_color'  itemscope=\"itemscope\" itemtype=\"https:\/\/schema.org\/CreativeWork\" ><div class=\"iconbox_content\"><header class=\"entry-content-header\" aria-label=\"Ic\u00f4ne : Studien: Mobilfunk und Krebs\"><div class='iconbox_icon heading-color avia-iconfont avia-font-entypo-fontello' data-av_icon='\ue8ac' data-av_iconfont='entypo-fontello'  ><\/div><h3 class='iconbox_content_title '  itemprop=\"headline\" >Studien: Mobilfunk und Krebs<\/h3><\/header><div class='iconbox_content_container '  itemprop=\"text\" ><ul>\n<li style=\"text-align: left;\"><a href=\"https:\/\/monographs.iarc.fr\/wp-content\/uploads\/2018\/06\/mono102.pdf\"> IARC (Krebs\u00adforschungs\u00adagentur der Welt\u00adgesund\u00adheits\u00adorganisation):<\/a> Gem\u00e4ss der aktuellsten Einsch\u00e4tzung von 2011 ist Hand\u00adystrahlung \u00abm\u00f6glicher\u00adweise krebs\u00ader\u00adregend\u00bb.<\/li>\n<li style=\"text-align: left;\"><a href=\"https:\/\/ntp.niehs.nih.gov\/ntp\/htdocs\/lt_rpts\/tr595_508.pdf\">Studie des US-amerikanischen National Toxicology Programs (NTP)<\/a> von 2018 zum Thema Mobil\u00adfunk und Krebs bei Ratten.<\/li>\n<li style=\"text-align: left;\"><a href=\"https:\/\/ntp.niehs.nih.gov\/ntp\/htdocs\/lt_rpts\/tr596_508.pdf\">Studie des National Toxicology Programs (NTP)<\/a> von 2018 zum Thema Mobil\u00adfunk und Krebs bei M\u00e4usen.<\/li>\n<li style=\"text-align: left;\"><a href=\"https:\/\/www.sciencedirect.com\/science\/article\/abs\/pii\/S0013935118300367\">Studie des italienischen Ramazzini-Instituts<\/a> von 2018 \u00fcber Mobil\u00adfunk und Krebs bei Ratten.<\/li>\n<li style=\"text-align: left;\"><a href=\"https:\/\/www.annualreviews.org\/doi\/pdf\/10.1146\/annurev-publhealth-040218-044037\">Meta-Analyse im Fachjournal \u00abAnnual Review of Public Health\u00bb<\/a> von 2019: Epidemiologische Studien an Menschen gingen der Frage nach, ob Mobil\u00adfunk Hirntumore beg\u00fcns\u00adtigt.<\/li>\n<li style=\"text-align: left;\">Langzeitstudien zu Hirntumoren und Mobilfunk aus <a href=\"https:\/\/pubmed.ncbi.nlm.nih.gov\/30711958\/\">Schweden<\/a> und <a href=\"https:\/\/www.annualreviews.org\/doi\/pdf\/10.1146\/annurev-publhealth-040218-044037\">England<\/a> seit Einf\u00fchrung des Mobil\u00adfunks<\/li>\n<\/ul>\n<p><a href=\"\/?page_id=8277\">weitere Studien<\/a><\/p>\n<\/div><\/div><footer class=\"entry-footer\"><\/footer><\/article><\/div>\n\n<\/div><\/div><\/div><!-- close content main div --><\/div><\/div><\/div><div id='av_section_5'  class='avia-section av-jjzgjy94-535fc938f73d54e38e18c9f5b93283ba main_color avia-section-large avia-no-border-styling  avia-builder-el-32  el_after_av_section  el_before_av_section  avia-bg-style-scroll container_wrap fullsize'  ><div class='container av-section-cont-open' ><div class='template-page content  av-content-full alpha units'><div class='post-entry post-entry-type-page post-entry-10765'><div class='entry-content-wrapper clearfix'>\n\n<style type=\"text\/css\" data-created_by=\"avia_inline_auto\" id=\"style-css-av-kk878ckv-8bf41dba9e8ab7cb7c02ca9f2d17b23a\">\n#top .av-special-heading.av-kk878ckv-8bf41dba9e8ab7cb7c02ca9f2d17b23a{\npadding-bottom:19px;\n}\nbody .av-special-heading.av-kk878ckv-8bf41dba9e8ab7cb7c02ca9f2d17b23a .av-special-heading-tag .heading-char{\nfont-size:25px;\n}\n.av-special-heading.av-kk878ckv-8bf41dba9e8ab7cb7c02ca9f2d17b23a .av-subheading{\nfont-size:20px;\n}\n<\/style>\n<div  class='av-special-heading av-kk878ckv-8bf41dba9e8ab7cb7c02ca9f2d17b23a av-special-heading-h2 blockquote modern-quote modern-centered  avia-builder-el-33  el_before_av_hr  avia-builder-el-first '><h2 class='av-special-heading-tag '  itemprop=\"headline\"  >Strahlenst\u00e4rke von Natels und Verhaltens-Tipps<\/h2><div class='av-subheading av-subheading_below'><p>Nicht jedes Handy strahlt gleich stark<\/p>\n<\/div><div class=\"special-heading-border\"><div class=\"special-heading-inner-border\"><\/div><\/div><\/div>\n<div  class='hr av-aue7n2-e30d11672c1926c4b838dbe0728bd62f hr-short  avia-builder-el-34  el_after_av_heading  avia-builder-el-last  hr-center'><span class='hr-inner '><span class=\"hr-inner-style\"><\/span><\/span><\/div>\n\n<\/div><\/div><\/div><!-- close content main div --><\/div><\/div>\n<style type=\"text\/css\" data-created_by=\"avia_inline_auto\" id=\"style-css-av-jjzyr2r5-1cc95c33a6b4766910ba10bae2065628\">\n.avia-section.av-jjzyr2r5-1cc95c33a6b4766910ba10bae2065628 .av-section-color-overlay{\nopacity:0.5;\nbackground-color:#b5b5b5;\n}\n<\/style>\n<div id='av_section_6'  class='avia-section av-jjzyr2r5-1cc95c33a6b4766910ba10bae2065628 alternate_color avia-section-large avia-no-shadow  avia-builder-el-35  el_after_av_section  el_before_av_section  avia-bg-style-scroll av-section-color-overlay-active container_wrap fullsize'  ><div class=\"av-section-color-overlay-wrap\"><div class=\"av-section-color-overlay\"><\/div><div class='container av-section-cont-open' ><div class='template-page content  av-content-full alpha units'><div class='post-entry post-entry-type-page post-entry-10765'><div class='entry-content-wrapper clearfix'>\n\n<style type=\"text\/css\" data-created_by=\"avia_inline_auto\" id=\"style-css-av-942rr2-50c9a0e69a5285801962ef62a939d510\">\n.flex_column.av-942rr2-50c9a0e69a5285801962ef62a939d510{\nborder-radius:0px 0px 0px 0px;\npadding:0px 0px 0px 0px;\n}\n<\/style>\n<div  class='flex_column av-942rr2-50c9a0e69a5285801962ef62a939d510 av_one_half  avia-builder-el-36  el_before_av_one_half  avia-builder-el-first  first flex_column_div av-animated-generic fade-in av-zero-column-padding  '     ><article  class='iconbox iconbox_top av-jjzyyi27-d87682e23297a70cd9692ccd59adf9e4  avia-builder-el-37  avia-builder-el-no-sibling  main_color'  itemscope=\"itemscope\" itemtype=\"https:\/\/schema.org\/CreativeWork\" ><div class=\"iconbox_content\"><header class=\"entry-content-header\" aria-label=\"Ic\u00f4ne : SAR-Wert bei Handys\"><div class='iconbox_icon heading-color avia-iconfont avia-font-entypo-fontello' data-av_icon='\ue8ac' data-av_iconfont='entypo-fontello'  ><\/div><h3 class='iconbox_content_title '  itemprop=\"headline\" >SAR-Wert bei Handys<\/h3><\/header><div class='iconbox_content_container '  itemprop=\"text\" ><p style=\"text-align: left;\">Der SAR-Wert von Handys zeigt, wieviel Strahlung der K\u00f6rper aufnimmt (spezifische Absorptionsrate, sie f\u00fchrt immer zu einer Erw\u00e4rmung). In der EU (Deutschland) und in der Schweiz gelten offizielle Grenzwerte. Laut Bundesamt f\u00fcr Strahlenschutz unterschreiten alle im Handel befindlichen Handys den empfohlenen maximalen SAR-Wert von zwei Watt pro Kilogramm (2 W\/kg). Aber auch ein tiefer SAR-Wert bedeutet immer noch eine starke Belastung vor allem des Gehirns mit elektromagnetischen Wellen.<\/p>\n<p class=\"av-special-heading-tag \" style=\"text-align: left;\"><strong>Tipp zur Senkung des SAR-Werts<\/strong><\/p>\n<p class=\"av-special-heading-tag \" style=\"text-align: left;\">Achten Sie darauf, Handys mit gr\u00f6sserem Display zu kaufen. Denn auch die Gr\u00f6sse des Displays spielt bei der Handystrahlung eine Rolle: Die Antenne befindet sich meist im unteren Teil des Ger\u00e4ts. Deshalb ist bei diesen Smartphones der Abstand zum Kopf gr\u00f6sser \u2013 der SAR-Wert sinkt.<\/p>\n<ul>\n<li style=\"text-align: left;\">Pr\u00fcfen Sie die Hersteller und die <a href=\"\/?page_id=13063\">SAR-Wert-Rangliste f\u00fcr Handys<\/a><\/li>\n<\/ul>\n<\/div><\/div><footer class=\"entry-footer\"><\/footer><\/article><\/div>\n<style type=\"text\/css\" data-created_by=\"avia_inline_auto\" id=\"style-css-av-942rr2-97118b66a63f3ac58250bff5c86537e4\">\n.flex_column.av-942rr2-97118b66a63f3ac58250bff5c86537e4{\nborder-radius:0px 0px 0px 0px;\npadding:0px 0px 0px 0px;\n}\n<\/style>\n<div  class='flex_column av-942rr2-97118b66a63f3ac58250bff5c86537e4 av_one_half  avia-builder-el-38  el_after_av_one_half  avia-builder-el-last  flex_column_div av-animated-generic fade-in av-zero-column-padding  '     ><article  class='iconbox iconbox_top av-jjzyyi27-cdd1023d36b540a792c4f54cd5d6bdc5  avia-builder-el-39  avia-builder-el-no-sibling  main_color'  itemscope=\"itemscope\" itemtype=\"https:\/\/schema.org\/CreativeWork\" ><div class=\"iconbox_content\"><header class=\"entry-content-header\" aria-label=\"Ic\u00f4ne : Strahlung reduzieren\"><div class='iconbox_icon heading-color avia-iconfont avia-font-entypo-fontello' data-av_icon='\ue86f' data-av_iconfont='entypo-fontello'  ><\/div><h3 class='iconbox_content_title '  itemprop=\"headline\" >Strahlung reduzieren<\/h3><\/header><div class='iconbox_content_container '  itemprop=\"text\" ><p style=\"text-align: left;\">Das Handy ist die st\u00e4rkste Strahlenquelle im Alltag. Man hat schnell einmal 100 V\/m am Kopf. Deshalb folgende Strahlenschutz-Tipps f\u00fcrs Handy:<\/p>\n<ul>\n<li style=\"text-align: left;\">Handy ganz ausschalten bei Nichtgebrauch. Headset verwenden, <a href=\"\/?page_id=12976\">Bluetooth<\/a> jedoch zur\u00fcckhaltend einsetzen.<\/li>\n<li style=\"text-align: left;\">Im Auto nur mit Aussenantenne telefonieren. Nachts Smartphone nicht eingeschaltet neben das Bett legen.<\/li>\n<li style=\"text-align: left;\">Verbindungsaufbau abwarten, bevor Sie das Handy an den Kopf halten. Bei schlechtem Empfang gibt die Antenne volle Leistung &#8211; Gespr\u00e4ch kurz halten. <a href=\"\/?page_id=10763\">Tipps f\u00fcr Eltern &gt;<\/a><\/li>\n<li style=\"text-align: left;\">Smartphones mit geringem SAR-Wert verwenden (siehe Box).<\/li>\n<\/ul>\n<\/div><\/div><footer class=\"entry-footer\"><\/footer><\/article><\/div>\n\n<\/div><\/div><\/div><!-- close content main div --><\/div><\/div><\/div><div id='av_section_7'  class='avia-section av-jk3y3r5x-e66018e09daf5bb3f237e0a2e924c3d0 main_color avia-section-large avia-no-shadow  avia-builder-el-40  el_after_av_section  el_before_av_section  avia-bg-style-scroll container_wrap fullsize'  ><div class='container av-section-cont-open' ><div class='template-page content  av-content-full alpha units'><div class='post-entry post-entry-type-page post-entry-10765'><div class='entry-content-wrapper clearfix'>\n\n<style type=\"text\/css\" data-created_by=\"avia_inline_auto\" id=\"style-css-av-hln84-8636b3f4500a89c535f83d0435fd22c8\">\n.flex_column.av-hln84-8636b3f4500a89c535f83d0435fd22c8{\nborder-radius:0px 0px 0px 0px;\npadding:0px 0px 0px 0px;\n}\n<\/style>\n<div  class='flex_column av-hln84-8636b3f4500a89c535f83d0435fd22c8 av_one_half  avia-builder-el-41  el_before_av_one_half  avia-builder-el-first  first flex_column_div av-zero-column-padding  '     ><p>\n<style type=\"text\/css\" data-created_by=\"avia_inline_auto\" id=\"style-css-av-av_heading-dbfaaedd583ce6eac0513e10d7555d29\">\n#top .av-special-heading.av-av_heading-dbfaaedd583ce6eac0513e10d7555d29{\npadding-bottom:10px;\n}\nbody .av-special-heading.av-av_heading-dbfaaedd583ce6eac0513e10d7555d29 .av-special-heading-tag .heading-char{\nfont-size:25px;\n}\n.av-special-heading.av-av_heading-dbfaaedd583ce6eac0513e10d7555d29 .av-subheading{\nfont-size:15px;\n}\n<\/style>\n<div  class='av-special-heading av-av_heading-dbfaaedd583ce6eac0513e10d7555d29 av-special-heading-h3  avia-builder-el-42  el_before_av_textblock  avia-builder-el-first '><h3 class='av-special-heading-tag '  itemprop=\"headline\"  >Gepulste Strahlung<\/h3><div class=\"special-heading-border\"><div class=\"special-heading-inner-border\"><\/div><\/div><\/div><br \/>\n<section  class='av_textblock_section av-jk8f3xo3-f2655f1d35f481231532baa9c5043f27 '   itemscope=\"itemscope\" itemtype=\"https:\/\/schema.org\/CreativeWork\" ><div class='avia_textblock'  itemprop=\"text\" ><ul>\n<li>DECT-Schnurlostelefone, die Mikrowelle aber auch Mobilfunk funktionieren mit gepulsten Signalen, die Elektrosmog verursachen. Die Pulsung bedeutet, dass die Welle rhythmisch ein- und ausgeschaltet wird. Sie bewirkt, dass Informationen paketweise versendet werden.<\/li>\n<li>Beispiel Mobilfunkt: Dort werden pro Funkfrequenz eine bestimmte Anzahl Zeitfenster definiert. Jeder Teilnehmer hat ein Zeitfenster zum Sprechen zur Verf\u00fcgung &#8211; es dauert etwa eine halbe Tausendstelsekunde.<\/li>\n<li>Ein Mobiltelefongespr\u00e4ch ist also nicht ein st\u00e4ndiges Signal, sondern es setzt sich zusammen aus vielen sehr kurzen Sendeimpulsen.<\/li>\n<li>Deswegen wird bef\u00fcrchtet, dass diese Art Strahlung biologisch aktiver und sch\u00e4dlicher sein k\u00f6nnte als kontinuierliche Strahlung derselben Frequenz.<\/li>\n<li>\u00dcber die biologische Wirkung der sich st\u00e4ndig \u00e4ndernden Frequenzen und Strahlungsst\u00e4rken weiss die Wissenschaft jeweils erst im Nachhinein besser Bescheid.<\/li>\n<\/ul>\n<\/div><\/section><\/p><\/div>\n<style type=\"text\/css\" data-created_by=\"avia_inline_auto\" id=\"style-css-av-942rr2-b62acb3f31996614be0791000c39db65\">\n.flex_column.av-942rr2-b62acb3f31996614be0791000c39db65{\nborder-radius:0px 0px 0px 0px;\npadding:0px 0px 0px 0px;\n}\n<\/style>\n<div  class='flex_column av-942rr2-b62acb3f31996614be0791000c39db65 av_one_half  avia-builder-el-44  el_after_av_one_half  avia-builder-el-last  flex_column_div av-animated-generic left-to-right av-zero-column-padding  '     ><p>\n<style type=\"text\/css\" data-created_by=\"avia_inline_auto\" id=\"style-css-av-av_heading-c96b5c26d109c89476a94e690e8cad14\">\n#top .av-special-heading.av-av_heading-c96b5c26d109c89476a94e690e8cad14{\npadding-bottom:10px;\n}\nbody .av-special-heading.av-av_heading-c96b5c26d109c89476a94e690e8cad14 .av-special-heading-tag .heading-char{\nfont-size:25px;\n}\n.av-special-heading.av-av_heading-c96b5c26d109c89476a94e690e8cad14 .av-subheading{\nfont-size:15px;\n}\n<\/style>\n<div  class='av-special-heading av-av_heading-c96b5c26d109c89476a94e690e8cad14 av-special-heading-h3  avia-builder-el-45  el_before_av_textblock  avia-builder-el-first '><h3 class='av-special-heading-tag '  itemprop=\"headline\"  >Feldst\u00e4rke und Reflexion<\/h3><div class=\"special-heading-border\"><div class=\"special-heading-inner-border\"><\/div><\/div><\/div><br \/>\n<section  class='av_textblock_section av-jk8f3xo3-f2655f1d35f481231532baa9c5043f27 '   itemscope=\"itemscope\" itemtype=\"https:\/\/schema.org\/CreativeWork\" ><div class='avia_textblock'  itemprop=\"text\" ><ul>\n<li>Die Strahlungsdichte wird in Watt pro Quadratmeter (W\/m2) angegeben. Die Feldst\u00e4rke ist Volt pro Meter (V\/m), man kann sie in Strahlungsdichte umrechnen.<\/li>\n<li>Beim Handy ist auch der SAR-Wert wichtig: Er bildet die Bewertungsgrundlage f\u00fcr die Strahlung, die ein Handy beim Telefonieren abgibt (spezifische Absorptionsrate, siehe Box).<\/li>\n<li>Funkwellen k\u00f6nnen in der St\u00e4rke zu oder abnehmen. Entscheidend daf\u00fcr ist der Abstand zum Verursacher, die Leistung eines Senders und dessen Art, Aufbau und Ausrichtung.<\/li>\n<\/ul>\n<h4>Quellen und weiterf\u00fchrende Links<\/h4>\n<ul>\n<li><a href=\"https:\/\/www.bafu.admin.ch\/bafu\/de\/home\/themen\/elektrosmog\/fachinformationen\/massnahmen-elektrosmog\/mobilfunkanlagen--anforderungen-nach-nisv.html\">Bundesamt f\u00fcr Umwelt &#8211; Einhaltung von Immissionsgrenzwerten<\/a><\/li>\n<li><a href=\"https:\/\/www.emf.ethz.ch\/fileadmin\/redaktion\/public\/downloads\/3_angebot\/wissensvermittlung\/mm_pk_zeitungsartikel\/T2_5G_Gesundheit__P_.pdf\">ETH Z\u00fcrich &#8211; Mobilfunk und Gesundheit &#8211; was weiss die Forschung?<\/a><\/li>\n<li><a href=\"https:\/\/www.who.int\/news-room\/fact-sheets\/detail\/electromagnetic-fields-and-public-health-mobile-phones\">WHO &#8211; elektrische Strahlung beim Mobiltelefon<\/a><\/li>\n<li><a href=\"https:\/\/www.beobachter.ch\/gesundheit\/medizin-krankheit\/neue-studie-zu-handystrahlung-die-resultate-uberraschten-viele\">\u00abBeobachter\u00bb &#8211; Neue Studie zu Handystrahlung<\/a><\/li>\n<li><a href=\"https:\/\/www.test.de\/Mobilfunk-Wie-riskant-ist-Handystrahlung-Ein-Faktencheck-5509718-0\/\">Stiftung Warentest &#8211; wie riskant ist Handystrahlen (Faktencheck)<\/a><\/li>\n<\/ul>\n<\/div><\/section><\/p><\/div><\/div><\/div><\/div><!-- close content main div --><\/div><\/div><div id='av_section_8'  class='avia-section av-jjzyr2r5-17d9348295b90a73aa643af679c54d26 alternate_color avia-section-large avia-no-shadow  avia-builder-el-47  el_after_av_section  el_before_av_section  avia-bg-style-scroll container_wrap fullsize'  ><div class='container av-section-cont-open' ><div class='template-page content  av-content-full alpha units'><div class='post-entry post-entry-type-page post-entry-10765'><div class='entry-content-wrapper clearfix'>\n\n<style type=\"text\/css\" data-created_by=\"avia_inline_auto\" id=\"style-css-av-kk48t4di-61ebe510949128652ba8596b110c937c\">\n#top .av-special-heading.av-kk48t4di-61ebe510949128652ba8596b110c937c{\npadding-bottom:10px;\n}\nbody .av-special-heading.av-kk48t4di-61ebe510949128652ba8596b110c937c .av-special-heading-tag .heading-char{\nfont-size:25px;\n}\n.av-special-heading.av-kk48t4di-61ebe510949128652ba8596b110c937c .av-subheading{\nfont-size:15px;\n}\n<\/style>\n<div  class='av-special-heading av-kk48t4di-61ebe510949128652ba8596b110c937c av-special-heading-h2 blockquote modern-quote modern-centered  avia-builder-el-48  el_before_av_hr  avia-builder-el-first '><h2 class='av-special-heading-tag '  itemprop=\"headline\"  >Haustiere k\u00f6nnen empfindlich reagieren<\/h2><div class=\"special-heading-border\"><div class=\"special-heading-inner-border\"><\/div><\/div><\/div>\n<div  class='hr av-jjzh17tq-82f3925afb741d00b0c66908af2f44f1 hr-short  avia-builder-el-49  el_after_av_heading  el_before_av_one_half  hr-center'><span class='hr-inner '><span class=\"hr-inner-style\"><\/span><\/span><\/div>\n\n<style type=\"text\/css\" data-created_by=\"avia_inline_auto\" id=\"style-css-av-942rr2-23de306a593e69a02838e9e7afd986d6\">\n.flex_column.av-942rr2-23de306a593e69a02838e9e7afd986d6{\nborder-radius:0px 0px 0px 0px;\npadding:0px 0px 0px 0px;\n}\n<\/style>\n<div  class='flex_column av-942rr2-23de306a593e69a02838e9e7afd986d6 av_one_half  avia-builder-el-50  el_after_av_hr  el_before_av_one_half  first flex_column_div av-animated-generic left-to-right av-zero-column-padding  '     ><p>\n<style type=\"text\/css\" data-created_by=\"avia_inline_auto\" id=\"style-css-av-jk0x29sm-48c520bbd43bd292a37425a562ab83d8\">\n.avia-image-container.av-jk0x29sm-48c520bbd43bd292a37425a562ab83d8 img.avia_image{\nbox-shadow:none;\n}\n.avia-image-container.av-jk0x29sm-48c520bbd43bd292a37425a562ab83d8 .av-image-caption-overlay-center{\ncolor:#ffffff;\n}\n<\/style>\n<div  class='avia-image-container av-jk0x29sm-48c520bbd43bd292a37425a562ab83d8 av-styling- avia-align-center  avia-builder-el-51  el_before_av_textblock  avia-builder-el-first '  ><div class=\"avia-image-container-inner\"><div class=\"avia-image-overlay-wrap\"><img decoding=\"async\" fetchpriority=\"high\" class='wp-image-7609 avia-img-lazy-loading-not-7609 avia_image ' src=\"https:\/\/www.ibes.ch\/wp-content\/uploads\/2018\/10\/tiere_esmog_messen.jpg\" alt='Elektrosmogmessung von Tieren (Hund und Katze)' title='Elektrosmogmessung bei Tieren'  height=\"480\" width=\"720\"  itemprop=\"thumbnailUrl\" srcset=\"https:\/\/www.ibes.ch\/wp-content\/uploads\/2018\/10\/tiere_esmog_messen.jpg 720w, https:\/\/www.ibes.ch\/wp-content\/uploads\/2018\/10\/tiere_esmog_messen-600x400.jpg 600w, https:\/\/www.ibes.ch\/wp-content\/uploads\/2018\/10\/tiere_esmog_messen-300x200.jpg 300w, https:\/\/www.ibes.ch\/wp-content\/uploads\/2018\/10\/tiere_esmog_messen-705x470.jpg 705w\" sizes=\"(max-width: 720px) 100vw, 720px\" \/><\/div><\/div><\/div><br \/>\n<section  class='av_textblock_section av-jk8gtv4b-9004dc21df2b25c30a24a9af808809d2 '   itemscope=\"itemscope\" itemtype=\"https:\/\/schema.org\/CreativeWork\" ><div class='avia_textblock'  itemprop=\"text\" ><p>Die Wellen von Handyantennen, Radaranlagen oder DECT-Schnurlostelefonen k\u00f6nnen Sie <a href=\"\/?page_id=8319\">mit einem Elektrosmogmessger\u00e4t<\/a> detektieren. Denn nicht nur Menschen, auch Vierbeiner k\u00f6nnen unter der Strahlung leiden.<\/p>\n<\/div><\/section><\/p><\/div>\n<style type=\"text\/css\" data-created_by=\"avia_inline_auto\" id=\"style-css-av-942rr2-b1fa7d55dce81d74898b36f6993a8ebe\">\n.flex_column.av-942rr2-b1fa7d55dce81d74898b36f6993a8ebe{\nborder-radius:0px 0px 0px 0px;\npadding:0px 0px 0px 0px;\n}\n<\/style>\n<div  class='flex_column av-942rr2-b1fa7d55dce81d74898b36f6993a8ebe av_one_half  avia-builder-el-53  el_after_av_one_half  avia-builder-el-last  flex_column_div av-animated-generic fade-in av-zero-column-padding  '     ><p><div  class='avia-icon-list-container av-jkigt72q-d8098aafa66ef790a9afca4546a7d689  avia-builder-el-54  el_before_av_button  avia-builder-el-first '><ul class='avia-icon-list avia_animate_when_almost_visible avia-icon-list-left av-iconlist-big av-jkigt72q-d8098aafa66ef790a9afca4546a7d689 avia-iconlist-animate'>\n<li><div class='iconlist_icon av-4lkvel-b38740042fb052c30efb12d6c3534867 avia-font-entypo-fontello avia-iconfont avia-font-entypo-fontello'><span class='av-icon-char' data-av_icon='\ue83e' data-av_iconfont='entypo-fontello' aria-hidden=\"true\"><\/span><\/div><article class=\"article-icon-entry \"  itemscope=\"itemscope\" itemtype=\"https:\/\/schema.org\/CreativeWork\" ><div class=\"iconlist_content_wrap\"><header class=\"entry-content-header\" aria-label=\"Ic\u00f4ne : Hund\"><h4 class='av_iconlist_title iconlist_title  '  itemprop=\"headline\" >Hund<\/h4><\/header><div class='iconlist_content '  itemprop=\"text\" ><p>Tier\u00e4rzte berichten: Ein Hund kann lahmende Vorderl\u00e4ufe haben, aber auch seine Hinterhand kann beeintr\u00e4chtigt sein. Die Vierbeiner k\u00f6nnen sensibel auf hochfrequenten Elektrosmog reagieren.<\/p>\n<\/div><\/div><footer class=\"entry-footer\"><\/footer><\/article><div class=\"iconlist-timeline\"><\/div><\/li>\n<li><div class='iconlist_icon av-oj2cil-03e56474c754c602b371822688671689 avia-font-entypo-fontello avia-iconfont avia-font-entypo-fontello'><span class='av-icon-char' data-av_icon='\ue83e' data-av_iconfont='entypo-fontello' aria-hidden=\"true\"><\/span><\/div><article class=\"article-icon-entry \"  itemscope=\"itemscope\" itemtype=\"https:\/\/schema.org\/CreativeWork\" ><div class=\"iconlist_content_wrap\"><header class=\"entry-content-header\" aria-label=\"Ic\u00f4ne : Katze\"><h4 class='av_iconlist_title iconlist_title  '  itemprop=\"headline\" >Katze<\/h4><\/header><div class='iconlist_content '  itemprop=\"text\" ><p>Chronische Schmerzen, etwa an den Lenden &#8211; Ursache  Elektrosmog. Es sind F\u00e4lle bekannt, bei denen Katzen nicht mehr auf einen Stuhl oder Tisch springen konnten.<\/p>\n<\/div><\/div><footer class=\"entry-footer\"><\/footer><\/article><div class=\"iconlist-timeline\"><\/div><\/li>\n<\/ul><\/div><br \/>\n<div  class='avia-button-wrap av-jk1g5g19-59a2f159345ef33b2be4e0c1b0df7bc0-wrap avia-button-left  avia-builder-el-55  el_after_av_iconlist  avia-builder-el-last '><a href=''  class='avia-button av-jk1g5g19-59a2f159345ef33b2be4e0c1b0df7bc0 av-link-btn avia-icon_select-yes-right-icon avia-size-medium avia-position-left avia-color-theme-color'   aria-label=\"Informationen\"><span class='avia_iconbox_title' >Informationen<\/span><span class='avia_button_icon avia_button_icon_right avia-iconfont avia-font-entypo-fontello' data-av_icon='\ue832' data-av_iconfont='entypo-fontello' ><\/span><\/a><\/div><\/p><\/div>\n<\/p>\n<\/div><\/div><\/div><!-- close content main div --><\/div><\/div><div id='av_section_9'  class='avia-section av-jkvbv21t-1cf03f6f397c065d5c6ed534dbcd85e8 main_color avia-section-large avia-no-shadow  avia-builder-el-56  el_after_av_section  el_before_av_section  avia-bg-style-scroll container_wrap fullsize'  ><div class='container av-section-cont-open' ><div class='template-page content  av-content-full alpha units'><div class='post-entry post-entry-type-page post-entry-10765'><div class='entry-content-wrapper clearfix'>\n\n<style type=\"text\/css\" data-created_by=\"avia_inline_auto\" id=\"style-css-av-942rr2-53a8feabb341446a6275b509486d4807\">\n.flex_column.av-942rr2-53a8feabb341446a6275b509486d4807{\nborder-radius:0px 0px 0px 0px;\npadding:0px 0px 0px 0px;\n}\n<\/style>\n<div  class='flex_column av-942rr2-53a8feabb341446a6275b509486d4807 av_one_half  avia-builder-el-57  el_before_av_one_half  avia-builder-el-first  first flex_column_div av-zero-column-padding  '     ><p><div  class='avia-video av-jl6ghjyt-eb9e00869cf35987547bb7d8e8e13680 avia-video-16-9 av-no-preview-image avia-video-load-always av-lazyload-immediate av-lazyload-video-embed'  itemprop=\"video\" itemtype=\"https:\/\/schema.org\/VideoObject\"  data-original_url='https:\/\/www.youtube.com\/watch?v=1AJBcyI_u0U'><script type='text\/html' class='av-video-tmpl'><div class='avia-iframe-wrap'><iframe loading=\"lazy\" width=\"1500\" height=\"844\" src=\"https:\/\/www.youtube.com\/embed\/1AJBcyI_u0U?feature=oembed&autoplay=0&loop=0&controls=1&mute=0\" frameborder=\"0\" allow=\"accelerometer; autoplay; clipboard-write; encrypted-media; gyroscope; picture-in-picture\" allowfullscreen><\/iframe><\/div><\/script><div class='av-click-to-play-overlay'><div class=\"avia_playpause_icon\"><\/div><\/div><\/div><br \/>\n<section  class='av_textblock_section av-jk0xf61h-442c3cf94900c0ed247551c993b32f4b '   itemscope=\"itemscope\" itemtype=\"https:\/\/schema.org\/CreativeWork\" ><div class='avia_textblock'  itemprop=\"text\" ><p><em>Gutes Erkl\u00e4rvideo zum Thema Gesundheit &amp; Mobilfunk-Strahlung.<\/em><\/p>\n<\/div><\/section><\/p><\/div>\n<style type=\"text\/css\" data-created_by=\"avia_inline_auto\" id=\"style-css-av-942rr2-8aa1f42419ba3dc99d356cae235986ef\">\n.flex_column.av-942rr2-8aa1f42419ba3dc99d356cae235986ef{\nborder-radius:0px 0px 0px 0px;\npadding:0px 0px 0px 0px;\n}\n<\/style>\n<div  class='flex_column av-942rr2-8aa1f42419ba3dc99d356cae235986ef av_one_half  avia-builder-el-60  el_after_av_one_half  avia-builder-el-last  flex_column_div av-zero-column-padding  '     ><p>\n<style type=\"text\/css\" data-created_by=\"avia_inline_auto\" id=\"style-css-av-kkaxherw-d5e4cfd0b419b33abbc4c44a41434c51\">\n#top .av-special-heading.av-kkaxherw-d5e4cfd0b419b33abbc4c44a41434c51{\npadding-bottom:10px;\n}\nbody .av-special-heading.av-kkaxherw-d5e4cfd0b419b33abbc4c44a41434c51 .av-special-heading-tag .heading-char{\nfont-size:25px;\n}\n.av-special-heading.av-kkaxherw-d5e4cfd0b419b33abbc4c44a41434c51 .av-subheading{\nfont-size:15px;\n}\n<\/style>\n<div  class='av-special-heading av-kkaxherw-d5e4cfd0b419b33abbc4c44a41434c51 av-special-heading-h3 blockquote modern-quote  avia-builder-el-61  el_before_av_hr  avia-builder-el-first '><h3 class='av-special-heading-tag '  itemprop=\"headline\"  >Macht Handystrahlung Krebs?<\/h3><div class=\"special-heading-border\"><div class=\"special-heading-inner-border\"><\/div><\/div><\/div><br \/>\n\n<style type=\"text\/css\" data-created_by=\"avia_inline_auto\" id=\"style-css-av-jjzh17tq-bf8557ccaa7ab6b75fc542ed6dc3fdf5\">\n#top .hr.hr-invisible.av-jjzh17tq-bf8557ccaa7ab6b75fc542ed6dc3fdf5{\nheight:15px;\n}\n<\/style>\n<div  class='hr av-jjzh17tq-bf8557ccaa7ab6b75fc542ed6dc3fdf5 hr-invisible  avia-builder-el-62  el_after_av_heading  el_before_av_textblock '><span class='hr-inner '><span class=\"hr-inner-style\"><\/span><\/span><\/div><br \/>\n<section  class='av_textblock_section av-jk0xf61h-442c3cf94900c0ed247551c993b32f4b '   itemscope=\"itemscope\" itemtype=\"https:\/\/schema.org\/CreativeWork\" ><div class='avia_textblock'  itemprop=\"text\" ><p><strong>Video zum Thema Handystrahlung und Krebsverdacht:<\/strong> Handys, WLan &#8211; \u00fcberall gibt es elektromagnetische Strahlung im Mikrowellenbereich. Ist das gesund? Es gibt Menschen, die klagen \u00fcber Kopfschmerzen und Schwindel, andere bef\u00fcrchten Krankheiten wie Unfruchtbarkeit oder Krebs.<\/p>\n<p>Was ist da dran? Was ist Stand der Forschung, welche Studien gibt es zum Thema und sind sie randomisiert? Und gibt es klare Hinweise, welche die Gefahr verdeutlichen? <em>Quelle: maiLab \/ Dinge Erkl\u00e4rt &#8211; Kurzgesagt<\/em><\/p>\n<\/div><\/section><\/p><\/div>\n\n<\/div><\/div><\/div><!-- close content main div --><\/div><\/div><div id='av_section_10'  class='avia-section av-jkvbv21t-2e7e273efc9953b74a08b67e7c266cdd alternate_color avia-section-large avia-no-shadow  avia-builder-el-64  el_after_av_section  avia-builder-el-last  avia-bg-style-scroll container_wrap fullsize'  ><div class='container av-section-cont-open' ><div class='template-page content  av-content-full alpha units'><div class='post-entry post-entry-type-page post-entry-10765'><div class='entry-content-wrapper clearfix'>\n\n<style type=\"text\/css\" data-created_by=\"avia_inline_auto\" id=\"style-css-av-942rr2-53a8feabb341446a6275b509486d4807\">\n.flex_column.av-942rr2-53a8feabb341446a6275b509486d4807{\nborder-radius:0px 0px 0px 0px;\npadding:0px 0px 0px 0px;\n}\n<\/style>\n<div  class='flex_column av-942rr2-53a8feabb341446a6275b509486d4807 av_one_half  avia-builder-el-65  el_before_av_one_half  avia-builder-el-first  first flex_column_div av-zero-column-padding  '     ><p><div  class='avia-video av-jl6ghjyt-db3fbfca26fc0abdd4f9a57b8e1c480a avia-video-16-9 av-no-preview-image avia-video-load-always av-lazyload-immediate av-lazyload-video-embed'  itemprop=\"video\" itemtype=\"https:\/\/schema.org\/VideoObject\"  data-original_url='https:\/\/www.youtube.com\/watch?v=5BT0G8ehKKc'><script type='text\/html' class='av-video-tmpl'><div class='avia-iframe-wrap'><iframe loading=\"lazy\" width=\"1500\" height=\"844\" src=\"https:\/\/www.youtube.com\/embed\/5BT0G8ehKKc?feature=oembed&autoplay=0&loop=0&controls=1&mute=0\" frameborder=\"0\" allow=\"accelerometer; autoplay; clipboard-write; encrypted-media; gyroscope; picture-in-picture\" allowfullscreen><\/iframe><\/div><\/script><div class='av-click-to-play-overlay'><div class=\"avia_playpause_icon\"><\/div><\/div><\/div><br \/>\n<section  class='av_textblock_section av-jk0xf61h-442c3cf94900c0ed247551c993b32f4b '   itemscope=\"itemscope\" itemtype=\"https:\/\/schema.org\/CreativeWork\" ><div class='avia_textblock'  itemprop=\"text\" ><p><em>Video \u00fcber die Felder der mobilen Kommunikation.<br \/>\n<\/em><\/p>\n<\/div><\/section><\/p><\/div>\n<style type=\"text\/css\" data-created_by=\"avia_inline_auto\" id=\"style-css-av-942rr2-8aa1f42419ba3dc99d356cae235986ef\">\n.flex_column.av-942rr2-8aa1f42419ba3dc99d356cae235986ef{\nborder-radius:0px 0px 0px 0px;\npadding:0px 0px 0px 0px;\n}\n<\/style>\n<div  class='flex_column av-942rr2-8aa1f42419ba3dc99d356cae235986ef av_one_half  avia-builder-el-68  el_after_av_one_half  avia-builder-el-last  flex_column_div av-zero-column-padding  '     ><p>\n<style type=\"text\/css\" data-created_by=\"avia_inline_auto\" id=\"style-css-av-av_heading-5cf90d93d943792cedbcfdc5bfcbe56c\">\n#top .av-special-heading.av-av_heading-5cf90d93d943792cedbcfdc5bfcbe56c{\npadding-bottom:10px;\n}\nbody .av-special-heading.av-av_heading-5cf90d93d943792cedbcfdc5bfcbe56c .av-special-heading-tag .heading-char{\nfont-size:25px;\n}\n.av-special-heading.av-av_heading-5cf90d93d943792cedbcfdc5bfcbe56c .av-subheading{\nfont-size:15px;\n}\n<\/style>\n<div  class='av-special-heading av-av_heading-5cf90d93d943792cedbcfdc5bfcbe56c av-special-heading-h3 blockquote modern-quote  avia-builder-el-69  el_before_av_hr  avia-builder-el-first '><h3 class='av-special-heading-tag '  itemprop=\"headline\"  >Elektromagnetische Felder des Mobilfunks<\/h3><div class=\"special-heading-border\"><div class=\"special-heading-inner-border\"><\/div><\/div><\/div><br \/>\n\n<style type=\"text\/css\" data-created_by=\"avia_inline_auto\" id=\"style-css-av-jjzh17tq-bf8557ccaa7ab6b75fc542ed6dc3fdf5\">\n#top .hr.hr-invisible.av-jjzh17tq-bf8557ccaa7ab6b75fc542ed6dc3fdf5{\nheight:15px;\n}\n<\/style>\n<div  class='hr av-jjzh17tq-bf8557ccaa7ab6b75fc542ed6dc3fdf5 hr-invisible  avia-builder-el-70  el_after_av_heading  el_before_av_textblock '><span class='hr-inner '><span class=\"hr-inner-style\"><\/span><\/span><\/div><br \/>\n<section  class='av_textblock_section av-jk0xf61h-442c3cf94900c0ed247551c993b32f4b '   itemscope=\"itemscope\" itemtype=\"https:\/\/schema.org\/CreativeWork\" ><div class='avia_textblock'  itemprop=\"text\" ><p><strong>Video des Bundesamtes f\u00fcr Strahlenschutz:<\/strong> Es ist selbstverst\u00e4ndlich, so gut wie \u00fcberall und jederzeit telefonieren zu k\u00f6nnen. Mobilfunk geh\u00f6rt heute zu unserem Alltag. Wie aber funktioniert der Mobilfunk? Wie wirkt er sich auf den Menschen aus? Und wie ist es m\u00f6glich, sich vor der Mobilfunkstrahlung zu sch\u00fctzen?<\/p>\n<p>Das Video \u00abElektromagnetische Felder des Mobilfunks\u00bb erkl\u00e4rt die Grundlagen der elektromagnetischen Felder. Es veranschaulicht, wie Mobilfunk wirkt &#8211; und gibt Tipps zum pers\u00f6nlichen Schutz. <em>Quelle: Bundesamt f\u00fcr Strahlenschutz Deutschland.<\/em><\/p>\n<\/div><\/section><\/p><\/div>\n\n","protected":false},"excerpt":{"rendered":"","protected":false},"author":3,"featured_media":0,"parent":0,"menu_order":0,"comment_status":"closed","ping_status":"closed","template":"","meta":{"_acf_changed":false,"footnotes":""},"class_list":["post-10765","page","type-page","status-publish","hentry"],"acf":[],"yoast_head":"<!-- This site is optimized with the Yoast SEO plugin v27.5 - https:\/\/yoast.com\/product\/yoast-seo-wordpress\/ -->\n<title>Handystrahlung und SAR-Werte: Infos zu Wirkung &amp; Gesundheit<\/title>\n<meta name=\"description\" content=\"Hochfrequente Handystrahlung, zunehmender Mobilfunk: Wie gef\u00e4hrlich ist die Technik f\u00fcr die Gesundheit? Tipps zu SAR-Werten, Infos zu Forschung, Telefonie und Antennen.\" \/>\n<meta name=\"robots\" content=\"index, follow, max-snippet:-1, max-image-preview:large, max-video-preview:-1\" \/>\n<link rel=\"canonical\" href=\"https:\/\/www.ibes.ch\/fr\/rayons-de-telephone-mobile\/\" \/>\n<meta property=\"og:locale\" content=\"fr_FR\" \/>\n<meta property=\"og:type\" content=\"article\" \/>\n<meta property=\"og:title\" content=\"Handystrahlung und SAR-Werte: Infos zu Wirkung &amp; Gesundheit\" \/>\n<meta property=\"og:description\" content=\"Hochfrequente Handystrahlung, zunehmender Mobilfunk: Wie gef\u00e4hrlich ist die Technik f\u00fcr die Gesundheit? Tipps zu SAR-Werten, Infos zu Forschung, Telefonie und Antennen.\" \/>\n<meta property=\"og:url\" content=\"https:\/\/www.ibes.ch\/fr\/rayons-de-telephone-mobile\/\" \/>\n<meta property=\"og:site_name\" content=\"IBES\" \/>\n<meta property=\"article:modified_time\" content=\"2021-10-15T12:32:51+00:00\" \/>\n<meta name=\"twitter:card\" content=\"summary_large_image\" \/>\n<meta name=\"twitter:label1\" content=\"Dur\u00e9e de lecture estim\u00e9e\" \/>\n\t<meta name=\"twitter:data1\" content=\"32 minutes\" \/>\n<script type=\"application\/ld+json\" class=\"yoast-schema-graph\">{\"@context\":\"https:\\\/\\\/schema.org\",\"@graph\":[{\"@type\":\"WebPage\",\"@id\":\"https:\\\/\\\/www.ibes.ch\\\/handystrahlen-mobilfunk\\\/\",\"url\":\"https:\\\/\\\/www.ibes.ch\\\/handystrahlen-mobilfunk\\\/\",\"name\":\"Handystrahlung und SAR-Werte: Infos zu Wirkung & Gesundheit\",\"isPartOf\":{\"@id\":\"https:\\\/\\\/www.ibes.ch\\\/#website\"},\"datePublished\":\"2019-01-02T16:02:14+00:00\",\"dateModified\":\"2021-10-15T12:32:51+00:00\",\"description\":\"Hochfrequente Handystrahlung, zunehmender Mobilfunk: Wie gef\u00e4hrlich ist die Technik f\u00fcr die Gesundheit? Tipps zu SAR-Werten, Infos zu Forschung, Telefonie und Antennen.\",\"breadcrumb\":{\"@id\":\"https:\\\/\\\/www.ibes.ch\\\/handystrahlen-mobilfunk\\\/#breadcrumb\"},\"inLanguage\":\"fr-FR\",\"potentialAction\":[{\"@type\":\"ReadAction\",\"target\":[\"https:\\\/\\\/www.ibes.ch\\\/handystrahlen-mobilfunk\\\/\"]}]},{\"@type\":\"BreadcrumbList\",\"@id\":\"https:\\\/\\\/www.ibes.ch\\\/handystrahlen-mobilfunk\\\/#breadcrumb\",\"itemListElement\":[{\"@type\":\"ListItem\",\"position\":1,\"name\":\"Home\",\"item\":\"https:\\\/\\\/www.ibes.ch\\\/\"},{\"@type\":\"ListItem\",\"position\":2,\"name\":\"Handystrahlen &#038; Mobilfunk\"}]},{\"@type\":\"WebSite\",\"@id\":\"https:\\\/\\\/www.ibes.ch\\\/#website\",\"url\":\"https:\\\/\\\/www.ibes.ch\\\/\",\"name\":\"IBES\",\"description\":\"IBES - Ratgeber f\u00fcr Elektrosmog\",\"potentialAction\":[{\"@type\":\"SearchAction\",\"target\":{\"@type\":\"EntryPoint\",\"urlTemplate\":\"https:\\\/\\\/www.ibes.ch\\\/?s={search_term_string}\"},\"query-input\":{\"@type\":\"PropertyValueSpecification\",\"valueRequired\":true,\"valueName\":\"search_term_string\"}}],\"inLanguage\":\"fr-FR\"}]}<\/script>\n<!-- \/ Yoast SEO plugin. -->","yoast_head_json":{"title":"Rayonnement des t\u00e9l\u00e9phones mobiles et valeurs SAR : Informations sur les effets et la sant\u00e9","description":"Rayonnement des t\u00e9l\u00e9phones mobiles \u00e0 haute fr\u00e9quence, augmentation de la t\u00e9l\u00e9phonie mobile : quel est le degr\u00e9 de dangerosit\u00e9 de cette technologie pour la sant\u00e9 ? Conseils sur les valeurs DAS, informations sur la recherche, la t\u00e9l\u00e9phonie et les antennes.","robots":{"index":"index","follow":"follow","max-snippet":"max-snippet:-1","max-image-preview":"max-image-preview:large","max-video-preview":"max-video-preview:-1"},"canonical":"https:\/\/www.ibes.ch\/fr\/rayons-de-telephone-mobile\/","og_locale":"fr_FR","og_type":"article","og_title":"Handystrahlung und SAR-Werte: Infos zu Wirkung & Gesundheit","og_description":"Hochfrequente Handystrahlung, zunehmender Mobilfunk: Wie gef\u00e4hrlich ist die Technik f\u00fcr die Gesundheit? Tipps zu SAR-Werten, Infos zu Forschung, Telefonie und Antennen.","og_url":"https:\/\/www.ibes.ch\/fr\/rayons-de-telephone-mobile\/","og_site_name":"IBES","article_modified_time":"2021-10-15T12:32:51+00:00","twitter_card":"summary_large_image","twitter_misc":{"Dur\u00e9e de lecture estim\u00e9e":"32 minutes"},"schema":{"@context":"https:\/\/schema.org","@graph":[{"@type":"WebPage","@id":"https:\/\/www.ibes.ch\/handystrahlen-mobilfunk\/","url":"https:\/\/www.ibes.ch\/handystrahlen-mobilfunk\/","name":"Rayonnement des t\u00e9l\u00e9phones mobiles et valeurs SAR : Informations sur les effets et la sant\u00e9","isPartOf":{"@id":"https:\/\/www.ibes.ch\/#website"},"datePublished":"2019-01-02T16:02:14+00:00","dateModified":"2021-10-15T12:32:51+00:00","description":"Rayonnement des t\u00e9l\u00e9phones mobiles \u00e0 haute fr\u00e9quence, augmentation de la t\u00e9l\u00e9phonie mobile : quel est le degr\u00e9 de dangerosit\u00e9 de cette technologie pour la sant\u00e9 ? Conseils sur les valeurs DAS, informations sur la recherche, la t\u00e9l\u00e9phonie et les antennes.","breadcrumb":{"@id":"https:\/\/www.ibes.ch\/handystrahlen-mobilfunk\/#breadcrumb"},"inLanguage":"fr-FR","potentialAction":[{"@type":"ReadAction","target":["https:\/\/www.ibes.ch\/handystrahlen-mobilfunk\/"]}]},{"@type":"BreadcrumbList","@id":"https:\/\/www.ibes.ch\/handystrahlen-mobilfunk\/#breadcrumb","itemListElement":[{"@type":"ListItem","position":1,"name":"Home","item":"https:\/\/www.ibes.ch\/"},{"@type":"ListItem","position":2,"name":"Handystrahlen &#038; Mobilfunk"}]},{"@type":"WebSite","@id":"https:\/\/www.ibes.ch\/#website","url":"https:\/\/www.ibes.ch\/","name":"IBES","description":"IBES - Guide de l'\u00e9lectrosmog","potentialAction":[{"@type":"SearchAction","target":{"@type":"EntryPoint","urlTemplate":"https:\/\/www.ibes.ch\/?s={search_term_string}"},"query-input":{"@type":"PropertyValueSpecification","valueRequired":true,"valueName":"search_term_string"}}],"inLanguage":"fr-FR"}]}},"_links":{"self":[{"href":"https:\/\/www.ibes.ch\/fr\/wp-json\/wp\/v2\/pages\/10765","targetHints":{"allow":["GET"]}}],"collection":[{"href":"https:\/\/www.ibes.ch\/fr\/wp-json\/wp\/v2\/pages"}],"about":[{"href":"https:\/\/www.ibes.ch\/fr\/wp-json\/wp\/v2\/types\/page"}],"author":[{"embeddable":true,"href":"https:\/\/www.ibes.ch\/fr\/wp-json\/wp\/v2\/users\/3"}],"replies":[{"embeddable":true,"href":"https:\/\/www.ibes.ch\/fr\/wp-json\/wp\/v2\/comments?post=10765"}],"version-history":[{"count":5,"href":"https:\/\/www.ibes.ch\/fr\/wp-json\/wp\/v2\/pages\/10765\/revisions"}],"predecessor-version":[{"id":13231,"href":"https:\/\/www.ibes.ch\/fr\/wp-json\/wp\/v2\/pages\/10765\/revisions\/13231"}],"wp:attachment":[{"href":"https:\/\/www.ibes.ch\/fr\/wp-json\/wp\/v2\/media?parent=10765"}],"curies":[{"name":"wp","href":"https:\/\/api.w.org\/{rel}","templated":true}]}}